{"id":5441,"date":"2025-05-27T20:42:13","date_gmt":"2025-05-27T18:42:13","guid":{"rendered":"https:\/\/semanaeuropea.euskalit.net\/?page_id=5441"},"modified":"2025-10-09T16:32:59","modified_gmt":"2025-10-09T14:32:59","slug":"acto-inaugural","status":"publish","type":"page","link":"https:\/\/www.euskalit.net\/semana\/acto-inaugural\/","title":{"rendered":"ACTO INAUGURAL"},"content":{"rendered":"<p><div class=\"fusion-fullwidth fullwidth-box fusion-builder-row-1 fusion-flex-container has-pattern-background has-mask-background hundred-percent-fullwidth non-hundred-percent-height-scrolling fusion-custom-z-index\" style=\"--awb-border-radius-top-left:0px;--awb-border-radius-top-right:0px;--awb-border-radius-bottom-right:0px;--awb-border-radius-bottom-left:0px;--awb-z-index:1;--awb-padding-right:2px;--awb-padding-left:0px;--awb-margin-top:-40px;--awb-flex-wrap:wrap;\" ><div class=\"fusion-builder-row fusion-row fusion-flex-align-items-stretch fusion-flex-content-wrap\" style=\"width:104% !important;max-width:104% !important;margin-left: calc(-4% \/ 2 );margin-right: calc(-4% \/ 2 );\"><div class=\"fusion-layout-column fusion_builder_column fusion-builder-column-0 fusion_builder_column_1_1 1_1 fusion-flex-column fusion-flex-align-self-stretch\" style=\"--awb-bg-size:cover;--awb-width-large:100%;--awb-margin-top-large:0px;--awb-spacing-right-large:1.92%;--awb-margin-bottom-large:0px;--awb-spacing-left-large:1.92%;--awb-width-medium:100%;--awb-order-medium:0;--awb-spacing-right-medium:1.92%;--awb-spacing-left-medium:1.92%;--awb-width-small:100%;--awb-order-small:0;--awb-spacing-right-small:1.92%;--awb-spacing-left-small:1.92%;\"><div class=\"fusion-column-wrapper fusion-column-has-shadow fusion-flex-justify-content-flex-start fusion-content-layout-column\"><div class=\"fusion-image-element \" style=\"text-align:center;--awb-caption-title-font-family:var(--h2_typography-font-family);--awb-caption-title-font-weight:var(--h2_typography-font-weight);--awb-caption-title-font-style:var(--h2_typography-font-style);--awb-caption-title-size:var(--h2_typography-font-size);--awb-caption-title-transform:var(--h2_typography-text-transform);--awb-caption-title-line-height:var(--h2_typography-line-height);--awb-caption-title-letter-spacing:var(--h2_typography-letter-spacing);\"><span class=\" fusion-imageframe imageframe-none imageframe-1 hover-type-none\"><img decoding=\"async\" width=\"2560\" height=\"667\" title=\"cabecera-acto-inaugural\" src=\"https:\/\/www.euskalit.net\/semana\/wp-content\/uploads\/2025\/10\/cabecera-acto-inaugural.jpg\" data-orig-src=\"https:\/\/www.euskalit.net\/semana\/wp-content\/uploads\/2025\/10\/cabecera-acto-inaugural.jpg\" alt class=\"lazyload img-responsive wp-image-7561\" srcset=\"data:image\/svg+xml,%3Csvg%20xmlns%3D%27http%3A%2F%2Fwww.w3.org%2F2000%2Fsvg%27%20width%3D%272560%27%20height%3D%27667%27%20viewBox%3D%270%200%202560%20667%27%3E%3Crect%20width%3D%272560%27%20height%3D%27667%27%20fill-opacity%3D%220%22%2F%3E%3C%2Fsvg%3E\" data-srcset=\"https:\/\/www.euskalit.net\/semana\/wp-content\/uploads\/2025\/10\/cabecera-acto-inaugural-200x52.jpg 200w, https:\/\/www.euskalit.net\/semana\/wp-content\/uploads\/2025\/10\/cabecera-acto-inaugural-400x104.jpg 400w, https:\/\/www.euskalit.net\/semana\/wp-content\/uploads\/2025\/10\/cabecera-acto-inaugural-600x156.jpg 600w, https:\/\/www.euskalit.net\/semana\/wp-content\/uploads\/2025\/10\/cabecera-acto-inaugural-800x208.jpg 800w, https:\/\/www.euskalit.net\/semana\/wp-content\/uploads\/2025\/10\/cabecera-acto-inaugural-1200x313.jpg 1200w, https:\/\/www.euskalit.net\/semana\/wp-content\/uploads\/2025\/10\/cabecera-acto-inaugural.jpg 2560w\" data-sizes=\"auto\" data-orig-sizes=\"(max-width: 1024px) 100vw, (max-width: 640px) 100vw, 1200px\" \/><\/span><\/div><\/div><\/div><\/div><\/div><div class=\"fusion-fullwidth fullwidth-box fusion-builder-row-2 fusion-flex-container has-pattern-background has-mask-background nonhundred-percent-fullwidth non-hundred-percent-height-scrolling fusion-custom-z-index\" style=\"--awb-border-radius-top-left:0px;--awb-border-radius-top-right:0px;--awb-border-radius-bottom-right:0px;--awb-border-radius-bottom-left:0px;--awb-z-index:1;--awb-margin-top:82px;--awb-margin-top-small:27px;--awb-flex-wrap:wrap;\" ><div class=\"fusion-builder-row fusion-row fusion-flex-align-items-stretch fusion-flex-content-wrap\" style=\"max-width:1248px;margin-left: calc(-4% \/ 2 );margin-right: calc(-4% \/ 2 );\"><div class=\"fusion-layout-column fusion_builder_column fusion-builder-column-1 fusion_builder_column_2_3 2_3 fusion-flex-column fusion-flex-align-self-stretch\" style=\"--awb-padding-left-medium:0px;--awb-padding-left-small:0px;--awb-bg-size:cover;--awb-width-large:66.666666666667%;--awb-margin-top-large:0px;--awb-spacing-right-large:2.88%;--awb-margin-bottom-large:4px;--awb-spacing-left-large:2.88%;--awb-width-medium:50%;--awb-order-medium:0;--awb-spacing-right-medium:3.84%;--awb-spacing-left-medium:3.84%;--awb-width-small:100%;--awb-order-small:0;--awb-spacing-right-small:1.92%;--awb-spacing-left-small:1.92%;\"><div class=\"fusion-column-wrapper fusion-column-has-shadow fusion-flex-justify-content-flex-start fusion-content-layout-column\"><div class=\"fusion-text fusion-text-1\" style=\"--awb-font-size:36px;--awb-line-height:1.4;--awb-text-color:#2e7d67;--awb-text-font-family:&quot;Inter&quot;;--awb-text-font-style:normal;--awb-text-font-weight:600;\"><p>Acto inaugural<br \/>\n8 de octubre de 2025<\/p>\n<\/div><\/div><\/div><div class=\"fusion-layout-column fusion_builder_column fusion-builder-column-2 fusion_builder_column_1_3 1_3 fusion-flex-column fusion-flex-align-self-stretch\" style=\"--awb-padding-top:11px;--awb-bg-size:cover;--awb-width-large:33.333333333333%;--awb-margin-top-large:0px;--awb-spacing-right-large:5.76%;--awb-margin-bottom-large:0px;--awb-spacing-left-large:5.76%;--awb-width-medium:50%;--awb-order-medium:0;--awb-spacing-right-medium:3.84%;--awb-spacing-left-medium:3.84%;--awb-width-small:100%;--awb-order-small:0;--awb-spacing-right-small:1.92%;--awb-spacing-left-small:1.92%;\"><div class=\"fusion-column-wrapper fusion-column-has-shadow fusion-flex-justify-content-flex-start fusion-content-layout-column\"><div class=\"fusion-image-element sm-text-align-center\" style=\"text-align:right;--awb-caption-title-font-family:var(--h2_typography-font-family);--awb-caption-title-font-weight:var(--h2_typography-font-weight);--awb-caption-title-font-style:var(--h2_typography-font-style);--awb-caption-title-size:var(--h2_typography-font-size);--awb-caption-title-transform:var(--h2_typography-text-transform);--awb-caption-title-line-height:var(--h2_typography-line-height);--awb-caption-title-letter-spacing:var(--h2_typography-letter-spacing);\"><span class=\" fusion-imageframe imageframe-none imageframe-2 hover-type-none\"><img decoding=\"async\" width=\"849\" height=\"201\" title=\"logotipo-euskalit@3x\" src=\"https:\/\/www.euskalit.net\/semana\/wp-content\/uploads\/2025\/05\/logotipo-euskalit@3x.png\" data-orig-src=\"https:\/\/www.euskalit.net\/semana\/wp-content\/uploads\/2025\/05\/logotipo-euskalit@3x.png\" alt class=\"lazyload img-responsive wp-image-5218\" srcset=\"data:image\/svg+xml,%3Csvg%20xmlns%3D%27http%3A%2F%2Fwww.w3.org%2F2000%2Fsvg%27%20width%3D%27849%27%20height%3D%27201%27%20viewBox%3D%270%200%20849%20201%27%3E%3Crect%20width%3D%27849%27%20height%3D%27201%27%20fill-opacity%3D%220%22%2F%3E%3C%2Fsvg%3E\" data-srcset=\"https:\/\/www.euskalit.net\/semana\/wp-content\/uploads\/2025\/05\/logotipo-euskalit@3x-200x47.png 200w, https:\/\/www.euskalit.net\/semana\/wp-content\/uploads\/2025\/05\/logotipo-euskalit@3x-400x95.png 400w, https:\/\/www.euskalit.net\/semana\/wp-content\/uploads\/2025\/05\/logotipo-euskalit@3x-600x142.png 600w, https:\/\/www.euskalit.net\/semana\/wp-content\/uploads\/2025\/05\/logotipo-euskalit@3x-800x189.png 800w, https:\/\/www.euskalit.net\/semana\/wp-content\/uploads\/2025\/05\/logotipo-euskalit@3x.png 849w\" data-sizes=\"auto\" data-orig-sizes=\"(max-width: 1024px) 100vw, (max-width: 640px) 100vw, 400px\" \/><\/span><\/div><\/div><\/div><\/div><\/div><div class=\"fusion-fullwidth fullwidth-box fusion-builder-row-3 fusion-flex-container has-pattern-background has-mask-background nonhundred-percent-fullwidth non-hundred-percent-height-scrolling fusion-custom-z-index\" style=\"--awb-border-radius-top-left:0px;--awb-border-radius-top-right:0px;--awb-border-radius-bottom-right:0px;--awb-border-radius-bottom-left:0px;--awb-z-index:1;--awb-padding-top:0px;--awb-padding-right-small:13px;--awb-padding-left-small:13px;--awb-margin-top-medium:11px;--awb-margin-top-small:29px;--awb-flex-wrap:wrap;\" ><div class=\"fusion-builder-row fusion-row fusion-flex-align-items-stretch fusion-flex-content-wrap\" style=\"max-width:1248px;margin-left: calc(-4% \/ 2 );margin-right: calc(-4% \/ 2 );\"><div class=\"fusion-layout-column fusion_builder_column fusion-builder-column-3 fusion_builder_column_1_1 1_1 fusion-flex-column fusion-flex-align-self-stretch\" style=\"--awb-padding-left:3px;--awb-padding-left-medium:1px;--awb-padding-left-small:0px;--awb-bg-size:cover;--awb-width-large:100%;--awb-margin-top-large:0px;--awb-spacing-right-large:1.92%;--awb-margin-bottom-large:20px;--awb-spacing-left-large:1.92%;--awb-width-medium:100%;--awb-order-medium:0;--awb-spacing-right-medium:1.92%;--awb-spacing-left-medium:1.92%;--awb-width-small:100%;--awb-order-small:0;--awb-spacing-right-small:1.92%;--awb-spacing-left-small:1.92%;\"><div class=\"fusion-column-wrapper fusion-column-has-shadow fusion-flex-justify-content-flex-start fusion-content-layout-column\"><div class=\"fusion-text fusion-text-2\" style=\"--awb-font-size:24px;--awb-line-height:1.4;--awb-text-color:#b0cf2b;--awb-text-font-family:&quot;Inter&quot;;--awb-text-font-style:normal;--awb-text-font-weight:600;\"><p>La cultura en las organizaciones avanzadas arranca en el BAT<\/p>\n<\/div><\/div><\/div><div class=\"fusion-layout-column fusion_builder_column fusion-builder-column-4 fusion_builder_column_1_2 1_2 fusion-flex-column fusion-flex-align-self-stretch\" style=\"--awb-padding-left-medium:1px;--awb-padding-left-small:0px;--awb-bg-size:cover;--awb-width-large:50%;--awb-margin-top-large:0px;--awb-spacing-right-large:3.84%;--awb-margin-bottom-large:0px;--awb-spacing-left-large:3.84%;--awb-width-medium:100%;--awb-order-medium:0;--awb-spacing-right-medium:1.92%;--awb-spacing-left-medium:1.92%;--awb-width-small:100%;--awb-order-small:0;--awb-spacing-right-small:1.92%;--awb-spacing-left-small:1.92%;\"><div class=\"fusion-column-wrapper fusion-column-has-shadow fusion-flex-justify-content-flex-start fusion-content-layout-column\"><div class=\"fusion-text fusion-text-3\" style=\"--awb-font-size:16px;--awb-text-color:#414141;--awb-text-font-family:&quot;Inter&quot;;--awb-text-font-style:normal;--awb-text-font-weight:400;\"><p>Como gran novedad de esta edici\u00f3n, la Semana Europea de la Gesti\u00f3n Avanzada se abrir\u00e1 con un <strong>acto inaugural presencial<\/strong>, que marcar\u00e1 el inicio de un recorrido inspirador por las claves de la cultura en las organizaciones.<\/p>\n<p>El evento tendr\u00e1 lugar el<b> mi\u00e9rcoles 8 de octubre<\/b>, de <b>16:00 a 18:00 horas<\/b>, en <b>BAT-B Accelerator Tower<\/b> (Gran V\u00eda 1, Bilbao), y reunir\u00e1 a profesionales, personas expertas, entidades colaboradoras y agentes del ecosistema de la mejora organizacional en torno a un programa din\u00e1mico y participativo.<\/p>\n<\/div><\/div><\/div><div class=\"fusion-layout-column fusion_builder_column fusion-builder-column-5 fusion_builder_column_1_2 1_2 fusion-flex-column fusion-flex-align-self-stretch\" style=\"--awb-padding-left:26px;--awb-padding-top-medium:0px;--awb-padding-left-medium:1px;--awb-padding-top-small:0px;--awb-padding-left-small:0px;--awb-bg-size:cover;--awb-width-large:50%;--awb-margin-top-large:0px;--awb-spacing-right-large:3.84%;--awb-margin-bottom-large:29px;--awb-spacing-left-large:3.84%;--awb-width-medium:100%;--awb-order-medium:0;--awb-spacing-right-medium:1.92%;--awb-spacing-left-medium:1.92%;--awb-width-small:100%;--awb-order-small:0;--awb-spacing-right-small:1.92%;--awb-spacing-left-small:1.92%;\"><div class=\"fusion-column-wrapper fusion-column-has-shadow fusion-flex-justify-content-flex-start fusion-content-layout-column\"><div class=\"fusion-text fusion-text-4\" style=\"--awb-font-size:16px;--awb-text-color:#414141;--awb-text-font-family:&quot;Inter&quot;;--awb-text-font-style:normal;--awb-text-font-weight:400;\"><p><span style=\"letter-spacing: 0.285px; background-color: rgba(0, 0, 0, 0);\">El objetivo de esta cita es generar un e<\/span><strong style=\"letter-spacing: 0.285px; background-color: rgba(0, 0, 0, 0);\">spacio de reflexi\u00f3n compartida sobre la cultura organizativa como motor de transformaci\u00f3n<\/strong><span style=\"letter-spacing: 0.285px; background-color: rgba(0, 0, 0, 0);\">, as\u00ed como visibilizar experiencias y conocimientos que inspiran nuevas formas de liderar, trabajar, innovar y aprender en organizaciones avanzadas.<\/span><\/p>\n<p>Adem\u00e1s, el acto se cerrar\u00e1 con un <b>c\u00f3ctel para fomentar el networking<\/b>, ofreciendo una oportunidad de encuentro y conexi\u00f3n entre personas y entidades comprometidas con los valores de la Gesti\u00f3n Avanzada.<\/p>\n<\/div><\/div><\/div><\/div><\/div><div class=\"fusion-fullwidth fullwidth-box fusion-builder-row-4 fusion-flex-container has-pattern-background has-mask-background fusion-parallax-fixed nonhundred-percent-fullwidth non-hundred-percent-height-scrolling lazyload\" style=\"--awb-border-radius-top-left:0px;--awb-border-radius-top-right:0px;--awb-border-radius-bottom-right:0px;--awb-border-radius-bottom-left:0px;--awb-padding-top:66px;--awb-padding-right:10px;--awb-padding-bottom:29px;--awb-padding-left:10px;--awb-padding-top-medium:51px;--awb-padding-right-medium:22px;--awb-padding-left-medium:23px;--awb-margin-top:49px;--awb-background-size:cover;--awb-flex-wrap:wrap;background-attachment:fixed;\" data-bg=\"https:\/\/www.euskalit.net\/semana\/wp-content\/uploads\/2025\/05\/fondo@3x-1-scaled.webp\" ><div class=\"fusion-builder-row fusion-row fusion-flex-align-items-stretch fusion-flex-justify-content-center fusion-flex-content-wrap\" style=\"max-width:1248px;margin-left: calc(-4% \/ 2 );margin-right: calc(-4% \/ 2 );\"><div class=\"fusion-layout-column fusion_builder_column fusion-builder-column-6 fusion_builder_column_1_1 1_1 fusion-flex-column fusion-flex-align-self-stretch\" style=\"--awb-padding-left-small:0px;--awb-bg-size:cover;--awb-width-large:100%;--awb-margin-top-large:3px;--awb-spacing-right-large:1.92%;--awb-margin-bottom-large:30px;--awb-spacing-left-large:1.92%;--awb-width-medium:100%;--awb-order-medium:0;--awb-spacing-right-medium:1.92%;--awb-spacing-left-medium:1.92%;--awb-width-small:100%;--awb-order-small:0;--awb-spacing-right-small:1.92%;--awb-margin-bottom-small:0px;--awb-spacing-left-small:1.92%;\"><div class=\"fusion-column-wrapper fusion-column-has-shadow fusion-flex-justify-content-flex-start fusion-content-layout-column\"><div class=\"fusion-text fusion-text-5 fusion-text-no-margin\" style=\"--awb-content-alignment:center;--awb-font-size:36px;--awb-line-height:1.4;--awb-text-color:#b0cf2b;--awb-text-font-family:&quot;Inter&quot;;--awb-text-font-style:normal;--awb-text-font-weight:600;\"><p>Programa<\/p>\n<\/div><\/div><\/div><div class=\"fusion-layout-column fusion_builder_column fusion-builder-column-7 fusion_builder_column_1_2 1_2 fusion-flex-column fusion-flex-align-self-stretch\" style=\"--awb-padding-left-small:0px;--awb-bg-size:cover;--awb-width-large:50%;--awb-margin-top-large:3px;--awb-spacing-right-large:3.84%;--awb-margin-bottom-large:30px;--awb-spacing-left-large:3.84%;--awb-width-medium:100%;--awb-order-medium:0;--awb-spacing-right-medium:1.92%;--awb-spacing-left-medium:1.92%;--awb-width-small:100%;--awb-order-small:0;--awb-spacing-right-small:1.92%;--awb-margin-bottom-small:0px;--awb-spacing-left-small:1.92%;\"><div class=\"fusion-column-wrapper fusion-column-has-shadow fusion-flex-justify-content-flex-start fusion-content-layout-column\"><div class=\"fusion-builder-row fusion-builder-row-inner fusion-row fusion-flex-align-items-stretch fusion-flex-justify-content-center fusion-flex-content-wrap\" style=\"width:104% !important;max-width:104% !important;margin-left: calc(-4% \/ 2 );margin-right: calc(-4% \/ 2 );\"><div class=\"fusion-layout-column fusion_builder_column_inner fusion-builder-nested-column-0 fusion-flex-column\" style=\"--awb-bg-size:cover;--awb-width-large:30%;--awb-margin-top-large:0px;--awb-spacing-right-large:6.4%;--awb-margin-bottom-large:0px;--awb-spacing-left-large:6.4%;--awb-width-medium:100%;--awb-order-medium:0;--awb-spacing-right-medium:1.92%;--awb-spacing-left-medium:1.92%;--awb-width-small:100%;--awb-order-small:0;--awb-spacing-right-small:1.92%;--awb-spacing-left-small:1.92%;\"><div class=\"fusion-column-wrapper fusion-column-has-shadow fusion-flex-justify-content-flex-start fusion-content-layout-column\"><div class=\"fusion-text fusion-text-6 fusion-text-no-margin\" style=\"--awb-content-alignment:left;--awb-font-size:22px;--awb-line-height:1.4;--awb-text-transform:uppercase;--awb-text-color:#b0cf2b;--awb-text-font-family:&quot;Inter&quot;;--awb-text-font-style:normal;--awb-text-font-weight:300;\"><p>16:00-16:05<\/p>\n<\/div><\/div><\/div><div class=\"fusion-layout-column fusion_builder_column_inner fusion-builder-nested-column-1 fusion-flex-column\" style=\"--awb-bg-size:cover;--awb-width-large:70%;--awb-margin-top-large:0px;--awb-spacing-right-large:2.7428571428571%;--awb-margin-bottom-large:0px;--awb-spacing-left-large:2.7428571428571%;--awb-width-medium:100%;--awb-order-medium:0;--awb-spacing-right-medium:1.92%;--awb-spacing-left-medium:1.92%;--awb-width-small:100%;--awb-order-small:0;--awb-spacing-right-small:1.92%;--awb-spacing-left-small:1.92%;\"><div class=\"fusion-column-wrapper fusion-column-has-shadow fusion-flex-justify-content-flex-start fusion-content-layout-column\"><div class=\"fusion-text fusion-text-7 fusion-text-no-margin\" style=\"--awb-content-alignment:left;--awb-font-size:22px;--awb-line-height:1.4;--awb-text-transform:uppercase;--awb-text-color:#b0cf2b;--awb-text-font-family:&quot;Inter&quot;;--awb-text-font-style:normal;--awb-text-font-weight:300;\"><p>APERTURA<\/p>\n<\/div><\/div><\/div><div class=\"fusion-layout-column fusion_builder_column_inner fusion-builder-nested-column-2 fusion_builder_column_inner_1_1 1_1 fusion-flex-column\" style=\"--awb-padding-left:183px;--awb-bg-size:cover;--awb-width-large:100%;--awb-margin-top-large:-10px;--awb-spacing-right-large:1.92%;--awb-margin-bottom-large:0px;--awb-spacing-left-large:1.92%;--awb-width-medium:100%;--awb-order-medium:0;--awb-spacing-right-medium:1.92%;--awb-spacing-left-medium:1.92%;--awb-width-small:100%;--awb-order-small:0;--awb-spacing-right-small:1.92%;--awb-spacing-left-small:1.92%;\"><div class=\"fusion-column-wrapper fusion-column-has-shadow fusion-flex-justify-content-flex-start fusion-content-layout-column\"><div class=\"fusion-text fusion-text-8\" style=\"--awb-font-size:16px;--awb-text-color:#ffffff;--awb-margin-top:20px;--awb-text-font-family:&quot;Inter&quot;;--awb-text-font-style:normal;--awb-text-font-weight:400;\"><p><span data-olk-copy-source=\"MessageBody\">Jone Nolte<\/span><br \/>\n<span data-olk-copy-source=\"MessageBody\">Vicepresidenta de EUSKALIT<\/span><\/p>\n<\/div><\/div><\/div><\/div><div class=\"fusion-builder-row fusion-builder-row-inner fusion-row fusion-flex-align-items-stretch fusion-flex-justify-content-center fusion-flex-content-wrap\" style=\"width:104% !important;max-width:104% !important;margin-left: calc(-4% \/ 2 );margin-right: calc(-4% \/ 2 );\"><div class=\"fusion-layout-column fusion_builder_column_inner fusion-builder-nested-column-3 fusion-flex-column\" style=\"--awb-bg-size:cover;--awb-width-large:30%;--awb-margin-top-large:0px;--awb-spacing-right-large:6.4%;--awb-margin-bottom-large:0px;--awb-spacing-left-large:6.4%;--awb-width-medium:100%;--awb-order-medium:0;--awb-spacing-right-medium:1.92%;--awb-spacing-left-medium:1.92%;--awb-width-small:100%;--awb-order-small:0;--awb-spacing-right-small:1.92%;--awb-spacing-left-small:1.92%;\"><div class=\"fusion-column-wrapper fusion-column-has-shadow fusion-flex-justify-content-flex-start fusion-content-layout-column\"><div class=\"fusion-text fusion-text-9 fusion-text-no-margin\" style=\"--awb-content-alignment:left;--awb-font-size:22px;--awb-line-height:1.4;--awb-text-transform:uppercase;--awb-text-color:#b0cf2b;--awb-text-font-family:&quot;Inter&quot;;--awb-text-font-style:normal;--awb-text-font-weight:300;\"><p>16:05-16:35<\/p>\n<\/div><\/div><\/div><div class=\"fusion-layout-column fusion_builder_column_inner fusion-builder-nested-column-4 fusion-flex-column\" style=\"--awb-bg-size:cover;--awb-width-large:70%;--awb-margin-top-large:0px;--awb-spacing-right-large:2.7428571428571%;--awb-margin-bottom-large:0px;--awb-spacing-left-large:2.7428571428571%;--awb-width-medium:100%;--awb-order-medium:0;--awb-spacing-right-medium:1.92%;--awb-spacing-left-medium:1.92%;--awb-width-small:100%;--awb-order-small:0;--awb-spacing-right-small:1.92%;--awb-spacing-left-small:1.92%;\"><div class=\"fusion-column-wrapper fusion-column-has-shadow fusion-flex-justify-content-flex-start fusion-content-layout-column\"><div class=\"fusion-text fusion-text-10 fusion-text-no-margin\" style=\"--awb-content-alignment:left;--awb-font-size:22px;--awb-line-height:1.4;--awb-text-transform:uppercase;--awb-text-color:#b0cf2b;--awb-text-font-family:&quot;Inter&quot;;--awb-text-font-style:normal;--awb-text-font-weight:300;\"><p><a href=\"https:\/\/www.euskalit.net\/semana\/acto-inaugural\/#javier\">Ponencia marco<\/a><\/p>\n<\/div><\/div><\/div><div class=\"fusion-layout-column fusion_builder_column_inner fusion-builder-nested-column-5 fusion_builder_column_inner_1_1 1_1 fusion-flex-column\" style=\"--awb-padding-left:183px;--awb-bg-size:cover;--awb-width-large:100%;--awb-margin-top-large:-10px;--awb-spacing-right-large:1.92%;--awb-margin-bottom-large:0px;--awb-spacing-left-large:1.92%;--awb-width-medium:100%;--awb-order-medium:0;--awb-spacing-right-medium:1.92%;--awb-spacing-left-medium:1.92%;--awb-width-small:100%;--awb-order-small:0;--awb-spacing-right-small:1.92%;--awb-spacing-left-small:1.92%;\"><div class=\"fusion-column-wrapper fusion-column-has-shadow fusion-flex-justify-content-flex-start fusion-content-layout-column\"><div class=\"fusion-text fusion-text-11\" style=\"--awb-font-size:16px;--awb-text-color:#ffffff;--awb-margin-top:20px;--awb-text-font-family:&quot;Inter&quot;;--awb-text-font-style:normal;--awb-text-font-weight:400;\"><p>Cultura de aprendizaje para anticipar el futuro en la era de la Inteligencia Artificial<\/p>\n<p><span style=\"color: #ffffff;\"><a style=\"color: #ffffff;\" href=\"https:\/\/www.euskalit.net\/semana\/acto-inaugural\/#javier\"><b>Javier Mart\u00ednez Aldanondo <\/b><\/a><\/span><\/p>\n<\/div><\/div><\/div><\/div><div class=\"fusion-builder-row fusion-builder-row-inner fusion-row fusion-flex-align-items-stretch fusion-flex-justify-content-center fusion-flex-content-wrap\" style=\"width:104% !important;max-width:104% !important;margin-left: calc(-4% \/ 2 );margin-right: calc(-4% \/ 2 );\"><div class=\"fusion-layout-column fusion_builder_column_inner fusion-builder-nested-column-6 fusion-flex-column\" style=\"--awb-bg-size:cover;--awb-width-large:30%;--awb-margin-top-large:0px;--awb-spacing-right-large:6.4%;--awb-margin-bottom-large:0px;--awb-spacing-left-large:6.4%;--awb-width-medium:100%;--awb-order-medium:0;--awb-spacing-right-medium:1.92%;--awb-spacing-left-medium:1.92%;--awb-width-small:100%;--awb-order-small:0;--awb-spacing-right-small:1.92%;--awb-spacing-left-small:1.92%;\"><div class=\"fusion-column-wrapper fusion-column-has-shadow fusion-flex-justify-content-flex-start fusion-content-layout-column\"><div class=\"fusion-text fusion-text-12 fusion-text-no-margin\" style=\"--awb-content-alignment:left;--awb-font-size:22px;--awb-line-height:1.4;--awb-text-transform:uppercase;--awb-text-color:#b0cf2b;--awb-text-font-family:&quot;Inter&quot;;--awb-text-font-style:normal;--awb-text-font-weight:300;\"><p>16:35-17:15<\/p>\n<\/div><\/div><\/div><div class=\"fusion-layout-column fusion_builder_column_inner fusion-builder-nested-column-7 fusion-flex-column\" style=\"--awb-bg-size:cover;--awb-width-large:70%;--awb-margin-top-large:0px;--awb-spacing-right-large:2.7428571428571%;--awb-margin-bottom-large:0px;--awb-spacing-left-large:2.7428571428571%;--awb-width-medium:100%;--awb-order-medium:0;--awb-spacing-right-medium:1.92%;--awb-spacing-left-medium:1.92%;--awb-width-small:100%;--awb-order-small:0;--awb-spacing-right-small:1.92%;--awb-spacing-left-small:1.92%;\"><div class=\"fusion-column-wrapper fusion-column-has-shadow fusion-flex-justify-content-flex-start fusion-content-layout-column\"><div class=\"fusion-text fusion-text-13 fusion-text-no-margin\" style=\"--awb-content-alignment:left;--awb-font-size:22px;--awb-line-height:1.4;--awb-text-transform:uppercase;--awb-text-color:#b0cf2b;--awb-text-font-family:&quot;Inter&quot;;--awb-text-font-style:normal;--awb-text-font-weight:300;\"><p><a href=\"https:\/\/www.euskalit.net\/semana\/acto-inaugural\/#tres\">Tres buenas pr\u00e1cticas<\/a><\/p>\n<\/div><\/div><\/div><div class=\"fusion-layout-column fusion_builder_column_inner fusion-builder-nested-column-8 fusion_builder_column_inner_1_1 1_1 fusion-flex-column\" style=\"--awb-padding-left:183px;--awb-bg-size:cover;--awb-width-large:100%;--awb-margin-top-large:-10px;--awb-spacing-right-large:1.92%;--awb-margin-bottom-large:0px;--awb-spacing-left-large:1.92%;--awb-width-medium:100%;--awb-order-medium:0;--awb-spacing-right-medium:1.92%;--awb-spacing-left-medium:1.92%;--awb-width-small:100%;--awb-order-small:0;--awb-spacing-right-small:1.92%;--awb-spacing-left-small:1.92%;\"><div class=\"fusion-column-wrapper fusion-column-has-shadow fusion-flex-justify-content-flex-start fusion-content-layout-column\"><div class=\"fusion-text fusion-text-14\" style=\"--awb-font-size:16px;--awb-text-color:#ffffff;--awb-margin-top:20px;--awb-text-font-family:&quot;Inter&quot;;--awb-text-font-style:normal;--awb-text-font-weight:400;\"><p><span style=\"color: #ffffff;\"><a style=\"color: #ffffff;\" href=\"https:\/\/www.euskalit.net\/semana\/acto-inaugural\/#maitane\"><b>Maitane Barbero<\/b><\/a><\/span><br \/>\nResponsable de personas &#8211; Orbik Cybersecurity<\/p>\n<\/div><div class=\"fusion-text fusion-text-15\" style=\"--awb-font-size:16px;--awb-text-color:#ffffff;--awb-text-font-family:&quot;Inter&quot;;--awb-text-font-style:normal;--awb-text-font-weight:400;\"><p><b><a style=\"color: #ffffff;\" href=\"https:\/\/www.euskalit.net\/semana\/acto-inaugural\/#jon\">Jon Ander Arzallus<\/a><\/b><br \/>\nDirector de innovacion &#8211; Gureak<\/p>\n<\/div><div class=\"fusion-text fusion-text-16\" style=\"--awb-font-size:16px;--awb-text-color:#ffffff;--awb-text-font-family:&quot;Inter&quot;;--awb-text-font-style:normal;--awb-text-font-weight:400;\"><p><b><a style=\"color: #ffffff;\" href=\"https:\/\/www.euskalit.net\/semana\/acto-inaugural\/#jorge\">Jorge Serrano<\/a><\/b><br \/>\nDirector Comercial &#8211; Preoca<\/p>\n<\/div><\/div><\/div><\/div><\/div><\/div><div class=\"fusion-layout-column fusion_builder_column fusion-builder-column-8 fusion_builder_column_1_2 1_2 fusion-flex-column fusion-flex-align-self-stretch\" style=\"--awb-padding-left-small:0px;--awb-bg-size:cover;--awb-width-large:50%;--awb-margin-top-large:3px;--awb-spacing-right-large:3.84%;--awb-margin-bottom-large:30px;--awb-spacing-left-large:3.84%;--awb-width-medium:100%;--awb-order-medium:0;--awb-spacing-right-medium:1.92%;--awb-spacing-left-medium:1.92%;--awb-width-small:100%;--awb-order-small:0;--awb-spacing-right-small:1.92%;--awb-margin-bottom-small:0px;--awb-spacing-left-small:1.92%;\"><div class=\"fusion-column-wrapper fusion-column-has-shadow fusion-flex-justify-content-flex-start fusion-content-layout-column\"><div class=\"fusion-builder-row fusion-builder-row-inner fusion-row fusion-flex-align-items-stretch fusion-flex-justify-content-center fusion-flex-content-wrap\" style=\"width:104% !important;max-width:104% !important;margin-left: calc(-4% \/ 2 );margin-right: calc(-4% \/ 2 );\"><div class=\"fusion-layout-column fusion_builder_column_inner fusion-builder-nested-column-9 fusion-flex-column\" style=\"--awb-bg-size:cover;--awb-width-large:30%;--awb-margin-top-large:0px;--awb-spacing-right-large:6.4%;--awb-margin-bottom-large:0px;--awb-spacing-left-large:6.4%;--awb-width-medium:100%;--awb-order-medium:0;--awb-spacing-right-medium:1.92%;--awb-spacing-left-medium:1.92%;--awb-width-small:100%;--awb-order-small:0;--awb-spacing-right-small:1.92%;--awb-spacing-left-small:1.92%;\"><div class=\"fusion-column-wrapper fusion-column-has-shadow fusion-flex-justify-content-flex-start fusion-content-layout-column\"><div class=\"fusion-text fusion-text-17 fusion-text-no-margin\" style=\"--awb-content-alignment:left;--awb-font-size:22px;--awb-line-height:1.4;--awb-text-transform:uppercase;--awb-text-color:#b0cf2b;--awb-text-font-family:&quot;Inter&quot;;--awb-text-font-style:normal;--awb-text-font-weight:300;\"><p>17:15- 17:55<\/p>\n<\/div><\/div><\/div><div class=\"fusion-layout-column fusion_builder_column_inner fusion-builder-nested-column-10 fusion-flex-column\" style=\"--awb-bg-size:cover;--awb-width-large:70%;--awb-margin-top-large:0px;--awb-spacing-right-large:2.7428571428571%;--awb-margin-bottom-large:0px;--awb-spacing-left-large:2.7428571428571%;--awb-width-medium:100%;--awb-order-medium:0;--awb-spacing-right-medium:1.92%;--awb-spacing-left-medium:1.92%;--awb-width-small:100%;--awb-order-small:0;--awb-spacing-right-small:1.92%;--awb-spacing-left-small:1.92%;\"><div class=\"fusion-column-wrapper fusion-column-has-shadow fusion-flex-justify-content-flex-start fusion-content-layout-column\"><div class=\"fusion-text fusion-text-18 fusion-text-no-margin\" style=\"--awb-content-alignment:left;--awb-font-size:22px;--awb-line-height:1.4;--awb-text-transform:uppercase;--awb-text-color:#b0cf2b;--awb-text-font-family:&quot;Inter&quot;;--awb-text-font-style:normal;--awb-text-font-weight:300;\"><p><a href=\"https:\/\/www.euskalit.net\/semana\/acto-inaugural\/#mesa\">Mesa redonda con personas expertas<\/a><\/p>\n<\/div><\/div><\/div><div class=\"fusion-layout-column fusion_builder_column_inner fusion-builder-nested-column-11 fusion_builder_column_inner_1_1 1_1 fusion-flex-column\" style=\"--awb-padding-left:183px;--awb-bg-size:cover;--awb-width-large:100%;--awb-margin-top-large:-10px;--awb-spacing-right-large:1.92%;--awb-margin-bottom-large:0px;--awb-spacing-left-large:1.92%;--awb-width-medium:100%;--awb-order-medium:0;--awb-spacing-right-medium:1.92%;--awb-spacing-left-medium:1.92%;--awb-width-small:100%;--awb-order-small:0;--awb-spacing-right-small:1.92%;--awb-spacing-left-small:1.92%;\"><div class=\"fusion-column-wrapper fusion-column-has-shadow fusion-flex-justify-content-flex-start fusion-content-layout-column\"><div class=\"fusion-text fusion-text-19\" style=\"--awb-font-size:16px;--awb-text-color:#ffffff;--awb-margin-top:20px;--awb-text-font-family:&quot;Inter&quot;;--awb-text-font-style:normal;--awb-text-font-weight:400;\"><p>Cultura en las organizaciones avanzadas<\/p>\n<\/div><div class=\"fusion-text fusion-text-20\" style=\"--awb-font-size:16px;--awb-text-color:#ffffff;--awb-text-font-family:&quot;Inter&quot;;--awb-text-font-style:normal;--awb-text-font-weight:400;\"><p><b><a style=\"color: #ffffff;\" href=\"https:\/\/www.euskalit.net\/semana\/acto-inaugural\/#javier\">Javier Mart\u00ednez Aldanondo<\/a><\/b><br \/>\nSpeaker Internacional<\/p>\n<\/div><div class=\"fusion-text fusion-text-21\" style=\"--awb-font-size:16px;--awb-text-color:#ffffff;--awb-text-font-family:&quot;Inter&quot;;--awb-text-font-style:normal;--awb-text-font-weight:400;\"><p><a href=\"https:\/\/www.euskalit.net\/semana\/acto-inaugural\/#susana\"><b style=\"color: #ffffff;\">Susana Hormilla<\/b><\/a><br \/>\nDirectora de Innovaci\u00f3n y Estrategia Corporativa &#8211; Biolan<\/p>\n<\/div><div class=\"fusion-text fusion-text-22\" style=\"--awb-font-size:16px;--awb-text-color:#ffffff;--awb-text-font-family:&quot;Inter&quot;;--awb-text-font-style:normal;--awb-text-font-weight:400;\"><p><b><a style=\"color: #ffffff;\" href=\"https:\/\/www.euskalit.net\/semana\/acto-inaugural\/#idoia\">Idoia Gil<\/a><\/b><br \/>\n<span data-olk-copy-source=\"MessageBody\">Coordinaci\u00f3n de Cultura &amp; Liderazgo- Mondragon Unibertsitatea Enpresagintza &#8211; MIK<\/span><\/p>\n<\/div><div class=\"fusion-text fusion-text-23\" style=\"--awb-font-size:16px;--awb-text-color:#ffffff;--awb-text-font-family:&quot;Inter&quot;;--awb-text-font-style:normal;--awb-text-font-weight:400;\"><p><b><a style=\"color: #ffffff;\" href=\"https:\/\/www.euskalit.net\/semana\/acto-inaugural\/#ignacio\">Juan Ignacio Burgaleta<\/a><\/b><br \/>\nAdvisor to CEO &#8211; Satlantis<\/p>\n<\/div><\/div><\/div><\/div><div class=\"fusion-builder-row fusion-builder-row-inner fusion-row fusion-flex-align-items-stretch fusion-flex-justify-content-center fusion-flex-content-wrap\" style=\"width:104% !important;max-width:104% !important;margin-left: calc(-4% \/ 2 );margin-right: calc(-4% \/ 2 );\"><div class=\"fusion-layout-column fusion_builder_column_inner fusion-builder-nested-column-12 fusion-flex-column\" style=\"--awb-bg-size:cover;--awb-width-large:30%;--awb-margin-top-large:0px;--awb-spacing-right-large:6.4%;--awb-margin-bottom-large:0px;--awb-spacing-left-large:6.4%;--awb-width-medium:100%;--awb-order-medium:0;--awb-spacing-right-medium:1.92%;--awb-spacing-left-medium:1.92%;--awb-width-small:100%;--awb-order-small:0;--awb-spacing-right-small:1.92%;--awb-spacing-left-small:1.92%;\"><div class=\"fusion-column-wrapper fusion-column-has-shadow fusion-flex-justify-content-flex-start fusion-content-layout-column\"><div class=\"fusion-text fusion-text-24 fusion-text-no-margin\" style=\"--awb-content-alignment:left;--awb-font-size:22px;--awb-line-height:1.4;--awb-text-transform:uppercase;--awb-text-color:#b0cf2b;--awb-text-font-family:&quot;Inter&quot;;--awb-text-font-style:normal;--awb-text-font-weight:300;\"><p>17:55-18:00<\/p>\n<\/div><\/div><\/div><div class=\"fusion-layout-column fusion_builder_column_inner fusion-builder-nested-column-13 fusion-flex-column\" style=\"--awb-bg-size:cover;--awb-width-large:70%;--awb-margin-top-large:0px;--awb-spacing-right-large:2.7428571428571%;--awb-margin-bottom-large:0px;--awb-spacing-left-large:2.7428571428571%;--awb-width-medium:100%;--awb-order-medium:0;--awb-spacing-right-medium:1.92%;--awb-spacing-left-medium:1.92%;--awb-width-small:100%;--awb-order-small:0;--awb-spacing-right-small:1.92%;--awb-spacing-left-small:1.92%;\"><div class=\"fusion-column-wrapper fusion-column-has-shadow fusion-flex-justify-content-flex-start fusion-content-layout-column\"><div class=\"fusion-text fusion-text-25 fusion-text-no-margin\" style=\"--awb-content-alignment:left;--awb-font-size:22px;--awb-line-height:1.4;--awb-text-transform:uppercase;--awb-text-color:#b0cf2b;--awb-text-font-family:&quot;Inter&quot;;--awb-text-font-style:normal;--awb-text-font-weight:300;\"><p>Cierre Institucional<\/p>\n<\/div><div class=\"fusion-text fusion-text-26\" style=\"--awb-font-size:16px;--awb-text-color:#ffffff;--awb-text-font-family:&quot;Inter&quot;;--awb-text-font-style:italic;--awb-text-font-weight:400;\"><p>C\u00f3ctel posterior para favorecer el networking<\/p>\n<\/div><\/div><\/div><\/div><\/div><\/div><div class=\"fusion-layout-column fusion_builder_column fusion-builder-column-9 fusion_builder_column_1_2 1_2 fusion-flex-column fusion-flex-align-self-stretch\" style=\"--awb-padding-left-small:0px;--awb-bg-size:cover;--awb-width-large:50%;--awb-margin-top-large:3px;--awb-spacing-right-large:3.84%;--awb-margin-bottom-large:30px;--awb-spacing-left-large:3.84%;--awb-width-medium:100%;--awb-order-medium:0;--awb-spacing-right-medium:1.92%;--awb-spacing-left-medium:1.92%;--awb-width-small:100%;--awb-order-small:0;--awb-spacing-right-small:1.92%;--awb-margin-bottom-small:0px;--awb-spacing-left-small:1.92%;\"><div class=\"fusion-column-wrapper fusion-column-has-shadow fusion-flex-justify-content-flex-start fusion-content-layout-column\"><div style=\"text-align:center;\"><a class=\"fusion-button button-flat fusion-button-default-size button-custom fusion-button-default button-1 fusion-button-default-span fusion-button-default-type\" style=\"--button_accent_color:#ffffff;--button_border_color:#b0cf2b;--button_accent_hover_color:#b0cf2b;--button_border_hover_color:#b0cf2b;--button_border_width-top:2px;--button_border_width-right:2px;--button_border_width-bottom:2px;--button_border_width-left:2px;--button-border-radius-top-left:22px;--button-border-radius-top-right:22px;--button-border-radius-bottom-right:22px;--button-border-radius-bottom-left:22px;--button_gradient_top_color:#b0cf2b;--button_gradient_bottom_color:#b0cf2b;--button_gradient_top_color_hover:#ffffff;--button_gradient_bottom_color_hover:#ffffff;--button_font_size:14px;--button_padding-right:20px;--button_padding-left:20px;--button_typography-font-family:&quot;Inter&quot;;--button_typography-font-style:normal;--button_typography-font-weight:400;\" target=\"_blank\" rel=\"noopener noreferrer\" href=\"https:\/\/photos.google.com\/share\/AF1QipN9TsyQGNbsXBDrqCoG3NEWHvsZ869ynRKbLeUvx1yanBFqh2ojOuam6Yv1jOk5HA?pli=1&amp;key=U0d4eDVSWmN5WGV3TVpaNjZpLUh3TnRGUGhIbGFB\"><span class=\"fusion-button-text awb-button__text awb-button__text--default\">Fotos del Acto inaugural<\/span><\/a><\/div><\/div><\/div><\/div><\/div><div class=\"fusion-fullwidth fullwidth-box fusion-builder-row-5 fusion-flex-container has-pattern-background has-mask-background nonhundred-percent-fullwidth non-hundred-percent-height-scrolling\" style=\"--awb-border-radius-top-left:0px;--awb-border-radius-top-right:0px;--awb-border-radius-bottom-right:0px;--awb-border-radius-bottom-left:0px;--awb-padding-right-small:10px;--awb-padding-left-small:10px;--awb-margin-top:82px;--awb-margin-top-medium:43px;--awb-margin-top-small:39px;--awb-flex-wrap:wrap;\" ><div class=\"fusion-builder-row fusion-row fusion-flex-align-items-stretch fusion-flex-content-wrap\" style=\"max-width:1248px;margin-left: calc(-4% \/ 2 );margin-right: calc(-4% \/ 2 );\"><div class=\"fusion-layout-column fusion_builder_column fusion-builder-column-10 fusion-flex-column fusion-flex-align-self-stretch\" style=\"--awb-padding-left:48px;--awb-padding-left-medium:0px;--awb-padding-left-small:0px;--awb-bg-size:cover;--awb-width-large:80%;--awb-margin-top-large:0px;--awb-spacing-right-large:2.4%;--awb-margin-bottom-large:36px;--awb-spacing-left-large:2.4%;--awb-width-medium:100%;--awb-order-medium:0;--awb-spacing-right-medium:1.92%;--awb-spacing-left-medium:1.92%;--awb-width-small:100%;--awb-order-small:0;--awb-spacing-right-small:1.92%;--awb-spacing-left-small:1.92%;\"><div class=\"fusion-column-wrapper fusion-column-has-shadow fusion-flex-justify-content-flex-start fusion-content-layout-column\"><div class=\"fusion-menu-anchor\" id=\"javier\"><\/div><div class=\"fusion-text fusion-text-27 fusion-text-no-margin\" style=\"--awb-font-size:36px;--awb-line-height:1.4;--awb-text-color:#2e7d67;--awb-text-font-family:&quot;Inter&quot;;--awb-text-font-style:normal;--awb-text-font-weight:600;\"><p><span data-olk-copy-source=\"MessageBody\">Cultura de aprendizaje para anticipar el futuro en la era de la Inteligencia Artificial<\/span><\/p>\n<\/div><div class=\"fusion-text fusion-text-28\" style=\"--awb-font-size:26px;--awb-line-height:1.4;--awb-text-color:#2e7d67;--awb-text-font-family:&quot;Inter&quot;;--awb-text-font-style:normal;--awb-text-font-weight:600;\"><p>Ponencia Marco<\/p>\n<\/div><\/div><\/div><\/div><\/div><div class=\"fusion-fullwidth fullwidth-box fusion-builder-row-6 fusion-flex-container has-pattern-background has-mask-background nonhundred-percent-fullwidth non-hundred-percent-height-scrolling\" style=\"--awb-border-radius-top-left:0px;--awb-border-radius-top-right:0px;--awb-border-radius-bottom-right:0px;--awb-border-radius-bottom-left:0px;--awb-padding-top:0px;--awb-padding-right-small:13px;--awb-padding-left-small:13px;--awb-margin-top-small:0px;--awb-flex-wrap:wrap;\" ><div class=\"fusion-builder-row fusion-row fusion-flex-align-items-stretch fusion-flex-content-wrap\" style=\"max-width:1248px;margin-left: calc(-4% \/ 2 );margin-right: calc(-4% \/ 2 );\"><div class=\"fusion-layout-column fusion_builder_column fusion-builder-column-11 fusion-flex-column fusion-flex-align-self-stretch\" style=\"--awb-padding-left-medium:3px;--awb-padding-left-small:0px;--awb-bg-size:cover;--awb-width-large:17.33%;--awb-margin-top-large:0px;--awb-spacing-right-large:11.079053664166%;--awb-margin-bottom-large:20px;--awb-spacing-left-large:11.079053664166%;--awb-width-medium:100%;--awb-order-medium:0;--awb-spacing-right-medium:1.92%;--awb-spacing-left-medium:1.92%;--awb-width-small:100%;--awb-order-small:0;--awb-spacing-right-small:1.92%;--awb-spacing-left-small:1.92%;\"><div class=\"fusion-column-wrapper fusion-column-has-shadow fusion-flex-justify-content-flex-start fusion-content-layout-column\"><div class=\"fusion-image-element md-text-align-left sm-text-align-left\" style=\"text-align:center;--awb-max-width:170px;--awb-caption-title-font-family:var(--h2_typography-font-family);--awb-caption-title-font-weight:var(--h2_typography-font-weight);--awb-caption-title-font-style:var(--h2_typography-font-style);--awb-caption-title-size:var(--h2_typography-font-size);--awb-caption-title-transform:var(--h2_typography-text-transform);--awb-caption-title-line-height:var(--h2_typography-line-height);--awb-caption-title-letter-spacing:var(--h2_typography-letter-spacing);\"><span class=\" fusion-imageframe imageframe-none imageframe-3 hover-type-none\"><img decoding=\"async\" width=\"900\" height=\"900\" alt=\"Javier Mart\u00ednez Aldanondo\" title=\"Javier Mart\u00ednez Aldanondo\" src=\"https:\/\/www.euskalit.net\/semana\/wp-content\/uploads\/2025\/05\/javier-martinez-aldanondo@3x.webp\" data-orig-src=\"https:\/\/www.euskalit.net\/semana\/wp-content\/uploads\/2025\/05\/javier-martinez-aldanondo@3x.webp\" class=\"lazyload img-responsive wp-image-5412\" srcset=\"data:image\/svg+xml,%3Csvg%20xmlns%3D%27http%3A%2F%2Fwww.w3.org%2F2000%2Fsvg%27%20width%3D%27900%27%20height%3D%27900%27%20viewBox%3D%270%200%20900%20900%27%3E%3Crect%20width%3D%27900%27%20height%3D%27900%27%20fill-opacity%3D%220%22%2F%3E%3C%2Fsvg%3E\" data-srcset=\"https:\/\/www.euskalit.net\/semana\/wp-content\/uploads\/2025\/05\/javier-martinez-aldanondo@3x-66x66.webp 66w, https:\/\/www.euskalit.net\/semana\/wp-content\/uploads\/2025\/05\/javier-martinez-aldanondo@3x-150x150.webp 150w, https:\/\/www.euskalit.net\/semana\/wp-content\/uploads\/2025\/05\/javier-martinez-aldanondo@3x-200x200.webp 200w, https:\/\/www.euskalit.net\/semana\/wp-content\/uploads\/2025\/05\/javier-martinez-aldanondo@3x-300x300.webp 300w, https:\/\/www.euskalit.net\/semana\/wp-content\/uploads\/2025\/05\/javier-martinez-aldanondo@3x-400x400.webp 400w, https:\/\/www.euskalit.net\/semana\/wp-content\/uploads\/2025\/05\/javier-martinez-aldanondo@3x-600x600.webp 600w, https:\/\/www.euskalit.net\/semana\/wp-content\/uploads\/2025\/05\/javier-martinez-aldanondo@3x-768x768.webp 768w, https:\/\/www.euskalit.net\/semana\/wp-content\/uploads\/2025\/05\/javier-martinez-aldanondo@3x-800x800.webp 800w, https:\/\/www.euskalit.net\/semana\/wp-content\/uploads\/2025\/05\/javier-martinez-aldanondo@3x.webp 900w\" data-sizes=\"auto\" data-orig-sizes=\"(max-width: 1024px) 100vw, (max-width: 640px) 100vw, 200px\" \/><\/span><\/div><\/div><\/div><div class=\"fusion-layout-column fusion_builder_column fusion-builder-column-12 fusion-flex-column fusion-flex-align-self-stretch\" style=\"--awb-padding-left-medium:3px;--awb-padding-left-small:0px;--awb-bg-size:cover;--awb-width-large:38%;--awb-margin-top-large:0px;--awb-spacing-right-large:5.0526315789474%;--awb-margin-bottom-large:20px;--awb-spacing-left-large:5.0526315789474%;--awb-width-medium:100%;--awb-order-medium:0;--awb-spacing-right-medium:1.92%;--awb-spacing-left-medium:1.92%;--awb-width-small:100%;--awb-order-small:0;--awb-spacing-right-small:1.92%;--awb-spacing-left-small:1.92%;\"><div class=\"fusion-column-wrapper fusion-column-has-shadow fusion-flex-justify-content-flex-start fusion-content-layout-column\"><div class=\"fusion-text fusion-text-29 fusion-text-no-margin\" style=\"--awb-font-size:22px;--awb-line-height:1.4;--awb-text-color:#2e7d67;--awb-text-font-family:&quot;Inter&quot;;--awb-text-font-style:normal;--awb-text-font-weight:600;\"><p><strong>Javier Mart\u00ednez Aldanondo<\/strong><\/p>\n<\/div><div class=\"fusion-text fusion-text-30 fusion-text-no-margin\" style=\"--awb-font-size:18px;--awb-line-height:1.4;--awb-text-color:#2e7d67;--awb-margin-bottom:25px;--awb-text-font-family:&quot;Inter&quot;;--awb-text-font-style:normal;--awb-text-font-weight:600;\"><p>Ponente Principal<\/p>\n<\/div><div class=\"fusion-builder-row fusion-builder-row-inner fusion-row fusion-flex-align-items-stretch fusion-flex-content-wrap\" style=\"width:104% !important;max-width:104% !important;margin-left: calc(-4% \/ 2 );margin-right: calc(-4% \/ 2 );\"><div class=\"fusion-layout-column fusion_builder_column_inner fusion-builder-nested-column-14 fusion-flex-column\" style=\"--awb-bg-size:cover;--awb-width-large:15%;--awb-margin-top-large:0px;--awb-spacing-right-large:12.8%;--awb-margin-bottom-large:20px;--awb-spacing-left-large:12.8%;--awb-width-medium:16.666666666667%;--awb-order-medium:0;--awb-spacing-right-medium:11.52%;--awb-spacing-left-medium:11.52%;--awb-width-small:50%;--awb-order-small:0;--awb-spacing-right-small:3.84%;--awb-spacing-left-small:3.84%;\"><div class=\"fusion-column-wrapper fusion-column-has-shadow fusion-flex-justify-content-flex-start fusion-content-layout-column\"><div class=\"fusion-image-element \" style=\"text-align:center;--awb-max-width:40px;--awb-caption-title-font-family:var(--h2_typography-font-family);--awb-caption-title-font-weight:var(--h2_typography-font-weight);--awb-caption-title-font-style:var(--h2_typography-font-style);--awb-caption-title-size:var(--h2_typography-font-size);--awb-caption-title-transform:var(--h2_typography-text-transform);--awb-caption-title-line-height:var(--h2_typography-line-height);--awb-caption-title-letter-spacing:var(--h2_typography-letter-spacing);\"><span class=\" fusion-imageframe imageframe-none imageframe-4 hover-type-none\"><a class=\"fusion-no-lightbox\" href=\"https:\/\/knowledgeworks.cl\/en\/home-eng\/\" target=\"_blank\" aria-label=\"web@3x\" rel=\"noopener noreferrer\"><img decoding=\"async\" width=\"108\" height=\"108\" src=\"https:\/\/www.euskalit.net\/semana\/wp-content\/uploads\/2025\/05\/web@3x.webp\" data-orig-src=\"https:\/\/www.euskalit.net\/semana\/wp-content\/uploads\/2025\/05\/web@3x.webp\" alt class=\"lazyload img-responsive wp-image-5618\" srcset=\"data:image\/svg+xml,%3Csvg%20xmlns%3D%27http%3A%2F%2Fwww.w3.org%2F2000%2Fsvg%27%20width%3D%27108%27%20height%3D%27108%27%20viewBox%3D%270%200%20108%20108%27%3E%3Crect%20width%3D%27108%27%20height%3D%27108%27%20fill-opacity%3D%220%22%2F%3E%3C%2Fsvg%3E\" data-srcset=\"https:\/\/www.euskalit.net\/semana\/wp-content\/uploads\/2025\/05\/web@3x-66x66.webp 66w, https:\/\/www.euskalit.net\/semana\/wp-content\/uploads\/2025\/05\/web@3x.webp 108w\" data-sizes=\"auto\" data-orig-sizes=\"(max-width: 1024px) 100vw, (max-width: 640px) 100vw, 108px\" \/><\/a><\/span><\/div><\/div><\/div><div class=\"fusion-layout-column fusion_builder_column_inner fusion-builder-nested-column-15 fusion-flex-column\" style=\"--awb-bg-size:cover;--awb-width-large:15%;--awb-margin-top-large:0px;--awb-spacing-right-large:12.8%;--awb-margin-bottom-large:20px;--awb-spacing-left-large:12.8%;--awb-width-medium:16.666666666667%;--awb-order-medium:0;--awb-spacing-right-medium:11.52%;--awb-spacing-left-medium:11.52%;--awb-width-small:50%;--awb-order-small:0;--awb-spacing-right-small:3.84%;--awb-spacing-left-small:3.84%;\"><div class=\"fusion-column-wrapper fusion-column-has-shadow fusion-flex-justify-content-flex-start fusion-content-layout-column\"><div class=\"fusion-image-element \" style=\"text-align:center;--awb-max-width:40px;--awb-caption-title-font-family:var(--h2_typography-font-family);--awb-caption-title-font-weight:var(--h2_typography-font-weight);--awb-caption-title-font-style:var(--h2_typography-font-style);--awb-caption-title-size:var(--h2_typography-font-size);--awb-caption-title-transform:var(--h2_typography-text-transform);--awb-caption-title-line-height:var(--h2_typography-line-height);--awb-caption-title-letter-spacing:var(--h2_typography-letter-spacing);\"><span class=\" fusion-imageframe imageframe-none imageframe-5 hover-type-none\"><a class=\"fusion-no-lightbox\" href=\"https:\/\/www.knoco.com\/\" target=\"_blank\" aria-label=\"web@3x\" rel=\"noopener noreferrer\"><img decoding=\"async\" width=\"108\" height=\"108\" src=\"https:\/\/www.euskalit.net\/semana\/wp-content\/uploads\/2025\/05\/web@3x.webp\" data-orig-src=\"https:\/\/www.euskalit.net\/semana\/wp-content\/uploads\/2025\/05\/web@3x.webp\" alt class=\"lazyload img-responsive wp-image-5618\" srcset=\"data:image\/svg+xml,%3Csvg%20xmlns%3D%27http%3A%2F%2Fwww.w3.org%2F2000%2Fsvg%27%20width%3D%27108%27%20height%3D%27108%27%20viewBox%3D%270%200%20108%20108%27%3E%3Crect%20width%3D%27108%27%20height%3D%27108%27%20fill-opacity%3D%220%22%2F%3E%3C%2Fsvg%3E\" data-srcset=\"https:\/\/www.euskalit.net\/semana\/wp-content\/uploads\/2025\/05\/web@3x-66x66.webp 66w, https:\/\/www.euskalit.net\/semana\/wp-content\/uploads\/2025\/05\/web@3x.webp 108w\" data-sizes=\"auto\" data-orig-sizes=\"(max-width: 1024px) 100vw, (max-width: 640px) 100vw, 108px\" \/><\/a><\/span><\/div><\/div><\/div><div class=\"fusion-layout-column fusion_builder_column_inner fusion-builder-nested-column-16 fusion-flex-column\" style=\"--awb-bg-size:cover;--awb-width-large:15%;--awb-margin-top-large:0px;--awb-spacing-right-large:12.8%;--awb-margin-bottom-large:20px;--awb-spacing-left-large:12.8%;--awb-width-medium:16.666666666667%;--awb-order-medium:0;--awb-spacing-right-medium:11.52%;--awb-spacing-left-medium:11.52%;--awb-width-small:50%;--awb-order-small:0;--awb-spacing-right-small:3.84%;--awb-spacing-left-small:3.84%;\"><div class=\"fusion-column-wrapper fusion-column-has-shadow fusion-flex-justify-content-flex-start fusion-content-layout-column\"><div class=\"fusion-image-element \" style=\"text-align:center;--awb-max-width:40px;--awb-caption-title-font-family:var(--h2_typography-font-family);--awb-caption-title-font-weight:var(--h2_typography-font-weight);--awb-caption-title-font-style:var(--h2_typography-font-style);--awb-caption-title-size:var(--h2_typography-font-size);--awb-caption-title-transform:var(--h2_typography-text-transform);--awb-caption-title-line-height:var(--h2_typography-line-height);--awb-caption-title-letter-spacing:var(--h2_typography-letter-spacing);\"><span class=\" fusion-imageframe imageframe-none imageframe-6 hover-type-none\"><a class=\"fusion-no-lightbox\" href=\"http:\/\/linkedin.com\/in\/javier-mart\u00ednez-aldanondo-inteligencia\" target=\"_blank\" aria-label=\"linkedin@3x\" rel=\"noopener noreferrer\"><img decoding=\"async\" width=\"144\" height=\"144\" src=\"https:\/\/www.euskalit.net\/semana\/wp-content\/uploads\/2025\/05\/linkedin@3x.webp\" data-orig-src=\"https:\/\/www.euskalit.net\/semana\/wp-content\/uploads\/2025\/05\/linkedin@3x.webp\" alt class=\"lazyload img-responsive wp-image-5448\" srcset=\"data:image\/svg+xml,%3Csvg%20xmlns%3D%27http%3A%2F%2Fwww.w3.org%2F2000%2Fsvg%27%20width%3D%27144%27%20height%3D%27144%27%20viewBox%3D%270%200%20144%20144%27%3E%3Crect%20width%3D%27144%27%20height%3D%27144%27%20fill-opacity%3D%220%22%2F%3E%3C%2Fsvg%3E\" data-srcset=\"https:\/\/www.euskalit.net\/semana\/wp-content\/uploads\/2025\/05\/linkedin@3x-66x66.webp 66w, https:\/\/www.euskalit.net\/semana\/wp-content\/uploads\/2025\/05\/linkedin@3x.webp 144w\" data-sizes=\"auto\" data-orig-sizes=\"(max-width: 1024px) 100vw, (max-width: 640px) 100vw, 144px\" \/><\/a><\/span><\/div><\/div><\/div><div class=\"fusion-layout-column fusion_builder_column_inner fusion-builder-nested-column-17 fusion-flex-column\" style=\"--awb-bg-size:cover;--awb-width-large:15%;--awb-margin-top-large:0px;--awb-spacing-right-large:12.8%;--awb-margin-bottom-large:20px;--awb-spacing-left-large:12.8%;--awb-width-medium:16.666666666667%;--awb-order-medium:0;--awb-spacing-right-medium:11.52%;--awb-spacing-left-medium:11.52%;--awb-width-small:50%;--awb-order-small:0;--awb-spacing-right-small:3.84%;--awb-spacing-left-small:3.84%;\"><div class=\"fusion-column-wrapper fusion-column-has-shadow fusion-flex-justify-content-flex-start fusion-content-layout-column\"><div class=\"fusion-image-element \" style=\"text-align:center;--awb-max-width:40px;--awb-caption-title-font-family:var(--h2_typography-font-family);--awb-caption-title-font-weight:var(--h2_typography-font-weight);--awb-caption-title-font-style:var(--h2_typography-font-style);--awb-caption-title-size:var(--h2_typography-font-size);--awb-caption-title-transform:var(--h2_typography-text-transform);--awb-caption-title-line-height:var(--h2_typography-line-height);--awb-caption-title-letter-spacing:var(--h2_typography-letter-spacing);\"><span class=\" fusion-imageframe imageframe-none imageframe-7 hover-type-none\"><a class=\"fusion-no-lightbox\" href=\"https:\/\/x.com\/javitomar\" target=\"_blank\" aria-label=\"x@3x\" rel=\"noopener noreferrer\"><img decoding=\"async\" width=\"108\" height=\"108\" src=\"https:\/\/www.euskalit.net\/semana\/wp-content\/uploads\/2025\/05\/x@3x.webp\" data-orig-src=\"https:\/\/www.euskalit.net\/semana\/wp-content\/uploads\/2025\/05\/x@3x.webp\" alt class=\"lazyload img-responsive wp-image-5619\" srcset=\"data:image\/svg+xml,%3Csvg%20xmlns%3D%27http%3A%2F%2Fwww.w3.org%2F2000%2Fsvg%27%20width%3D%27108%27%20height%3D%27108%27%20viewBox%3D%270%200%20108%20108%27%3E%3Crect%20width%3D%27108%27%20height%3D%27108%27%20fill-opacity%3D%220%22%2F%3E%3C%2Fsvg%3E\" data-srcset=\"https:\/\/www.euskalit.net\/semana\/wp-content\/uploads\/2025\/05\/x@3x-66x66.webp 66w, https:\/\/www.euskalit.net\/semana\/wp-content\/uploads\/2025\/05\/x@3x.webp 108w\" data-sizes=\"auto\" data-orig-sizes=\"(max-width: 1024px) 100vw, (max-width: 640px) 100vw, 108px\" \/><\/a><\/span><\/div><\/div><\/div><div class=\"fusion-layout-column fusion_builder_column_inner fusion-builder-nested-column-18 fusion-flex-column\" style=\"--awb-bg-size:cover;--awb-width-large:15%;--awb-margin-top-large:0px;--awb-spacing-right-large:12.8%;--awb-margin-bottom-large:20px;--awb-spacing-left-large:12.8%;--awb-width-medium:16.666666666667%;--awb-order-medium:0;--awb-spacing-right-medium:11.52%;--awb-spacing-left-medium:11.52%;--awb-width-small:50%;--awb-order-small:0;--awb-spacing-right-small:3.84%;--awb-spacing-left-small:3.84%;\"><div class=\"fusion-column-wrapper fusion-column-has-shadow fusion-flex-justify-content-flex-start fusion-content-layout-column\"><div class=\"fusion-image-element \" style=\"text-align:center;--awb-max-width:40px;--awb-caption-title-font-family:var(--h2_typography-font-family);--awb-caption-title-font-weight:var(--h2_typography-font-weight);--awb-caption-title-font-style:var(--h2_typography-font-style);--awb-caption-title-size:var(--h2_typography-font-size);--awb-caption-title-transform:var(--h2_typography-text-transform);--awb-caption-title-line-height:var(--h2_typography-line-height);--awb-caption-title-letter-spacing:var(--h2_typography-letter-spacing);\"><span class=\" fusion-imageframe imageframe-none imageframe-8 hover-type-none\"><a class=\"fusion-no-lightbox\" href=\"https:\/\/www.youtube.com\/@javiermartinezaldanondo\" target=\"_blank\" aria-label=\"youtube@3x\" rel=\"noopener noreferrer\"><img decoding=\"async\" width=\"108\" height=\"108\" src=\"https:\/\/www.euskalit.net\/semana\/wp-content\/uploads\/2025\/05\/youtube@3x.webp\" data-orig-src=\"https:\/\/www.euskalit.net\/semana\/wp-content\/uploads\/2025\/05\/youtube@3x.webp\" alt class=\"lazyload img-responsive wp-image-5620\" srcset=\"data:image\/svg+xml,%3Csvg%20xmlns%3D%27http%3A%2F%2Fwww.w3.org%2F2000%2Fsvg%27%20width%3D%27108%27%20height%3D%27108%27%20viewBox%3D%270%200%20108%20108%27%3E%3Crect%20width%3D%27108%27%20height%3D%27108%27%20fill-opacity%3D%220%22%2F%3E%3C%2Fsvg%3E\" data-srcset=\"https:\/\/www.euskalit.net\/semana\/wp-content\/uploads\/2025\/05\/youtube@3x-66x66.webp 66w, https:\/\/www.euskalit.net\/semana\/wp-content\/uploads\/2025\/05\/youtube@3x.webp 108w\" data-sizes=\"auto\" data-orig-sizes=\"(max-width: 1024px) 100vw, (max-width: 640px) 100vw, 108px\" \/><\/a><\/span><\/div><\/div><\/div><div class=\"fusion-layout-column fusion_builder_column_inner fusion-builder-nested-column-19 fusion-flex-column\" style=\"--awb-bg-size:cover;--awb-width-large:15%;--awb-margin-top-large:0px;--awb-spacing-right-large:12.8%;--awb-margin-bottom-large:20px;--awb-spacing-left-large:12.8%;--awb-width-medium:16.666666666667%;--awb-order-medium:0;--awb-spacing-right-medium:11.52%;--awb-spacing-left-medium:11.52%;--awb-width-small:50%;--awb-order-small:0;--awb-spacing-right-small:3.84%;--awb-spacing-left-small:3.84%;\"><div class=\"fusion-column-wrapper fusion-column-has-shadow fusion-flex-justify-content-flex-start fusion-content-layout-column\"><div class=\"fusion-image-element \" style=\"text-align:center;--awb-max-width:40px;--awb-caption-title-font-family:var(--h2_typography-font-family);--awb-caption-title-font-weight:var(--h2_typography-font-weight);--awb-caption-title-font-style:var(--h2_typography-font-style);--awb-caption-title-size:var(--h2_typography-font-size);--awb-caption-title-transform:var(--h2_typography-text-transform);--awb-caption-title-line-height:var(--h2_typography-line-height);--awb-caption-title-letter-spacing:var(--h2_typography-letter-spacing);\"><span class=\" fusion-imageframe imageframe-none imageframe-9 hover-type-none\"><a class=\"fusion-no-lightbox\" href=\"https:\/\/www.instagram.com\/javiermartinezaldanondo\/\" target=\"_blank\" aria-label=\"instagram@3x\" rel=\"noopener noreferrer\"><img decoding=\"async\" width=\"108\" height=\"108\" src=\"https:\/\/www.euskalit.net\/semana\/wp-content\/uploads\/2025\/05\/instagram@3x.webp\" data-orig-src=\"https:\/\/www.euskalit.net\/semana\/wp-content\/uploads\/2025\/05\/instagram@3x.webp\" alt class=\"lazyload img-responsive wp-image-5617\" srcset=\"data:image\/svg+xml,%3Csvg%20xmlns%3D%27http%3A%2F%2Fwww.w3.org%2F2000%2Fsvg%27%20width%3D%27108%27%20height%3D%27108%27%20viewBox%3D%270%200%20108%20108%27%3E%3Crect%20width%3D%27108%27%20height%3D%27108%27%20fill-opacity%3D%220%22%2F%3E%3C%2Fsvg%3E\" data-srcset=\"https:\/\/www.euskalit.net\/semana\/wp-content\/uploads\/2025\/05\/instagram@3x-66x66.webp 66w, https:\/\/www.euskalit.net\/semana\/wp-content\/uploads\/2025\/05\/instagram@3x.webp 108w\" data-sizes=\"auto\" data-orig-sizes=\"(max-width: 1024px) 100vw, (max-width: 640px) 100vw, 108px\" \/><\/a><\/span><\/div><\/div><\/div><\/div><div class=\"fusion-text fusion-text-31\" style=\"--awb-font-size:16px;--awb-text-color:#414141;--awb-margin-top:10px;--awb-text-font-family:&quot;Inter&quot;;--awb-text-font-style:normal;--awb-text-font-weight:400;\"><p>Consultor internacional y referente en gesti\u00f3n del conocimiento, <strong>Javier Mart\u00ednez Aldanondo<\/strong> ser\u00e1 el protagonista del acto inaugural. Su experiencia de m\u00e1s de tres d\u00e9cadas asesorando a organizaciones internacionales, junto a su visi\u00f3n sobre el aprendizaje como clave de la transformaci\u00f3n cultural, lo convierten en una voz especialmente relevante para esta edici\u00f3n.<\/p>\n<\/div><\/div><\/div><div class=\"fusion-layout-column fusion_builder_column fusion-builder-column-13 fusion-flex-column fusion-flex-align-self-stretch\" style=\"--awb-padding-left-small:0px;--awb-bg-size:cover;--awb-width-large:38.33%;--awb-margin-top-large:0px;--awb-spacing-right-large:5.0091312288025%;--awb-margin-bottom-large:20px;--awb-spacing-left-large:5.0091312288025%;--awb-width-medium:100%;--awb-order-medium:0;--awb-spacing-right-medium:1.92%;--awb-spacing-left-medium:1.92%;--awb-width-small:100%;--awb-order-small:0;--awb-spacing-right-small:1.92%;--awb-spacing-left-small:1.92%;\"><div class=\"fusion-column-wrapper fusion-column-has-shadow fusion-flex-justify-content-flex-start fusion-content-layout-column\"><div class=\"fusion-text fusion-text-32 fusion-text-no-margin\" style=\"--awb-font-size:18px;--awb-line-height:1.4;--awb-text-color:#2e7d67;--awb-text-font-family:&quot;Inter&quot;;--awb-text-font-style:normal;--awb-text-font-weight:600;\"><p>Breve curr\u00edculo<\/p>\n<\/div><div class=\"fusion-text fusion-text-33\" style=\"--awb-font-size:16px;--awb-text-color:#414141;--awb-text-font-family:&quot;Inter&quot;;--awb-text-font-style:normal;--awb-text-font-weight:400;\"><ul>\n<li>Socio de <strong>Knowledge Works<\/strong> y director de la red internacional de consultor\u00eda <strong>Knoco<\/strong>.<\/li>\n<li>Consultor en gesti\u00f3n del conocimiento y aprendizaje organizativo para organismos como <strong>ONU, FAO, IAEA <\/strong>-Organismo Internacional de Energ\u00eda At\u00f3mica-<strong>, BID<\/strong> o Banco Interamericano de Desarrollo y el <strong>Banco Mundial<\/strong>.<\/li>\n<li><strong>Columnista mensual<\/strong> desde 2006 y <strong>conferenciante internacional<\/strong> desde 1998.<\/li>\n<li>Formaci\u00f3n en Derecho (EHU) y M\u00e1ster en Internet Management (Institut Catal\u00e0 de Tecnologia).<\/li>\n<li>Profesor universitario en Espa\u00f1a y Am\u00e9rica Latina.<\/li>\n<\/ul>\n<\/div><\/div><\/div><\/div><\/div><div class=\"fusion-fullwidth fullwidth-box fusion-builder-row-7 fusion-flex-container has-pattern-background has-mask-background nonhundred-percent-fullwidth non-hundred-percent-height-scrolling\" style=\"--awb-border-radius-top-left:0px;--awb-border-radius-top-right:0px;--awb-border-radius-bottom-right:0px;--awb-border-radius-bottom-left:0px;--awb-margin-top:60px;--awb-margin-top-small:39px;--awb-flex-wrap:wrap;\" ><div class=\"fusion-builder-row fusion-row fusion-flex-align-items-stretch fusion-flex-content-wrap\" style=\"max-width:1248px;margin-left: calc(-4% \/ 2 );margin-right: calc(-4% \/ 2 );\"><div class=\"fusion-layout-column fusion_builder_column fusion-builder-column-14 fusion_builder_column_4_5 4_5 fusion-flex-column fusion-flex-align-self-stretch\" style=\"--awb-padding-left:48px;--awb-bg-size:cover;--awb-width-large:80%;--awb-margin-top-large:0px;--awb-spacing-right-large:2.4%;--awb-margin-bottom-large:0px;--awb-spacing-left-large:2.4%;--awb-width-medium:100%;--awb-order-medium:0;--awb-spacing-right-medium:1.92%;--awb-spacing-left-medium:1.92%;--awb-width-small:100%;--awb-order-small:0;--awb-spacing-right-small:1.92%;--awb-spacing-left-small:1.92%;\"><div class=\"fusion-column-wrapper fusion-column-has-shadow fusion-flex-justify-content-flex-start fusion-content-layout-column\"><div class=\"fusion-menu-anchor\" id=\"tres\"><\/div><div class=\"fusion-text fusion-text-34 fusion-text-no-margin\" style=\"--awb-font-size:36px;--awb-line-height:1.4;--awb-text-color:#2e7d67;--awb-text-font-family:&quot;Inter&quot;;--awb-text-font-style:normal;--awb-text-font-weight:600;\"><p>Tres buenas pr\u00e1cticas<\/p>\n<\/div><\/div><\/div><\/div><\/div><div class=\"fusion-fullwidth fullwidth-box fusion-builder-row-8 fusion-flex-container has-pattern-background has-mask-background nonhundred-percent-fullwidth non-hundred-percent-height-scrolling\" style=\"--awb-border-radius-top-left:0px;--awb-border-radius-top-right:0px;--awb-border-radius-bottom-right:0px;--awb-border-radius-bottom-left:0px;--awb-padding-top:0px;--awb-padding-right:10px;--awb-padding-left:10px;--awb-padding-right-medium:22px;--awb-padding-left-medium:22px;--awb-margin-top:36px;--awb-flex-wrap:wrap;\" ><div class=\"fusion-builder-row fusion-row fusion-flex-align-items-stretch fusion-flex-content-wrap\" style=\"max-width:1260px;margin-left: calc(-5% \/ 2 );margin-right: calc(-5% \/ 2 );\"><div class=\"fusion-layout-column fusion_builder_column fusion-builder-column-15 fusion_builder_column_1_3 1_3 fusion-flex-column fusion-flex-align-self-stretch\" style=\"--awb-bg-size:cover;--awb-width-large:33.333333333333%;--awb-margin-top-large:0px;--awb-spacing-right-large:7.125%;--awb-margin-bottom-large:4px;--awb-spacing-left-large:7.125%;--awb-width-medium:100%;--awb-order-medium:0;--awb-spacing-right-medium:2.375%;--awb-spacing-left-medium:2.375%;--awb-width-small:100%;--awb-order-small:0;--awb-spacing-right-small:2.375%;--awb-spacing-left-small:2.375%;\"><div class=\"fusion-column-wrapper fusion-column-has-shadow fusion-flex-justify-content-flex-start fusion-content-layout-column\"><div class=\"fusion-menu-anchor\" id=\"maitane\"><\/div><div class=\"fusion-builder-row fusion-builder-row-inner fusion-row fusion-flex-align-items-stretch fusion-flex-content-wrap\" style=\"width:105% !important;max-width:105% !important;margin-left: calc(-5% \/ 2 );margin-right: calc(-5% \/ 2 );\"><div class=\"fusion-layout-column fusion_builder_column_inner fusion-builder-nested-column-20 fusion-flex-column\" style=\"--awb-padding-right-medium:0px;--awb-bg-size:cover;--awb-width-large:40%;--awb-margin-top-large:0px;--awb-spacing-right-large:5.9375%;--awb-margin-bottom-large:20px;--awb-spacing-left-large:5.9375%;--awb-width-medium:100%;--awb-order-medium:0;--awb-spacing-right-medium:2.375%;--awb-spacing-left-medium:2.375%;--awb-width-small:100%;--awb-order-small:0;--awb-spacing-right-small:2.375%;--awb-spacing-left-small:2.375%;\"><div class=\"fusion-column-wrapper fusion-column-has-shadow fusion-flex-justify-content-flex-start fusion-content-layout-column\"><div class=\"fusion-image-element \" style=\"text-align:left;--awb-margin-bottom:10px;--awb-max-width:250px;--awb-caption-title-font-family:var(--h2_typography-font-family);--awb-caption-title-font-weight:var(--h2_typography-font-weight);--awb-caption-title-font-style:var(--h2_typography-font-style);--awb-caption-title-size:var(--h2_typography-font-size);--awb-caption-title-transform:var(--h2_typography-text-transform);--awb-caption-title-line-height:var(--h2_typography-line-height);--awb-caption-title-letter-spacing:var(--h2_typography-letter-spacing);\"><span class=\" fusion-imageframe imageframe-none imageframe-10 hover-type-none\"><img decoding=\"async\" width=\"600\" height=\"600\" title=\"Maitane-Barbero\" src=\"https:\/\/www.euskalit.net\/semana\/wp-content\/uploads\/2025\/07\/Maitane-Barbero.png\" data-orig-src=\"https:\/\/www.euskalit.net\/semana\/wp-content\/uploads\/2025\/07\/Maitane-Barbero.png\" alt class=\"lazyload img-responsive wp-image-6130\" srcset=\"data:image\/svg+xml,%3Csvg%20xmlns%3D%27http%3A%2F%2Fwww.w3.org%2F2000%2Fsvg%27%20width%3D%27600%27%20height%3D%27600%27%20viewBox%3D%270%200%20600%20600%27%3E%3Crect%20width%3D%27600%27%20height%3D%27600%27%20fill-opacity%3D%220%22%2F%3E%3C%2Fsvg%3E\" data-srcset=\"https:\/\/www.euskalit.net\/semana\/wp-content\/uploads\/2025\/07\/Maitane-Barbero-200x200.png 200w, https:\/\/www.euskalit.net\/semana\/wp-content\/uploads\/2025\/07\/Maitane-Barbero-400x400.png 400w, https:\/\/www.euskalit.net\/semana\/wp-content\/uploads\/2025\/07\/Maitane-Barbero.png 600w\" data-sizes=\"auto\" data-orig-sizes=\"(max-width: 1024px) 100vw, (max-width: 640px) 100vw, 600px\" \/><\/span><\/div><\/div><\/div><div class=\"fusion-layout-column fusion_builder_column_inner fusion-builder-nested-column-21 fusion-flex-column\" style=\"--awb-bg-size:cover;--awb-width-large:60%;--awb-margin-top-large:0px;--awb-spacing-right-large:3.9583333333333%;--awb-margin-bottom-large:0px;--awb-spacing-left-large:3.9583333333333%;--awb-width-medium:100%;--awb-order-medium:0;--awb-spacing-right-medium:2.375%;--awb-spacing-left-medium:2.375%;--awb-width-small:100%;--awb-order-small:0;--awb-spacing-right-small:2.375%;--awb-spacing-left-small:2.375%;\"><div class=\"fusion-column-wrapper fusion-column-has-shadow fusion-flex-justify-content-center fusion-content-layout-column\"><div class=\"fusion-text fusion-text-35 fusion-text-no-margin\" style=\"--awb-font-size:22px;--awb-line-height:1.4;--awb-text-color:#2e7d67;--awb-margin-bottom:5px;--awb-text-font-family:&quot;Inter&quot;;--awb-text-font-style:normal;--awb-text-font-weight:600;\"><p>Maitane Barbero<\/p>\n<\/div><div class=\"fusion-text fusion-text-36 fusion-text-no-margin\" style=\"--awb-font-size:16px;--awb-line-height:1.4;--awb-text-transform:uppercase;--awb-text-color:#414141;--awb-margin-bottom:5px;--awb-text-font-family:&quot;Inter&quot;;--awb-text-font-style:normal;--awb-text-font-weight:600;\"><p>Responsable de personas &#8211; Orbik Cybersecurity<\/p>\n<\/div><\/div><\/div><\/div><div class=\"fusion-text fusion-text-37 fusion-text-no-margin\" style=\"--awb-font-size:16px;--awb-text-color:#2e7d67;--awb-margin-bottom:5px;--awb-text-font-family:&quot;Inter&quot;;--awb-text-font-style:normal;--awb-text-font-weight:500;\"><p><em>\u00abEn ORBIK apostamos por los valores de trabajo en equipo, compromiso y la orientaci\u00f3n al cliente como se\u00f1a de identidad del proyecto socio empresarial cooperativo para la generaci\u00f3n de empleo de calidad sostenible.\u00bb<\/em><\/p>\n<\/div><div class=\"fusion-text fusion-text-38\" style=\"--awb-font-size:16px;--awb-text-color:#414141;--awb-text-font-family:&quot;Inter&quot;;--awb-text-font-style:normal;--awb-text-font-weight:300;\"><p>Licenciada en Administraci\u00f3n y Direcci\u00f3n de Empresas, especializada en gesti\u00f3n de personas, con m\u00e1s de 6 a\u00f1os de experiencia en los departamentos financiero y de recursos humanos dentro del sector industrial. Destaca por su capacidad para coordinar equipos y optimizar procesos en entornos empresariales complejos.<\/p>\n<\/div><\/div><\/div><div class=\"fusion-layout-column fusion_builder_column fusion-builder-column-16 fusion_builder_column_1_3 1_3 fusion-flex-column fusion-flex-align-self-stretch\" style=\"--awb-bg-size:cover;--awb-width-large:33.333333333333%;--awb-margin-top-large:0px;--awb-spacing-right-large:7.125%;--awb-margin-bottom-large:4px;--awb-spacing-left-large:7.125%;--awb-width-medium:100%;--awb-order-medium:0;--awb-spacing-right-medium:2.375%;--awb-spacing-left-medium:2.375%;--awb-width-small:100%;--awb-order-small:0;--awb-spacing-right-small:2.375%;--awb-spacing-left-small:2.375%;\"><div class=\"fusion-column-wrapper fusion-column-has-shadow fusion-flex-justify-content-flex-start fusion-content-layout-column\"><div class=\"fusion-menu-anchor\" id=\"jon\"><\/div><div class=\"fusion-builder-row fusion-builder-row-inner fusion-row fusion-flex-align-items-stretch fusion-flex-content-wrap\" style=\"width:105% !important;max-width:105% !important;margin-left: calc(-5% \/ 2 );margin-right: calc(-5% \/ 2 );\"><div class=\"fusion-layout-column fusion_builder_column_inner fusion-builder-nested-column-22 fusion-flex-column\" style=\"--awb-bg-size:cover;--awb-width-large:40%;--awb-margin-top-large:0px;--awb-spacing-right-large:5.9375%;--awb-margin-bottom-large:20px;--awb-spacing-left-large:5.9375%;--awb-width-medium:100%;--awb-order-medium:0;--awb-spacing-right-medium:2.375%;--awb-spacing-left-medium:2.375%;--awb-width-small:100%;--awb-order-small:0;--awb-spacing-right-small:2.375%;--awb-spacing-left-small:2.375%;\"><div class=\"fusion-column-wrapper fusion-column-has-shadow fusion-flex-justify-content-flex-start fusion-content-layout-column\"><div class=\"fusion-image-element \" style=\"text-align:left;--awb-margin-bottom:10px;--awb-max-width:250px;--awb-caption-title-font-family:var(--h2_typography-font-family);--awb-caption-title-font-weight:var(--h2_typography-font-weight);--awb-caption-title-font-style:var(--h2_typography-font-style);--awb-caption-title-size:var(--h2_typography-font-size);--awb-caption-title-transform:var(--h2_typography-text-transform);--awb-caption-title-line-height:var(--h2_typography-line-height);--awb-caption-title-letter-spacing:var(--h2_typography-letter-spacing);\"><span class=\" fusion-imageframe imageframe-none imageframe-11 hover-type-none\"><img decoding=\"async\" width=\"600\" height=\"600\" title=\"Jon-Ander\" src=\"https:\/\/www.euskalit.net\/semana\/wp-content\/uploads\/2025\/07\/Jon-Ander.png\" data-orig-src=\"https:\/\/www.euskalit.net\/semana\/wp-content\/uploads\/2025\/07\/Jon-Ander.png\" alt class=\"lazyload img-responsive wp-image-6128\" srcset=\"data:image\/svg+xml,%3Csvg%20xmlns%3D%27http%3A%2F%2Fwww.w3.org%2F2000%2Fsvg%27%20width%3D%27600%27%20height%3D%27600%27%20viewBox%3D%270%200%20600%20600%27%3E%3Crect%20width%3D%27600%27%20height%3D%27600%27%20fill-opacity%3D%220%22%2F%3E%3C%2Fsvg%3E\" data-srcset=\"https:\/\/www.euskalit.net\/semana\/wp-content\/uploads\/2025\/07\/Jon-Ander-200x200.png 200w, https:\/\/www.euskalit.net\/semana\/wp-content\/uploads\/2025\/07\/Jon-Ander-400x400.png 400w, https:\/\/www.euskalit.net\/semana\/wp-content\/uploads\/2025\/07\/Jon-Ander.png 600w\" data-sizes=\"auto\" data-orig-sizes=\"(max-width: 1024px) 100vw, (max-width: 640px) 100vw, 600px\" \/><\/span><\/div><\/div><\/div><div class=\"fusion-layout-column fusion_builder_column_inner fusion-builder-nested-column-23 fusion-flex-column\" style=\"--awb-bg-size:cover;--awb-width-large:60%;--awb-margin-top-large:0px;--awb-spacing-right-large:3.9583333333333%;--awb-margin-bottom-large:0px;--awb-spacing-left-large:3.9583333333333%;--awb-width-medium:100%;--awb-order-medium:0;--awb-spacing-right-medium:2.375%;--awb-spacing-left-medium:2.375%;--awb-width-small:100%;--awb-order-small:0;--awb-spacing-right-small:2.375%;--awb-spacing-left-small:2.375%;\"><div class=\"fusion-column-wrapper fusion-column-has-shadow fusion-flex-justify-content-center fusion-content-layout-column\"><div class=\"fusion-text fusion-text-39 fusion-text-no-margin\" style=\"--awb-font-size:22px;--awb-line-height:1.4;--awb-text-color:#2e7d67;--awb-margin-bottom:5px;--awb-text-font-family:&quot;Inter&quot;;--awb-text-font-style:normal;--awb-text-font-weight:600;\"><p>Jon Ander Arzallus<\/p>\n<\/div><div class=\"fusion-text fusion-text-40 fusion-text-no-margin\" style=\"--awb-font-size:16px;--awb-line-height:1.4;--awb-text-transform:uppercase;--awb-text-color:#414141;--awb-margin-bottom:5px;--awb-text-font-family:&quot;Inter&quot;;--awb-text-font-style:normal;--awb-text-font-weight:600;\"><p>Director de innovacion &#8211; Gureak<\/p>\n<\/div><\/div><\/div><\/div><div class=\"fusion-text fusion-text-41 fusion-text-no-margin\" style=\"--awb-font-size:16px;--awb-text-color:#2e7d67;--awb-margin-bottom:5px;--awb-text-font-family:&quot;Inter&quot;;--awb-text-font-style:normal;--awb-text-font-weight:500;\"><p>\u201c<em>Cultura de Innovaci\u00f3n: la tecnolog\u00eda como aliada vs la tecnolog\u00eda como amenaza.<\/em>\u201d<\/p>\n<\/div><div class=\"fusion-text fusion-text-42\" style=\"--awb-font-size:16px;--awb-text-color:#414141;--awb-text-font-family:&quot;Inter&quot;;--awb-text-font-style:normal;--awb-text-font-weight:300;\"><p>Ingeniero Superior, especialidad Organizaci\u00f3n Industrial por TECNUN y Master en Prevenci\u00f3n de Riesgos Laborales, Seguridad y Ergonom\u00eda por la EHU. Inicia su trayectoria en GUREAK en 1998 como T\u00e9cnico Superior en Prevenci\u00f3n de Riesgos Laborales, pasa a la Gerencia de la lavander\u00eda Gureak Oiartzun y desde 2004 se responsabiliza del an\u00e1lisis de nuevos proyectos evolucionando hasta su actual funci\u00f3n de Direcci\u00f3n de Innovaci\u00f3n.<\/p>\n<\/div><\/div><\/div><div class=\"fusion-layout-column fusion_builder_column fusion-builder-column-17 fusion_builder_column_1_3 1_3 fusion-flex-column fusion-flex-align-self-stretch\" style=\"--awb-bg-size:cover;--awb-width-large:33.333333333333%;--awb-margin-top-large:0px;--awb-spacing-right-large:7.125%;--awb-margin-bottom-large:4px;--awb-spacing-left-large:7.125%;--awb-width-medium:100%;--awb-order-medium:0;--awb-spacing-right-medium:2.375%;--awb-spacing-left-medium:2.375%;--awb-width-small:100%;--awb-order-small:0;--awb-spacing-right-small:2.375%;--awb-spacing-left-small:2.375%;\"><div class=\"fusion-column-wrapper fusion-column-has-shadow fusion-flex-justify-content-flex-start fusion-content-layout-column\"><div class=\"fusion-menu-anchor\" id=\"jorge\"><\/div><div class=\"fusion-builder-row fusion-builder-row-inner fusion-row fusion-flex-align-items-stretch fusion-flex-content-wrap\" style=\"width:105% !important;max-width:105% !important;margin-left: calc(-5% \/ 2 );margin-right: calc(-5% \/ 2 );\"><div class=\"fusion-layout-column fusion_builder_column_inner fusion-builder-nested-column-24 fusion-flex-column\" style=\"--awb-bg-size:cover;--awb-width-large:40%;--awb-margin-top-large:0px;--awb-spacing-right-large:5.9375%;--awb-margin-bottom-large:20px;--awb-spacing-left-large:5.9375%;--awb-width-medium:100%;--awb-order-medium:0;--awb-spacing-right-medium:2.375%;--awb-spacing-left-medium:2.375%;--awb-width-small:100%;--awb-order-small:0;--awb-spacing-right-small:2.375%;--awb-spacing-left-small:2.375%;\"><div class=\"fusion-column-wrapper fusion-column-has-shadow fusion-flex-justify-content-flex-start fusion-content-layout-column\"><div class=\"fusion-image-element \" style=\"text-align:left;--awb-margin-bottom:10px;--awb-max-width:250px;--awb-caption-title-font-family:var(--h2_typography-font-family);--awb-caption-title-font-weight:var(--h2_typography-font-weight);--awb-caption-title-font-style:var(--h2_typography-font-style);--awb-caption-title-size:var(--h2_typography-font-size);--awb-caption-title-transform:var(--h2_typography-text-transform);--awb-caption-title-line-height:var(--h2_typography-line-height);--awb-caption-title-letter-spacing:var(--h2_typography-letter-spacing);\"><span class=\" fusion-imageframe imageframe-none imageframe-12 hover-type-none\"><img decoding=\"async\" width=\"600\" height=\"600\" title=\"Jorge-Serrano\" src=\"https:\/\/www.euskalit.net\/semana\/wp-content\/uploads\/2025\/07\/Jorge-Serrano.png\" data-orig-src=\"https:\/\/www.euskalit.net\/semana\/wp-content\/uploads\/2025\/07\/Jorge-Serrano.png\" alt class=\"lazyload img-responsive wp-image-6129\" srcset=\"data:image\/svg+xml,%3Csvg%20xmlns%3D%27http%3A%2F%2Fwww.w3.org%2F2000%2Fsvg%27%20width%3D%27600%27%20height%3D%27600%27%20viewBox%3D%270%200%20600%20600%27%3E%3Crect%20width%3D%27600%27%20height%3D%27600%27%20fill-opacity%3D%220%22%2F%3E%3C%2Fsvg%3E\" data-srcset=\"https:\/\/www.euskalit.net\/semana\/wp-content\/uploads\/2025\/07\/Jorge-Serrano-200x200.png 200w, https:\/\/www.euskalit.net\/semana\/wp-content\/uploads\/2025\/07\/Jorge-Serrano-400x400.png 400w, https:\/\/www.euskalit.net\/semana\/wp-content\/uploads\/2025\/07\/Jorge-Serrano.png 600w\" data-sizes=\"auto\" data-orig-sizes=\"(max-width: 1024px) 100vw, (max-width: 640px) 100vw, 600px\" \/><\/span><\/div><\/div><\/div><div class=\"fusion-layout-column fusion_builder_column_inner fusion-builder-nested-column-25 fusion-flex-column\" style=\"--awb-bg-size:cover;--awb-width-large:60%;--awb-margin-top-large:0px;--awb-spacing-right-large:3.9583333333333%;--awb-margin-bottom-large:0px;--awb-spacing-left-large:3.9583333333333%;--awb-width-medium:100%;--awb-order-medium:0;--awb-spacing-right-medium:2.375%;--awb-spacing-left-medium:2.375%;--awb-width-small:100%;--awb-order-small:0;--awb-spacing-right-small:2.375%;--awb-spacing-left-small:2.375%;\"><div class=\"fusion-column-wrapper fusion-column-has-shadow fusion-flex-justify-content-center fusion-content-layout-column\"><div class=\"fusion-text fusion-text-43 fusion-text-no-margin\" style=\"--awb-font-size:22px;--awb-line-height:1.4;--awb-text-color:#2e7d67;--awb-margin-bottom:5px;--awb-text-font-family:&quot;Inter&quot;;--awb-text-font-style:normal;--awb-text-font-weight:600;\"><p>Jorge Serrano<\/p>\n<\/div><div class=\"fusion-text fusion-text-44 fusion-text-no-margin\" style=\"--awb-font-size:16px;--awb-line-height:1.4;--awb-text-transform:uppercase;--awb-text-color:#414141;--awb-margin-bottom:5px;--awb-text-font-family:&quot;Inter&quot;;--awb-text-font-style:normal;--awb-text-font-weight:600;\"><p>Director Comercial &#8211; Preoca<\/p>\n<\/div><\/div><\/div><\/div><div class=\"fusion-text fusion-text-45 fusion-text-no-margin\" style=\"--awb-font-size:16px;--awb-text-color:#2e7d67;--awb-margin-bottom:5px;--awb-text-font-family:&quot;Inter&quot;;--awb-text-font-style:normal;--awb-text-font-weight:500;\"><p>\u201c<em>Cuando la sostenibilidad es real, se convierte en cultura\u2026 y en magnetismo para captar y conquistar talento.<\/em>\u201d<\/p>\n<\/div><div class=\"fusion-text fusion-text-46\" style=\"--awb-font-size:16px;--awb-text-color:#414141;--awb-text-font-family:&quot;Inter&quot;;--awb-text-font-style:normal;--awb-text-font-weight:300;\"><p>Ingeniero T\u00e9cnico Industrial con 25 a\u00f1os de experiencia como consultor y formador en sistemas de gesti\u00f3n. M\u00e1ster en Calidad, M\u00e1ster en Integraci\u00f3n de Sistemas de Gesti\u00f3n, Auditor Energ\u00e9tico y T\u00e9cnico en Prevenci\u00f3n de Riesgos Laborales. Durante sus primeros 3 a\u00f1os se forma en una multinacional relacionada con la consultor\u00eda en sistemas de gesti\u00f3n y despu\u00e9s decidi\u00f3 fundar PREOCA, y ya son 22 a\u00f1os los que lleva dirigiendo su propia organizaci\u00f3n.<\/p>\n<\/div><\/div><\/div><\/div><\/div><div class=\"fusion-fullwidth fullwidth-box fusion-builder-row-9 fusion-flex-container has-pattern-background has-mask-background nonhundred-percent-fullwidth non-hundred-percent-height-scrolling\" style=\"--awb-border-radius-top-left:0px;--awb-border-radius-top-right:0px;--awb-border-radius-bottom-right:0px;--awb-border-radius-bottom-left:0px;--awb-margin-top:60px;--awb-margin-top-small:39px;--awb-flex-wrap:wrap;\" ><div class=\"fusion-builder-row fusion-row fusion-flex-align-items-stretch fusion-flex-content-wrap\" style=\"max-width:1248px;margin-left: calc(-4% \/ 2 );margin-right: calc(-4% \/ 2 );\"><div class=\"fusion-layout-column fusion_builder_column fusion-builder-column-18 fusion_builder_column_4_5 4_5 fusion-flex-column fusion-flex-align-self-stretch\" style=\"--awb-padding-left:48px;--awb-bg-size:cover;--awb-width-large:80%;--awb-margin-top-large:0px;--awb-spacing-right-large:2.4%;--awb-margin-bottom-large:0px;--awb-spacing-left-large:2.4%;--awb-width-medium:100%;--awb-order-medium:0;--awb-spacing-right-medium:1.92%;--awb-spacing-left-medium:1.92%;--awb-width-small:100%;--awb-order-small:0;--awb-spacing-right-small:1.92%;--awb-spacing-left-small:1.92%;\"><div class=\"fusion-column-wrapper fusion-column-has-shadow fusion-flex-justify-content-flex-start fusion-content-layout-column\"><div class=\"fusion-menu-anchor\" id=\"mesa\"><\/div><div class=\"fusion-text fusion-text-47 fusion-text-no-margin\" style=\"--awb-font-size:36px;--awb-line-height:1.4;--awb-text-color:#2e7d67;--awb-text-font-family:&quot;Inter&quot;;--awb-text-font-style:normal;--awb-text-font-weight:600;\"><p>Mesa Redonda con Personas Expertas<\/p>\n<\/div><\/div><\/div><\/div><\/div><div class=\"fusion-fullwidth fullwidth-box fusion-builder-row-10 fusion-flex-container has-pattern-background has-mask-background nonhundred-percent-fullwidth non-hundred-percent-height-scrolling\" style=\"--awb-border-radius-top-left:0px;--awb-border-radius-top-right:0px;--awb-border-radius-bottom-right:0px;--awb-border-radius-bottom-left:0px;--awb-padding-top:0px;--awb-padding-right:10px;--awb-padding-left:10px;--awb-padding-right-medium:22px;--awb-padding-left-medium:22px;--awb-margin-top:36px;--awb-flex-wrap:wrap;\" ><div class=\"fusion-builder-row fusion-row fusion-flex-align-items-stretch fusion-flex-content-wrap\" style=\"max-width:1260px;margin-left: calc(-5% \/ 2 );margin-right: calc(-5% \/ 2 );\"><div class=\"fusion-layout-column fusion_builder_column fusion-builder-column-19 fusion_builder_column_1_3 1_3 fusion-flex-column fusion-flex-align-self-stretch\" style=\"--awb-bg-size:cover;--awb-width-large:33.333333333333%;--awb-margin-top-large:0px;--awb-spacing-right-large:7.125%;--awb-margin-bottom-large:4px;--awb-spacing-left-large:7.125%;--awb-width-medium:100%;--awb-order-medium:0;--awb-spacing-right-medium:2.375%;--awb-spacing-left-medium:2.375%;--awb-width-small:100%;--awb-order-small:0;--awb-spacing-right-small:2.375%;--awb-spacing-left-small:2.375%;\"><div class=\"fusion-column-wrapper fusion-column-has-shadow fusion-flex-justify-content-flex-start fusion-content-layout-column\"><div class=\"fusion-menu-anchor\" id=\"susana\"><\/div><div class=\"fusion-builder-row fusion-builder-row-inner fusion-row fusion-flex-align-items-stretch fusion-flex-content-wrap\" style=\"width:105% !important;max-width:105% !important;margin-left: calc(-5% \/ 2 );margin-right: calc(-5% \/ 2 );\"><div class=\"fusion-layout-column fusion_builder_column_inner fusion-builder-nested-column-26 fusion-flex-column\" style=\"--awb-bg-size:cover;--awb-width-large:40%;--awb-margin-top-large:0px;--awb-spacing-right-large:5.9375%;--awb-margin-bottom-large:20px;--awb-spacing-left-large:5.9375%;--awb-width-medium:100%;--awb-order-medium:0;--awb-spacing-right-medium:2.375%;--awb-spacing-left-medium:2.375%;--awb-width-small:100%;--awb-order-small:0;--awb-spacing-right-small:2.375%;--awb-spacing-left-small:2.375%;\"><div class=\"fusion-column-wrapper fusion-column-has-shadow fusion-flex-justify-content-flex-start fusion-content-layout-column\"><div class=\"fusion-image-element \" style=\"text-align:left;--awb-margin-bottom:10px;--awb-max-width:250px;--awb-caption-title-font-family:var(--h2_typography-font-family);--awb-caption-title-font-weight:var(--h2_typography-font-weight);--awb-caption-title-font-style:var(--h2_typography-font-style);--awb-caption-title-size:var(--h2_typography-font-size);--awb-caption-title-transform:var(--h2_typography-text-transform);--awb-caption-title-line-height:var(--h2_typography-line-height);--awb-caption-title-letter-spacing:var(--h2_typography-letter-spacing);\"><span class=\" fusion-imageframe imageframe-none imageframe-13 hover-type-none\"><img decoding=\"async\" width=\"600\" height=\"600\" title=\"Susana-Hormilla\" src=\"https:\/\/www.euskalit.net\/semana\/wp-content\/uploads\/2025\/07\/Susana-Hormilla.png\" data-orig-src=\"https:\/\/www.euskalit.net\/semana\/wp-content\/uploads\/2025\/07\/Susana-Hormilla.png\" alt class=\"lazyload img-responsive wp-image-6132\" srcset=\"data:image\/svg+xml,%3Csvg%20xmlns%3D%27http%3A%2F%2Fwww.w3.org%2F2000%2Fsvg%27%20width%3D%27600%27%20height%3D%27600%27%20viewBox%3D%270%200%20600%20600%27%3E%3Crect%20width%3D%27600%27%20height%3D%27600%27%20fill-opacity%3D%220%22%2F%3E%3C%2Fsvg%3E\" data-srcset=\"https:\/\/www.euskalit.net\/semana\/wp-content\/uploads\/2025\/07\/Susana-Hormilla-200x200.png 200w, https:\/\/www.euskalit.net\/semana\/wp-content\/uploads\/2025\/07\/Susana-Hormilla-400x400.png 400w, https:\/\/www.euskalit.net\/semana\/wp-content\/uploads\/2025\/07\/Susana-Hormilla.png 600w\" data-sizes=\"auto\" data-orig-sizes=\"(max-width: 1024px) 100vw, (max-width: 640px) 100vw, 600px\" \/><\/span><\/div><\/div><\/div><div class=\"fusion-layout-column fusion_builder_column_inner fusion-builder-nested-column-27 fusion-flex-column\" style=\"--awb-bg-size:cover;--awb-width-large:60%;--awb-margin-top-large:0px;--awb-spacing-right-large:3.9583333333333%;--awb-margin-bottom-large:0px;--awb-spacing-left-large:3.9583333333333%;--awb-width-medium:100%;--awb-order-medium:0;--awb-spacing-right-medium:2.375%;--awb-spacing-left-medium:2.375%;--awb-width-small:100%;--awb-order-small:0;--awb-spacing-right-small:2.375%;--awb-spacing-left-small:2.375%;\"><div class=\"fusion-column-wrapper fusion-column-has-shadow fusion-flex-justify-content-center fusion-content-layout-column\"><div class=\"fusion-text fusion-text-48 fusion-text-no-margin\" style=\"--awb-font-size:22px;--awb-line-height:1.4;--awb-text-color:#2e7d67;--awb-margin-bottom:5px;--awb-text-font-family:&quot;Inter&quot;;--awb-text-font-style:normal;--awb-text-font-weight:600;\"><p>Susana Hormilla<\/p>\n<\/div><div class=\"fusion-text fusion-text-49 fusion-text-no-margin\" style=\"--awb-font-size:16px;--awb-line-height:1.4;--awb-text-transform:uppercase;--awb-text-color:#414141;--awb-margin-bottom:5px;--awb-text-font-family:&quot;Inter&quot;;--awb-text-font-style:normal;--awb-text-font-weight:600;\"><p>Directora de Innovaci\u00f3n y Estrategia Corporativa &#8211; Biolan<\/p>\n<\/div><\/div><\/div><\/div><div class=\"fusion-text fusion-text-50 fusion-text-no-margin\" style=\"--awb-font-size:16px;--awb-text-color:#2e7d67;--awb-margin-bottom:5px;--awb-text-font-family:&quot;Inter&quot;;--awb-text-font-style:normal;--awb-text-font-weight:500;\"><p><em>\u00abEn el complejo camino desde startup que en BIOLAN hemos tenido que recorrer, la cultura organizacional ha sido uno de los pilares clave que ha permitido el crecimiento sostenible, competitivo y exitoso del proyecto.\u00bb<\/em><\/p>\n<\/div><div class=\"fusion-text fusion-text-51\" style=\"--awb-font-size:16px;--awb-text-color:#414141;--awb-text-font-family:&quot;Inter&quot;;--awb-text-font-style:normal;--awb-text-font-weight:300;\"><p>Doctora en Ciencias Biol\u00f3gicas y MBA Executive en Gesti\u00f3n para la Competitividad Empresarial, cuenta con una dilatada experiencia profesional en gesti\u00f3n de la I+D y la innovaci\u00f3n tanto en el sector p\u00fablico como privado, as\u00ed como en emprendimiento y en gesti\u00f3n de empresas tecnol\u00f3gicas. Directora de Innovaci\u00f3n y Estrategia Corporativa de BIOLAN Microbiosensores.<\/p>\n<\/div><\/div><\/div><div class=\"fusion-layout-column fusion_builder_column fusion-builder-column-20 fusion_builder_column_1_3 1_3 fusion-flex-column fusion-flex-align-self-stretch\" style=\"--awb-bg-size:cover;--awb-width-large:33.333333333333%;--awb-margin-top-large:0px;--awb-spacing-right-large:7.125%;--awb-margin-bottom-large:4px;--awb-spacing-left-large:7.125%;--awb-width-medium:100%;--awb-order-medium:0;--awb-spacing-right-medium:2.375%;--awb-spacing-left-medium:2.375%;--awb-width-small:100%;--awb-order-small:0;--awb-spacing-right-small:2.375%;--awb-spacing-left-small:2.375%;\"><div class=\"fusion-column-wrapper fusion-column-has-shadow fusion-flex-justify-content-flex-start fusion-content-layout-column\"><div class=\"fusion-menu-anchor\" id=\"idoia\"><\/div><div class=\"fusion-builder-row fusion-builder-row-inner fusion-row fusion-flex-align-items-stretch fusion-flex-content-wrap\" style=\"width:105% !important;max-width:105% !important;margin-left: calc(-5% \/ 2 );margin-right: calc(-5% \/ 2 );\"><div class=\"fusion-layout-column fusion_builder_column_inner fusion-builder-nested-column-28 fusion-flex-column\" style=\"--awb-bg-size:cover;--awb-width-large:40%;--awb-margin-top-large:0px;--awb-spacing-right-large:5.9375%;--awb-margin-bottom-large:20px;--awb-spacing-left-large:5.9375%;--awb-width-medium:100%;--awb-order-medium:0;--awb-spacing-right-medium:2.375%;--awb-spacing-left-medium:2.375%;--awb-width-small:100%;--awb-order-small:0;--awb-spacing-right-small:2.375%;--awb-spacing-left-small:2.375%;\"><div class=\"fusion-column-wrapper fusion-column-has-shadow fusion-flex-justify-content-flex-start fusion-content-layout-column\"><div class=\"fusion-image-element \" style=\"text-align:left;--awb-margin-bottom:10px;--awb-max-width:250px;--awb-caption-title-font-family:var(--h2_typography-font-family);--awb-caption-title-font-weight:var(--h2_typography-font-weight);--awb-caption-title-font-style:var(--h2_typography-font-style);--awb-caption-title-size:var(--h2_typography-font-size);--awb-caption-title-transform:var(--h2_typography-text-transform);--awb-caption-title-line-height:var(--h2_typography-line-height);--awb-caption-title-letter-spacing:var(--h2_typography-letter-spacing);\"><span class=\" fusion-imageframe imageframe-none imageframe-14 hover-type-none\"><img decoding=\"async\" width=\"600\" height=\"600\" title=\"Idoia-Gil\" src=\"https:\/\/www.euskalit.net\/semana\/wp-content\/uploads\/2025\/07\/Idoia-Gil.png\" data-orig-src=\"https:\/\/www.euskalit.net\/semana\/wp-content\/uploads\/2025\/07\/Idoia-Gil.png\" alt class=\"lazyload img-responsive wp-image-6127\" srcset=\"data:image\/svg+xml,%3Csvg%20xmlns%3D%27http%3A%2F%2Fwww.w3.org%2F2000%2Fsvg%27%20width%3D%27600%27%20height%3D%27600%27%20viewBox%3D%270%200%20600%20600%27%3E%3Crect%20width%3D%27600%27%20height%3D%27600%27%20fill-opacity%3D%220%22%2F%3E%3C%2Fsvg%3E\" data-srcset=\"https:\/\/www.euskalit.net\/semana\/wp-content\/uploads\/2025\/07\/Idoia-Gil-200x200.png 200w, https:\/\/www.euskalit.net\/semana\/wp-content\/uploads\/2025\/07\/Idoia-Gil-400x400.png 400w, https:\/\/www.euskalit.net\/semana\/wp-content\/uploads\/2025\/07\/Idoia-Gil.png 600w\" data-sizes=\"auto\" data-orig-sizes=\"(max-width: 1024px) 100vw, (max-width: 640px) 100vw, 600px\" \/><\/span><\/div><\/div><\/div><div class=\"fusion-layout-column fusion_builder_column_inner fusion-builder-nested-column-29 fusion-flex-column\" style=\"--awb-bg-size:cover;--awb-width-large:60%;--awb-margin-top-large:0px;--awb-spacing-right-large:3.9583333333333%;--awb-margin-bottom-large:0px;--awb-spacing-left-large:3.9583333333333%;--awb-width-medium:100%;--awb-order-medium:0;--awb-spacing-right-medium:2.375%;--awb-spacing-left-medium:2.375%;--awb-width-small:100%;--awb-order-small:0;--awb-spacing-right-small:2.375%;--awb-spacing-left-small:2.375%;\"><div class=\"fusion-column-wrapper fusion-column-has-shadow fusion-flex-justify-content-center fusion-content-layout-column\"><div class=\"fusion-text fusion-text-52 fusion-text-no-margin\" style=\"--awb-font-size:22px;--awb-line-height:1.4;--awb-text-color:#2e7d67;--awb-margin-bottom:5px;--awb-text-font-family:&quot;Inter&quot;;--awb-text-font-style:normal;--awb-text-font-weight:600;\"><p>Idoia Gil<\/p>\n<\/div><div class=\"fusion-text fusion-text-53 fusion-text-no-margin\" style=\"--awb-font-size:16px;--awb-line-height:1.4;--awb-text-transform:uppercase;--awb-text-color:#414141;--awb-margin-bottom:5px;--awb-text-font-family:&quot;Inter&quot;;--awb-text-font-style:normal;--awb-text-font-weight:600;\"><p><span data-olk-copy-source=\"MessageBody\">Coordinaci\u00f3n de Cultura &amp; Liderazgo- Mondragon Unibertsitatea Enpresagintza &#8211; MIK<\/span><\/p>\n<\/div><\/div><\/div><\/div><div class=\"fusion-text fusion-text-54 fusion-text-no-margin\" style=\"--awb-font-size:16px;--awb-text-color:#2e7d67;--awb-margin-bottom:5px;--awb-text-font-family:&quot;Inter&quot;;--awb-text-font-style:normal;--awb-text-font-weight:500;\"><p><em>\u00abSiendo la cultura organizacional el aroma propio de cada organizaci\u00f3n y jugando un papel clave en la atracci\u00f3n y fidelizaci\u00f3n de las personas, as\u00ed como en la sostenibilidad del proyecto&#8230; \u00a1qu\u00e9 necesario y valioso es ponerle atenci\u00f3n e intenci\u00f3n!\u00bb <\/em><\/p>\n<\/div><div class=\"fusion-text fusion-text-55\" style=\"--awb-font-size:16px;--awb-text-color:#414141;--awb-text-font-family:&quot;Inter&quot;;--awb-text-font-style:normal;--awb-text-font-weight:300;\"><p>Psic\u00f3loga Organizacional, facilitadora de procesos de cambio, formaci\u00f3n y coaching. Hasta 2017 es consultora en el \u00e1mbito de Desarrollo de Personas en LKS, S.Coop. Tambi\u00e9n form\u00f3 parte de ORONA, como Gestora del equipo Talento y Desarrollo, encargado de poner las bases del reto Orona University. Desde 2019 es facilitadora de procesos formativos, de desarrollo y de proyectos de transformaci\u00f3n cultural, liderazgo y gesti\u00f3n del talento en la Facultad de Empresariales de la Universidad de Mondragon.<\/p>\n<\/div><\/div><\/div><div class=\"fusion-layout-column fusion_builder_column fusion-builder-column-21 fusion_builder_column_1_3 1_3 fusion-flex-column fusion-flex-align-self-stretch\" style=\"--awb-bg-size:cover;--awb-width-large:33.333333333333%;--awb-margin-top-large:0px;--awb-spacing-right-large:7.125%;--awb-margin-bottom-large:4px;--awb-spacing-left-large:7.125%;--awb-width-medium:100%;--awb-order-medium:0;--awb-spacing-right-medium:2.375%;--awb-spacing-left-medium:2.375%;--awb-width-small:100%;--awb-order-small:0;--awb-spacing-right-small:2.375%;--awb-spacing-left-small:2.375%;\"><div class=\"fusion-column-wrapper fusion-column-has-shadow fusion-flex-justify-content-flex-start fusion-content-layout-column\"><div class=\"fusion-menu-anchor\" id=\"ignacio\"><\/div><div class=\"fusion-builder-row fusion-builder-row-inner fusion-row fusion-flex-align-items-stretch fusion-flex-content-wrap\" style=\"width:105% !important;max-width:105% !important;margin-left: calc(-5% \/ 2 );margin-right: calc(-5% \/ 2 );\"><div class=\"fusion-layout-column fusion_builder_column_inner fusion-builder-nested-column-30 fusion-flex-column\" style=\"--awb-bg-size:cover;--awb-width-large:40%;--awb-margin-top-large:0px;--awb-spacing-right-large:5.9375%;--awb-margin-bottom-large:20px;--awb-spacing-left-large:5.9375%;--awb-width-medium:100%;--awb-order-medium:0;--awb-spacing-right-medium:2.375%;--awb-spacing-left-medium:2.375%;--awb-width-small:100%;--awb-order-small:0;--awb-spacing-right-small:2.375%;--awb-spacing-left-small:2.375%;\"><div class=\"fusion-column-wrapper fusion-column-has-shadow fusion-flex-justify-content-flex-start fusion-content-layout-column\"><div class=\"fusion-image-element \" style=\"text-align:left;--awb-margin-bottom:10px;--awb-max-width:250px;--awb-caption-title-font-family:var(--h2_typography-font-family);--awb-caption-title-font-weight:var(--h2_typography-font-weight);--awb-caption-title-font-style:var(--h2_typography-font-style);--awb-caption-title-size:var(--h2_typography-font-size);--awb-caption-title-transform:var(--h2_typography-text-transform);--awb-caption-title-line-height:var(--h2_typography-line-height);--awb-caption-title-letter-spacing:var(--h2_typography-letter-spacing);\"><span class=\" fusion-imageframe imageframe-none imageframe-15 hover-type-none\"><img decoding=\"async\" width=\"200\" height=\"200\" title=\"Burgaleta\" src=\"data:image\/svg+xml,%3Csvg%20xmlns%3D%27http%3A%2F%2Fwww.w3.org%2F2000%2Fsvg%27%20width%3D%27200%27%20height%3D%27200%27%20viewBox%3D%270%200%20200%20200%27%3E%3Crect%20width%3D%27200%27%20height%3D%27200%27%20fill-opacity%3D%220%22%2F%3E%3C%2Fsvg%3E\" data-orig-src=\"https:\/\/www.euskalit.net\/semana\/wp-content\/uploads\/2025\/10\/Burgaleta.png\" alt class=\"lazyload img-responsive wp-image-7495\"\/><\/span><\/div><\/div><\/div><div class=\"fusion-layout-column fusion_builder_column_inner fusion-builder-nested-column-31 fusion-flex-column\" style=\"--awb-bg-size:cover;--awb-width-large:60%;--awb-margin-top-large:0px;--awb-spacing-right-large:3.9583333333333%;--awb-margin-bottom-large:0px;--awb-spacing-left-large:3.9583333333333%;--awb-width-medium:100%;--awb-order-medium:0;--awb-spacing-right-medium:2.375%;--awb-spacing-left-medium:2.375%;--awb-width-small:100%;--awb-order-small:0;--awb-spacing-right-small:2.375%;--awb-spacing-left-small:2.375%;\"><div class=\"fusion-column-wrapper fusion-column-has-shadow fusion-flex-justify-content-center fusion-content-layout-column\"><div class=\"fusion-text fusion-text-56 fusion-text-no-margin\" style=\"--awb-font-size:22px;--awb-line-height:1.4;--awb-text-color:#2e7d67;--awb-margin-bottom:5px;--awb-text-font-family:&quot;Inter&quot;;--awb-text-font-style:normal;--awb-text-font-weight:600;\"><p>Juan Ignacio Burgaleta<\/p>\n<\/div><div class=\"fusion-text fusion-text-57 fusion-text-no-margin\" style=\"--awb-font-size:16px;--awb-line-height:1.4;--awb-text-transform:uppercase;--awb-text-color:#414141;--awb-margin-bottom:5px;--awb-text-font-family:&quot;Inter&quot;;--awb-text-font-style:normal;--awb-text-font-weight:600;\"><p>Advisor to CEO &#8211; Satlantis<\/p>\n<\/div><\/div><\/div><\/div><div class=\"fusion-text fusion-text-58 fusion-text-no-margin\" style=\"--awb-font-size:16px;--awb-text-color:#2e7d67;--awb-margin-bottom:5px;--awb-text-font-family:&quot;Inter&quot;;--awb-text-font-style:normal;--awb-text-font-weight:500;\"><p><em>\u00abLa innovaci\u00f3n y el trabajo en equipo, claves para el \u00e9xito.\u00bb<\/em><\/p>\n<\/div><div class=\"fusion-text fusion-text-59\" style=\"--awb-font-size:16px;--awb-text-color:#414141;--awb-text-font-family:&quot;Inter&quot;;--awb-text-font-style:normal;--awb-text-font-weight:300;\"><p>Ingeniero Superior por la Escuela de Ingenier\u00eda de Bilbao, ha desarrollado sus actividades en los sectores aeroespacial y de la energ\u00eda como: Director de Proyecto, Director de Tecnolog\u00eda y Director General. Desde el a\u00f1o 2017 trabaja en SATLANTIS MICROSATS. Adem\u00e1s, es miembro del\u00a0<i>Advisory Board<\/i>\u00a0de proyectos de la Comisi\u00f3n Europea, Senior Member de la AIAA-American Institute of Aeronautics and Astronautics y Socio de Honor del Cl\u00faster Aeroespacial HEGAN.<\/p>\n<\/div><\/div><\/div><\/div><\/div><\/p>\n","protected":false},"excerpt":{"rendered":"","protected":false},"author":1,"featured_media":0,"parent":0,"menu_order":0,"comment_status":"closed","ping_status":"closed","template":"100-width.php","meta":{"_acf_changed":false,"footnotes":""},"class_list":["post-5441","page","type-page","status-publish","hentry"],"acf":[],"yoast_head":"<!-- This site is optimized with the Yoast SEO plugin v26.0 - https:\/\/yoast.com\/wordpress\/plugins\/seo\/ -->\n<title>Acto inaugural Semana Europea 2025<\/title>\n<meta name=\"description\" content=\"La 31\u00aa Semana Europea comienza el 8 de octubre con un evento presencial en BAT Bilbao centrado en la cultura organizacional. Inscripci\u00f3n gratuita.\" \/>\n<meta name=\"robots\" content=\"index, follow, max-snippet:-1, max-image-preview:large, max-video-preview:-1\" \/>\n<link rel=\"canonical\" href=\"https:\/\/www.euskalit.net\/semana\/acto-inaugural\/\" \/>\n<meta property=\"og:locale\" content=\"es_ES\" \/>\n<meta property=\"og:type\" content=\"article\" \/>\n<meta property=\"og:title\" content=\"Acto inaugural Semana Europea 2025\" \/>\n<meta property=\"og:description\" content=\"La 31\u00aa Semana Europea comienza el 8 de octubre con un evento presencial en BAT Bilbao centrado en la cultura organizacional. Inscripci\u00f3n gratuita.\" \/>\n<meta property=\"og:url\" content=\"https:\/\/www.euskalit.net\/semana\/acto-inaugural\/\" \/>\n<meta property=\"og:site_name\" content=\"Semana Europea de la Gesti\u00f3n Avanzada\" \/>\n<meta property=\"article:modified_time\" content=\"2025-10-09T14:32:59+00:00\" \/>\n<meta name=\"twitter:card\" content=\"summary_large_image\" \/>\n<meta name=\"twitter:label1\" content=\"Tiempo de lectura\" \/>\n\t<meta name=\"twitter:data1\" content=\"10 minutos\" \/>\n<script type=\"application\/ld+json\" class=\"yoast-schema-graph\">{\"@context\":\"https:\/\/schema.org\",\"@graph\":[{\"@type\":\"WebPage\",\"@id\":\"https:\/\/www.euskalit.net\/semana\/acto-inaugural\/\",\"url\":\"https:\/\/www.euskalit.net\/semana\/acto-inaugural\/\",\"name\":\"Acto inaugural Semana Europea 2025\",\"isPartOf\":{\"@id\":\"https:\/\/www.euskalit.net\/semana\/#website\"},\"datePublished\":\"2025-05-27T18:42:13+00:00\",\"dateModified\":\"2025-10-09T14:32:59+00:00\",\"description\":\"La 31\u00aa Semana Europea comienza el 8 de octubre con un evento presencial en BAT Bilbao centrado en la cultura organizacional. Inscripci\u00f3n gratuita.\",\"breadcrumb\":{\"@id\":\"https:\/\/www.euskalit.net\/semana\/acto-inaugural\/#breadcrumb\"},\"inLanguage\":\"es\",\"potentialAction\":[{\"@type\":\"ReadAction\",\"target\":[\"https:\/\/www.euskalit.net\/semana\/acto-inaugural\/\"]}]},{\"@type\":\"BreadcrumbList\",\"@id\":\"https:\/\/www.euskalit.net\/semana\/acto-inaugural\/#breadcrumb\",\"itemListElement\":[{\"@type\":\"ListItem\",\"position\":1,\"name\":\"Portada\",\"item\":\"https:\/\/www.euskalit.net\/semana\/\"},{\"@type\":\"ListItem\",\"position\":2,\"name\":\"ACTO INAUGURAL\"}]},{\"@type\":\"WebSite\",\"@id\":\"https:\/\/www.euskalit.net\/semana\/#website\",\"url\":\"https:\/\/www.euskalit.net\/semana\/\",\"name\":\"Semana Europea de la Gesti\u00f3n Avanzada\",\"description\":\"Semana Europea de la Gesti\u00f3n Avanzada\",\"publisher\":{\"@id\":\"https:\/\/www.euskalit.net\/semana\/#organization\"},\"potentialAction\":[{\"@type\":\"SearchAction\",\"target\":{\"@type\":\"EntryPoint\",\"urlTemplate\":\"https:\/\/www.euskalit.net\/semana\/?s={search_term_string}\"},\"query-input\":{\"@type\":\"PropertyValueSpecification\",\"valueRequired\":true,\"valueName\":\"search_term_string\"}}],\"inLanguage\":\"es\"},{\"@type\":\"Organization\",\"@id\":\"https:\/\/www.euskalit.net\/semana\/#organization\",\"name\":\"Semana Europea de la Gesti\u00f3n Avanzada\",\"url\":\"https:\/\/www.euskalit.net\/semana\/\",\"logo\":{\"@type\":\"ImageObject\",\"inLanguage\":\"es\",\"@id\":\"https:\/\/www.euskalit.net\/semana\/#\/schema\/logo\/image\/\",\"url\":\"https:\/\/www.euskalit.net\/semanawp-content\/uploads\/2025\/05\/logotipo-euskalit@3x.png\",\"contentUrl\":\"https:\/\/www.euskalit.net\/semanawp-content\/uploads\/2025\/05\/logotipo-euskalit@3x.png\",\"width\":849,\"height\":201,\"caption\":\"Semana Europea de la Gesti\u00f3n Avanzada\"},\"image\":{\"@id\":\"https:\/\/www.euskalit.net\/semana\/#\/schema\/logo\/image\/\"}}]}<\/script>\n<!-- \/ Yoast SEO plugin. -->","yoast_head_json":{"title":"Acto inaugural Semana Europea 2025","description":"La 31\u00aa Semana Europea comienza el 8 de octubre con un evento presencial en BAT Bilbao centrado en la cultura organizacional. Inscripci\u00f3n gratuita.","robots":{"index":"index","follow":"follow","max-snippet":"max-snippet:-1","max-image-preview":"max-image-preview:large","max-video-preview":"max-video-preview:-1"},"canonical":"https:\/\/www.euskalit.net\/semana\/acto-inaugural\/","og_locale":"es_ES","og_type":"article","og_title":"Acto inaugural Semana Europea 2025","og_description":"La 31\u00aa Semana Europea comienza el 8 de octubre con un evento presencial en BAT Bilbao centrado en la cultura organizacional. Inscripci\u00f3n gratuita.","og_url":"https:\/\/www.euskalit.net\/semana\/acto-inaugural\/","og_site_name":"Semana Europea de la Gesti\u00f3n Avanzada","article_modified_time":"2025-10-09T14:32:59+00:00","twitter_card":"summary_large_image","twitter_misc":{"Tiempo de lectura":"10 minutos"},"schema":{"@context":"https:\/\/schema.org","@graph":[{"@type":"WebPage","@id":"https:\/\/www.euskalit.net\/semana\/acto-inaugural\/","url":"https:\/\/www.euskalit.net\/semana\/acto-inaugural\/","name":"Acto inaugural Semana Europea 2025","isPartOf":{"@id":"https:\/\/www.euskalit.net\/semana\/#website"},"datePublished":"2025-05-27T18:42:13+00:00","dateModified":"2025-10-09T14:32:59+00:00","description":"La 31\u00aa Semana Europea comienza el 8 de octubre con un evento presencial en BAT Bilbao centrado en la cultura organizacional. Inscripci\u00f3n gratuita.","breadcrumb":{"@id":"https:\/\/www.euskalit.net\/semana\/acto-inaugural\/#breadcrumb"},"inLanguage":"es","potentialAction":[{"@type":"ReadAction","target":["https:\/\/www.euskalit.net\/semana\/acto-inaugural\/"]}]},{"@type":"BreadcrumbList","@id":"https:\/\/www.euskalit.net\/semana\/acto-inaugural\/#breadcrumb","itemListElement":[{"@type":"ListItem","position":1,"name":"Portada","item":"https:\/\/www.euskalit.net\/semana\/"},{"@type":"ListItem","position":2,"name":"ACTO INAUGURAL"}]},{"@type":"WebSite","@id":"https:\/\/www.euskalit.net\/semana\/#website","url":"https:\/\/www.euskalit.net\/semana\/","name":"Semana Europea de la Gesti\u00f3n Avanzada","description":"Semana Europea de la Gesti\u00f3n Avanzada","publisher":{"@id":"https:\/\/www.euskalit.net\/semana\/#organization"},"potentialAction":[{"@type":"SearchAction","target":{"@type":"EntryPoint","urlTemplate":"https:\/\/www.euskalit.net\/semana\/?s={search_term_string}"},"query-input":{"@type":"PropertyValueSpecification","valueRequired":true,"valueName":"search_term_string"}}],"inLanguage":"es"},{"@type":"Organization","@id":"https:\/\/www.euskalit.net\/semana\/#organization","name":"Semana Europea de la Gesti\u00f3n Avanzada","url":"https:\/\/www.euskalit.net\/semana\/","logo":{"@type":"ImageObject","inLanguage":"es","@id":"https:\/\/www.euskalit.net\/semana\/#\/schema\/logo\/image\/","url":"https:\/\/www.euskalit.net\/semanawp-content\/uploads\/2025\/05\/logotipo-euskalit@3x.png","contentUrl":"https:\/\/www.euskalit.net\/semanawp-content\/uploads\/2025\/05\/logotipo-euskalit@3x.png","width":849,"height":201,"caption":"Semana Europea de la Gesti\u00f3n Avanzada"},"image":{"@id":"https:\/\/www.euskalit.net\/semana\/#\/schema\/logo\/image\/"}}]}},"_links":{"self":[{"href":"https:\/\/www.euskalit.net\/semana\/wp-json\/wp\/v2\/pages\/5441","targetHints":{"allow":["GET"]}}],"collection":[{"href":"https:\/\/www.euskalit.net\/semana\/wp-json\/wp\/v2\/pages"}],"about":[{"href":"https:\/\/www.euskalit.net\/semana\/wp-json\/wp\/v2\/types\/page"}],"author":[{"embeddable":true,"href":"https:\/\/www.euskalit.net\/semana\/wp-json\/wp\/v2\/users\/1"}],"replies":[{"embeddable":true,"href":"https:\/\/www.euskalit.net\/semana\/wp-json\/wp\/v2\/comments?post=5441"}],"version-history":[{"count":109,"href":"https:\/\/www.euskalit.net\/semana\/wp-json\/wp\/v2\/pages\/5441\/revisions"}],"predecessor-version":[{"id":7563,"href":"https:\/\/www.euskalit.net\/semana\/wp-json\/wp\/v2\/pages\/5441\/revisions\/7563"}],"wp:attachment":[{"href":"https:\/\/www.euskalit.net\/semana\/wp-json\/wp\/v2\/media?parent=5441"}],"curies":[{"name":"wp","href":"https:\/\/api.w.org\/{rel}","templated":true}]}}