{"id":7051,"date":"2025-10-14T12:44:22","date_gmt":"2025-10-14T10:44:22","guid":{"rendered":"https:\/\/www.euskalit.net\/semana\/?post_type=acto&#038;p=7051"},"modified":"2025-10-15T08:19:49","modified_gmt":"2025-10-15T06:19:49","slug":"las-certificaciones-modelos-y-estandares-de-sostenibilidad-herramientas-de-gestion-para-un-impacto-efectivo-en-los-ods","status":"publish","type":"acto","link":"https:\/\/www.euskalit.net\/semana\/acto\/las-certificaciones-modelos-y-estandares-de-sostenibilidad-herramientas-de-gestion-para-un-impacto-efectivo-en-los-ods\/","title":{"rendered":"Las certificaciones, modelos y est\u00e1ndares de Sostenibilidad: herramientas de gesti\u00f3n para un impacto efectivo en los ODS"},"content":{"rendered":"<h3><span style=\"color: #2e7d67;\">Elemento de la Gesti\u00f3n Avanzada<\/span><\/h3>\n<p>Sociedad (compromiso social, sostenibilidad medioambiental, certificaciones\u2026)<\/p>\n<h3><span style=\"color: #2e7d67;\">Contenido<\/span><\/h3>\n<p><span data-olk-copy-source=\"MessageBody\">Con la participaci\u00f3n de entidades como AENOR y diversas empresas como Grupo Campezo y AB Laboratorios, se mostrar\u00e1 una doble visi\u00f3n, te\u00f3rica y tambi\u00e9n pr\u00e1ctica de distintas certificaciones, modelos y est\u00e1ndares de Sostenibilidad y contribuci\u00f3n a los ODS; cu\u00e1les son sus diferencias, complementariedad e integraci\u00f3n en los modelos de gesti\u00f3n de las empresas y c\u00f3mo pueden contribuir a mejorar la competitividad e impulsar una cultura de sostenibilidad en la Sociedad.<\/span><\/p>\n","protected":false},"featured_media":7053,"menu_order":0,"template":"","format":"standard","meta":{"_acf_changed":false,"footnotes":""},"entidad-organizadora":[],"palabra-clave":[],"sector":[],"class_list":["post-7051","acto","type-acto","status-publish","format-standard","has-post-thumbnail","hentry"],"acf":[],"yoast_head":"<!-- This site is optimized with the Yoast SEO plugin v26.0 - https:\/\/yoast.com\/wordpress\/plugins\/seo\/ -->\n<title>Las certificaciones, modelos y est\u00e1ndares de Sostenibilidad: herramientas de gesti\u00f3n para un impacto efectivo en los ODS - Semana Europea de la Gesti\u00f3n Avanzada<\/title>\n<meta name=\"robots\" content=\"index, follow, max-snippet:-1, max-image-preview:large, max-video-preview:-1\" \/>\n<link rel=\"canonical\" href=\"https:\/\/www.euskalit.net\/semana\/acto\/las-certificaciones-modelos-y-estandares-de-sostenibilidad-herramientas-de-gestion-para-un-impacto-efectivo-en-los-ods\/\" \/>\n<meta property=\"og:locale\" content=\"es_ES\" \/>\n<meta property=\"og:type\" content=\"article\" \/>\n<meta property=\"og:title\" content=\"Las certificaciones, modelos y est\u00e1ndares de Sostenibilidad: herramientas de gesti\u00f3n para un impacto efectivo en los ODS - Semana Europea de la Gesti\u00f3n Avanzada\" \/>\n<meta property=\"og:description\" content=\"Elemento de la Gesti\u00f3n Avanzada Sociedad (compromiso social, sostenibilidad medioambiental, certificaciones\u2026) Contenido Con la participaci\u00f3n de entidades como AENOR y diversas empresas como Grupo Campezo y AB Laboratorios, se mostrar\u00e1 una doble visi\u00f3n, te\u00f3rica y tambi\u00e9n pr\u00e1ctica de distintas certificaciones, modelos y est\u00e1ndares de Sostenibilidad y contribuci\u00f3n a los ODS; cu\u00e1les son sus diferencias, complementariedad\" \/>\n<meta property=\"og:url\" content=\"https:\/\/www.euskalit.net\/semana\/acto\/las-certificaciones-modelos-y-estandares-de-sostenibilidad-herramientas-de-gestion-para-un-impacto-efectivo-en-los-ods\/\" \/>\n<meta property=\"og:site_name\" content=\"Semana Europea de la Gesti\u00f3n Avanzada\" \/>\n<meta property=\"article:modified_time\" content=\"2025-10-15T06:19:49+00:00\" \/>\n<meta property=\"og:image\" content=\"https:\/\/www.euskalit.net\/semana\/wp-content\/uploads\/2025\/09\/izaite.jpg\" \/>\n\t<meta property=\"og:image:width\" content=\"360\" \/>\n\t<meta property=\"og:image:height\" content=\"225\" \/>\n\t<meta property=\"og:image:type\" content=\"image\/jpeg\" \/>\n<meta name=\"twitter:card\" content=\"summary_large_image\" \/>\n<meta name=\"twitter:label1\" content=\"Tiempo de lectura\" \/>\n\t<meta name=\"twitter:data1\" content=\"1 minuto\" \/>\n<script type=\"application\/ld+json\" class=\"yoast-schema-graph\">{\"@context\":\"https:\/\/schema.org\",\"@graph\":[{\"@type\":\"WebPage\",\"@id\":\"https:\/\/www.euskalit.net\/semana\/acto\/las-certificaciones-modelos-y-estandares-de-sostenibilidad-herramientas-de-gestion-para-un-impacto-efectivo-en-los-ods\/\",\"url\":\"https:\/\/www.euskalit.net\/semana\/acto\/las-certificaciones-modelos-y-estandares-de-sostenibilidad-herramientas-de-gestion-para-un-impacto-efectivo-en-los-ods\/\",\"name\":\"Las certificaciones, modelos y est\u00e1ndares de Sostenibilidad: herramientas de gesti\u00f3n para un impacto efectivo en los ODS - Semana Europea de la Gesti\u00f3n Avanzada\",\"isPartOf\":{\"@id\":\"https:\/\/www.euskalit.net\/semana\/#website\"},\"primaryImageOfPage\":{\"@id\":\"https:\/\/www.euskalit.net\/semana\/acto\/las-certificaciones-modelos-y-estandares-de-sostenibilidad-herramientas-de-gestion-para-un-impacto-efectivo-en-los-ods\/#primaryimage\"},\"image\":{\"@id\":\"https:\/\/www.euskalit.net\/semana\/acto\/las-certificaciones-modelos-y-estandares-de-sostenibilidad-herramientas-de-gestion-para-un-impacto-efectivo-en-los-ods\/#primaryimage\"},\"thumbnailUrl\":\"https:\/\/www.euskalit.net\/semana\/wp-content\/uploads\/2025\/09\/izaite.jpg\",\"datePublished\":\"2025-10-14T10:44:22+00:00\",\"dateModified\":\"2025-10-15T06:19:49+00:00\",\"breadcrumb\":{\"@id\":\"https:\/\/www.euskalit.net\/semana\/acto\/las-certificaciones-modelos-y-estandares-de-sostenibilidad-herramientas-de-gestion-para-un-impacto-efectivo-en-los-ods\/#breadcrumb\"},\"inLanguage\":\"es\",\"potentialAction\":[{\"@type\":\"ReadAction\",\"target\":[\"https:\/\/www.euskalit.net\/semana\/acto\/las-certificaciones-modelos-y-estandares-de-sostenibilidad-herramientas-de-gestion-para-un-impacto-efectivo-en-los-ods\/\"]}]},{\"@type\":\"ImageObject\",\"inLanguage\":\"es\",\"@id\":\"https:\/\/www.euskalit.net\/semana\/acto\/las-certificaciones-modelos-y-estandares-de-sostenibilidad-herramientas-de-gestion-para-un-impacto-efectivo-en-los-ods\/#primaryimage\",\"url\":\"https:\/\/www.euskalit.net\/semana\/wp-content\/uploads\/2025\/09\/izaite.jpg\",\"contentUrl\":\"https:\/\/www.euskalit.net\/semana\/wp-content\/uploads\/2025\/09\/izaite.jpg\",\"width\":360,\"height\":225},{\"@type\":\"BreadcrumbList\",\"@id\":\"https:\/\/www.euskalit.net\/semana\/acto\/las-certificaciones-modelos-y-estandares-de-sostenibilidad-herramientas-de-gestion-para-un-impacto-efectivo-en-los-ods\/#breadcrumb\",\"itemListElement\":[{\"@type\":\"ListItem\",\"position\":1,\"name\":\"Portada\",\"item\":\"https:\/\/www.euskalit.net\/semana\/\"},{\"@type\":\"ListItem\",\"position\":2,\"name\":\"Las certificaciones, modelos y est\u00e1ndares de Sostenibilidad: herramientas de gesti\u00f3n para un impacto efectivo en los ODS\"}]},{\"@type\":\"WebSite\",\"@id\":\"https:\/\/www.euskalit.net\/semana\/#website\",\"url\":\"https:\/\/www.euskalit.net\/semana\/\",\"name\":\"Semana Europea de la Gesti\u00f3n Avanzada\",\"description\":\"Semana Europea de la Gesti\u00f3n Avanzada\",\"publisher\":{\"@id\":\"https:\/\/www.euskalit.net\/semana\/#organization\"},\"potentialAction\":[{\"@type\":\"SearchAction\",\"target\":{\"@type\":\"EntryPoint\",\"urlTemplate\":\"https:\/\/www.euskalit.net\/semana\/?s={search_term_string}\"},\"query-input\":{\"@type\":\"PropertyValueSpecification\",\"valueRequired\":true,\"valueName\":\"search_term_string\"}}],\"inLanguage\":\"es\"},{\"@type\":\"Organization\",\"@id\":\"https:\/\/www.euskalit.net\/semana\/#organization\",\"name\":\"Semana Europea de la Gesti\u00f3n Avanzada\",\"url\":\"https:\/\/www.euskalit.net\/semana\/\",\"logo\":{\"@type\":\"ImageObject\",\"inLanguage\":\"es\",\"@id\":\"https:\/\/www.euskalit.net\/semana\/#\/schema\/logo\/image\/\",\"url\":\"https:\/\/www.euskalit.net\/semanawp-content\/uploads\/2025\/05\/logotipo-euskalit@3x.png\",\"contentUrl\":\"https:\/\/www.euskalit.net\/semanawp-content\/uploads\/2025\/05\/logotipo-euskalit@3x.png\",\"width\":849,\"height\":201,\"caption\":\"Semana Europea de la Gesti\u00f3n Avanzada\"},\"image\":{\"@id\":\"https:\/\/www.euskalit.net\/semana\/#\/schema\/logo\/image\/\"}}]}<\/script>\n<!-- \/ Yoast SEO plugin. -->","yoast_head_json":{"title":"Las certificaciones, modelos y est\u00e1ndares de Sostenibilidad: herramientas de gesti\u00f3n para un impacto efectivo en los ODS - Semana Europea de la Gesti\u00f3n Avanzada","robots":{"index":"index","follow":"follow","max-snippet":"max-snippet:-1","max-image-preview":"max-image-preview:large","max-video-preview":"max-video-preview:-1"},"canonical":"https:\/\/www.euskalit.net\/semana\/acto\/las-certificaciones-modelos-y-estandares-de-sostenibilidad-herramientas-de-gestion-para-un-impacto-efectivo-en-los-ods\/","og_locale":"es_ES","og_type":"article","og_title":"Las certificaciones, modelos y est\u00e1ndares de Sostenibilidad: herramientas de gesti\u00f3n para un impacto efectivo en los ODS - Semana Europea de la Gesti\u00f3n Avanzada","og_description":"Elemento de la Gesti\u00f3n Avanzada Sociedad (compromiso social, sostenibilidad medioambiental, certificaciones\u2026) Contenido Con la participaci\u00f3n de entidades como AENOR y diversas empresas como Grupo Campezo y AB Laboratorios, se mostrar\u00e1 una doble visi\u00f3n, te\u00f3rica y tambi\u00e9n pr\u00e1ctica de distintas certificaciones, modelos y est\u00e1ndares de Sostenibilidad y contribuci\u00f3n a los ODS; cu\u00e1les son sus diferencias, complementariedad","og_url":"https:\/\/www.euskalit.net\/semana\/acto\/las-certificaciones-modelos-y-estandares-de-sostenibilidad-herramientas-de-gestion-para-un-impacto-efectivo-en-los-ods\/","og_site_name":"Semana Europea de la Gesti\u00f3n Avanzada","article_modified_time":"2025-10-15T06:19:49+00:00","og_image":[{"width":360,"height":225,"url":"https:\/\/www.euskalit.net\/semana\/wp-content\/uploads\/2025\/09\/izaite.jpg","type":"image\/jpeg"}],"twitter_card":"summary_large_image","twitter_misc":{"Tiempo de lectura":"1 minuto"},"schema":{"@context":"https:\/\/schema.org","@graph":[{"@type":"WebPage","@id":"https:\/\/www.euskalit.net\/semana\/acto\/las-certificaciones-modelos-y-estandares-de-sostenibilidad-herramientas-de-gestion-para-un-impacto-efectivo-en-los-ods\/","url":"https:\/\/www.euskalit.net\/semana\/acto\/las-certificaciones-modelos-y-estandares-de-sostenibilidad-herramientas-de-gestion-para-un-impacto-efectivo-en-los-ods\/","name":"Las certificaciones, modelos y est\u00e1ndares de Sostenibilidad: herramientas de gesti\u00f3n para un impacto efectivo en los ODS - Semana Europea de la Gesti\u00f3n Avanzada","isPartOf":{"@id":"https:\/\/www.euskalit.net\/semana\/#website"},"primaryImageOfPage":{"@id":"https:\/\/www.euskalit.net\/semana\/acto\/las-certificaciones-modelos-y-estandares-de-sostenibilidad-herramientas-de-gestion-para-un-impacto-efectivo-en-los-ods\/#primaryimage"},"image":{"@id":"https:\/\/www.euskalit.net\/semana\/acto\/las-certificaciones-modelos-y-estandares-de-sostenibilidad-herramientas-de-gestion-para-un-impacto-efectivo-en-los-ods\/#primaryimage"},"thumbnailUrl":"https:\/\/www.euskalit.net\/semana\/wp-content\/uploads\/2025\/09\/izaite.jpg","datePublished":"2025-10-14T10:44:22+00:00","dateModified":"2025-10-15T06:19:49+00:00","breadcrumb":{"@id":"https:\/\/www.euskalit.net\/semana\/acto\/las-certificaciones-modelos-y-estandares-de-sostenibilidad-herramientas-de-gestion-para-un-impacto-efectivo-en-los-ods\/#breadcrumb"},"inLanguage":"es","potentialAction":[{"@type":"ReadAction","target":["https:\/\/www.euskalit.net\/semana\/acto\/las-certificaciones-modelos-y-estandares-de-sostenibilidad-herramientas-de-gestion-para-un-impacto-efectivo-en-los-ods\/"]}]},{"@type":"ImageObject","inLanguage":"es","@id":"https:\/\/www.euskalit.net\/semana\/acto\/las-certificaciones-modelos-y-estandares-de-sostenibilidad-herramientas-de-gestion-para-un-impacto-efectivo-en-los-ods\/#primaryimage","url":"https:\/\/www.euskalit.net\/semana\/wp-content\/uploads\/2025\/09\/izaite.jpg","contentUrl":"https:\/\/www.euskalit.net\/semana\/wp-content\/uploads\/2025\/09\/izaite.jpg","width":360,"height":225},{"@type":"BreadcrumbList","@id":"https:\/\/www.euskalit.net\/semana\/acto\/las-certificaciones-modelos-y-estandares-de-sostenibilidad-herramientas-de-gestion-para-un-impacto-efectivo-en-los-ods\/#breadcrumb","itemListElement":[{"@type":"ListItem","position":1,"name":"Portada","item":"https:\/\/www.euskalit.net\/semana\/"},{"@type":"ListItem","position":2,"name":"Las certificaciones, modelos y est\u00e1ndares de Sostenibilidad: herramientas de gesti\u00f3n para un impacto efectivo en los ODS"}]},{"@type":"WebSite","@id":"https:\/\/www.euskalit.net\/semana\/#website","url":"https:\/\/www.euskalit.net\/semana\/","name":"Semana Europea de la Gesti\u00f3n Avanzada","description":"Semana Europea de la Gesti\u00f3n Avanzada","publisher":{"@id":"https:\/\/www.euskalit.net\/semana\/#organization"},"potentialAction":[{"@type":"SearchAction","target":{"@type":"EntryPoint","urlTemplate":"https:\/\/www.euskalit.net\/semana\/?s={search_term_string}"},"query-input":{"@type":"PropertyValueSpecification","valueRequired":true,"valueName":"search_term_string"}}],"inLanguage":"es"},{"@type":"Organization","@id":"https:\/\/www.euskalit.net\/semana\/#organization","name":"Semana Europea de la Gesti\u00f3n Avanzada","url":"https:\/\/www.euskalit.net\/semana\/","logo":{"@type":"ImageObject","inLanguage":"es","@id":"https:\/\/www.euskalit.net\/semana\/#\/schema\/logo\/image\/","url":"https:\/\/www.euskalit.net\/semanawp-content\/uploads\/2025\/05\/logotipo-euskalit@3x.png","contentUrl":"https:\/\/www.euskalit.net\/semanawp-content\/uploads\/2025\/05\/logotipo-euskalit@3x.png","width":849,"height":201,"caption":"Semana Europea de la Gesti\u00f3n Avanzada"},"image":{"@id":"https:\/\/www.euskalit.net\/semana\/#\/schema\/logo\/image\/"}}]}},"_links":{"self":[{"href":"https:\/\/www.euskalit.net\/semana\/wp-json\/wp\/v2\/acto\/7051","targetHints":{"allow":["GET"]}}],"collection":[{"href":"https:\/\/www.euskalit.net\/semana\/wp-json\/wp\/v2\/acto"}],"about":[{"href":"https:\/\/www.euskalit.net\/semana\/wp-json\/wp\/v2\/types\/acto"}],"version-history":[{"count":2,"href":"https:\/\/www.euskalit.net\/semana\/wp-json\/wp\/v2\/acto\/7051\/revisions"}],"predecessor-version":[{"id":7257,"href":"https:\/\/www.euskalit.net\/semana\/wp-json\/wp\/v2\/acto\/7051\/revisions\/7257"}],"wp:featuredmedia":[{"embeddable":true,"href":"https:\/\/www.euskalit.net\/semana\/wp-json\/wp\/v2\/media\/7053"}],"wp:attachment":[{"href":"https:\/\/www.euskalit.net\/semana\/wp-json\/wp\/v2\/media?parent=7051"}],"wp:term":[{"taxonomy":"entidad-organizadora","embeddable":true,"href":"https:\/\/www.euskalit.net\/semana\/wp-json\/wp\/v2\/entidad-organizadora?post=7051"},{"taxonomy":"palabra-clave","embeddable":true,"href":"https:\/\/www.euskalit.net\/semana\/wp-json\/wp\/v2\/palabra-clave?post=7051"},{"taxonomy":"sector","embeddable":true,"href":"https:\/\/www.euskalit.net\/semana\/wp-json\/wp\/v2\/sector?post=7051"}],"curies":[{"name":"wp","href":"https:\/\/api.w.org\/{rel}","templated":true}]}}