{"id":7025,"date":"2025-10-22T13:02:27","date_gmt":"2025-10-22T11:02:27","guid":{"rendered":"https:\/\/www.euskalit.net\/semana\/?post_type=acto&#038;p=7025"},"modified":"2025-10-23T07:46:28","modified_gmt":"2025-10-23T05:46:28","slug":"xviii-edicion-del-programa-3k-bienestar-e-inclusion-social-a-traves-de-la-actividad-fisica-y-el-deporte","status":"publish","type":"acto","link":"https:\/\/www.euskalit.net\/semana\/acto\/xviii-edicion-del-programa-3k-bienestar-e-inclusion-social-a-traves-de-la-actividad-fisica-y-el-deporte\/","title":{"rendered":"XVIII edici\u00f3n del Programa 3K. Bienestar e inclusi\u00f3n social a trav\u00e9s de la actividad f\u00edsica y el deporte"},"content":{"rendered":"<h3><span style=\"color: #2e7d67;\">Elemento de la Gesti\u00f3n Avanzada<\/span><\/h3>\n<p>Personas (RRHH, seguridad, prevenci\u00f3n, competencias, compromiso, participaci\u00f3n, liderazgo\u2026)<\/p>\n<h3><span style=\"color: #2e7d67;\">Contenido<\/span><\/h3>\n<p><span data-olk-copy-source=\"MessageBody\">En el acto se hablar\u00e1 sobre c\u00f3mo las entidades deportivas pueden integrar el bienestar y la inclusi\u00f3n social en su cultura. Tambi\u00e9n se har\u00e1 entrega del Diploma 3K a aquellas entidades deportivas que han finalizado el programa en 2025.<\/span><\/p>\n","protected":false},"featured_media":7045,"menu_order":0,"template":"","format":"standard","meta":{"_acf_changed":false,"footnotes":""},"entidad-organizadora":[],"palabra-clave":[],"sector":[],"class_list":["post-7025","acto","type-acto","status-publish","format-standard","has-post-thumbnail","hentry"],"acf":[],"yoast_head":"<!-- This site is optimized with the Yoast SEO plugin v26.0 - https:\/\/yoast.com\/wordpress\/plugins\/seo\/ -->\n<title>XVIII edici\u00f3n del Programa 3K. Bienestar e inclusi\u00f3n social a trav\u00e9s de la actividad f\u00edsica y el deporte - Semana Europea de la Gesti\u00f3n Avanzada<\/title>\n<meta name=\"robots\" content=\"index, follow, max-snippet:-1, max-image-preview:large, max-video-preview:-1\" \/>\n<link rel=\"canonical\" href=\"https:\/\/www.euskalit.net\/semana\/acto\/xviii-edicion-del-programa-3k-bienestar-e-inclusion-social-a-traves-de-la-actividad-fisica-y-el-deporte\/\" \/>\n<meta property=\"og:locale\" content=\"es_ES\" \/>\n<meta property=\"og:type\" content=\"article\" \/>\n<meta property=\"og:title\" content=\"XVIII edici\u00f3n del Programa 3K. Bienestar e inclusi\u00f3n social a trav\u00e9s de la actividad f\u00edsica y el deporte - Semana Europea de la Gesti\u00f3n Avanzada\" \/>\n<meta property=\"og:description\" content=\"Elemento de la Gesti\u00f3n Avanzada Personas (RRHH, seguridad, prevenci\u00f3n, competencias, compromiso, participaci\u00f3n, liderazgo\u2026) Contenido En el acto se hablar\u00e1 sobre c\u00f3mo las entidades deportivas pueden integrar el bienestar y la inclusi\u00f3n social en su cultura. Tambi\u00e9n se har\u00e1 entrega del Diploma 3K a aquellas entidades deportivas que han finalizado el programa en 2025.\" \/>\n<meta property=\"og:url\" content=\"https:\/\/www.euskalit.net\/semana\/acto\/xviii-edicion-del-programa-3k-bienestar-e-inclusion-social-a-traves-de-la-actividad-fisica-y-el-deporte\/\" \/>\n<meta property=\"og:site_name\" content=\"Semana Europea de la Gesti\u00f3n Avanzada\" \/>\n<meta property=\"article:modified_time\" content=\"2025-10-23T05:46:28+00:00\" \/>\n<meta property=\"og:image\" content=\"https:\/\/www.euskalit.net\/semana\/wp-content\/uploads\/2025\/09\/DFA_-DFB_DFG_-GV_-EUSKALIT.jpg\" \/>\n\t<meta property=\"og:image:width\" content=\"393\" \/>\n\t<meta property=\"og:image:height\" content=\"188\" \/>\n\t<meta property=\"og:image:type\" content=\"image\/jpeg\" \/>\n<meta name=\"twitter:card\" content=\"summary_large_image\" \/>\n<meta name=\"twitter:label1\" content=\"Tiempo de lectura\" \/>\n\t<meta name=\"twitter:data1\" content=\"1 minuto\" \/>\n<script type=\"application\/ld+json\" class=\"yoast-schema-graph\">{\"@context\":\"https:\/\/schema.org\",\"@graph\":[{\"@type\":\"WebPage\",\"@id\":\"https:\/\/www.euskalit.net\/semana\/acto\/xviii-edicion-del-programa-3k-bienestar-e-inclusion-social-a-traves-de-la-actividad-fisica-y-el-deporte\/\",\"url\":\"https:\/\/www.euskalit.net\/semana\/acto\/xviii-edicion-del-programa-3k-bienestar-e-inclusion-social-a-traves-de-la-actividad-fisica-y-el-deporte\/\",\"name\":\"XVIII edici\u00f3n del Programa 3K. Bienestar e inclusi\u00f3n social a trav\u00e9s de la actividad f\u00edsica y el deporte - Semana Europea de la Gesti\u00f3n Avanzada\",\"isPartOf\":{\"@id\":\"https:\/\/www.euskalit.net\/semana\/#website\"},\"primaryImageOfPage\":{\"@id\":\"https:\/\/www.euskalit.net\/semana\/acto\/xviii-edicion-del-programa-3k-bienestar-e-inclusion-social-a-traves-de-la-actividad-fisica-y-el-deporte\/#primaryimage\"},\"image\":{\"@id\":\"https:\/\/www.euskalit.net\/semana\/acto\/xviii-edicion-del-programa-3k-bienestar-e-inclusion-social-a-traves-de-la-actividad-fisica-y-el-deporte\/#primaryimage\"},\"thumbnailUrl\":\"https:\/\/www.euskalit.net\/semana\/wp-content\/uploads\/2025\/09\/DFA_-DFB_DFG_-GV_-EUSKALIT.jpg\",\"datePublished\":\"2025-10-22T11:02:27+00:00\",\"dateModified\":\"2025-10-23T05:46:28+00:00\",\"breadcrumb\":{\"@id\":\"https:\/\/www.euskalit.net\/semana\/acto\/xviii-edicion-del-programa-3k-bienestar-e-inclusion-social-a-traves-de-la-actividad-fisica-y-el-deporte\/#breadcrumb\"},\"inLanguage\":\"es\",\"potentialAction\":[{\"@type\":\"ReadAction\",\"target\":[\"https:\/\/www.euskalit.net\/semana\/acto\/xviii-edicion-del-programa-3k-bienestar-e-inclusion-social-a-traves-de-la-actividad-fisica-y-el-deporte\/\"]}]},{\"@type\":\"ImageObject\",\"inLanguage\":\"es\",\"@id\":\"https:\/\/www.euskalit.net\/semana\/acto\/xviii-edicion-del-programa-3k-bienestar-e-inclusion-social-a-traves-de-la-actividad-fisica-y-el-deporte\/#primaryimage\",\"url\":\"https:\/\/www.euskalit.net\/semana\/wp-content\/uploads\/2025\/09\/DFA_-DFB_DFG_-GV_-EUSKALIT.jpg\",\"contentUrl\":\"https:\/\/www.euskalit.net\/semana\/wp-content\/uploads\/2025\/09\/DFA_-DFB_DFG_-GV_-EUSKALIT.jpg\",\"width\":393,\"height\":188},{\"@type\":\"BreadcrumbList\",\"@id\":\"https:\/\/www.euskalit.net\/semana\/acto\/xviii-edicion-del-programa-3k-bienestar-e-inclusion-social-a-traves-de-la-actividad-fisica-y-el-deporte\/#breadcrumb\",\"itemListElement\":[{\"@type\":\"ListItem\",\"position\":1,\"name\":\"Portada\",\"item\":\"https:\/\/www.euskalit.net\/semana\/\"},{\"@type\":\"ListItem\",\"position\":2,\"name\":\"XVIII edici\u00f3n del Programa 3K. Bienestar e inclusi\u00f3n social a trav\u00e9s de la actividad f\u00edsica y el deporte\"}]},{\"@type\":\"WebSite\",\"@id\":\"https:\/\/www.euskalit.net\/semana\/#website\",\"url\":\"https:\/\/www.euskalit.net\/semana\/\",\"name\":\"Semana Europea de la Gesti\u00f3n Avanzada\",\"description\":\"Semana Europea de la Gesti\u00f3n Avanzada\",\"publisher\":{\"@id\":\"https:\/\/www.euskalit.net\/semana\/#organization\"},\"potentialAction\":[{\"@type\":\"SearchAction\",\"target\":{\"@type\":\"EntryPoint\",\"urlTemplate\":\"https:\/\/www.euskalit.net\/semana\/?s={search_term_string}\"},\"query-input\":{\"@type\":\"PropertyValueSpecification\",\"valueRequired\":true,\"valueName\":\"search_term_string\"}}],\"inLanguage\":\"es\"},{\"@type\":\"Organization\",\"@id\":\"https:\/\/www.euskalit.net\/semana\/#organization\",\"name\":\"Semana Europea de la Gesti\u00f3n Avanzada\",\"url\":\"https:\/\/www.euskalit.net\/semana\/\",\"logo\":{\"@type\":\"ImageObject\",\"inLanguage\":\"es\",\"@id\":\"https:\/\/www.euskalit.net\/semana\/#\/schema\/logo\/image\/\",\"url\":\"https:\/\/www.euskalit.net\/semanawp-content\/uploads\/2025\/05\/logotipo-euskalit@3x.png\",\"contentUrl\":\"https:\/\/www.euskalit.net\/semanawp-content\/uploads\/2025\/05\/logotipo-euskalit@3x.png\",\"width\":849,\"height\":201,\"caption\":\"Semana Europea de la Gesti\u00f3n Avanzada\"},\"image\":{\"@id\":\"https:\/\/www.euskalit.net\/semana\/#\/schema\/logo\/image\/\"}}]}<\/script>\n<!-- \/ Yoast SEO plugin. -->","yoast_head_json":{"title":"XVIII edici\u00f3n del Programa 3K. Bienestar e inclusi\u00f3n social a trav\u00e9s de la actividad f\u00edsica y el deporte - Semana Europea de la Gesti\u00f3n Avanzada","robots":{"index":"index","follow":"follow","max-snippet":"max-snippet:-1","max-image-preview":"max-image-preview:large","max-video-preview":"max-video-preview:-1"},"canonical":"https:\/\/www.euskalit.net\/semana\/acto\/xviii-edicion-del-programa-3k-bienestar-e-inclusion-social-a-traves-de-la-actividad-fisica-y-el-deporte\/","og_locale":"es_ES","og_type":"article","og_title":"XVIII edici\u00f3n del Programa 3K. Bienestar e inclusi\u00f3n social a trav\u00e9s de la actividad f\u00edsica y el deporte - Semana Europea de la Gesti\u00f3n Avanzada","og_description":"Elemento de la Gesti\u00f3n Avanzada Personas (RRHH, seguridad, prevenci\u00f3n, competencias, compromiso, participaci\u00f3n, liderazgo\u2026) Contenido En el acto se hablar\u00e1 sobre c\u00f3mo las entidades deportivas pueden integrar el bienestar y la inclusi\u00f3n social en su cultura. Tambi\u00e9n se har\u00e1 entrega del Diploma 3K a aquellas entidades deportivas que han finalizado el programa en 2025.","og_url":"https:\/\/www.euskalit.net\/semana\/acto\/xviii-edicion-del-programa-3k-bienestar-e-inclusion-social-a-traves-de-la-actividad-fisica-y-el-deporte\/","og_site_name":"Semana Europea de la Gesti\u00f3n Avanzada","article_modified_time":"2025-10-23T05:46:28+00:00","og_image":[{"width":393,"height":188,"url":"https:\/\/www.euskalit.net\/semana\/wp-content\/uploads\/2025\/09\/DFA_-DFB_DFG_-GV_-EUSKALIT.jpg","type":"image\/jpeg"}],"twitter_card":"summary_large_image","twitter_misc":{"Tiempo de lectura":"1 minuto"},"schema":{"@context":"https:\/\/schema.org","@graph":[{"@type":"WebPage","@id":"https:\/\/www.euskalit.net\/semana\/acto\/xviii-edicion-del-programa-3k-bienestar-e-inclusion-social-a-traves-de-la-actividad-fisica-y-el-deporte\/","url":"https:\/\/www.euskalit.net\/semana\/acto\/xviii-edicion-del-programa-3k-bienestar-e-inclusion-social-a-traves-de-la-actividad-fisica-y-el-deporte\/","name":"XVIII edici\u00f3n del Programa 3K. Bienestar e inclusi\u00f3n social a trav\u00e9s de la actividad f\u00edsica y el deporte - Semana Europea de la Gesti\u00f3n Avanzada","isPartOf":{"@id":"https:\/\/www.euskalit.net\/semana\/#website"},"primaryImageOfPage":{"@id":"https:\/\/www.euskalit.net\/semana\/acto\/xviii-edicion-del-programa-3k-bienestar-e-inclusion-social-a-traves-de-la-actividad-fisica-y-el-deporte\/#primaryimage"},"image":{"@id":"https:\/\/www.euskalit.net\/semana\/acto\/xviii-edicion-del-programa-3k-bienestar-e-inclusion-social-a-traves-de-la-actividad-fisica-y-el-deporte\/#primaryimage"},"thumbnailUrl":"https:\/\/www.euskalit.net\/semana\/wp-content\/uploads\/2025\/09\/DFA_-DFB_DFG_-GV_-EUSKALIT.jpg","datePublished":"2025-10-22T11:02:27+00:00","dateModified":"2025-10-23T05:46:28+00:00","breadcrumb":{"@id":"https:\/\/www.euskalit.net\/semana\/acto\/xviii-edicion-del-programa-3k-bienestar-e-inclusion-social-a-traves-de-la-actividad-fisica-y-el-deporte\/#breadcrumb"},"inLanguage":"es","potentialAction":[{"@type":"ReadAction","target":["https:\/\/www.euskalit.net\/semana\/acto\/xviii-edicion-del-programa-3k-bienestar-e-inclusion-social-a-traves-de-la-actividad-fisica-y-el-deporte\/"]}]},{"@type":"ImageObject","inLanguage":"es","@id":"https:\/\/www.euskalit.net\/semana\/acto\/xviii-edicion-del-programa-3k-bienestar-e-inclusion-social-a-traves-de-la-actividad-fisica-y-el-deporte\/#primaryimage","url":"https:\/\/www.euskalit.net\/semana\/wp-content\/uploads\/2025\/09\/DFA_-DFB_DFG_-GV_-EUSKALIT.jpg","contentUrl":"https:\/\/www.euskalit.net\/semana\/wp-content\/uploads\/2025\/09\/DFA_-DFB_DFG_-GV_-EUSKALIT.jpg","width":393,"height":188},{"@type":"BreadcrumbList","@id":"https:\/\/www.euskalit.net\/semana\/acto\/xviii-edicion-del-programa-3k-bienestar-e-inclusion-social-a-traves-de-la-actividad-fisica-y-el-deporte\/#breadcrumb","itemListElement":[{"@type":"ListItem","position":1,"name":"Portada","item":"https:\/\/www.euskalit.net\/semana\/"},{"@type":"ListItem","position":2,"name":"XVIII edici\u00f3n del Programa 3K. Bienestar e inclusi\u00f3n social a trav\u00e9s de la actividad f\u00edsica y el deporte"}]},{"@type":"WebSite","@id":"https:\/\/www.euskalit.net\/semana\/#website","url":"https:\/\/www.euskalit.net\/semana\/","name":"Semana Europea de la Gesti\u00f3n Avanzada","description":"Semana Europea de la Gesti\u00f3n Avanzada","publisher":{"@id":"https:\/\/www.euskalit.net\/semana\/#organization"},"potentialAction":[{"@type":"SearchAction","target":{"@type":"EntryPoint","urlTemplate":"https:\/\/www.euskalit.net\/semana\/?s={search_term_string}"},"query-input":{"@type":"PropertyValueSpecification","valueRequired":true,"valueName":"search_term_string"}}],"inLanguage":"es"},{"@type":"Organization","@id":"https:\/\/www.euskalit.net\/semana\/#organization","name":"Semana Europea de la Gesti\u00f3n Avanzada","url":"https:\/\/www.euskalit.net\/semana\/","logo":{"@type":"ImageObject","inLanguage":"es","@id":"https:\/\/www.euskalit.net\/semana\/#\/schema\/logo\/image\/","url":"https:\/\/www.euskalit.net\/semanawp-content\/uploads\/2025\/05\/logotipo-euskalit@3x.png","contentUrl":"https:\/\/www.euskalit.net\/semanawp-content\/uploads\/2025\/05\/logotipo-euskalit@3x.png","width":849,"height":201,"caption":"Semana Europea de la Gesti\u00f3n Avanzada"},"image":{"@id":"https:\/\/www.euskalit.net\/semana\/#\/schema\/logo\/image\/"}}]}},"_links":{"self":[{"href":"https:\/\/www.euskalit.net\/semana\/wp-json\/wp\/v2\/acto\/7025","targetHints":{"allow":["GET"]}}],"collection":[{"href":"https:\/\/www.euskalit.net\/semana\/wp-json\/wp\/v2\/acto"}],"about":[{"href":"https:\/\/www.euskalit.net\/semana\/wp-json\/wp\/v2\/types\/acto"}],"version-history":[{"count":3,"href":"https:\/\/www.euskalit.net\/semana\/wp-json\/wp\/v2\/acto\/7025\/revisions"}],"predecessor-version":[{"id":7265,"href":"https:\/\/www.euskalit.net\/semana\/wp-json\/wp\/v2\/acto\/7025\/revisions\/7265"}],"wp:featuredmedia":[{"embeddable":true,"href":"https:\/\/www.euskalit.net\/semana\/wp-json\/wp\/v2\/media\/7045"}],"wp:attachment":[{"href":"https:\/\/www.euskalit.net\/semana\/wp-json\/wp\/v2\/media?parent=7025"}],"wp:term":[{"taxonomy":"entidad-organizadora","embeddable":true,"href":"https:\/\/www.euskalit.net\/semana\/wp-json\/wp\/v2\/entidad-organizadora?post=7025"},{"taxonomy":"palabra-clave","embeddable":true,"href":"https:\/\/www.euskalit.net\/semana\/wp-json\/wp\/v2\/palabra-clave?post=7025"},{"taxonomy":"sector","embeddable":true,"href":"https:\/\/www.euskalit.net\/semana\/wp-json\/wp\/v2\/sector?post=7025"}],"curies":[{"name":"wp","href":"https:\/\/api.w.org\/{rel}","templated":true}]}}