{"id":6976,"date":"2025-10-19T16:57:26","date_gmt":"2025-10-19T14:57:26","guid":{"rendered":"https:\/\/www.euskalit.net\/semana\/?post_type=acto&#038;p=6976"},"modified":"2025-10-20T08:05:26","modified_gmt":"2025-10-20T06:05:26","slug":"etica-innovacion-social-y-buenas-practicas-de-gestion-compartidas-2","status":"publish","type":"acto","link":"https:\/\/www.euskalit.net\/semana\/acto\/etica-innovacion-social-y-buenas-practicas-de-gestion-compartidas-2\/","title":{"rendered":"Premio Buenas pr\u00e1cticas bINKLUSIon: c\u00f3mo construir entornos de trabajo inclusivos y diversos"},"content":{"rendered":"<h3><span style=\"color: #2e7d67;\">Elemento de la Gesti\u00f3n Avanzada<\/span><\/h3>\n<p>Personas (RRHH, seguridad, prevenci\u00f3n, competencias, compromiso, participaci\u00f3n, liderazgo\u2026)<\/p>\n<h3><span style=\"color: #2e7d67;\">Contenido<\/span><\/h3>\n<p><span data-olk-copy-source=\"MessageBody\">Cuarta edici\u00f3n del Premio de Buenas Pr\u00e1cticas de entidades pertenecientes al Programa bINKLUSIon, programa impulsado por la DFB y coordinado por EUSKALIT, para impulsar la Gesti\u00f3n Avanzada en entidades del \u00e1mbito de la discapacidad y autonom\u00eda personal de Bizkaia.<\/span><\/p>\n","protected":false},"featured_media":6977,"menu_order":0,"template":"","format":"standard","meta":{"_acf_changed":false,"footnotes":""},"entidad-organizadora":[],"palabra-clave":[],"sector":[],"class_list":["post-6976","acto","type-acto","status-publish","format-standard","has-post-thumbnail","hentry"],"acf":[],"yoast_head":"<!-- This site is optimized with the Yoast SEO plugin v26.0 - https:\/\/yoast.com\/wordpress\/plugins\/seo\/ -->\n<title>Premio Buenas pr\u00e1cticas bINKLUSIon: c\u00f3mo construir entornos de trabajo inclusivos y diversos - Semana Europea de la Gesti\u00f3n Avanzada<\/title>\n<meta name=\"robots\" content=\"index, follow, max-snippet:-1, max-image-preview:large, max-video-preview:-1\" \/>\n<link rel=\"canonical\" href=\"https:\/\/www.euskalit.net\/semana\/acto\/etica-innovacion-social-y-buenas-practicas-de-gestion-compartidas-2\/\" \/>\n<meta property=\"og:locale\" content=\"es_ES\" \/>\n<meta property=\"og:type\" content=\"article\" \/>\n<meta property=\"og:title\" content=\"Premio Buenas pr\u00e1cticas bINKLUSIon: c\u00f3mo construir entornos de trabajo inclusivos y diversos - Semana Europea de la Gesti\u00f3n Avanzada\" \/>\n<meta property=\"og:description\" content=\"Elemento de la Gesti\u00f3n Avanzada Personas (RRHH, seguridad, prevenci\u00f3n, competencias, compromiso, participaci\u00f3n, liderazgo\u2026) Contenido Cuarta edici\u00f3n del Premio de Buenas Pr\u00e1cticas de entidades pertenecientes al Programa bINKLUSIon, programa impulsado por la DFB y coordinado por EUSKALIT, para impulsar la Gesti\u00f3n Avanzada en entidades del \u00e1mbito de la discapacidad y autonom\u00eda personal de Bizkaia.\" \/>\n<meta property=\"og:url\" content=\"https:\/\/www.euskalit.net\/semana\/acto\/etica-innovacion-social-y-buenas-practicas-de-gestion-compartidas-2\/\" \/>\n<meta property=\"og:site_name\" content=\"Semana Europea de la Gesti\u00f3n Avanzada\" \/>\n<meta property=\"article:modified_time\" content=\"2025-10-20T06:05:26+00:00\" \/>\n<meta property=\"og:image\" content=\"https:\/\/www.euskalit.net\/semana\/wp-content\/uploads\/2025\/09\/Dipu.jpg\" \/>\n\t<meta property=\"og:image:width\" content=\"393\" \/>\n\t<meta property=\"og:image:height\" content=\"188\" \/>\n\t<meta property=\"og:image:type\" content=\"image\/jpeg\" \/>\n<meta name=\"twitter:card\" content=\"summary_large_image\" \/>\n<meta name=\"twitter:label1\" content=\"Tiempo de lectura\" \/>\n\t<meta name=\"twitter:data1\" content=\"1 minuto\" \/>\n<script type=\"application\/ld+json\" class=\"yoast-schema-graph\">{\"@context\":\"https:\/\/schema.org\",\"@graph\":[{\"@type\":\"WebPage\",\"@id\":\"https:\/\/www.euskalit.net\/semana\/acto\/etica-innovacion-social-y-buenas-practicas-de-gestion-compartidas-2\/\",\"url\":\"https:\/\/www.euskalit.net\/semana\/acto\/etica-innovacion-social-y-buenas-practicas-de-gestion-compartidas-2\/\",\"name\":\"Premio Buenas pr\u00e1cticas bINKLUSIon: c\u00f3mo construir entornos de trabajo inclusivos y diversos - Semana Europea de la Gesti\u00f3n Avanzada\",\"isPartOf\":{\"@id\":\"https:\/\/www.euskalit.net\/semana\/#website\"},\"primaryImageOfPage\":{\"@id\":\"https:\/\/www.euskalit.net\/semana\/acto\/etica-innovacion-social-y-buenas-practicas-de-gestion-compartidas-2\/#primaryimage\"},\"image\":{\"@id\":\"https:\/\/www.euskalit.net\/semana\/acto\/etica-innovacion-social-y-buenas-practicas-de-gestion-compartidas-2\/#primaryimage\"},\"thumbnailUrl\":\"https:\/\/www.euskalit.net\/semana\/wp-content\/uploads\/2025\/09\/Dipu.jpg\",\"datePublished\":\"2025-10-19T14:57:26+00:00\",\"dateModified\":\"2025-10-20T06:05:26+00:00\",\"breadcrumb\":{\"@id\":\"https:\/\/www.euskalit.net\/semana\/acto\/etica-innovacion-social-y-buenas-practicas-de-gestion-compartidas-2\/#breadcrumb\"},\"inLanguage\":\"es\",\"potentialAction\":[{\"@type\":\"ReadAction\",\"target\":[\"https:\/\/www.euskalit.net\/semana\/acto\/etica-innovacion-social-y-buenas-practicas-de-gestion-compartidas-2\/\"]}]},{\"@type\":\"ImageObject\",\"inLanguage\":\"es\",\"@id\":\"https:\/\/www.euskalit.net\/semana\/acto\/etica-innovacion-social-y-buenas-practicas-de-gestion-compartidas-2\/#primaryimage\",\"url\":\"https:\/\/www.euskalit.net\/semana\/wp-content\/uploads\/2025\/09\/Dipu.jpg\",\"contentUrl\":\"https:\/\/www.euskalit.net\/semana\/wp-content\/uploads\/2025\/09\/Dipu.jpg\",\"width\":393,\"height\":188},{\"@type\":\"BreadcrumbList\",\"@id\":\"https:\/\/www.euskalit.net\/semana\/acto\/etica-innovacion-social-y-buenas-practicas-de-gestion-compartidas-2\/#breadcrumb\",\"itemListElement\":[{\"@type\":\"ListItem\",\"position\":1,\"name\":\"Portada\",\"item\":\"https:\/\/www.euskalit.net\/semana\/\"},{\"@type\":\"ListItem\",\"position\":2,\"name\":\"Premio Buenas pr\u00e1cticas bINKLUSIon: c\u00f3mo construir entornos de trabajo inclusivos y diversos\"}]},{\"@type\":\"WebSite\",\"@id\":\"https:\/\/www.euskalit.net\/semana\/#website\",\"url\":\"https:\/\/www.euskalit.net\/semana\/\",\"name\":\"Semana Europea de la Gesti\u00f3n Avanzada\",\"description\":\"Semana Europea de la Gesti\u00f3n Avanzada\",\"publisher\":{\"@id\":\"https:\/\/www.euskalit.net\/semana\/#organization\"},\"potentialAction\":[{\"@type\":\"SearchAction\",\"target\":{\"@type\":\"EntryPoint\",\"urlTemplate\":\"https:\/\/www.euskalit.net\/semana\/?s={search_term_string}\"},\"query-input\":{\"@type\":\"PropertyValueSpecification\",\"valueRequired\":true,\"valueName\":\"search_term_string\"}}],\"inLanguage\":\"es\"},{\"@type\":\"Organization\",\"@id\":\"https:\/\/www.euskalit.net\/semana\/#organization\",\"name\":\"Semana Europea de la Gesti\u00f3n Avanzada\",\"url\":\"https:\/\/www.euskalit.net\/semana\/\",\"logo\":{\"@type\":\"ImageObject\",\"inLanguage\":\"es\",\"@id\":\"https:\/\/www.euskalit.net\/semana\/#\/schema\/logo\/image\/\",\"url\":\"https:\/\/www.euskalit.net\/semanawp-content\/uploads\/2025\/05\/logotipo-euskalit@3x.png\",\"contentUrl\":\"https:\/\/www.euskalit.net\/semanawp-content\/uploads\/2025\/05\/logotipo-euskalit@3x.png\",\"width\":849,\"height\":201,\"caption\":\"Semana Europea de la Gesti\u00f3n Avanzada\"},\"image\":{\"@id\":\"https:\/\/www.euskalit.net\/semana\/#\/schema\/logo\/image\/\"}}]}<\/script>\n<!-- \/ Yoast SEO plugin. -->","yoast_head_json":{"title":"Premio Buenas pr\u00e1cticas bINKLUSIon: c\u00f3mo construir entornos de trabajo inclusivos y diversos - Semana Europea de la Gesti\u00f3n Avanzada","robots":{"index":"index","follow":"follow","max-snippet":"max-snippet:-1","max-image-preview":"max-image-preview:large","max-video-preview":"max-video-preview:-1"},"canonical":"https:\/\/www.euskalit.net\/semana\/acto\/etica-innovacion-social-y-buenas-practicas-de-gestion-compartidas-2\/","og_locale":"es_ES","og_type":"article","og_title":"Premio Buenas pr\u00e1cticas bINKLUSIon: c\u00f3mo construir entornos de trabajo inclusivos y diversos - Semana Europea de la Gesti\u00f3n Avanzada","og_description":"Elemento de la Gesti\u00f3n Avanzada Personas (RRHH, seguridad, prevenci\u00f3n, competencias, compromiso, participaci\u00f3n, liderazgo\u2026) Contenido Cuarta edici\u00f3n del Premio de Buenas Pr\u00e1cticas de entidades pertenecientes al Programa bINKLUSIon, programa impulsado por la DFB y coordinado por EUSKALIT, para impulsar la Gesti\u00f3n Avanzada en entidades del \u00e1mbito de la discapacidad y autonom\u00eda personal de Bizkaia.","og_url":"https:\/\/www.euskalit.net\/semana\/acto\/etica-innovacion-social-y-buenas-practicas-de-gestion-compartidas-2\/","og_site_name":"Semana Europea de la Gesti\u00f3n Avanzada","article_modified_time":"2025-10-20T06:05:26+00:00","og_image":[{"width":393,"height":188,"url":"https:\/\/www.euskalit.net\/semana\/wp-content\/uploads\/2025\/09\/Dipu.jpg","type":"image\/jpeg"}],"twitter_card":"summary_large_image","twitter_misc":{"Tiempo de lectura":"1 minuto"},"schema":{"@context":"https:\/\/schema.org","@graph":[{"@type":"WebPage","@id":"https:\/\/www.euskalit.net\/semana\/acto\/etica-innovacion-social-y-buenas-practicas-de-gestion-compartidas-2\/","url":"https:\/\/www.euskalit.net\/semana\/acto\/etica-innovacion-social-y-buenas-practicas-de-gestion-compartidas-2\/","name":"Premio Buenas pr\u00e1cticas bINKLUSIon: c\u00f3mo construir entornos de trabajo inclusivos y diversos - Semana Europea de la Gesti\u00f3n Avanzada","isPartOf":{"@id":"https:\/\/www.euskalit.net\/semana\/#website"},"primaryImageOfPage":{"@id":"https:\/\/www.euskalit.net\/semana\/acto\/etica-innovacion-social-y-buenas-practicas-de-gestion-compartidas-2\/#primaryimage"},"image":{"@id":"https:\/\/www.euskalit.net\/semana\/acto\/etica-innovacion-social-y-buenas-practicas-de-gestion-compartidas-2\/#primaryimage"},"thumbnailUrl":"https:\/\/www.euskalit.net\/semana\/wp-content\/uploads\/2025\/09\/Dipu.jpg","datePublished":"2025-10-19T14:57:26+00:00","dateModified":"2025-10-20T06:05:26+00:00","breadcrumb":{"@id":"https:\/\/www.euskalit.net\/semana\/acto\/etica-innovacion-social-y-buenas-practicas-de-gestion-compartidas-2\/#breadcrumb"},"inLanguage":"es","potentialAction":[{"@type":"ReadAction","target":["https:\/\/www.euskalit.net\/semana\/acto\/etica-innovacion-social-y-buenas-practicas-de-gestion-compartidas-2\/"]}]},{"@type":"ImageObject","inLanguage":"es","@id":"https:\/\/www.euskalit.net\/semana\/acto\/etica-innovacion-social-y-buenas-practicas-de-gestion-compartidas-2\/#primaryimage","url":"https:\/\/www.euskalit.net\/semana\/wp-content\/uploads\/2025\/09\/Dipu.jpg","contentUrl":"https:\/\/www.euskalit.net\/semana\/wp-content\/uploads\/2025\/09\/Dipu.jpg","width":393,"height":188},{"@type":"BreadcrumbList","@id":"https:\/\/www.euskalit.net\/semana\/acto\/etica-innovacion-social-y-buenas-practicas-de-gestion-compartidas-2\/#breadcrumb","itemListElement":[{"@type":"ListItem","position":1,"name":"Portada","item":"https:\/\/www.euskalit.net\/semana\/"},{"@type":"ListItem","position":2,"name":"Premio Buenas pr\u00e1cticas bINKLUSIon: c\u00f3mo construir entornos de trabajo inclusivos y diversos"}]},{"@type":"WebSite","@id":"https:\/\/www.euskalit.net\/semana\/#website","url":"https:\/\/www.euskalit.net\/semana\/","name":"Semana Europea de la Gesti\u00f3n Avanzada","description":"Semana Europea de la Gesti\u00f3n Avanzada","publisher":{"@id":"https:\/\/www.euskalit.net\/semana\/#organization"},"potentialAction":[{"@type":"SearchAction","target":{"@type":"EntryPoint","urlTemplate":"https:\/\/www.euskalit.net\/semana\/?s={search_term_string}"},"query-input":{"@type":"PropertyValueSpecification","valueRequired":true,"valueName":"search_term_string"}}],"inLanguage":"es"},{"@type":"Organization","@id":"https:\/\/www.euskalit.net\/semana\/#organization","name":"Semana Europea de la Gesti\u00f3n Avanzada","url":"https:\/\/www.euskalit.net\/semana\/","logo":{"@type":"ImageObject","inLanguage":"es","@id":"https:\/\/www.euskalit.net\/semana\/#\/schema\/logo\/image\/","url":"https:\/\/www.euskalit.net\/semanawp-content\/uploads\/2025\/05\/logotipo-euskalit@3x.png","contentUrl":"https:\/\/www.euskalit.net\/semanawp-content\/uploads\/2025\/05\/logotipo-euskalit@3x.png","width":849,"height":201,"caption":"Semana Europea de la Gesti\u00f3n Avanzada"},"image":{"@id":"https:\/\/www.euskalit.net\/semana\/#\/schema\/logo\/image\/"}}]}},"_links":{"self":[{"href":"https:\/\/www.euskalit.net\/semana\/wp-json\/wp\/v2\/acto\/6976","targetHints":{"allow":["GET"]}}],"collection":[{"href":"https:\/\/www.euskalit.net\/semana\/wp-json\/wp\/v2\/acto"}],"about":[{"href":"https:\/\/www.euskalit.net\/semana\/wp-json\/wp\/v2\/types\/acto"}],"version-history":[{"count":2,"href":"https:\/\/www.euskalit.net\/semana\/wp-json\/wp\/v2\/acto\/6976\/revisions"}],"predecessor-version":[{"id":7013,"href":"https:\/\/www.euskalit.net\/semana\/wp-json\/wp\/v2\/acto\/6976\/revisions\/7013"}],"wp:featuredmedia":[{"embeddable":true,"href":"https:\/\/www.euskalit.net\/semana\/wp-json\/wp\/v2\/media\/6977"}],"wp:attachment":[{"href":"https:\/\/www.euskalit.net\/semana\/wp-json\/wp\/v2\/media?parent=6976"}],"wp:term":[{"taxonomy":"entidad-organizadora","embeddable":true,"href":"https:\/\/www.euskalit.net\/semana\/wp-json\/wp\/v2\/entidad-organizadora?post=6976"},{"taxonomy":"palabra-clave","embeddable":true,"href":"https:\/\/www.euskalit.net\/semana\/wp-json\/wp\/v2\/palabra-clave?post=6976"},{"taxonomy":"sector","embeddable":true,"href":"https:\/\/www.euskalit.net\/semana\/wp-json\/wp\/v2\/sector?post=6976"}],"curies":[{"name":"wp","href":"https:\/\/api.w.org\/{rel}","templated":true}]}}