{"id":6662,"date":"2025-10-16T09:36:45","date_gmt":"2025-10-16T07:36:45","guid":{"rendered":"https:\/\/www.euskalit.net\/semana\/?post_type=acto&#038;p=6662"},"modified":"2025-10-17T08:51:38","modified_gmt":"2025-10-17T06:51:38","slug":"etika-gizarte-berrikuntza-eta-partekatutako-kudeaketa-jardunbide-egokiak","status":"publish","type":"acto","link":"https:\/\/www.euskalit.net\/semana\/eu\/acto\/etika-gizarte-berrikuntza-eta-partekatutako-kudeaketa-jardunbide-egokiak\/","title":{"rendered":"Etika, gizarte-berrikuntza eta partekatutako kudeaketa jardunbide egokiak"},"content":{"rendered":"<h3><span style=\"color: #2e7d67;\">EKudeaketa aurreratuaren elementua<\/span><\/h3>\n<div class=\"row\">\n<div class=\"col-md-12 col-xs-12\">Bezeroak (gogobetetzea, segmentazioa, ekoizpena eta banaketa, hobetzeko metodologiak, hala nola 5S, lean manufacturing, hornitzaileen kudeaketa, ziurtagiriak&#8230;)<\/div>\n<\/div>\n<h3><span style=\"color: #2e7d67;\">Ekitaldiaren deskribapena<\/span><\/h3>\n<p>Gorabidek bere kultura antolatzaileren hiru ardatz nagusi aurkeztuko ditu: etika, erabaki partekatu eta arduratsuen oinarri gisa; berrikuntza, desgaitasun intelektuala duten pertsonen eta haien familien benetako beharretatik abiatuta zerbitzuak eraldatzeko motor gisa; eta inklusioa, ongizatea eta parte-hartze aktiboa sustatzen dituzten praktika on finkatuen multzoa. Adibide zehatzak eta transferigarriak diren ikaskuntzak partekatuko dira, kudeaketa aurreratuaren printzipioekin, bizi-kalitatearekin eta konpromiso sozialarekin lerrokatuta. Jardunaldiaren helburua da kultura antolatzaile sendoak, helburudunak eta pertsonengan zentratutakoak inspiratzea eta bultzatzea.<\/p>\n<h3><span style=\"color: #2e7d67;\">Edukia<\/span><\/h3>\n<div class=\"elementToProof\"><b>9:30 &#8211; 09:50 &#8211; Ongietorria eta irekiera<\/b><\/div>\n<ul>\n<li>Txema Franco Barroso, Gorabideko zuzendari kudeatzailea.<\/li>\n<li>Jos\u00e9 Antonio Bara\u00f1ano Azula, Bizkaiko Foru Aldundiko autonomia pertsonala sustatzeko zuzendari nagusia.<\/li>\n<\/ul>\n<div class=\"elementToProof\"><b>09:50 &#8211; 10:25 &#8211; Hausnarketa Etikoko Taldearen proiektua Gorabiden<\/b><\/div>\n<ul>\n<li>Diana Cabezas G\u00f3mez, Orientazio eta Laguntza Teknikoko Arloko zuzendaria.<\/li>\n<li>Jos\u00e9 F\u00e9lix Renteria Mendaza, Etxebizitza Zerbitzuko arreta zuzeneko eta pertsonaleko koordinatzailea.<\/li>\n<\/ul>\n<div class=\"elementToProof\"><b>10:25 &#8211; 11:00 &#8211; Berrikuntza aurrera egiteko<\/b><\/div>\n<ul>\n<li>Txema Franco Barroso, zuzendari kudeatzailea.<\/li>\n<\/ul>\n<div class=\"elementToProof\"><b>11:00 &#8211; 12:50<\/b><\/div>\n<ul>\n<li><b>Kudeaketa jardunbide egokiak: Gorabiltegi, testuingurua eta proiektua<\/b>\n<ul>\n<li>Mirko Gerolin, kudeaketa aurreratu eta araudi-eskakizunen kudeaketa teknikaria<\/li>\n<\/ul>\n<\/li>\n<li><b>Durangoko komunitatean parte hartzea<\/b>\n<ul>\n<li>Alexander S\u00e1nchez Garc\u00eda, Errota EAZko erabiltzailea.<\/li>\n<li>Aritz Mitxelena Larrazabal, arreta zuzeneko profesionala.<\/li>\n<li>Ainhoa Loizate Uribarrena, arreta zuzeneko profesionala.<\/li>\n<li>M\u00f3nica Romero Puente, EAZ Zerbitzuko zuzendaria.<\/li>\n<\/ul>\n<\/li>\n<li><b>Komunikazio digitala boluntariotzaren kudeaketa-prozesuan<\/b>\n<ul>\n<li>Mar\u00eda Jes\u00fas Herrero Brand\u00edn, Aisialdi eta Gizarte Partaidetza Arloko arduraduna.<\/li>\n<li>Laura Cabezas G\u00f3mez, Aisialdi eta Gizarte Partaidetza Arloko zuzendaria.\u200b<\/li>\n<\/ul>\n<\/li>\n<li><b>Erabiltzaile berriak egokitzeko laguntza egituratua<\/b>\n<ul>\n<li>Mar\u00eda Eugenia Etxanobe Arregi, arreta zuzeneko profesionala.<\/li>\n<li>Marta Francisco Rodr\u00edguez, arreta zuzeneko eta pertsonaleko koordinatzailea.<\/li>\n<li>Lur Gaona Rodr\u00edguez, Atxarte Egoitzako zuzendaria.<\/li>\n<\/ul>\n<\/li>\n<li><b>Akabo bakarrik bidaiatzea, eta etxebizitzen arteko jarduerak<\/b>\n<ul>\n<li>M\u00f3nica Ramos Reina, arreta zuzeneko eta pertsonaleko koordinatzailea.<\/li>\n<li>Idoia Odiaga Salvador, arreta zuzeneko eta pertsonaleko koordinatzailea.<\/li>\n<li>Bego\u00f1a M\u00fagica Irula, Etxebizitza Zerbitzuko erabiltzailea.<\/li>\n<li>Javier Eguia Azpiri, Etxebizitza Zerbitzuko erabiltzailea.<\/li>\n<li>Javier Ortega Sanz, Etxebizitza Zerbitzuko erabiltzailea.<\/li>\n<\/ul>\n<\/li>\n<\/ul>\n<div class=\"elementToProof\"><b>12:50 &#8211; 13:05 &#8211; Itxiera instituzionala<\/b><\/div>\n<ul>\n<li>Valeria Garcia-Landarte Puertas, Fevas Plena Inclusi\u00f3n Euskadiko zuzendari kudeatzailea.<\/li>\n<\/ul>\n<div class=\"elementToProof\"><b>13:05 &#8211;\u00a0Pintxopote<\/b><\/div>\n","protected":false},"featured_media":6378,"menu_order":0,"template":"","format":"standard","meta":{"_acf_changed":false,"footnotes":""},"entidad-organizadora":[],"palabra-clave":[],"sector":[],"class_list":["post-6662","acto","type-acto","status-publish","format-standard","has-post-thumbnail","hentry"],"acf":[],"yoast_head":"<!-- This site is optimized with the Yoast SEO plugin v26.0 - https:\/\/yoast.com\/wordpress\/plugins\/seo\/ -->\n<title>Etika, gizarte-berrikuntza eta partekatutako kudeaketa jardunbide egokiak - Semana Europea de la Gesti\u00f3n Avanzada<\/title>\n<meta name=\"robots\" content=\"index, follow, max-snippet:-1, max-image-preview:large, max-video-preview:-1\" \/>\n<link rel=\"canonical\" href=\"https:\/\/www.euskalit.net\/semana\/eu\/acto\/etika-gizarte-berrikuntza-eta-partekatutako-kudeaketa-jardunbide-egokiak\/\" \/>\n<meta property=\"og:locale\" content=\"es_ES\" \/>\n<meta property=\"og:type\" content=\"article\" \/>\n<meta property=\"og:title\" content=\"Etika, gizarte-berrikuntza eta partekatutako kudeaketa jardunbide egokiak - Semana Europea de la Gesti\u00f3n Avanzada\" \/>\n<meta property=\"og:description\" content=\"EKudeaketa aurreratuaren elementua Bezeroak (gogobetetzea, segmentazioa, ekoizpena eta banaketa, hobetzeko metodologiak, hala nola 5S, lean manufacturing, hornitzaileen kudeaketa, ziurtagiriak&#8230;) Ekitaldiaren deskribapena Gorabidek bere kultura antolatzaileren hiru ardatz nagusi aurkeztuko ditu: etika, erabaki partekatu eta arduratsuen oinarri gisa; berrikuntza, desgaitasun intelektuala duten pertsonen eta haien familien benetako beharretatik abiatuta zerbitzuak eraldatzeko motor gisa; eta inklusioa, ongizatea\" \/>\n<meta property=\"og:url\" content=\"https:\/\/www.euskalit.net\/semana\/eu\/acto\/etika-gizarte-berrikuntza-eta-partekatutako-kudeaketa-jardunbide-egokiak\/\" \/>\n<meta property=\"og:site_name\" content=\"Semana Europea de la Gesti\u00f3n Avanzada\" \/>\n<meta property=\"article:modified_time\" content=\"2025-10-17T06:51:38+00:00\" \/>\n<meta property=\"og:image\" content=\"https:\/\/www.euskalit.net\/semana\/wp-content\/uploads\/2025\/07\/Organizadores-Gorabide.webp\" \/>\n\t<meta property=\"og:image:width\" content=\"720\" \/>\n\t<meta property=\"og:image:height\" content=\"450\" \/>\n\t<meta property=\"og:image:type\" content=\"image\/webp\" \/>\n<meta name=\"twitter:card\" content=\"summary_large_image\" \/>\n<meta name=\"twitter:label1\" content=\"Tiempo de lectura\" \/>\n\t<meta name=\"twitter:data1\" content=\"2 minutos\" \/>\n<script type=\"application\/ld+json\" class=\"yoast-schema-graph\">{\"@context\":\"https:\/\/schema.org\",\"@graph\":[{\"@type\":\"WebPage\",\"@id\":\"https:\/\/www.euskalit.net\/semana\/eu\/acto\/etika-gizarte-berrikuntza-eta-partekatutako-kudeaketa-jardunbide-egokiak\/\",\"url\":\"https:\/\/www.euskalit.net\/semana\/eu\/acto\/etika-gizarte-berrikuntza-eta-partekatutako-kudeaketa-jardunbide-egokiak\/\",\"name\":\"Etika, gizarte-berrikuntza eta partekatutako kudeaketa jardunbide egokiak - Semana Europea de la Gesti\u00f3n Avanzada\",\"isPartOf\":{\"@id\":\"https:\/\/www.euskalit.net\/semana\/#website\"},\"primaryImageOfPage\":{\"@id\":\"https:\/\/www.euskalit.net\/semana\/eu\/acto\/etika-gizarte-berrikuntza-eta-partekatutako-kudeaketa-jardunbide-egokiak\/#primaryimage\"},\"image\":{\"@id\":\"https:\/\/www.euskalit.net\/semana\/eu\/acto\/etika-gizarte-berrikuntza-eta-partekatutako-kudeaketa-jardunbide-egokiak\/#primaryimage\"},\"thumbnailUrl\":\"https:\/\/www.euskalit.net\/semana\/wp-content\/uploads\/2025\/07\/Organizadores-Gorabide.webp\",\"datePublished\":\"2025-10-16T07:36:45+00:00\",\"dateModified\":\"2025-10-17T06:51:38+00:00\",\"breadcrumb\":{\"@id\":\"https:\/\/www.euskalit.net\/semana\/eu\/acto\/etika-gizarte-berrikuntza-eta-partekatutako-kudeaketa-jardunbide-egokiak\/#breadcrumb\"},\"inLanguage\":\"es\",\"potentialAction\":[{\"@type\":\"ReadAction\",\"target\":[\"https:\/\/www.euskalit.net\/semana\/eu\/acto\/etika-gizarte-berrikuntza-eta-partekatutako-kudeaketa-jardunbide-egokiak\/\"]}]},{\"@type\":\"ImageObject\",\"inLanguage\":\"es\",\"@id\":\"https:\/\/www.euskalit.net\/semana\/eu\/acto\/etika-gizarte-berrikuntza-eta-partekatutako-kudeaketa-jardunbide-egokiak\/#primaryimage\",\"url\":\"https:\/\/www.euskalit.net\/semana\/wp-content\/uploads\/2025\/07\/Organizadores-Gorabide.webp\",\"contentUrl\":\"https:\/\/www.euskalit.net\/semana\/wp-content\/uploads\/2025\/07\/Organizadores-Gorabide.webp\",\"width\":720,\"height\":450},{\"@type\":\"BreadcrumbList\",\"@id\":\"https:\/\/www.euskalit.net\/semana\/eu\/acto\/etika-gizarte-berrikuntza-eta-partekatutako-kudeaketa-jardunbide-egokiak\/#breadcrumb\",\"itemListElement\":[{\"@type\":\"ListItem\",\"position\":1,\"name\":\"Portada\",\"item\":\"https:\/\/www.euskalit.net\/semana\/\"},{\"@type\":\"ListItem\",\"position\":2,\"name\":\"Etika, gizarte-berrikuntza eta partekatutako kudeaketa jardunbide egokiak\"}]},{\"@type\":\"WebSite\",\"@id\":\"https:\/\/www.euskalit.net\/semana\/#website\",\"url\":\"https:\/\/www.euskalit.net\/semana\/\",\"name\":\"Semana Europea de la Gesti\u00f3n Avanzada\",\"description\":\"Semana Europea de la Gesti\u00f3n Avanzada\",\"publisher\":{\"@id\":\"https:\/\/www.euskalit.net\/semana\/#organization\"},\"potentialAction\":[{\"@type\":\"SearchAction\",\"target\":{\"@type\":\"EntryPoint\",\"urlTemplate\":\"https:\/\/www.euskalit.net\/semana\/?s={search_term_string}\"},\"query-input\":{\"@type\":\"PropertyValueSpecification\",\"valueRequired\":true,\"valueName\":\"search_term_string\"}}],\"inLanguage\":\"es\"},{\"@type\":\"Organization\",\"@id\":\"https:\/\/www.euskalit.net\/semana\/#organization\",\"name\":\"Semana Europea de la Gesti\u00f3n Avanzada\",\"url\":\"https:\/\/www.euskalit.net\/semana\/\",\"logo\":{\"@type\":\"ImageObject\",\"inLanguage\":\"es\",\"@id\":\"https:\/\/www.euskalit.net\/semana\/#\/schema\/logo\/image\/\",\"url\":\"https:\/\/www.euskalit.net\/semanawp-content\/uploads\/2025\/05\/logotipo-euskalit@3x.png\",\"contentUrl\":\"https:\/\/www.euskalit.net\/semanawp-content\/uploads\/2025\/05\/logotipo-euskalit@3x.png\",\"width\":849,\"height\":201,\"caption\":\"Semana Europea de la Gesti\u00f3n Avanzada\"},\"image\":{\"@id\":\"https:\/\/www.euskalit.net\/semana\/#\/schema\/logo\/image\/\"}}]}<\/script>\n<!-- \/ Yoast SEO plugin. -->","yoast_head_json":{"title":"Etika, gizarte-berrikuntza eta partekatutako kudeaketa jardunbide egokiak - Semana Europea de la Gesti\u00f3n Avanzada","robots":{"index":"index","follow":"follow","max-snippet":"max-snippet:-1","max-image-preview":"max-image-preview:large","max-video-preview":"max-video-preview:-1"},"canonical":"https:\/\/www.euskalit.net\/semana\/eu\/acto\/etika-gizarte-berrikuntza-eta-partekatutako-kudeaketa-jardunbide-egokiak\/","og_locale":"es_ES","og_type":"article","og_title":"Etika, gizarte-berrikuntza eta partekatutako kudeaketa jardunbide egokiak - Semana Europea de la Gesti\u00f3n Avanzada","og_description":"EKudeaketa aurreratuaren elementua Bezeroak (gogobetetzea, segmentazioa, ekoizpena eta banaketa, hobetzeko metodologiak, hala nola 5S, lean manufacturing, hornitzaileen kudeaketa, ziurtagiriak&#8230;) Ekitaldiaren deskribapena Gorabidek bere kultura antolatzaileren hiru ardatz nagusi aurkeztuko ditu: etika, erabaki partekatu eta arduratsuen oinarri gisa; berrikuntza, desgaitasun intelektuala duten pertsonen eta haien familien benetako beharretatik abiatuta zerbitzuak eraldatzeko motor gisa; eta inklusioa, ongizatea","og_url":"https:\/\/www.euskalit.net\/semana\/eu\/acto\/etika-gizarte-berrikuntza-eta-partekatutako-kudeaketa-jardunbide-egokiak\/","og_site_name":"Semana Europea de la Gesti\u00f3n Avanzada","article_modified_time":"2025-10-17T06:51:38+00:00","og_image":[{"width":720,"height":450,"url":"https:\/\/www.euskalit.net\/semana\/wp-content\/uploads\/2025\/07\/Organizadores-Gorabide.webp","type":"image\/webp"}],"twitter_card":"summary_large_image","twitter_misc":{"Tiempo de lectura":"2 minutos"},"schema":{"@context":"https:\/\/schema.org","@graph":[{"@type":"WebPage","@id":"https:\/\/www.euskalit.net\/semana\/eu\/acto\/etika-gizarte-berrikuntza-eta-partekatutako-kudeaketa-jardunbide-egokiak\/","url":"https:\/\/www.euskalit.net\/semana\/eu\/acto\/etika-gizarte-berrikuntza-eta-partekatutako-kudeaketa-jardunbide-egokiak\/","name":"Etika, gizarte-berrikuntza eta partekatutako kudeaketa jardunbide egokiak - Semana Europea de la Gesti\u00f3n Avanzada","isPartOf":{"@id":"https:\/\/www.euskalit.net\/semana\/#website"},"primaryImageOfPage":{"@id":"https:\/\/www.euskalit.net\/semana\/eu\/acto\/etika-gizarte-berrikuntza-eta-partekatutako-kudeaketa-jardunbide-egokiak\/#primaryimage"},"image":{"@id":"https:\/\/www.euskalit.net\/semana\/eu\/acto\/etika-gizarte-berrikuntza-eta-partekatutako-kudeaketa-jardunbide-egokiak\/#primaryimage"},"thumbnailUrl":"https:\/\/www.euskalit.net\/semana\/wp-content\/uploads\/2025\/07\/Organizadores-Gorabide.webp","datePublished":"2025-10-16T07:36:45+00:00","dateModified":"2025-10-17T06:51:38+00:00","breadcrumb":{"@id":"https:\/\/www.euskalit.net\/semana\/eu\/acto\/etika-gizarte-berrikuntza-eta-partekatutako-kudeaketa-jardunbide-egokiak\/#breadcrumb"},"inLanguage":"es","potentialAction":[{"@type":"ReadAction","target":["https:\/\/www.euskalit.net\/semana\/eu\/acto\/etika-gizarte-berrikuntza-eta-partekatutako-kudeaketa-jardunbide-egokiak\/"]}]},{"@type":"ImageObject","inLanguage":"es","@id":"https:\/\/www.euskalit.net\/semana\/eu\/acto\/etika-gizarte-berrikuntza-eta-partekatutako-kudeaketa-jardunbide-egokiak\/#primaryimage","url":"https:\/\/www.euskalit.net\/semana\/wp-content\/uploads\/2025\/07\/Organizadores-Gorabide.webp","contentUrl":"https:\/\/www.euskalit.net\/semana\/wp-content\/uploads\/2025\/07\/Organizadores-Gorabide.webp","width":720,"height":450},{"@type":"BreadcrumbList","@id":"https:\/\/www.euskalit.net\/semana\/eu\/acto\/etika-gizarte-berrikuntza-eta-partekatutako-kudeaketa-jardunbide-egokiak\/#breadcrumb","itemListElement":[{"@type":"ListItem","position":1,"name":"Portada","item":"https:\/\/www.euskalit.net\/semana\/"},{"@type":"ListItem","position":2,"name":"Etika, gizarte-berrikuntza eta partekatutako kudeaketa jardunbide egokiak"}]},{"@type":"WebSite","@id":"https:\/\/www.euskalit.net\/semana\/#website","url":"https:\/\/www.euskalit.net\/semana\/","name":"Semana Europea de la Gesti\u00f3n Avanzada","description":"Semana Europea de la Gesti\u00f3n Avanzada","publisher":{"@id":"https:\/\/www.euskalit.net\/semana\/#organization"},"potentialAction":[{"@type":"SearchAction","target":{"@type":"EntryPoint","urlTemplate":"https:\/\/www.euskalit.net\/semana\/?s={search_term_string}"},"query-input":{"@type":"PropertyValueSpecification","valueRequired":true,"valueName":"search_term_string"}}],"inLanguage":"es"},{"@type":"Organization","@id":"https:\/\/www.euskalit.net\/semana\/#organization","name":"Semana Europea de la Gesti\u00f3n Avanzada","url":"https:\/\/www.euskalit.net\/semana\/","logo":{"@type":"ImageObject","inLanguage":"es","@id":"https:\/\/www.euskalit.net\/semana\/#\/schema\/logo\/image\/","url":"https:\/\/www.euskalit.net\/semanawp-content\/uploads\/2025\/05\/logotipo-euskalit@3x.png","contentUrl":"https:\/\/www.euskalit.net\/semanawp-content\/uploads\/2025\/05\/logotipo-euskalit@3x.png","width":849,"height":201,"caption":"Semana Europea de la Gesti\u00f3n Avanzada"},"image":{"@id":"https:\/\/www.euskalit.net\/semana\/#\/schema\/logo\/image\/"}}]}},"_links":{"self":[{"href":"https:\/\/www.euskalit.net\/semana\/wp-json\/wp\/v2\/acto\/6662","targetHints":{"allow":["GET"]}}],"collection":[{"href":"https:\/\/www.euskalit.net\/semana\/wp-json\/wp\/v2\/acto"}],"about":[{"href":"https:\/\/www.euskalit.net\/semana\/wp-json\/wp\/v2\/types\/acto"}],"version-history":[{"count":8,"href":"https:\/\/www.euskalit.net\/semana\/wp-json\/wp\/v2\/acto\/6662\/revisions"}],"predecessor-version":[{"id":7567,"href":"https:\/\/www.euskalit.net\/semana\/wp-json\/wp\/v2\/acto\/6662\/revisions\/7567"}],"wp:featuredmedia":[{"embeddable":true,"href":"https:\/\/www.euskalit.net\/semana\/wp-json\/wp\/v2\/media\/6378"}],"wp:attachment":[{"href":"https:\/\/www.euskalit.net\/semana\/wp-json\/wp\/v2\/media?parent=6662"}],"wp:term":[{"taxonomy":"entidad-organizadora","embeddable":true,"href":"https:\/\/www.euskalit.net\/semana\/wp-json\/wp\/v2\/entidad-organizadora?post=6662"},{"taxonomy":"palabra-clave","embeddable":true,"href":"https:\/\/www.euskalit.net\/semana\/wp-json\/wp\/v2\/palabra-clave?post=6662"},{"taxonomy":"sector","embeddable":true,"href":"https:\/\/www.euskalit.net\/semana\/wp-json\/wp\/v2\/sector?post=6662"}],"curies":[{"name":"wp","href":"https:\/\/api.w.org\/{rel}","templated":true}]}}