{"id":6507,"date":"2025-10-21T11:23:23","date_gmt":"2025-10-21T09:23:23","guid":{"rendered":"https:\/\/www.euskalit.net\/semana\/?post_type=acto&#038;p=6507"},"modified":"2025-10-22T08:25:51","modified_gmt":"2025-10-22T06:25:51","slug":"igualdad-en-gestion-avanzada-herramientas-y-experiencias-ix","status":"publish","type":"acto","link":"https:\/\/www.euskalit.net\/semana\/acto\/igualdad-en-gestion-avanzada-herramientas-y-experiencias-ix\/","title":{"rendered":"Igualdad en Gesti\u00f3n Avanzada: herramientas y experiencias (IX)"},"content":{"rendered":"<h3><span style=\"color: #2e7d67;\">Elemento de la Gesti\u00f3n Avanzada<\/span><\/h3>\n<p>Estrategia (grupos de inter\u00e9s, procesos, modelo de negocio, modelo organizativo, Cuadro de mando integral, despliegue de objetivos&#8230;)<\/p>\n<h3><span style=\"color: #2e7d67;\">Contenido<\/span><\/h3>\n<p>EUSKALIT y Emakunde compartir\u00e1n su trabajo para impulsar la igualdad en la gesti\u00f3n avanzada, se impartir\u00e1 una ponencia sobre cultura de la transparencia salarial en las entidades y se presentar\u00e1n dos buenas pr\u00e1cticas de igualdad en la gesti\u00f3n.<\/p>\n<h3><span style=\"color: #2e7d67;\">Programa<\/span><\/h3>\n<p>9:00\u00a0 Recepci\u00f3n<\/p>\n<p>9:15 &#8211; 9:30\u00a0 Bienvenida<\/p>\n<ul>\n<li><strong>Miren Elgarresta Larrabide. <\/strong><em>Directora de Emakunde<\/em><\/li>\n<li><strong>Fernando Sierra Hern\u00e1ndez. <\/strong><em>Director de Euskalit<\/em><\/li>\n<\/ul>\n<p>9:30 &#8211; 9:45 \u00a0Acciones Euskalit 2025<\/p>\n<ul>\n<li><strong>Terese Garc\u00eda. <\/strong><em>Responsable de la alianza con Emakunde.<\/em><\/li>\n<\/ul>\n<p>9:45 &#8211; 10:45\u00a0 Transparencia retributiva. Claves para avanzar hacia una cultura para la igualdad.<\/p>\n<ul>\n<li><strong>\u00a0Beatriz Zafra Caram\u00e9. <\/strong><em>Experta en Auditor\u00eda Retributiva y Equidad Salarial | Consultora en Igualdad de G\u00e9nero | Formadora y Coach. \u00a0<\/em><\/li>\n<\/ul>\n<p>10:45-12:00\u00a0 Experiencias de igualdad en empresas en la Gesti\u00f3n Avanzada<\/p>\n<ul>\n<li><strong>Miguel Altuna<\/strong> Lanbide Heziketa: \u201cUna mirada consciente para construir un espacio atrayente para las mujeres en ramas industriales o steam en la formaci\u00f3n profesional p\u00fablica\u201d<\/li>\n<li><strong>Asociaci\u00f3n Goiztiri Elkartea<\/strong>: \u201cGoiztiri elkarguneak: formaci\u00f3n y encuentro de hombres usuarios y profesionales para repensar el modelo tradicional de\u00a0masculinidad\u201d<\/li>\n<\/ul>\n<p>12:00-12:30\u00a0 Cierre y CAF\u00c9<\/p>\n<h3><span style=\"color: #2e7d67;\">Enlace online<\/span><\/h3>\n<p><strong><span style=\"color: #000000;\"><a style=\"color: #000000;\" href=\"https:\/\/www.irekia.euskadi.eus\/\">https:\/\/www.irekia.euskadi.eus\/<\/a><\/span><\/strong><\/p>\n","protected":false},"featured_media":7326,"menu_order":0,"template":"","format":"standard","meta":{"_acf_changed":false,"footnotes":""},"entidad-organizadora":[],"palabra-clave":[],"sector":[],"class_list":["post-6507","acto","type-acto","status-publish","format-standard","has-post-thumbnail","hentry"],"acf":[],"yoast_head":"<!-- This site is optimized with the Yoast SEO plugin v26.0 - https:\/\/yoast.com\/wordpress\/plugins\/seo\/ -->\n<title>Igualdad en Gesti\u00f3n Avanzada: herramientas y experiencias (IX) - Semana Europea de la Gesti\u00f3n Avanzada<\/title>\n<meta name=\"robots\" content=\"index, follow, max-snippet:-1, max-image-preview:large, max-video-preview:-1\" \/>\n<link rel=\"canonical\" href=\"https:\/\/www.euskalit.net\/semana\/acto\/igualdad-en-gestion-avanzada-herramientas-y-experiencias-ix\/\" \/>\n<meta property=\"og:locale\" content=\"es_ES\" \/>\n<meta property=\"og:type\" content=\"article\" \/>\n<meta property=\"og:title\" content=\"Igualdad en Gesti\u00f3n Avanzada: herramientas y experiencias (IX) - Semana Europea de la Gesti\u00f3n Avanzada\" \/>\n<meta property=\"og:description\" content=\"Elemento de la Gesti\u00f3n Avanzada Estrategia (grupos de inter\u00e9s, procesos, modelo de negocio, modelo organizativo, Cuadro de mando integral, despliegue de objetivos&#8230;) Contenido EUSKALIT y Emakunde compartir\u00e1n su trabajo para impulsar la igualdad en la gesti\u00f3n avanzada, se impartir\u00e1 una ponencia sobre cultura de la transparencia salarial en las entidades y se presentar\u00e1n dos buenas\" \/>\n<meta property=\"og:url\" content=\"https:\/\/www.euskalit.net\/semana\/acto\/igualdad-en-gestion-avanzada-herramientas-y-experiencias-ix\/\" \/>\n<meta property=\"og:site_name\" content=\"Semana Europea de la Gesti\u00f3n Avanzada\" \/>\n<meta property=\"article:modified_time\" content=\"2025-10-22T06:25:51+00:00\" \/>\n<meta property=\"og:image\" content=\"https:\/\/www.euskalit.net\/semana\/wp-content\/uploads\/2025\/08\/Ema_Eus.jpg\" \/>\n\t<meta property=\"og:image:width\" content=\"393\" \/>\n\t<meta property=\"og:image:height\" content=\"188\" \/>\n\t<meta property=\"og:image:type\" content=\"image\/jpeg\" \/>\n<meta name=\"twitter:card\" content=\"summary_large_image\" \/>\n<meta name=\"twitter:label1\" content=\"Tiempo de lectura\" \/>\n\t<meta name=\"twitter:data1\" content=\"2 minutos\" \/>\n<script type=\"application\/ld+json\" class=\"yoast-schema-graph\">{\"@context\":\"https:\/\/schema.org\",\"@graph\":[{\"@type\":\"WebPage\",\"@id\":\"https:\/\/www.euskalit.net\/semana\/acto\/igualdad-en-gestion-avanzada-herramientas-y-experiencias-ix\/\",\"url\":\"https:\/\/www.euskalit.net\/semana\/acto\/igualdad-en-gestion-avanzada-herramientas-y-experiencias-ix\/\",\"name\":\"Igualdad en Gesti\u00f3n Avanzada: herramientas y experiencias (IX) - Semana Europea de la Gesti\u00f3n Avanzada\",\"isPartOf\":{\"@id\":\"https:\/\/www.euskalit.net\/semana\/#website\"},\"primaryImageOfPage\":{\"@id\":\"https:\/\/www.euskalit.net\/semana\/acto\/igualdad-en-gestion-avanzada-herramientas-y-experiencias-ix\/#primaryimage\"},\"image\":{\"@id\":\"https:\/\/www.euskalit.net\/semana\/acto\/igualdad-en-gestion-avanzada-herramientas-y-experiencias-ix\/#primaryimage\"},\"thumbnailUrl\":\"https:\/\/www.euskalit.net\/semana\/wp-content\/uploads\/2025\/08\/Ema_Eus.jpg\",\"datePublished\":\"2025-10-21T09:23:23+00:00\",\"dateModified\":\"2025-10-22T06:25:51+00:00\",\"breadcrumb\":{\"@id\":\"https:\/\/www.euskalit.net\/semana\/acto\/igualdad-en-gestion-avanzada-herramientas-y-experiencias-ix\/#breadcrumb\"},\"inLanguage\":\"es\",\"potentialAction\":[{\"@type\":\"ReadAction\",\"target\":[\"https:\/\/www.euskalit.net\/semana\/acto\/igualdad-en-gestion-avanzada-herramientas-y-experiencias-ix\/\"]}]},{\"@type\":\"ImageObject\",\"inLanguage\":\"es\",\"@id\":\"https:\/\/www.euskalit.net\/semana\/acto\/igualdad-en-gestion-avanzada-herramientas-y-experiencias-ix\/#primaryimage\",\"url\":\"https:\/\/www.euskalit.net\/semana\/wp-content\/uploads\/2025\/08\/Ema_Eus.jpg\",\"contentUrl\":\"https:\/\/www.euskalit.net\/semana\/wp-content\/uploads\/2025\/08\/Ema_Eus.jpg\",\"width\":393,\"height\":188},{\"@type\":\"BreadcrumbList\",\"@id\":\"https:\/\/www.euskalit.net\/semana\/acto\/igualdad-en-gestion-avanzada-herramientas-y-experiencias-ix\/#breadcrumb\",\"itemListElement\":[{\"@type\":\"ListItem\",\"position\":1,\"name\":\"Portada\",\"item\":\"https:\/\/www.euskalit.net\/semana\/\"},{\"@type\":\"ListItem\",\"position\":2,\"name\":\"Igualdad en Gesti\u00f3n Avanzada: herramientas y experiencias (IX)\"}]},{\"@type\":\"WebSite\",\"@id\":\"https:\/\/www.euskalit.net\/semana\/#website\",\"url\":\"https:\/\/www.euskalit.net\/semana\/\",\"name\":\"Semana Europea de la Gesti\u00f3n Avanzada\",\"description\":\"Semana Europea de la Gesti\u00f3n Avanzada\",\"publisher\":{\"@id\":\"https:\/\/www.euskalit.net\/semana\/#organization\"},\"potentialAction\":[{\"@type\":\"SearchAction\",\"target\":{\"@type\":\"EntryPoint\",\"urlTemplate\":\"https:\/\/www.euskalit.net\/semana\/?s={search_term_string}\"},\"query-input\":{\"@type\":\"PropertyValueSpecification\",\"valueRequired\":true,\"valueName\":\"search_term_string\"}}],\"inLanguage\":\"es\"},{\"@type\":\"Organization\",\"@id\":\"https:\/\/www.euskalit.net\/semana\/#organization\",\"name\":\"Semana Europea de la Gesti\u00f3n Avanzada\",\"url\":\"https:\/\/www.euskalit.net\/semana\/\",\"logo\":{\"@type\":\"ImageObject\",\"inLanguage\":\"es\",\"@id\":\"https:\/\/www.euskalit.net\/semana\/#\/schema\/logo\/image\/\",\"url\":\"https:\/\/www.euskalit.net\/semanawp-content\/uploads\/2025\/05\/logotipo-euskalit@3x.png\",\"contentUrl\":\"https:\/\/www.euskalit.net\/semanawp-content\/uploads\/2025\/05\/logotipo-euskalit@3x.png\",\"width\":849,\"height\":201,\"caption\":\"Semana Europea de la Gesti\u00f3n Avanzada\"},\"image\":{\"@id\":\"https:\/\/www.euskalit.net\/semana\/#\/schema\/logo\/image\/\"}}]}<\/script>\n<!-- \/ Yoast SEO plugin. -->","yoast_head_json":{"title":"Igualdad en Gesti\u00f3n Avanzada: herramientas y experiencias (IX) - Semana Europea de la Gesti\u00f3n Avanzada","robots":{"index":"index","follow":"follow","max-snippet":"max-snippet:-1","max-image-preview":"max-image-preview:large","max-video-preview":"max-video-preview:-1"},"canonical":"https:\/\/www.euskalit.net\/semana\/acto\/igualdad-en-gestion-avanzada-herramientas-y-experiencias-ix\/","og_locale":"es_ES","og_type":"article","og_title":"Igualdad en Gesti\u00f3n Avanzada: herramientas y experiencias (IX) - Semana Europea de la Gesti\u00f3n Avanzada","og_description":"Elemento de la Gesti\u00f3n Avanzada Estrategia (grupos de inter\u00e9s, procesos, modelo de negocio, modelo organizativo, Cuadro de mando integral, despliegue de objetivos&#8230;) Contenido EUSKALIT y Emakunde compartir\u00e1n su trabajo para impulsar la igualdad en la gesti\u00f3n avanzada, se impartir\u00e1 una ponencia sobre cultura de la transparencia salarial en las entidades y se presentar\u00e1n dos buenas","og_url":"https:\/\/www.euskalit.net\/semana\/acto\/igualdad-en-gestion-avanzada-herramientas-y-experiencias-ix\/","og_site_name":"Semana Europea de la Gesti\u00f3n Avanzada","article_modified_time":"2025-10-22T06:25:51+00:00","og_image":[{"width":393,"height":188,"url":"https:\/\/www.euskalit.net\/semana\/wp-content\/uploads\/2025\/08\/Ema_Eus.jpg","type":"image\/jpeg"}],"twitter_card":"summary_large_image","twitter_misc":{"Tiempo de lectura":"2 minutos"},"schema":{"@context":"https:\/\/schema.org","@graph":[{"@type":"WebPage","@id":"https:\/\/www.euskalit.net\/semana\/acto\/igualdad-en-gestion-avanzada-herramientas-y-experiencias-ix\/","url":"https:\/\/www.euskalit.net\/semana\/acto\/igualdad-en-gestion-avanzada-herramientas-y-experiencias-ix\/","name":"Igualdad en Gesti\u00f3n Avanzada: herramientas y experiencias (IX) - Semana Europea de la Gesti\u00f3n Avanzada","isPartOf":{"@id":"https:\/\/www.euskalit.net\/semana\/#website"},"primaryImageOfPage":{"@id":"https:\/\/www.euskalit.net\/semana\/acto\/igualdad-en-gestion-avanzada-herramientas-y-experiencias-ix\/#primaryimage"},"image":{"@id":"https:\/\/www.euskalit.net\/semana\/acto\/igualdad-en-gestion-avanzada-herramientas-y-experiencias-ix\/#primaryimage"},"thumbnailUrl":"https:\/\/www.euskalit.net\/semana\/wp-content\/uploads\/2025\/08\/Ema_Eus.jpg","datePublished":"2025-10-21T09:23:23+00:00","dateModified":"2025-10-22T06:25:51+00:00","breadcrumb":{"@id":"https:\/\/www.euskalit.net\/semana\/acto\/igualdad-en-gestion-avanzada-herramientas-y-experiencias-ix\/#breadcrumb"},"inLanguage":"es","potentialAction":[{"@type":"ReadAction","target":["https:\/\/www.euskalit.net\/semana\/acto\/igualdad-en-gestion-avanzada-herramientas-y-experiencias-ix\/"]}]},{"@type":"ImageObject","inLanguage":"es","@id":"https:\/\/www.euskalit.net\/semana\/acto\/igualdad-en-gestion-avanzada-herramientas-y-experiencias-ix\/#primaryimage","url":"https:\/\/www.euskalit.net\/semana\/wp-content\/uploads\/2025\/08\/Ema_Eus.jpg","contentUrl":"https:\/\/www.euskalit.net\/semana\/wp-content\/uploads\/2025\/08\/Ema_Eus.jpg","width":393,"height":188},{"@type":"BreadcrumbList","@id":"https:\/\/www.euskalit.net\/semana\/acto\/igualdad-en-gestion-avanzada-herramientas-y-experiencias-ix\/#breadcrumb","itemListElement":[{"@type":"ListItem","position":1,"name":"Portada","item":"https:\/\/www.euskalit.net\/semana\/"},{"@type":"ListItem","position":2,"name":"Igualdad en Gesti\u00f3n Avanzada: herramientas y experiencias (IX)"}]},{"@type":"WebSite","@id":"https:\/\/www.euskalit.net\/semana\/#website","url":"https:\/\/www.euskalit.net\/semana\/","name":"Semana Europea de la Gesti\u00f3n Avanzada","description":"Semana Europea de la Gesti\u00f3n Avanzada","publisher":{"@id":"https:\/\/www.euskalit.net\/semana\/#organization"},"potentialAction":[{"@type":"SearchAction","target":{"@type":"EntryPoint","urlTemplate":"https:\/\/www.euskalit.net\/semana\/?s={search_term_string}"},"query-input":{"@type":"PropertyValueSpecification","valueRequired":true,"valueName":"search_term_string"}}],"inLanguage":"es"},{"@type":"Organization","@id":"https:\/\/www.euskalit.net\/semana\/#organization","name":"Semana Europea de la Gesti\u00f3n Avanzada","url":"https:\/\/www.euskalit.net\/semana\/","logo":{"@type":"ImageObject","inLanguage":"es","@id":"https:\/\/www.euskalit.net\/semana\/#\/schema\/logo\/image\/","url":"https:\/\/www.euskalit.net\/semanawp-content\/uploads\/2025\/05\/logotipo-euskalit@3x.png","contentUrl":"https:\/\/www.euskalit.net\/semanawp-content\/uploads\/2025\/05\/logotipo-euskalit@3x.png","width":849,"height":201,"caption":"Semana Europea de la Gesti\u00f3n Avanzada"},"image":{"@id":"https:\/\/www.euskalit.net\/semana\/#\/schema\/logo\/image\/"}}]}},"_links":{"self":[{"href":"https:\/\/www.euskalit.net\/semana\/wp-json\/wp\/v2\/acto\/6507","targetHints":{"allow":["GET"]}}],"collection":[{"href":"https:\/\/www.euskalit.net\/semana\/wp-json\/wp\/v2\/acto"}],"about":[{"href":"https:\/\/www.euskalit.net\/semana\/wp-json\/wp\/v2\/types\/acto"}],"version-history":[{"count":20,"href":"https:\/\/www.euskalit.net\/semana\/wp-json\/wp\/v2\/acto\/6507\/revisions"}],"predecessor-version":[{"id":7582,"href":"https:\/\/www.euskalit.net\/semana\/wp-json\/wp\/v2\/acto\/6507\/revisions\/7582"}],"wp:featuredmedia":[{"embeddable":true,"href":"https:\/\/www.euskalit.net\/semana\/wp-json\/wp\/v2\/media\/7326"}],"wp:attachment":[{"href":"https:\/\/www.euskalit.net\/semana\/wp-json\/wp\/v2\/media?parent=6507"}],"wp:term":[{"taxonomy":"entidad-organizadora","embeddable":true,"href":"https:\/\/www.euskalit.net\/semana\/wp-json\/wp\/v2\/entidad-organizadora?post=6507"},{"taxonomy":"palabra-clave","embeddable":true,"href":"https:\/\/www.euskalit.net\/semana\/wp-json\/wp\/v2\/palabra-clave?post=6507"},{"taxonomy":"sector","embeddable":true,"href":"https:\/\/www.euskalit.net\/semana\/wp-json\/wp\/v2\/sector?post=6507"}],"curies":[{"name":"wp","href":"https:\/\/api.w.org\/{rel}","templated":true}]}}