{"id":6505,"date":"2025-10-21T08:30:44","date_gmt":"2025-10-21T06:30:44","guid":{"rendered":"https:\/\/www.euskalit.net\/semana\/?post_type=acto&#038;p=6505"},"modified":"2025-10-22T08:25:55","modified_gmt":"2025-10-22T06:25:55","slug":"el-impacto-de-la-ia-en-los-servicios-tecnologicos","status":"publish","type":"acto","link":"https:\/\/www.euskalit.net\/semana\/acto\/el-impacto-de-la-ia-en-los-servicios-tecnologicos\/","title":{"rendered":"El impacto de la IA en los servicios tecnol\u00f3gicos"},"content":{"rendered":"<h3><span style=\"color: #2e7d67;\">Elemento de la Gesti\u00f3n Avanzada<\/span><\/h3>\n<p>Innovaci\u00f3n (Desarrollo de nuevas ideas y negocios, I+D, vigilancia tecnol\u00f3gica&#8230;)<\/p>\n<h3><span style=\"color: #2e7d67;\">Contenido<\/span><\/h3>\n<p>Ejemplos de retos y oportunidades en la incorporaci\u00f3n de la IA en los servicios tecnol\u00f3gicos.<\/p>\n<h3><span style=\"color: #2e7d67;\">Programa<\/span><\/h3>\n<div class=\"x_elementToProof\" data-olk-copy-source=\"MessageBody\">\u00b7\u00a0<b>AI Act: el futuro presente de la regulaci\u00f3n de la IA en Europa<\/b>. Enrique Morey \u2013 Thales S21sec Espa\u00f1a.<\/div>\n<div class=\"x_elementToProof\" data-olk-copy-source=\"MessageBody\">El AI Act introduce un marco pionero basado en el riesgo para garantizar un uso seguro y responsable de la inteligencia artificial.<\/div>\n<div data-olk-copy-source=\"MessageBody\"><\/div>\n<div class=\"x_elementToProof\">\u00b7\u00a0<b>\u00bf\u00c1rbol o flotador?\u00a0<\/b>Agust\u00edn Moyano D\u00edaz \u2013 EJIE, S.A.<\/div>\n<div class=\"x_elementToProof\">Evoluci\u00f3n del marco regulatorio y los medios de cumplimiento. Presentaci\u00f3n de experiencias reales en EJIE.<\/div>\n<div><\/div>\n<div class=\"x_elementToProof\">\u00b7\u00a0<b>IA y servicios: c\u00f3mo la inteligencia artificial est\u00e1 transformando la consultor\u00eda.\u00a0<\/b>M\u00f3nica Andr\u00e9s Ramos \u2013 4set Talent &amp; Technology.<\/div>\n<div class=\"x_elementToProof\">La IA no sustituye el talento humano, lo potencia. Un aliado que nos ayuda a trabajar mejor, m\u00e1s r\u00e1pido y con menos estr\u00e9s.<\/div>\n<div><\/div>\n<div class=\"x_elementToProof\">\u00b7\u00a0<b>Sistema multiagente conversacional para la gesti\u00f3n del absentismo<\/b>. Agust\u00edn Bengoetxea, Daniel Mart\u00edn &amp; Javier Monasterio \u2013 Conasa.<\/div>\n<div class=\"x_elementToProof\">Plataforma de automatizaci\u00f3n que integra WhatsApp con plataforma de RRHH mediante agentes conversacionales especializados.<\/div>\n","protected":false},"featured_media":6374,"menu_order":0,"template":"","format":"standard","meta":{"_acf_changed":false,"footnotes":""},"entidad-organizadora":[],"palabra-clave":[],"sector":[],"class_list":["post-6505","acto","type-acto","status-publish","format-standard","has-post-thumbnail","hentry"],"acf":[],"yoast_head":"<!-- This site is optimized with the Yoast SEO plugin v26.0 - https:\/\/yoast.com\/wordpress\/plugins\/seo\/ -->\n<title>El impacto de la IA en los servicios tecnol\u00f3gicos - Semana Europea de la Gesti\u00f3n Avanzada<\/title>\n<meta name=\"robots\" content=\"index, follow, max-snippet:-1, max-image-preview:large, max-video-preview:-1\" \/>\n<link rel=\"canonical\" href=\"https:\/\/www.euskalit.net\/semana\/acto\/el-impacto-de-la-ia-en-los-servicios-tecnologicos\/\" \/>\n<meta property=\"og:locale\" content=\"es_ES\" \/>\n<meta property=\"og:type\" content=\"article\" \/>\n<meta property=\"og:title\" content=\"El impacto de la IA en los servicios tecnol\u00f3gicos - Semana Europea de la Gesti\u00f3n Avanzada\" \/>\n<meta property=\"og:description\" content=\"Elemento de la Gesti\u00f3n Avanzada Innovaci\u00f3n (Desarrollo de nuevas ideas y negocios, I+D, vigilancia tecnol\u00f3gica&#8230;) Contenido Ejemplos de retos y oportunidades en la incorporaci\u00f3n de la IA en los servicios tecnol\u00f3gicos. Programa \u00b7\u00a0AI Act: el futuro presente de la regulaci\u00f3n de la IA en Europa. Enrique Morey \u2013 Thales S21sec Espa\u00f1a. El AI Act introduce\" \/>\n<meta property=\"og:url\" content=\"https:\/\/www.euskalit.net\/semana\/acto\/el-impacto-de-la-ia-en-los-servicios-tecnologicos\/\" \/>\n<meta property=\"og:site_name\" content=\"Semana Europea de la Gesti\u00f3n Avanzada\" \/>\n<meta property=\"article:modified_time\" content=\"2025-10-22T06:25:55+00:00\" \/>\n<meta property=\"og:image\" content=\"https:\/\/www.euskalit.net\/semana\/wp-content\/uploads\/2025\/07\/Organizadores-Euskal-IT.webp\" \/>\n\t<meta property=\"og:image:width\" content=\"720\" \/>\n\t<meta property=\"og:image:height\" content=\"450\" \/>\n\t<meta property=\"og:image:type\" content=\"image\/webp\" \/>\n<meta name=\"twitter:card\" content=\"summary_large_image\" \/>\n<meta name=\"twitter:label1\" content=\"Tiempo de lectura\" \/>\n\t<meta name=\"twitter:data1\" content=\"1 minuto\" \/>\n<script type=\"application\/ld+json\" class=\"yoast-schema-graph\">{\"@context\":\"https:\/\/schema.org\",\"@graph\":[{\"@type\":\"WebPage\",\"@id\":\"https:\/\/www.euskalit.net\/semana\/acto\/el-impacto-de-la-ia-en-los-servicios-tecnologicos\/\",\"url\":\"https:\/\/www.euskalit.net\/semana\/acto\/el-impacto-de-la-ia-en-los-servicios-tecnologicos\/\",\"name\":\"El impacto de la IA en los servicios tecnol\u00f3gicos - Semana Europea de la Gesti\u00f3n Avanzada\",\"isPartOf\":{\"@id\":\"https:\/\/www.euskalit.net\/semana\/#website\"},\"primaryImageOfPage\":{\"@id\":\"https:\/\/www.euskalit.net\/semana\/acto\/el-impacto-de-la-ia-en-los-servicios-tecnologicos\/#primaryimage\"},\"image\":{\"@id\":\"https:\/\/www.euskalit.net\/semana\/acto\/el-impacto-de-la-ia-en-los-servicios-tecnologicos\/#primaryimage\"},\"thumbnailUrl\":\"https:\/\/www.euskalit.net\/semana\/wp-content\/uploads\/2025\/07\/Organizadores-Euskal-IT.webp\",\"datePublished\":\"2025-10-21T06:30:44+00:00\",\"dateModified\":\"2025-10-22T06:25:55+00:00\",\"breadcrumb\":{\"@id\":\"https:\/\/www.euskalit.net\/semana\/acto\/el-impacto-de-la-ia-en-los-servicios-tecnologicos\/#breadcrumb\"},\"inLanguage\":\"es\",\"potentialAction\":[{\"@type\":\"ReadAction\",\"target\":[\"https:\/\/www.euskalit.net\/semana\/acto\/el-impacto-de-la-ia-en-los-servicios-tecnologicos\/\"]}]},{\"@type\":\"ImageObject\",\"inLanguage\":\"es\",\"@id\":\"https:\/\/www.euskalit.net\/semana\/acto\/el-impacto-de-la-ia-en-los-servicios-tecnologicos\/#primaryimage\",\"url\":\"https:\/\/www.euskalit.net\/semana\/wp-content\/uploads\/2025\/07\/Organizadores-Euskal-IT.webp\",\"contentUrl\":\"https:\/\/www.euskalit.net\/semana\/wp-content\/uploads\/2025\/07\/Organizadores-Euskal-IT.webp\",\"width\":720,\"height\":450},{\"@type\":\"BreadcrumbList\",\"@id\":\"https:\/\/www.euskalit.net\/semana\/acto\/el-impacto-de-la-ia-en-los-servicios-tecnologicos\/#breadcrumb\",\"itemListElement\":[{\"@type\":\"ListItem\",\"position\":1,\"name\":\"Portada\",\"item\":\"https:\/\/www.euskalit.net\/semana\/\"},{\"@type\":\"ListItem\",\"position\":2,\"name\":\"El impacto de la IA en los servicios tecnol\u00f3gicos\"}]},{\"@type\":\"WebSite\",\"@id\":\"https:\/\/www.euskalit.net\/semana\/#website\",\"url\":\"https:\/\/www.euskalit.net\/semana\/\",\"name\":\"Semana Europea de la Gesti\u00f3n Avanzada\",\"description\":\"Semana Europea de la Gesti\u00f3n Avanzada\",\"publisher\":{\"@id\":\"https:\/\/www.euskalit.net\/semana\/#organization\"},\"potentialAction\":[{\"@type\":\"SearchAction\",\"target\":{\"@type\":\"EntryPoint\",\"urlTemplate\":\"https:\/\/www.euskalit.net\/semana\/?s={search_term_string}\"},\"query-input\":{\"@type\":\"PropertyValueSpecification\",\"valueRequired\":true,\"valueName\":\"search_term_string\"}}],\"inLanguage\":\"es\"},{\"@type\":\"Organization\",\"@id\":\"https:\/\/www.euskalit.net\/semana\/#organization\",\"name\":\"Semana Europea de la Gesti\u00f3n Avanzada\",\"url\":\"https:\/\/www.euskalit.net\/semana\/\",\"logo\":{\"@type\":\"ImageObject\",\"inLanguage\":\"es\",\"@id\":\"https:\/\/www.euskalit.net\/semana\/#\/schema\/logo\/image\/\",\"url\":\"https:\/\/www.euskalit.net\/semanawp-content\/uploads\/2025\/05\/logotipo-euskalit@3x.png\",\"contentUrl\":\"https:\/\/www.euskalit.net\/semanawp-content\/uploads\/2025\/05\/logotipo-euskalit@3x.png\",\"width\":849,\"height\":201,\"caption\":\"Semana Europea de la Gesti\u00f3n Avanzada\"},\"image\":{\"@id\":\"https:\/\/www.euskalit.net\/semana\/#\/schema\/logo\/image\/\"}}]}<\/script>\n<!-- \/ Yoast SEO plugin. -->","yoast_head_json":{"title":"El impacto de la IA en los servicios tecnol\u00f3gicos - Semana Europea de la Gesti\u00f3n Avanzada","robots":{"index":"index","follow":"follow","max-snippet":"max-snippet:-1","max-image-preview":"max-image-preview:large","max-video-preview":"max-video-preview:-1"},"canonical":"https:\/\/www.euskalit.net\/semana\/acto\/el-impacto-de-la-ia-en-los-servicios-tecnologicos\/","og_locale":"es_ES","og_type":"article","og_title":"El impacto de la IA en los servicios tecnol\u00f3gicos - Semana Europea de la Gesti\u00f3n Avanzada","og_description":"Elemento de la Gesti\u00f3n Avanzada Innovaci\u00f3n (Desarrollo de nuevas ideas y negocios, I+D, vigilancia tecnol\u00f3gica&#8230;) Contenido Ejemplos de retos y oportunidades en la incorporaci\u00f3n de la IA en los servicios tecnol\u00f3gicos. Programa \u00b7\u00a0AI Act: el futuro presente de la regulaci\u00f3n de la IA en Europa. Enrique Morey \u2013 Thales S21sec Espa\u00f1a. El AI Act introduce","og_url":"https:\/\/www.euskalit.net\/semana\/acto\/el-impacto-de-la-ia-en-los-servicios-tecnologicos\/","og_site_name":"Semana Europea de la Gesti\u00f3n Avanzada","article_modified_time":"2025-10-22T06:25:55+00:00","og_image":[{"width":720,"height":450,"url":"https:\/\/www.euskalit.net\/semana\/wp-content\/uploads\/2025\/07\/Organizadores-Euskal-IT.webp","type":"image\/webp"}],"twitter_card":"summary_large_image","twitter_misc":{"Tiempo de lectura":"1 minuto"},"schema":{"@context":"https:\/\/schema.org","@graph":[{"@type":"WebPage","@id":"https:\/\/www.euskalit.net\/semana\/acto\/el-impacto-de-la-ia-en-los-servicios-tecnologicos\/","url":"https:\/\/www.euskalit.net\/semana\/acto\/el-impacto-de-la-ia-en-los-servicios-tecnologicos\/","name":"El impacto de la IA en los servicios tecnol\u00f3gicos - Semana Europea de la Gesti\u00f3n Avanzada","isPartOf":{"@id":"https:\/\/www.euskalit.net\/semana\/#website"},"primaryImageOfPage":{"@id":"https:\/\/www.euskalit.net\/semana\/acto\/el-impacto-de-la-ia-en-los-servicios-tecnologicos\/#primaryimage"},"image":{"@id":"https:\/\/www.euskalit.net\/semana\/acto\/el-impacto-de-la-ia-en-los-servicios-tecnologicos\/#primaryimage"},"thumbnailUrl":"https:\/\/www.euskalit.net\/semana\/wp-content\/uploads\/2025\/07\/Organizadores-Euskal-IT.webp","datePublished":"2025-10-21T06:30:44+00:00","dateModified":"2025-10-22T06:25:55+00:00","breadcrumb":{"@id":"https:\/\/www.euskalit.net\/semana\/acto\/el-impacto-de-la-ia-en-los-servicios-tecnologicos\/#breadcrumb"},"inLanguage":"es","potentialAction":[{"@type":"ReadAction","target":["https:\/\/www.euskalit.net\/semana\/acto\/el-impacto-de-la-ia-en-los-servicios-tecnologicos\/"]}]},{"@type":"ImageObject","inLanguage":"es","@id":"https:\/\/www.euskalit.net\/semana\/acto\/el-impacto-de-la-ia-en-los-servicios-tecnologicos\/#primaryimage","url":"https:\/\/www.euskalit.net\/semana\/wp-content\/uploads\/2025\/07\/Organizadores-Euskal-IT.webp","contentUrl":"https:\/\/www.euskalit.net\/semana\/wp-content\/uploads\/2025\/07\/Organizadores-Euskal-IT.webp","width":720,"height":450},{"@type":"BreadcrumbList","@id":"https:\/\/www.euskalit.net\/semana\/acto\/el-impacto-de-la-ia-en-los-servicios-tecnologicos\/#breadcrumb","itemListElement":[{"@type":"ListItem","position":1,"name":"Portada","item":"https:\/\/www.euskalit.net\/semana\/"},{"@type":"ListItem","position":2,"name":"El impacto de la IA en los servicios tecnol\u00f3gicos"}]},{"@type":"WebSite","@id":"https:\/\/www.euskalit.net\/semana\/#website","url":"https:\/\/www.euskalit.net\/semana\/","name":"Semana Europea de la Gesti\u00f3n Avanzada","description":"Semana Europea de la Gesti\u00f3n Avanzada","publisher":{"@id":"https:\/\/www.euskalit.net\/semana\/#organization"},"potentialAction":[{"@type":"SearchAction","target":{"@type":"EntryPoint","urlTemplate":"https:\/\/www.euskalit.net\/semana\/?s={search_term_string}"},"query-input":{"@type":"PropertyValueSpecification","valueRequired":true,"valueName":"search_term_string"}}],"inLanguage":"es"},{"@type":"Organization","@id":"https:\/\/www.euskalit.net\/semana\/#organization","name":"Semana Europea de la Gesti\u00f3n Avanzada","url":"https:\/\/www.euskalit.net\/semana\/","logo":{"@type":"ImageObject","inLanguage":"es","@id":"https:\/\/www.euskalit.net\/semana\/#\/schema\/logo\/image\/","url":"https:\/\/www.euskalit.net\/semanawp-content\/uploads\/2025\/05\/logotipo-euskalit@3x.png","contentUrl":"https:\/\/www.euskalit.net\/semanawp-content\/uploads\/2025\/05\/logotipo-euskalit@3x.png","width":849,"height":201,"caption":"Semana Europea de la Gesti\u00f3n Avanzada"},"image":{"@id":"https:\/\/www.euskalit.net\/semana\/#\/schema\/logo\/image\/"}}]}},"_links":{"self":[{"href":"https:\/\/www.euskalit.net\/semana\/wp-json\/wp\/v2\/acto\/6505","targetHints":{"allow":["GET"]}}],"collection":[{"href":"https:\/\/www.euskalit.net\/semana\/wp-json\/wp\/v2\/acto"}],"about":[{"href":"https:\/\/www.euskalit.net\/semana\/wp-json\/wp\/v2\/types\/acto"}],"version-history":[{"count":10,"href":"https:\/\/www.euskalit.net\/semana\/wp-json\/wp\/v2\/acto\/6505\/revisions"}],"predecessor-version":[{"id":7402,"href":"https:\/\/www.euskalit.net\/semana\/wp-json\/wp\/v2\/acto\/6505\/revisions\/7402"}],"wp:featuredmedia":[{"embeddable":true,"href":"https:\/\/www.euskalit.net\/semana\/wp-json\/wp\/v2\/media\/6374"}],"wp:attachment":[{"href":"https:\/\/www.euskalit.net\/semana\/wp-json\/wp\/v2\/media?parent=6505"}],"wp:term":[{"taxonomy":"entidad-organizadora","embeddable":true,"href":"https:\/\/www.euskalit.net\/semana\/wp-json\/wp\/v2\/entidad-organizadora?post=6505"},{"taxonomy":"palabra-clave","embeddable":true,"href":"https:\/\/www.euskalit.net\/semana\/wp-json\/wp\/v2\/palabra-clave?post=6505"},{"taxonomy":"sector","embeddable":true,"href":"https:\/\/www.euskalit.net\/semana\/wp-json\/wp\/v2\/sector?post=6505"}],"curies":[{"name":"wp","href":"https:\/\/api.w.org\/{rel}","templated":true}]}}