{"id":6489,"date":"2025-10-16T16:12:09","date_gmt":"2025-10-16T14:12:09","guid":{"rendered":"https:\/\/www.euskalit.net\/semana\/?post_type=acto&#038;p=6489"},"modified":"2025-10-17T08:50:44","modified_gmt":"2025-10-17T06:50:44","slug":"etica-innovacion-social-y-buenas-practicas-de-gestion-compartidas","status":"publish","type":"acto","link":"https:\/\/www.euskalit.net\/semana\/acto\/etica-innovacion-social-y-buenas-practicas-de-gestion-compartidas\/","title":{"rendered":"\u00c9tica, innovaci\u00f3n social y buenas pr\u00e1cticas de gesti\u00f3n compartidas"},"content":{"rendered":"<h3><span style=\"color: #2e7d67;\">Elemento de la Gesti\u00f3n Avanzada<\/span><\/h3>\n<p>Clientes (satisfacci\u00f3n, segmentaci\u00f3n, producci\u00f3n y distribuci\u00f3n, metodolog\u00edas de mejora como las 5S, lean manufacturing, gesti\u00f3n de proveedores, certificaciones&#8230;)<\/p>\n<h3><span style=\"color: #2e7d67;\">Descripci\u00f3n del acto<\/span><\/h3>\n<p>Gorabide presentar\u00e1 tres ejes clave que definen su cultura organizativa avanzada: la \u00e9tica como marco para decisiones compartidas y responsables; la innovaci\u00f3n como motor para transformar servicios desde las necesidades reales de las personas con discapacidad intelectual y sus familias; y un conjunto de buenas pr\u00e1cticas consolidadas que promueven inclusi\u00f3n, bienestar y participaci\u00f3n activa. Se compartir\u00e1n ejemplos concretos y aprendizajes transferibles, alineados con los principios de la gesti\u00f3n avanzada, la calidad de vida y el compromiso social. La jornada pretende inspirar y movilizar hacia culturas organizativas s\u00f3lidas, con prop\u00f3sito y centradas en las personas.<\/p>\n<h3><span style=\"color: #2e7d67;\">Programa<\/span><\/h3>\n<div class=\"elementToProof\"><b>09:30 &#8211; 09:50 &#8211; Bienvenida y apertura<\/b><\/div>\n<ul>\n<li>Txema Franco Barroso, director gerente de Gorabide.<\/li>\n<li>Jos\u00e9 Antonio Bara\u00f1ano Azula, director general para la promoci\u00f3n de la autonom\u00eda personal, Diputaci\u00f3n Foral de Bizkaia.<\/li>\n<\/ul>\n<div class=\"elementToProof\"><b>09:50 &#8211; 10:25 &#8211; Proyecto de Grupo de Reflexi\u00f3n \u00c9tica en Gorabide<\/b><\/div>\n<ul>\n<li>Diana Cabezas G\u00f3mez, directora del \u00c1rea de Orientaci\u00f3n y Apoyo T\u00e9cnico.<\/li>\n<li>Jos\u00e9 F\u00e9lix Renteria Mendaza, coordinador de atenci\u00f3n directa y personal del Servicio de Viviendas.<\/li>\n<\/ul>\n<div class=\"elementToProof\"><b>10:25 &#8211; 11:00 &#8211; Innovar para avanzar<\/b><\/div>\n<ul>\n<li>Txema Franco Barroso, director gerente.<\/li>\n<\/ul>\n<div class=\"elementToProof\"><b>11:00 &#8211; 12:50<\/b><\/div>\n<ul>\n<li><b>Buenas pr\u00e1cticas de gesti\u00f3n: Gorabiltegi, contexto y proyecto<\/b>\n<ul>\n<li>Mirko Gerolin, t\u00e9cnico en gesti\u00f3n avanzada y requerimientos normativos.<\/li>\n<\/ul>\n<\/li>\n<li><b>Durangoko komunitatean parte hartzea<\/b>\n<ul>\n<li>Alexander S\u00e1nchez Garc\u00eda, usuario del CAD Errota.<\/li>\n<li>Aritz Mitxelena Larrazabal, profesional de atenci\u00f3n directa.<\/li>\n<li>Ainhoa Loizate Uribarrena, profesional de atenci\u00f3n directa.<\/li>\n<li>M\u00f3nica Romero Puente, directora del Servicio de CAD.<\/li>\n<\/ul>\n<\/li>\n<li><b>Comunicaci\u00f3n digital en el proceso de gesti\u00f3n del voluntariado<\/b>\n<ul>\n<li>Mar\u00eda Jes\u00fas Herrero Brand\u00edn, responsible de \u00c1rea de Ocio y Participaci\u00f3n Social.<\/li>\n<li>Laura Cabezas G\u00f3mez, directora del \u00c1rea de Ocio y Participaci\u00f3n Social.<\/li>\n<\/ul>\n<\/li>\n<li><b>Apoyo estructurado para la adaptaci\u00f3n de nuevas personas usuarias<\/b>\n<ul>\n<li>Mar\u00eda Eugenia Etxanobe Arregi, profesional de atenci\u00f3n directa.<\/li>\n<li>Marta Francisco Rodr\u00edguez, coordinadora de atenci\u00f3n directa y personal.<\/li>\n<li>Lur Gaona Rodr\u00edguez, directora de la Residencia Atxarte.<\/li>\n<\/ul>\n<\/li>\n<li><b>Se acab\u00f3 viajar sola y actividades interviviendas<\/b>\n<ul>\n<li>M\u00f3nica Ramos Reina, coordinadora de atenci\u00f3n directa y personal.<\/li>\n<li>Idoia Odiaga Salvador, coordinadora de atenci\u00f3n directa y personal.<\/li>\n<li>Bego\u00f1a M\u00fagica Irula, usuaria del Servicio de Viviendas.<\/li>\n<li>Javier Eguia Azpiri, usuario del Servicio de Viviendas.<\/li>\n<li>Javier Ortega Sanz, usuario del Servicio de Viviendas.<\/li>\n<\/ul>\n<\/li>\n<\/ul>\n<div class=\"elementToProof\"><b>12:50 &#8211; 13:05 &#8211; Cierre institucional<\/b><\/div>\n<ul>\n<li>Valeria Garcia-Landarte Puertas, directora gerente de Fevas Plena Inclusi\u00f3n Euskadi.<\/li>\n<\/ul>\n<div class=\"elementToProof\"><b>13:05 &#8211; Pintxopote<\/b><\/div>\n","protected":false},"featured_media":6378,"menu_order":0,"template":"","format":"standard","meta":{"_acf_changed":false,"footnotes":""},"entidad-organizadora":[],"palabra-clave":[],"sector":[],"class_list":["post-6489","acto","type-acto","status-publish","format-standard","has-post-thumbnail","hentry"],"acf":[],"yoast_head":"<!-- This site is optimized with the Yoast SEO plugin v26.0 - https:\/\/yoast.com\/wordpress\/plugins\/seo\/ -->\n<title>\u00c9tica, innovaci\u00f3n social y buenas pr\u00e1cticas de gesti\u00f3n compartidas - Semana Europea de la Gesti\u00f3n Avanzada<\/title>\n<meta name=\"robots\" content=\"index, follow, max-snippet:-1, max-image-preview:large, max-video-preview:-1\" \/>\n<link rel=\"canonical\" href=\"https:\/\/www.euskalit.net\/semana\/acto\/etica-innovacion-social-y-buenas-practicas-de-gestion-compartidas\/\" \/>\n<meta property=\"og:locale\" content=\"es_ES\" \/>\n<meta property=\"og:type\" content=\"article\" \/>\n<meta property=\"og:title\" content=\"\u00c9tica, innovaci\u00f3n social y buenas pr\u00e1cticas de gesti\u00f3n compartidas - Semana Europea de la Gesti\u00f3n Avanzada\" \/>\n<meta property=\"og:description\" content=\"Elemento de la Gesti\u00f3n Avanzada Clientes (satisfacci\u00f3n, segmentaci\u00f3n, producci\u00f3n y distribuci\u00f3n, metodolog\u00edas de mejora como las 5S, lean manufacturing, gesti\u00f3n de proveedores, certificaciones&#8230;) Descripci\u00f3n del acto Gorabide presentar\u00e1 tres ejes clave que definen su cultura organizativa avanzada: la \u00e9tica como marco para decisiones compartidas y responsables; la innovaci\u00f3n como motor para transformar servicios desde las\" \/>\n<meta property=\"og:url\" content=\"https:\/\/www.euskalit.net\/semana\/acto\/etica-innovacion-social-y-buenas-practicas-de-gestion-compartidas\/\" \/>\n<meta property=\"og:site_name\" content=\"Semana Europea de la Gesti\u00f3n Avanzada\" \/>\n<meta property=\"article:modified_time\" content=\"2025-10-17T06:50:44+00:00\" \/>\n<meta property=\"og:image\" content=\"https:\/\/www.euskalit.net\/semana\/wp-content\/uploads\/2025\/07\/Organizadores-Gorabide.webp\" \/>\n\t<meta property=\"og:image:width\" content=\"720\" \/>\n\t<meta property=\"og:image:height\" content=\"450\" \/>\n\t<meta property=\"og:image:type\" content=\"image\/webp\" \/>\n<meta name=\"twitter:card\" content=\"summary_large_image\" \/>\n<meta name=\"twitter:label1\" content=\"Tiempo de lectura\" \/>\n\t<meta name=\"twitter:data1\" content=\"2 minutos\" \/>\n<script type=\"application\/ld+json\" class=\"yoast-schema-graph\">{\"@context\":\"https:\/\/schema.org\",\"@graph\":[{\"@type\":\"WebPage\",\"@id\":\"https:\/\/www.euskalit.net\/semana\/acto\/etica-innovacion-social-y-buenas-practicas-de-gestion-compartidas\/\",\"url\":\"https:\/\/www.euskalit.net\/semana\/acto\/etica-innovacion-social-y-buenas-practicas-de-gestion-compartidas\/\",\"name\":\"\u00c9tica, innovaci\u00f3n social y buenas pr\u00e1cticas de gesti\u00f3n compartidas - Semana Europea de la Gesti\u00f3n Avanzada\",\"isPartOf\":{\"@id\":\"https:\/\/www.euskalit.net\/semana\/#website\"},\"primaryImageOfPage\":{\"@id\":\"https:\/\/www.euskalit.net\/semana\/acto\/etica-innovacion-social-y-buenas-practicas-de-gestion-compartidas\/#primaryimage\"},\"image\":{\"@id\":\"https:\/\/www.euskalit.net\/semana\/acto\/etica-innovacion-social-y-buenas-practicas-de-gestion-compartidas\/#primaryimage\"},\"thumbnailUrl\":\"https:\/\/www.euskalit.net\/semana\/wp-content\/uploads\/2025\/07\/Organizadores-Gorabide.webp\",\"datePublished\":\"2025-10-16T14:12:09+00:00\",\"dateModified\":\"2025-10-17T06:50:44+00:00\",\"breadcrumb\":{\"@id\":\"https:\/\/www.euskalit.net\/semana\/acto\/etica-innovacion-social-y-buenas-practicas-de-gestion-compartidas\/#breadcrumb\"},\"inLanguage\":\"es\",\"potentialAction\":[{\"@type\":\"ReadAction\",\"target\":[\"https:\/\/www.euskalit.net\/semana\/acto\/etica-innovacion-social-y-buenas-practicas-de-gestion-compartidas\/\"]}]},{\"@type\":\"ImageObject\",\"inLanguage\":\"es\",\"@id\":\"https:\/\/www.euskalit.net\/semana\/acto\/etica-innovacion-social-y-buenas-practicas-de-gestion-compartidas\/#primaryimage\",\"url\":\"https:\/\/www.euskalit.net\/semana\/wp-content\/uploads\/2025\/07\/Organizadores-Gorabide.webp\",\"contentUrl\":\"https:\/\/www.euskalit.net\/semana\/wp-content\/uploads\/2025\/07\/Organizadores-Gorabide.webp\",\"width\":720,\"height\":450},{\"@type\":\"BreadcrumbList\",\"@id\":\"https:\/\/www.euskalit.net\/semana\/acto\/etica-innovacion-social-y-buenas-practicas-de-gestion-compartidas\/#breadcrumb\",\"itemListElement\":[{\"@type\":\"ListItem\",\"position\":1,\"name\":\"Portada\",\"item\":\"https:\/\/www.euskalit.net\/semana\/\"},{\"@type\":\"ListItem\",\"position\":2,\"name\":\"\u00c9tica, innovaci\u00f3n social y buenas pr\u00e1cticas de gesti\u00f3n compartidas\"}]},{\"@type\":\"WebSite\",\"@id\":\"https:\/\/www.euskalit.net\/semana\/#website\",\"url\":\"https:\/\/www.euskalit.net\/semana\/\",\"name\":\"Semana Europea de la Gesti\u00f3n Avanzada\",\"description\":\"Semana Europea de la Gesti\u00f3n Avanzada\",\"publisher\":{\"@id\":\"https:\/\/www.euskalit.net\/semana\/#organization\"},\"potentialAction\":[{\"@type\":\"SearchAction\",\"target\":{\"@type\":\"EntryPoint\",\"urlTemplate\":\"https:\/\/www.euskalit.net\/semana\/?s={search_term_string}\"},\"query-input\":{\"@type\":\"PropertyValueSpecification\",\"valueRequired\":true,\"valueName\":\"search_term_string\"}}],\"inLanguage\":\"es\"},{\"@type\":\"Organization\",\"@id\":\"https:\/\/www.euskalit.net\/semana\/#organization\",\"name\":\"Semana Europea de la Gesti\u00f3n Avanzada\",\"url\":\"https:\/\/www.euskalit.net\/semana\/\",\"logo\":{\"@type\":\"ImageObject\",\"inLanguage\":\"es\",\"@id\":\"https:\/\/www.euskalit.net\/semana\/#\/schema\/logo\/image\/\",\"url\":\"https:\/\/www.euskalit.net\/semanawp-content\/uploads\/2025\/05\/logotipo-euskalit@3x.png\",\"contentUrl\":\"https:\/\/www.euskalit.net\/semanawp-content\/uploads\/2025\/05\/logotipo-euskalit@3x.png\",\"width\":849,\"height\":201,\"caption\":\"Semana Europea de la Gesti\u00f3n Avanzada\"},\"image\":{\"@id\":\"https:\/\/www.euskalit.net\/semana\/#\/schema\/logo\/image\/\"}}]}<\/script>\n<!-- \/ Yoast SEO plugin. -->","yoast_head_json":{"title":"\u00c9tica, innovaci\u00f3n social y buenas pr\u00e1cticas de gesti\u00f3n compartidas - Semana Europea de la Gesti\u00f3n Avanzada","robots":{"index":"index","follow":"follow","max-snippet":"max-snippet:-1","max-image-preview":"max-image-preview:large","max-video-preview":"max-video-preview:-1"},"canonical":"https:\/\/www.euskalit.net\/semana\/acto\/etica-innovacion-social-y-buenas-practicas-de-gestion-compartidas\/","og_locale":"es_ES","og_type":"article","og_title":"\u00c9tica, innovaci\u00f3n social y buenas pr\u00e1cticas de gesti\u00f3n compartidas - Semana Europea de la Gesti\u00f3n Avanzada","og_description":"Elemento de la Gesti\u00f3n Avanzada Clientes (satisfacci\u00f3n, segmentaci\u00f3n, producci\u00f3n y distribuci\u00f3n, metodolog\u00edas de mejora como las 5S, lean manufacturing, gesti\u00f3n de proveedores, certificaciones&#8230;) Descripci\u00f3n del acto Gorabide presentar\u00e1 tres ejes clave que definen su cultura organizativa avanzada: la \u00e9tica como marco para decisiones compartidas y responsables; la innovaci\u00f3n como motor para transformar servicios desde las","og_url":"https:\/\/www.euskalit.net\/semana\/acto\/etica-innovacion-social-y-buenas-practicas-de-gestion-compartidas\/","og_site_name":"Semana Europea de la Gesti\u00f3n Avanzada","article_modified_time":"2025-10-17T06:50:44+00:00","og_image":[{"width":720,"height":450,"url":"https:\/\/www.euskalit.net\/semana\/wp-content\/uploads\/2025\/07\/Organizadores-Gorabide.webp","type":"image\/webp"}],"twitter_card":"summary_large_image","twitter_misc":{"Tiempo de lectura":"2 minutos"},"schema":{"@context":"https:\/\/schema.org","@graph":[{"@type":"WebPage","@id":"https:\/\/www.euskalit.net\/semana\/acto\/etica-innovacion-social-y-buenas-practicas-de-gestion-compartidas\/","url":"https:\/\/www.euskalit.net\/semana\/acto\/etica-innovacion-social-y-buenas-practicas-de-gestion-compartidas\/","name":"\u00c9tica, innovaci\u00f3n social y buenas pr\u00e1cticas de gesti\u00f3n compartidas - Semana Europea de la Gesti\u00f3n Avanzada","isPartOf":{"@id":"https:\/\/www.euskalit.net\/semana\/#website"},"primaryImageOfPage":{"@id":"https:\/\/www.euskalit.net\/semana\/acto\/etica-innovacion-social-y-buenas-practicas-de-gestion-compartidas\/#primaryimage"},"image":{"@id":"https:\/\/www.euskalit.net\/semana\/acto\/etica-innovacion-social-y-buenas-practicas-de-gestion-compartidas\/#primaryimage"},"thumbnailUrl":"https:\/\/www.euskalit.net\/semana\/wp-content\/uploads\/2025\/07\/Organizadores-Gorabide.webp","datePublished":"2025-10-16T14:12:09+00:00","dateModified":"2025-10-17T06:50:44+00:00","breadcrumb":{"@id":"https:\/\/www.euskalit.net\/semana\/acto\/etica-innovacion-social-y-buenas-practicas-de-gestion-compartidas\/#breadcrumb"},"inLanguage":"es","potentialAction":[{"@type":"ReadAction","target":["https:\/\/www.euskalit.net\/semana\/acto\/etica-innovacion-social-y-buenas-practicas-de-gestion-compartidas\/"]}]},{"@type":"ImageObject","inLanguage":"es","@id":"https:\/\/www.euskalit.net\/semana\/acto\/etica-innovacion-social-y-buenas-practicas-de-gestion-compartidas\/#primaryimage","url":"https:\/\/www.euskalit.net\/semana\/wp-content\/uploads\/2025\/07\/Organizadores-Gorabide.webp","contentUrl":"https:\/\/www.euskalit.net\/semana\/wp-content\/uploads\/2025\/07\/Organizadores-Gorabide.webp","width":720,"height":450},{"@type":"BreadcrumbList","@id":"https:\/\/www.euskalit.net\/semana\/acto\/etica-innovacion-social-y-buenas-practicas-de-gestion-compartidas\/#breadcrumb","itemListElement":[{"@type":"ListItem","position":1,"name":"Portada","item":"https:\/\/www.euskalit.net\/semana\/"},{"@type":"ListItem","position":2,"name":"\u00c9tica, innovaci\u00f3n social y buenas pr\u00e1cticas de gesti\u00f3n compartidas"}]},{"@type":"WebSite","@id":"https:\/\/www.euskalit.net\/semana\/#website","url":"https:\/\/www.euskalit.net\/semana\/","name":"Semana Europea de la Gesti\u00f3n Avanzada","description":"Semana Europea de la Gesti\u00f3n Avanzada","publisher":{"@id":"https:\/\/www.euskalit.net\/semana\/#organization"},"potentialAction":[{"@type":"SearchAction","target":{"@type":"EntryPoint","urlTemplate":"https:\/\/www.euskalit.net\/semana\/?s={search_term_string}"},"query-input":{"@type":"PropertyValueSpecification","valueRequired":true,"valueName":"search_term_string"}}],"inLanguage":"es"},{"@type":"Organization","@id":"https:\/\/www.euskalit.net\/semana\/#organization","name":"Semana Europea de la Gesti\u00f3n Avanzada","url":"https:\/\/www.euskalit.net\/semana\/","logo":{"@type":"ImageObject","inLanguage":"es","@id":"https:\/\/www.euskalit.net\/semana\/#\/schema\/logo\/image\/","url":"https:\/\/www.euskalit.net\/semanawp-content\/uploads\/2025\/05\/logotipo-euskalit@3x.png","contentUrl":"https:\/\/www.euskalit.net\/semanawp-content\/uploads\/2025\/05\/logotipo-euskalit@3x.png","width":849,"height":201,"caption":"Semana Europea de la Gesti\u00f3n Avanzada"},"image":{"@id":"https:\/\/www.euskalit.net\/semana\/#\/schema\/logo\/image\/"}}]}},"_links":{"self":[{"href":"https:\/\/www.euskalit.net\/semana\/wp-json\/wp\/v2\/acto\/6489","targetHints":{"allow":["GET"]}}],"collection":[{"href":"https:\/\/www.euskalit.net\/semana\/wp-json\/wp\/v2\/acto"}],"about":[{"href":"https:\/\/www.euskalit.net\/semana\/wp-json\/wp\/v2\/types\/acto"}],"version-history":[{"count":9,"href":"https:\/\/www.euskalit.net\/semana\/wp-json\/wp\/v2\/acto\/6489\/revisions"}],"predecessor-version":[{"id":7566,"href":"https:\/\/www.euskalit.net\/semana\/wp-json\/wp\/v2\/acto\/6489\/revisions\/7566"}],"wp:featuredmedia":[{"embeddable":true,"href":"https:\/\/www.euskalit.net\/semana\/wp-json\/wp\/v2\/media\/6378"}],"wp:attachment":[{"href":"https:\/\/www.euskalit.net\/semana\/wp-json\/wp\/v2\/media?parent=6489"}],"wp:term":[{"taxonomy":"entidad-organizadora","embeddable":true,"href":"https:\/\/www.euskalit.net\/semana\/wp-json\/wp\/v2\/entidad-organizadora?post=6489"},{"taxonomy":"palabra-clave","embeddable":true,"href":"https:\/\/www.euskalit.net\/semana\/wp-json\/wp\/v2\/palabra-clave?post=6489"},{"taxonomy":"sector","embeddable":true,"href":"https:\/\/www.euskalit.net\/semana\/wp-json\/wp\/v2\/sector?post=6489"}],"curies":[{"name":"wp","href":"https:\/\/api.w.org\/{rel}","templated":true}]}}