{"id":6463,"date":"2025-10-15T13:05:32","date_gmt":"2025-10-15T11:05:32","guid":{"rendered":"https:\/\/www.euskalit.net\/semana\/?post_type=acto&#038;p=6463"},"modified":"2025-10-16T08:28:01","modified_gmt":"2025-10-16T06:28:01","slug":"el-reto-de-la-atraccion-de-las-nuevas-generaciones","status":"publish","type":"acto","link":"https:\/\/www.euskalit.net\/semana\/acto\/el-reto-de-la-atraccion-de-las-nuevas-generaciones\/","title":{"rendered":"El reto de la atracci\u00f3n de las nuevas generaciones"},"content":{"rendered":"<h3><span style=\"color: #2e7d67;\">Elemento de la Gesti\u00f3n Avanzada<\/span><\/h3>\n<p>Personas (RRHH, seguridad, prevenci\u00f3n, competencias, compromiso, participaci\u00f3n, liderazgo&#8230;)<\/p>\n<h3><span style=\"color: #2e7d67;\">Contenido<\/span><\/h3>\n<p>En estos momentos en las empresas conviven varias generaciones con valores diferentes. En la jornada se expondr\u00e1n experiencias pr\u00e1cticas para tratar de entender c\u00f3mo mejorar esta convivencia y en especial, que es lo que las nuevas generaciones valoran a la hora de decidirse por un proyecto profesional.<\/p>\n","protected":false},"featured_media":6762,"menu_order":0,"template":"","format":"standard","meta":{"_acf_changed":false,"footnotes":""},"entidad-organizadora":[],"palabra-clave":[],"sector":[],"class_list":["post-6463","acto","type-acto","status-publish","format-standard","has-post-thumbnail","hentry"],"acf":[],"yoast_head":"<!-- This site is optimized with the Yoast SEO plugin v26.0 - https:\/\/yoast.com\/wordpress\/plugins\/seo\/ -->\n<title>El reto de la atracci\u00f3n de las nuevas generaciones - Semana Europea de la Gesti\u00f3n Avanzada<\/title>\n<meta name=\"robots\" content=\"index, follow, max-snippet:-1, max-image-preview:large, max-video-preview:-1\" \/>\n<link rel=\"canonical\" href=\"https:\/\/www.euskalit.net\/semana\/acto\/el-reto-de-la-atraccion-de-las-nuevas-generaciones\/\" \/>\n<meta property=\"og:locale\" content=\"es_ES\" \/>\n<meta property=\"og:type\" content=\"article\" \/>\n<meta property=\"og:title\" content=\"El reto de la atracci\u00f3n de las nuevas generaciones - Semana Europea de la Gesti\u00f3n Avanzada\" \/>\n<meta property=\"og:description\" content=\"Elemento de la Gesti\u00f3n Avanzada Personas (RRHH, seguridad, prevenci\u00f3n, competencias, compromiso, participaci\u00f3n, liderazgo&#8230;) Contenido En estos momentos en las empresas conviven varias generaciones con valores diferentes. En la jornada se expondr\u00e1n experiencias pr\u00e1cticas para tratar de entender c\u00f3mo mejorar esta convivencia y en especial, que es lo que las nuevas generaciones valoran a la hora\" \/>\n<meta property=\"og:url\" content=\"https:\/\/www.euskalit.net\/semana\/acto\/el-reto-de-la-atraccion-de-las-nuevas-generaciones\/\" \/>\n<meta property=\"og:site_name\" content=\"Semana Europea de la Gesti\u00f3n Avanzada\" \/>\n<meta property=\"article:modified_time\" content=\"2025-10-16T06:28:01+00:00\" \/>\n<meta property=\"og:image\" content=\"https:\/\/www.euskalit.net\/semana\/wp-content\/uploads\/2025\/08\/Organizadores-Camara-Gipuzkoako-Ganbera.webp\" \/>\n\t<meta property=\"og:image:width\" content=\"720\" \/>\n\t<meta property=\"og:image:height\" content=\"450\" \/>\n\t<meta property=\"og:image:type\" content=\"image\/webp\" \/>\n<meta name=\"twitter:card\" content=\"summary_large_image\" \/>\n<meta name=\"twitter:label1\" content=\"Tiempo de lectura\" \/>\n\t<meta name=\"twitter:data1\" content=\"1 minuto\" \/>\n<script type=\"application\/ld+json\" class=\"yoast-schema-graph\">{\"@context\":\"https:\/\/schema.org\",\"@graph\":[{\"@type\":\"WebPage\",\"@id\":\"https:\/\/www.euskalit.net\/semana\/acto\/el-reto-de-la-atraccion-de-las-nuevas-generaciones\/\",\"url\":\"https:\/\/www.euskalit.net\/semana\/acto\/el-reto-de-la-atraccion-de-las-nuevas-generaciones\/\",\"name\":\"El reto de la atracci\u00f3n de las nuevas generaciones - Semana Europea de la Gesti\u00f3n Avanzada\",\"isPartOf\":{\"@id\":\"https:\/\/www.euskalit.net\/semana\/#website\"},\"primaryImageOfPage\":{\"@id\":\"https:\/\/www.euskalit.net\/semana\/acto\/el-reto-de-la-atraccion-de-las-nuevas-generaciones\/#primaryimage\"},\"image\":{\"@id\":\"https:\/\/www.euskalit.net\/semana\/acto\/el-reto-de-la-atraccion-de-las-nuevas-generaciones\/#primaryimage\"},\"thumbnailUrl\":\"https:\/\/www.euskalit.net\/semana\/wp-content\/uploads\/2025\/08\/Organizadores-Camara-Gipuzkoako-Ganbera.webp\",\"datePublished\":\"2025-10-15T11:05:32+00:00\",\"dateModified\":\"2025-10-16T06:28:01+00:00\",\"breadcrumb\":{\"@id\":\"https:\/\/www.euskalit.net\/semana\/acto\/el-reto-de-la-atraccion-de-las-nuevas-generaciones\/#breadcrumb\"},\"inLanguage\":\"es\",\"potentialAction\":[{\"@type\":\"ReadAction\",\"target\":[\"https:\/\/www.euskalit.net\/semana\/acto\/el-reto-de-la-atraccion-de-las-nuevas-generaciones\/\"]}]},{\"@type\":\"ImageObject\",\"inLanguage\":\"es\",\"@id\":\"https:\/\/www.euskalit.net\/semana\/acto\/el-reto-de-la-atraccion-de-las-nuevas-generaciones\/#primaryimage\",\"url\":\"https:\/\/www.euskalit.net\/semana\/wp-content\/uploads\/2025\/08\/Organizadores-Camara-Gipuzkoako-Ganbera.webp\",\"contentUrl\":\"https:\/\/www.euskalit.net\/semana\/wp-content\/uploads\/2025\/08\/Organizadores-Camara-Gipuzkoako-Ganbera.webp\",\"width\":720,\"height\":450},{\"@type\":\"BreadcrumbList\",\"@id\":\"https:\/\/www.euskalit.net\/semana\/acto\/el-reto-de-la-atraccion-de-las-nuevas-generaciones\/#breadcrumb\",\"itemListElement\":[{\"@type\":\"ListItem\",\"position\":1,\"name\":\"Portada\",\"item\":\"https:\/\/www.euskalit.net\/semana\/\"},{\"@type\":\"ListItem\",\"position\":2,\"name\":\"El reto de la atracci\u00f3n de las nuevas generaciones\"}]},{\"@type\":\"WebSite\",\"@id\":\"https:\/\/www.euskalit.net\/semana\/#website\",\"url\":\"https:\/\/www.euskalit.net\/semana\/\",\"name\":\"Semana Europea de la Gesti\u00f3n Avanzada\",\"description\":\"Semana Europea de la Gesti\u00f3n Avanzada\",\"publisher\":{\"@id\":\"https:\/\/www.euskalit.net\/semana\/#organization\"},\"potentialAction\":[{\"@type\":\"SearchAction\",\"target\":{\"@type\":\"EntryPoint\",\"urlTemplate\":\"https:\/\/www.euskalit.net\/semana\/?s={search_term_string}\"},\"query-input\":{\"@type\":\"PropertyValueSpecification\",\"valueRequired\":true,\"valueName\":\"search_term_string\"}}],\"inLanguage\":\"es\"},{\"@type\":\"Organization\",\"@id\":\"https:\/\/www.euskalit.net\/semana\/#organization\",\"name\":\"Semana Europea de la Gesti\u00f3n Avanzada\",\"url\":\"https:\/\/www.euskalit.net\/semana\/\",\"logo\":{\"@type\":\"ImageObject\",\"inLanguage\":\"es\",\"@id\":\"https:\/\/www.euskalit.net\/semana\/#\/schema\/logo\/image\/\",\"url\":\"https:\/\/www.euskalit.net\/semanawp-content\/uploads\/2025\/05\/logotipo-euskalit@3x.png\",\"contentUrl\":\"https:\/\/www.euskalit.net\/semanawp-content\/uploads\/2025\/05\/logotipo-euskalit@3x.png\",\"width\":849,\"height\":201,\"caption\":\"Semana Europea de la Gesti\u00f3n Avanzada\"},\"image\":{\"@id\":\"https:\/\/www.euskalit.net\/semana\/#\/schema\/logo\/image\/\"}}]}<\/script>\n<!-- \/ Yoast SEO plugin. -->","yoast_head_json":{"title":"El reto de la atracci\u00f3n de las nuevas generaciones - Semana Europea de la Gesti\u00f3n Avanzada","robots":{"index":"index","follow":"follow","max-snippet":"max-snippet:-1","max-image-preview":"max-image-preview:large","max-video-preview":"max-video-preview:-1"},"canonical":"https:\/\/www.euskalit.net\/semana\/acto\/el-reto-de-la-atraccion-de-las-nuevas-generaciones\/","og_locale":"es_ES","og_type":"article","og_title":"El reto de la atracci\u00f3n de las nuevas generaciones - Semana Europea de la Gesti\u00f3n Avanzada","og_description":"Elemento de la Gesti\u00f3n Avanzada Personas (RRHH, seguridad, prevenci\u00f3n, competencias, compromiso, participaci\u00f3n, liderazgo&#8230;) Contenido En estos momentos en las empresas conviven varias generaciones con valores diferentes. En la jornada se expondr\u00e1n experiencias pr\u00e1cticas para tratar de entender c\u00f3mo mejorar esta convivencia y en especial, que es lo que las nuevas generaciones valoran a la hora","og_url":"https:\/\/www.euskalit.net\/semana\/acto\/el-reto-de-la-atraccion-de-las-nuevas-generaciones\/","og_site_name":"Semana Europea de la Gesti\u00f3n Avanzada","article_modified_time":"2025-10-16T06:28:01+00:00","og_image":[{"width":720,"height":450,"url":"https:\/\/www.euskalit.net\/semana\/wp-content\/uploads\/2025\/08\/Organizadores-Camara-Gipuzkoako-Ganbera.webp","type":"image\/webp"}],"twitter_card":"summary_large_image","twitter_misc":{"Tiempo de lectura":"1 minuto"},"schema":{"@context":"https:\/\/schema.org","@graph":[{"@type":"WebPage","@id":"https:\/\/www.euskalit.net\/semana\/acto\/el-reto-de-la-atraccion-de-las-nuevas-generaciones\/","url":"https:\/\/www.euskalit.net\/semana\/acto\/el-reto-de-la-atraccion-de-las-nuevas-generaciones\/","name":"El reto de la atracci\u00f3n de las nuevas generaciones - Semana Europea de la Gesti\u00f3n Avanzada","isPartOf":{"@id":"https:\/\/www.euskalit.net\/semana\/#website"},"primaryImageOfPage":{"@id":"https:\/\/www.euskalit.net\/semana\/acto\/el-reto-de-la-atraccion-de-las-nuevas-generaciones\/#primaryimage"},"image":{"@id":"https:\/\/www.euskalit.net\/semana\/acto\/el-reto-de-la-atraccion-de-las-nuevas-generaciones\/#primaryimage"},"thumbnailUrl":"https:\/\/www.euskalit.net\/semana\/wp-content\/uploads\/2025\/08\/Organizadores-Camara-Gipuzkoako-Ganbera.webp","datePublished":"2025-10-15T11:05:32+00:00","dateModified":"2025-10-16T06:28:01+00:00","breadcrumb":{"@id":"https:\/\/www.euskalit.net\/semana\/acto\/el-reto-de-la-atraccion-de-las-nuevas-generaciones\/#breadcrumb"},"inLanguage":"es","potentialAction":[{"@type":"ReadAction","target":["https:\/\/www.euskalit.net\/semana\/acto\/el-reto-de-la-atraccion-de-las-nuevas-generaciones\/"]}]},{"@type":"ImageObject","inLanguage":"es","@id":"https:\/\/www.euskalit.net\/semana\/acto\/el-reto-de-la-atraccion-de-las-nuevas-generaciones\/#primaryimage","url":"https:\/\/www.euskalit.net\/semana\/wp-content\/uploads\/2025\/08\/Organizadores-Camara-Gipuzkoako-Ganbera.webp","contentUrl":"https:\/\/www.euskalit.net\/semana\/wp-content\/uploads\/2025\/08\/Organizadores-Camara-Gipuzkoako-Ganbera.webp","width":720,"height":450},{"@type":"BreadcrumbList","@id":"https:\/\/www.euskalit.net\/semana\/acto\/el-reto-de-la-atraccion-de-las-nuevas-generaciones\/#breadcrumb","itemListElement":[{"@type":"ListItem","position":1,"name":"Portada","item":"https:\/\/www.euskalit.net\/semana\/"},{"@type":"ListItem","position":2,"name":"El reto de la atracci\u00f3n de las nuevas generaciones"}]},{"@type":"WebSite","@id":"https:\/\/www.euskalit.net\/semana\/#website","url":"https:\/\/www.euskalit.net\/semana\/","name":"Semana Europea de la Gesti\u00f3n Avanzada","description":"Semana Europea de la Gesti\u00f3n Avanzada","publisher":{"@id":"https:\/\/www.euskalit.net\/semana\/#organization"},"potentialAction":[{"@type":"SearchAction","target":{"@type":"EntryPoint","urlTemplate":"https:\/\/www.euskalit.net\/semana\/?s={search_term_string}"},"query-input":{"@type":"PropertyValueSpecification","valueRequired":true,"valueName":"search_term_string"}}],"inLanguage":"es"},{"@type":"Organization","@id":"https:\/\/www.euskalit.net\/semana\/#organization","name":"Semana Europea de la Gesti\u00f3n Avanzada","url":"https:\/\/www.euskalit.net\/semana\/","logo":{"@type":"ImageObject","inLanguage":"es","@id":"https:\/\/www.euskalit.net\/semana\/#\/schema\/logo\/image\/","url":"https:\/\/www.euskalit.net\/semanawp-content\/uploads\/2025\/05\/logotipo-euskalit@3x.png","contentUrl":"https:\/\/www.euskalit.net\/semanawp-content\/uploads\/2025\/05\/logotipo-euskalit@3x.png","width":849,"height":201,"caption":"Semana Europea de la Gesti\u00f3n Avanzada"},"image":{"@id":"https:\/\/www.euskalit.net\/semana\/#\/schema\/logo\/image\/"}}]}},"_links":{"self":[{"href":"https:\/\/www.euskalit.net\/semana\/wp-json\/wp\/v2\/acto\/6463","targetHints":{"allow":["GET"]}}],"collection":[{"href":"https:\/\/www.euskalit.net\/semana\/wp-json\/wp\/v2\/acto"}],"about":[{"href":"https:\/\/www.euskalit.net\/semana\/wp-json\/wp\/v2\/types\/acto"}],"version-history":[{"count":7,"href":"https:\/\/www.euskalit.net\/semana\/wp-json\/wp\/v2\/acto\/6463\/revisions"}],"predecessor-version":[{"id":6922,"href":"https:\/\/www.euskalit.net\/semana\/wp-json\/wp\/v2\/acto\/6463\/revisions\/6922"}],"wp:featuredmedia":[{"embeddable":true,"href":"https:\/\/www.euskalit.net\/semana\/wp-json\/wp\/v2\/media\/6762"}],"wp:attachment":[{"href":"https:\/\/www.euskalit.net\/semana\/wp-json\/wp\/v2\/media?parent=6463"}],"wp:term":[{"taxonomy":"entidad-organizadora","embeddable":true,"href":"https:\/\/www.euskalit.net\/semana\/wp-json\/wp\/v2\/entidad-organizadora?post=6463"},{"taxonomy":"palabra-clave","embeddable":true,"href":"https:\/\/www.euskalit.net\/semana\/wp-json\/wp\/v2\/palabra-clave?post=6463"},{"taxonomy":"sector","embeddable":true,"href":"https:\/\/www.euskalit.net\/semana\/wp-json\/wp\/v2\/sector?post=6463"}],"curies":[{"name":"wp","href":"https:\/\/api.w.org\/{rel}","templated":true}]}}