{"id":6451,"date":"2025-10-22T13:01:39","date_gmt":"2025-10-22T11:01:39","guid":{"rendered":"https:\/\/www.euskalit.net\/semana\/?post_type=acto&#038;p=6451"},"modified":"2025-10-23T07:46:21","modified_gmt":"2025-10-23T05:46:21","slug":"atenea-50-50-impulsando-la-igualdad-en-las-profesiones-industriales-en-euskadi-para-un-impacto-social-con-equilibrio-proposito-y-talento","status":"publish","type":"acto","link":"https:\/\/www.euskalit.net\/semana\/acto\/atenea-50-50-impulsando-la-igualdad-en-las-profesiones-industriales-en-euskadi-para-un-impacto-social-con-equilibrio-proposito-y-talento\/","title":{"rendered":"Atenea 50-50. Impulsando la igualdad en las profesiones industriales en Euskadi para un Impacto Social con Equilibrio, Prop\u00f3sito y Talento"},"content":{"rendered":"<h3><span style=\"color: #2e7d67;\">Elemento de la Gesti\u00f3n Avanzada<\/span><\/h3>\n<p>Estrategia (grupos de inter\u00e9s, procesos, modelo de negocio, modelo organizativo, Cuadro de mando integral, despliegue de objetivos&#8230;)<\/p>\n<h3><span style=\"color: #2e7d67;\">Contenido<\/span><\/h3>\n<p>Atenea 50-50 es una iniciativa que promueve la igualdad de g\u00e9nero en las profesiones industriales en Euskadi, impulsando un modelo m\u00e1s equitativo, inclusivo y sostenible. Busca romper barreras estructurales y fomentar la presencia femenina en sectores tradicionalmente masculinizados. El proyecto pretende desarrollar una hoja de ruta para aumentar el atractivo de la Ingenier\u00eda Industrial entre mujeres, basada en bibliograf\u00eda especializada y dirigida a distintos agentes sociales. As\u00ed, se genera un impacto social positivo, con la diversidad y la innovaci\u00f3n como motores del cambio en la industria vasca.<\/p>\n<p>Atenea 50-50 liderado por el COIIB, nace con el objetivo de visibilizar el talento femenino y avanzar hacia una representaci\u00f3n equilibrada entre hombres y mujeres en el \u00e1mbito de la ingenier\u00eda desde una visi\u00f3n hol\u00edstica. El compromiso por la igualdad es una cuesti\u00f3n de justicia social, adem\u00e1s de ser un factor clave para mejorar la calidad en todos los niveles.<\/p>\n<h3><span style=\"color: #2e7d67;\">Programa<\/span><\/h3>\n<ul>\n<li>Bienvenida e Introducci\u00f3n<\/li>\n<li>Presentaci\u00f3n Programa ATENEA-50\/50 y resultados<\/li>\n<li>Mesa redonda<\/li>\n<li>Cierre<\/li>\n<\/ul>\n","protected":false},"featured_media":6368,"menu_order":0,"template":"","format":"standard","meta":{"_acf_changed":false,"footnotes":""},"entidad-organizadora":[],"palabra-clave":[],"sector":[],"class_list":["post-6451","acto","type-acto","status-publish","format-standard","has-post-thumbnail","hentry"],"acf":[],"yoast_head":"<!-- This site is optimized with the Yoast SEO plugin v26.0 - https:\/\/yoast.com\/wordpress\/plugins\/seo\/ -->\n<title>Atenea 50-50. Impulsando la igualdad en las profesiones industriales en Euskadi para un Impacto Social con Equilibrio, Prop\u00f3sito y Talento - Semana Europea de la Gesti\u00f3n Avanzada<\/title>\n<meta name=\"robots\" content=\"index, follow, max-snippet:-1, max-image-preview:large, max-video-preview:-1\" \/>\n<link rel=\"canonical\" href=\"https:\/\/www.euskalit.net\/semana\/acto\/atenea-50-50-impulsando-la-igualdad-en-las-profesiones-industriales-en-euskadi-para-un-impacto-social-con-equilibrio-proposito-y-talento\/\" \/>\n<meta property=\"og:locale\" content=\"es_ES\" \/>\n<meta property=\"og:type\" content=\"article\" \/>\n<meta property=\"og:title\" content=\"Atenea 50-50. Impulsando la igualdad en las profesiones industriales en Euskadi para un Impacto Social con Equilibrio, Prop\u00f3sito y Talento - Semana Europea de la Gesti\u00f3n Avanzada\" \/>\n<meta property=\"og:description\" content=\"Elemento de la Gesti\u00f3n Avanzada Estrategia (grupos de inter\u00e9s, procesos, modelo de negocio, modelo organizativo, Cuadro de mando integral, despliegue de objetivos&#8230;) Contenido Atenea 50-50 es una iniciativa que promueve la igualdad de g\u00e9nero en las profesiones industriales en Euskadi, impulsando un modelo m\u00e1s equitativo, inclusivo y sostenible. Busca romper barreras estructurales y fomentar la\" \/>\n<meta property=\"og:url\" content=\"https:\/\/www.euskalit.net\/semana\/acto\/atenea-50-50-impulsando-la-igualdad-en-las-profesiones-industriales-en-euskadi-para-un-impacto-social-con-equilibrio-proposito-y-talento\/\" \/>\n<meta property=\"og:site_name\" content=\"Semana Europea de la Gesti\u00f3n Avanzada\" \/>\n<meta property=\"article:modified_time\" content=\"2025-10-23T05:46:21+00:00\" \/>\n<meta property=\"og:image\" content=\"https:\/\/www.euskalit.net\/semana\/wp-content\/uploads\/2025\/07\/Organizadores-COIIB.webp\" \/>\n\t<meta property=\"og:image:width\" content=\"720\" \/>\n\t<meta property=\"og:image:height\" content=\"450\" \/>\n\t<meta property=\"og:image:type\" content=\"image\/webp\" \/>\n<meta name=\"twitter:card\" content=\"summary_large_image\" \/>\n<meta name=\"twitter:label1\" content=\"Tiempo de lectura\" \/>\n\t<meta name=\"twitter:data1\" content=\"2 minutos\" \/>\n<script type=\"application\/ld+json\" class=\"yoast-schema-graph\">{\"@context\":\"https:\/\/schema.org\",\"@graph\":[{\"@type\":\"WebPage\",\"@id\":\"https:\/\/www.euskalit.net\/semana\/acto\/atenea-50-50-impulsando-la-igualdad-en-las-profesiones-industriales-en-euskadi-para-un-impacto-social-con-equilibrio-proposito-y-talento\/\",\"url\":\"https:\/\/www.euskalit.net\/semana\/acto\/atenea-50-50-impulsando-la-igualdad-en-las-profesiones-industriales-en-euskadi-para-un-impacto-social-con-equilibrio-proposito-y-talento\/\",\"name\":\"Atenea 50-50. Impulsando la igualdad en las profesiones industriales en Euskadi para un Impacto Social con Equilibrio, Prop\u00f3sito y Talento - Semana Europea de la Gesti\u00f3n Avanzada\",\"isPartOf\":{\"@id\":\"https:\/\/www.euskalit.net\/semana\/#website\"},\"primaryImageOfPage\":{\"@id\":\"https:\/\/www.euskalit.net\/semana\/acto\/atenea-50-50-impulsando-la-igualdad-en-las-profesiones-industriales-en-euskadi-para-un-impacto-social-con-equilibrio-proposito-y-talento\/#primaryimage\"},\"image\":{\"@id\":\"https:\/\/www.euskalit.net\/semana\/acto\/atenea-50-50-impulsando-la-igualdad-en-las-profesiones-industriales-en-euskadi-para-un-impacto-social-con-equilibrio-proposito-y-talento\/#primaryimage\"},\"thumbnailUrl\":\"https:\/\/www.euskalit.net\/semana\/wp-content\/uploads\/2025\/07\/Organizadores-COIIB.webp\",\"datePublished\":\"2025-10-22T11:01:39+00:00\",\"dateModified\":\"2025-10-23T05:46:21+00:00\",\"breadcrumb\":{\"@id\":\"https:\/\/www.euskalit.net\/semana\/acto\/atenea-50-50-impulsando-la-igualdad-en-las-profesiones-industriales-en-euskadi-para-un-impacto-social-con-equilibrio-proposito-y-talento\/#breadcrumb\"},\"inLanguage\":\"es\",\"potentialAction\":[{\"@type\":\"ReadAction\",\"target\":[\"https:\/\/www.euskalit.net\/semana\/acto\/atenea-50-50-impulsando-la-igualdad-en-las-profesiones-industriales-en-euskadi-para-un-impacto-social-con-equilibrio-proposito-y-talento\/\"]}]},{\"@type\":\"ImageObject\",\"inLanguage\":\"es\",\"@id\":\"https:\/\/www.euskalit.net\/semana\/acto\/atenea-50-50-impulsando-la-igualdad-en-las-profesiones-industriales-en-euskadi-para-un-impacto-social-con-equilibrio-proposito-y-talento\/#primaryimage\",\"url\":\"https:\/\/www.euskalit.net\/semana\/wp-content\/uploads\/2025\/07\/Organizadores-COIIB.webp\",\"contentUrl\":\"https:\/\/www.euskalit.net\/semana\/wp-content\/uploads\/2025\/07\/Organizadores-COIIB.webp\",\"width\":720,\"height\":450},{\"@type\":\"BreadcrumbList\",\"@id\":\"https:\/\/www.euskalit.net\/semana\/acto\/atenea-50-50-impulsando-la-igualdad-en-las-profesiones-industriales-en-euskadi-para-un-impacto-social-con-equilibrio-proposito-y-talento\/#breadcrumb\",\"itemListElement\":[{\"@type\":\"ListItem\",\"position\":1,\"name\":\"Portada\",\"item\":\"https:\/\/www.euskalit.net\/semana\/\"},{\"@type\":\"ListItem\",\"position\":2,\"name\":\"Atenea 50-50. Impulsando la igualdad en las profesiones industriales en Euskadi para un Impacto Social con Equilibrio, Prop\u00f3sito y Talento\"}]},{\"@type\":\"WebSite\",\"@id\":\"https:\/\/www.euskalit.net\/semana\/#website\",\"url\":\"https:\/\/www.euskalit.net\/semana\/\",\"name\":\"Semana Europea de la Gesti\u00f3n Avanzada\",\"description\":\"Semana Europea de la Gesti\u00f3n Avanzada\",\"publisher\":{\"@id\":\"https:\/\/www.euskalit.net\/semana\/#organization\"},\"potentialAction\":[{\"@type\":\"SearchAction\",\"target\":{\"@type\":\"EntryPoint\",\"urlTemplate\":\"https:\/\/www.euskalit.net\/semana\/?s={search_term_string}\"},\"query-input\":{\"@type\":\"PropertyValueSpecification\",\"valueRequired\":true,\"valueName\":\"search_term_string\"}}],\"inLanguage\":\"es\"},{\"@type\":\"Organization\",\"@id\":\"https:\/\/www.euskalit.net\/semana\/#organization\",\"name\":\"Semana Europea de la Gesti\u00f3n Avanzada\",\"url\":\"https:\/\/www.euskalit.net\/semana\/\",\"logo\":{\"@type\":\"ImageObject\",\"inLanguage\":\"es\",\"@id\":\"https:\/\/www.euskalit.net\/semana\/#\/schema\/logo\/image\/\",\"url\":\"https:\/\/www.euskalit.net\/semanawp-content\/uploads\/2025\/05\/logotipo-euskalit@3x.png\",\"contentUrl\":\"https:\/\/www.euskalit.net\/semanawp-content\/uploads\/2025\/05\/logotipo-euskalit@3x.png\",\"width\":849,\"height\":201,\"caption\":\"Semana Europea de la Gesti\u00f3n Avanzada\"},\"image\":{\"@id\":\"https:\/\/www.euskalit.net\/semana\/#\/schema\/logo\/image\/\"}}]}<\/script>\n<!-- \/ Yoast SEO plugin. -->","yoast_head_json":{"title":"Atenea 50-50. Impulsando la igualdad en las profesiones industriales en Euskadi para un Impacto Social con Equilibrio, Prop\u00f3sito y Talento - Semana Europea de la Gesti\u00f3n Avanzada","robots":{"index":"index","follow":"follow","max-snippet":"max-snippet:-1","max-image-preview":"max-image-preview:large","max-video-preview":"max-video-preview:-1"},"canonical":"https:\/\/www.euskalit.net\/semana\/acto\/atenea-50-50-impulsando-la-igualdad-en-las-profesiones-industriales-en-euskadi-para-un-impacto-social-con-equilibrio-proposito-y-talento\/","og_locale":"es_ES","og_type":"article","og_title":"Atenea 50-50. Impulsando la igualdad en las profesiones industriales en Euskadi para un Impacto Social con Equilibrio, Prop\u00f3sito y Talento - Semana Europea de la Gesti\u00f3n Avanzada","og_description":"Elemento de la Gesti\u00f3n Avanzada Estrategia (grupos de inter\u00e9s, procesos, modelo de negocio, modelo organizativo, Cuadro de mando integral, despliegue de objetivos&#8230;) Contenido Atenea 50-50 es una iniciativa que promueve la igualdad de g\u00e9nero en las profesiones industriales en Euskadi, impulsando un modelo m\u00e1s equitativo, inclusivo y sostenible. Busca romper barreras estructurales y fomentar la","og_url":"https:\/\/www.euskalit.net\/semana\/acto\/atenea-50-50-impulsando-la-igualdad-en-las-profesiones-industriales-en-euskadi-para-un-impacto-social-con-equilibrio-proposito-y-talento\/","og_site_name":"Semana Europea de la Gesti\u00f3n Avanzada","article_modified_time":"2025-10-23T05:46:21+00:00","og_image":[{"width":720,"height":450,"url":"https:\/\/www.euskalit.net\/semana\/wp-content\/uploads\/2025\/07\/Organizadores-COIIB.webp","type":"image\/webp"}],"twitter_card":"summary_large_image","twitter_misc":{"Tiempo de lectura":"2 minutos"},"schema":{"@context":"https:\/\/schema.org","@graph":[{"@type":"WebPage","@id":"https:\/\/www.euskalit.net\/semana\/acto\/atenea-50-50-impulsando-la-igualdad-en-las-profesiones-industriales-en-euskadi-para-un-impacto-social-con-equilibrio-proposito-y-talento\/","url":"https:\/\/www.euskalit.net\/semana\/acto\/atenea-50-50-impulsando-la-igualdad-en-las-profesiones-industriales-en-euskadi-para-un-impacto-social-con-equilibrio-proposito-y-talento\/","name":"Atenea 50-50. Impulsando la igualdad en las profesiones industriales en Euskadi para un Impacto Social con Equilibrio, Prop\u00f3sito y Talento - Semana Europea de la Gesti\u00f3n Avanzada","isPartOf":{"@id":"https:\/\/www.euskalit.net\/semana\/#website"},"primaryImageOfPage":{"@id":"https:\/\/www.euskalit.net\/semana\/acto\/atenea-50-50-impulsando-la-igualdad-en-las-profesiones-industriales-en-euskadi-para-un-impacto-social-con-equilibrio-proposito-y-talento\/#primaryimage"},"image":{"@id":"https:\/\/www.euskalit.net\/semana\/acto\/atenea-50-50-impulsando-la-igualdad-en-las-profesiones-industriales-en-euskadi-para-un-impacto-social-con-equilibrio-proposito-y-talento\/#primaryimage"},"thumbnailUrl":"https:\/\/www.euskalit.net\/semana\/wp-content\/uploads\/2025\/07\/Organizadores-COIIB.webp","datePublished":"2025-10-22T11:01:39+00:00","dateModified":"2025-10-23T05:46:21+00:00","breadcrumb":{"@id":"https:\/\/www.euskalit.net\/semana\/acto\/atenea-50-50-impulsando-la-igualdad-en-las-profesiones-industriales-en-euskadi-para-un-impacto-social-con-equilibrio-proposito-y-talento\/#breadcrumb"},"inLanguage":"es","potentialAction":[{"@type":"ReadAction","target":["https:\/\/www.euskalit.net\/semana\/acto\/atenea-50-50-impulsando-la-igualdad-en-las-profesiones-industriales-en-euskadi-para-un-impacto-social-con-equilibrio-proposito-y-talento\/"]}]},{"@type":"ImageObject","inLanguage":"es","@id":"https:\/\/www.euskalit.net\/semana\/acto\/atenea-50-50-impulsando-la-igualdad-en-las-profesiones-industriales-en-euskadi-para-un-impacto-social-con-equilibrio-proposito-y-talento\/#primaryimage","url":"https:\/\/www.euskalit.net\/semana\/wp-content\/uploads\/2025\/07\/Organizadores-COIIB.webp","contentUrl":"https:\/\/www.euskalit.net\/semana\/wp-content\/uploads\/2025\/07\/Organizadores-COIIB.webp","width":720,"height":450},{"@type":"BreadcrumbList","@id":"https:\/\/www.euskalit.net\/semana\/acto\/atenea-50-50-impulsando-la-igualdad-en-las-profesiones-industriales-en-euskadi-para-un-impacto-social-con-equilibrio-proposito-y-talento\/#breadcrumb","itemListElement":[{"@type":"ListItem","position":1,"name":"Portada","item":"https:\/\/www.euskalit.net\/semana\/"},{"@type":"ListItem","position":2,"name":"Atenea 50-50. Impulsando la igualdad en las profesiones industriales en Euskadi para un Impacto Social con Equilibrio, Prop\u00f3sito y Talento"}]},{"@type":"WebSite","@id":"https:\/\/www.euskalit.net\/semana\/#website","url":"https:\/\/www.euskalit.net\/semana\/","name":"Semana Europea de la Gesti\u00f3n Avanzada","description":"Semana Europea de la Gesti\u00f3n Avanzada","publisher":{"@id":"https:\/\/www.euskalit.net\/semana\/#organization"},"potentialAction":[{"@type":"SearchAction","target":{"@type":"EntryPoint","urlTemplate":"https:\/\/www.euskalit.net\/semana\/?s={search_term_string}"},"query-input":{"@type":"PropertyValueSpecification","valueRequired":true,"valueName":"search_term_string"}}],"inLanguage":"es"},{"@type":"Organization","@id":"https:\/\/www.euskalit.net\/semana\/#organization","name":"Semana Europea de la Gesti\u00f3n Avanzada","url":"https:\/\/www.euskalit.net\/semana\/","logo":{"@type":"ImageObject","inLanguage":"es","@id":"https:\/\/www.euskalit.net\/semana\/#\/schema\/logo\/image\/","url":"https:\/\/www.euskalit.net\/semanawp-content\/uploads\/2025\/05\/logotipo-euskalit@3x.png","contentUrl":"https:\/\/www.euskalit.net\/semanawp-content\/uploads\/2025\/05\/logotipo-euskalit@3x.png","width":849,"height":201,"caption":"Semana Europea de la Gesti\u00f3n Avanzada"},"image":{"@id":"https:\/\/www.euskalit.net\/semana\/#\/schema\/logo\/image\/"}}]}},"_links":{"self":[{"href":"https:\/\/www.euskalit.net\/semana\/wp-json\/wp\/v2\/acto\/6451","targetHints":{"allow":["GET"]}}],"collection":[{"href":"https:\/\/www.euskalit.net\/semana\/wp-json\/wp\/v2\/acto"}],"about":[{"href":"https:\/\/www.euskalit.net\/semana\/wp-json\/wp\/v2\/types\/acto"}],"version-history":[{"count":10,"href":"https:\/\/www.euskalit.net\/semana\/wp-json\/wp\/v2\/acto\/6451\/revisions"}],"predecessor-version":[{"id":7223,"href":"https:\/\/www.euskalit.net\/semana\/wp-json\/wp\/v2\/acto\/6451\/revisions\/7223"}],"wp:featuredmedia":[{"embeddable":true,"href":"https:\/\/www.euskalit.net\/semana\/wp-json\/wp\/v2\/media\/6368"}],"wp:attachment":[{"href":"https:\/\/www.euskalit.net\/semana\/wp-json\/wp\/v2\/media?parent=6451"}],"wp:term":[{"taxonomy":"entidad-organizadora","embeddable":true,"href":"https:\/\/www.euskalit.net\/semana\/wp-json\/wp\/v2\/entidad-organizadora?post=6451"},{"taxonomy":"palabra-clave","embeddable":true,"href":"https:\/\/www.euskalit.net\/semana\/wp-json\/wp\/v2\/palabra-clave?post=6451"},{"taxonomy":"sector","embeddable":true,"href":"https:\/\/www.euskalit.net\/semana\/wp-json\/wp\/v2\/sector?post=6451"}],"curies":[{"name":"wp","href":"https:\/\/api.w.org\/{rel}","templated":true}]}}