{"id":6448,"date":"2025-10-15T12:10:13","date_gmt":"2025-10-15T10:10:13","guid":{"rendered":"https:\/\/www.euskalit.net\/semana\/?post_type=acto&#038;p=6448"},"modified":"2025-10-16T08:27:39","modified_gmt":"2025-10-16T06:27:39","slug":"riesgos-y-oportunidades-de-la-digitalizacion-casos-de-buenas-practicas","status":"publish","type":"acto","link":"https:\/\/www.euskalit.net\/semana\/acto\/riesgos-y-oportunidades-de-la-digitalizacion-casos-de-buenas-practicas\/","title":{"rendered":"Riesgos y oportunidades de la digitalizaci\u00f3n: casos de buenas pr\u00e1cticas"},"content":{"rendered":"<h3><span style=\"color: #2e7d67;\">Elemento de la Gesti\u00f3n Avanzada<\/span><\/h3>\n<p>Innovaci\u00f3n (Desarrollo de nuevas ideas y negocios, I+D, vigilancia tecnol\u00f3gica&#8230;)<\/p>\n<h3><span style=\"color: #2e7d67;\">Contenido<\/span><\/h3>\n<p>Se compartir\u00e1n experiencias de entidades avanzadas en la digitalizaci\u00f3n de sus procesos y c\u00f3mo se est\u00e1n protegiendo para garantizar una gesti\u00f3n excelente. Para incorporar la IA en la agilizaci\u00f3n de procesos y mejorar el conocimiento es imprescindible contar con estrategias de protecci\u00f3n, sin las cuales la vulnerabilidad de las organizaciones pone en riesgo su gesti\u00f3n. Una mirada para conocer los riesgos y los instrumentos necesarios para implantar estrategias control.<\/p>\n<h3><span style=\"color: #2e7d67;\">Programa<\/span><\/h3>\n<p>\u00bfCu\u00e1les son los principales tipos de riesgos, y c\u00f3mo podemos evitarlos?<\/p>\n<p>\u00bfQu\u00e9 implicaciones reputacionales y econ\u00f3micas tienen? \u00bfC\u00f3mo se gestiona la comunicaci\u00f3n externa e interna para restaurar la confianza del cliente? \u00bfC\u00f3mo sensibilizar a empleados y directivos sobre su papel en prevenci\u00f3n?<\/p>\n<p>\u00bfC\u00f3mo justificar las inversiones en ciberseguridad ? \u00bfQu\u00e9 m\u00e9tricas utilizan para demostrar el retorno de inversi\u00f3n (ROI) en este \u00e1mbito? \u00bfC\u00f3mo afecta el cumplimiento normativo (como el GDPR o PSD2) a las decisiones estrat\u00e9gicas de ciberseguridad ?<\/p>\n<p>Con la creciente dependencia del 5G y el IoT, \u00bfQu\u00e9 medidas est\u00e1n tomando para proteger los datos sensibles que circulan por las redes? \u00bfC\u00f3mo pueden colaborar las empresas financieras, tecnol\u00f3gicas y organismos p\u00fablicos para fortalecer la ciberseguridad auton\u00f3mica y nacional?<\/p>\n<p>Estas son algunas de las cuestiones que se abordar\u00e1n, teniendo en cuenta que la colaboraci\u00f3n de empresas financieras, tecnol\u00f3gicas y organismos p\u00fablicos es fundamental para proteger la ciberseguridad auton\u00f3mica y nacional.<\/p>\n","protected":false},"featured_media":6372,"menu_order":0,"template":"","format":"standard","meta":{"_acf_changed":false,"footnotes":""},"entidad-organizadora":[],"palabra-clave":[],"sector":[],"class_list":["post-6448","acto","type-acto","status-publish","format-standard","has-post-thumbnail","hentry"],"acf":[],"yoast_head":"<!-- This site is optimized with the Yoast SEO plugin v26.0 - https:\/\/yoast.com\/wordpress\/plugins\/seo\/ -->\n<title>Riesgos y oportunidades de la digitalizaci\u00f3n: casos de buenas pr\u00e1cticas - Semana Europea de la Gesti\u00f3n Avanzada<\/title>\n<meta name=\"robots\" content=\"index, follow, max-snippet:-1, max-image-preview:large, max-video-preview:-1\" \/>\n<link rel=\"canonical\" href=\"https:\/\/www.euskalit.net\/semana\/acto\/riesgos-y-oportunidades-de-la-digitalizacion-casos-de-buenas-practicas\/\" \/>\n<meta property=\"og:locale\" content=\"es_ES\" \/>\n<meta property=\"og:type\" content=\"article\" \/>\n<meta property=\"og:title\" content=\"Riesgos y oportunidades de la digitalizaci\u00f3n: casos de buenas pr\u00e1cticas - Semana Europea de la Gesti\u00f3n Avanzada\" \/>\n<meta property=\"og:description\" content=\"Elemento de la Gesti\u00f3n Avanzada Innovaci\u00f3n (Desarrollo de nuevas ideas y negocios, I+D, vigilancia tecnol\u00f3gica&#8230;) Contenido Se compartir\u00e1n experiencias de entidades avanzadas en la digitalizaci\u00f3n de sus procesos y c\u00f3mo se est\u00e1n protegiendo para garantizar una gesti\u00f3n excelente. Para incorporar la IA en la agilizaci\u00f3n de procesos y mejorar el conocimiento es imprescindible contar con\" \/>\n<meta property=\"og:url\" content=\"https:\/\/www.euskalit.net\/semana\/acto\/riesgos-y-oportunidades-de-la-digitalizacion-casos-de-buenas-practicas\/\" \/>\n<meta property=\"og:site_name\" content=\"Semana Europea de la Gesti\u00f3n Avanzada\" \/>\n<meta property=\"article:modified_time\" content=\"2025-10-16T06:27:39+00:00\" \/>\n<meta property=\"og:image\" content=\"https:\/\/www.euskalit.net\/semana\/wp-content\/uploads\/2025\/07\/Organizadores-ekonomistak.webp\" \/>\n\t<meta property=\"og:image:width\" content=\"720\" \/>\n\t<meta property=\"og:image:height\" content=\"450\" \/>\n\t<meta property=\"og:image:type\" content=\"image\/webp\" \/>\n<meta name=\"twitter:card\" content=\"summary_large_image\" \/>\n<meta name=\"twitter:label1\" content=\"Tiempo de lectura\" \/>\n\t<meta name=\"twitter:data1\" content=\"2 minutos\" \/>\n<script type=\"application\/ld+json\" class=\"yoast-schema-graph\">{\"@context\":\"https:\/\/schema.org\",\"@graph\":[{\"@type\":\"WebPage\",\"@id\":\"https:\/\/www.euskalit.net\/semana\/acto\/riesgos-y-oportunidades-de-la-digitalizacion-casos-de-buenas-practicas\/\",\"url\":\"https:\/\/www.euskalit.net\/semana\/acto\/riesgos-y-oportunidades-de-la-digitalizacion-casos-de-buenas-practicas\/\",\"name\":\"Riesgos y oportunidades de la digitalizaci\u00f3n: casos de buenas pr\u00e1cticas - Semana Europea de la Gesti\u00f3n Avanzada\",\"isPartOf\":{\"@id\":\"https:\/\/www.euskalit.net\/semana\/#website\"},\"primaryImageOfPage\":{\"@id\":\"https:\/\/www.euskalit.net\/semana\/acto\/riesgos-y-oportunidades-de-la-digitalizacion-casos-de-buenas-practicas\/#primaryimage\"},\"image\":{\"@id\":\"https:\/\/www.euskalit.net\/semana\/acto\/riesgos-y-oportunidades-de-la-digitalizacion-casos-de-buenas-practicas\/#primaryimage\"},\"thumbnailUrl\":\"https:\/\/www.euskalit.net\/semana\/wp-content\/uploads\/2025\/07\/Organizadores-ekonomistak.webp\",\"datePublished\":\"2025-10-15T10:10:13+00:00\",\"dateModified\":\"2025-10-16T06:27:39+00:00\",\"breadcrumb\":{\"@id\":\"https:\/\/www.euskalit.net\/semana\/acto\/riesgos-y-oportunidades-de-la-digitalizacion-casos-de-buenas-practicas\/#breadcrumb\"},\"inLanguage\":\"es\",\"potentialAction\":[{\"@type\":\"ReadAction\",\"target\":[\"https:\/\/www.euskalit.net\/semana\/acto\/riesgos-y-oportunidades-de-la-digitalizacion-casos-de-buenas-practicas\/\"]}]},{\"@type\":\"ImageObject\",\"inLanguage\":\"es\",\"@id\":\"https:\/\/www.euskalit.net\/semana\/acto\/riesgos-y-oportunidades-de-la-digitalizacion-casos-de-buenas-practicas\/#primaryimage\",\"url\":\"https:\/\/www.euskalit.net\/semana\/wp-content\/uploads\/2025\/07\/Organizadores-ekonomistak.webp\",\"contentUrl\":\"https:\/\/www.euskalit.net\/semana\/wp-content\/uploads\/2025\/07\/Organizadores-ekonomistak.webp\",\"width\":720,\"height\":450},{\"@type\":\"BreadcrumbList\",\"@id\":\"https:\/\/www.euskalit.net\/semana\/acto\/riesgos-y-oportunidades-de-la-digitalizacion-casos-de-buenas-practicas\/#breadcrumb\",\"itemListElement\":[{\"@type\":\"ListItem\",\"position\":1,\"name\":\"Portada\",\"item\":\"https:\/\/www.euskalit.net\/semana\/\"},{\"@type\":\"ListItem\",\"position\":2,\"name\":\"Riesgos y oportunidades de la digitalizaci\u00f3n: casos de buenas pr\u00e1cticas\"}]},{\"@type\":\"WebSite\",\"@id\":\"https:\/\/www.euskalit.net\/semana\/#website\",\"url\":\"https:\/\/www.euskalit.net\/semana\/\",\"name\":\"Semana Europea de la Gesti\u00f3n Avanzada\",\"description\":\"Semana Europea de la Gesti\u00f3n Avanzada\",\"publisher\":{\"@id\":\"https:\/\/www.euskalit.net\/semana\/#organization\"},\"potentialAction\":[{\"@type\":\"SearchAction\",\"target\":{\"@type\":\"EntryPoint\",\"urlTemplate\":\"https:\/\/www.euskalit.net\/semana\/?s={search_term_string}\"},\"query-input\":{\"@type\":\"PropertyValueSpecification\",\"valueRequired\":true,\"valueName\":\"search_term_string\"}}],\"inLanguage\":\"es\"},{\"@type\":\"Organization\",\"@id\":\"https:\/\/www.euskalit.net\/semana\/#organization\",\"name\":\"Semana Europea de la Gesti\u00f3n Avanzada\",\"url\":\"https:\/\/www.euskalit.net\/semana\/\",\"logo\":{\"@type\":\"ImageObject\",\"inLanguage\":\"es\",\"@id\":\"https:\/\/www.euskalit.net\/semana\/#\/schema\/logo\/image\/\",\"url\":\"https:\/\/www.euskalit.net\/semanawp-content\/uploads\/2025\/05\/logotipo-euskalit@3x.png\",\"contentUrl\":\"https:\/\/www.euskalit.net\/semanawp-content\/uploads\/2025\/05\/logotipo-euskalit@3x.png\",\"width\":849,\"height\":201,\"caption\":\"Semana Europea de la Gesti\u00f3n Avanzada\"},\"image\":{\"@id\":\"https:\/\/www.euskalit.net\/semana\/#\/schema\/logo\/image\/\"}}]}<\/script>\n<!-- \/ Yoast SEO plugin. -->","yoast_head_json":{"title":"Riesgos y oportunidades de la digitalizaci\u00f3n: casos de buenas pr\u00e1cticas - Semana Europea de la Gesti\u00f3n Avanzada","robots":{"index":"index","follow":"follow","max-snippet":"max-snippet:-1","max-image-preview":"max-image-preview:large","max-video-preview":"max-video-preview:-1"},"canonical":"https:\/\/www.euskalit.net\/semana\/acto\/riesgos-y-oportunidades-de-la-digitalizacion-casos-de-buenas-practicas\/","og_locale":"es_ES","og_type":"article","og_title":"Riesgos y oportunidades de la digitalizaci\u00f3n: casos de buenas pr\u00e1cticas - Semana Europea de la Gesti\u00f3n Avanzada","og_description":"Elemento de la Gesti\u00f3n Avanzada Innovaci\u00f3n (Desarrollo de nuevas ideas y negocios, I+D, vigilancia tecnol\u00f3gica&#8230;) Contenido Se compartir\u00e1n experiencias de entidades avanzadas en la digitalizaci\u00f3n de sus procesos y c\u00f3mo se est\u00e1n protegiendo para garantizar una gesti\u00f3n excelente. Para incorporar la IA en la agilizaci\u00f3n de procesos y mejorar el conocimiento es imprescindible contar con","og_url":"https:\/\/www.euskalit.net\/semana\/acto\/riesgos-y-oportunidades-de-la-digitalizacion-casos-de-buenas-practicas\/","og_site_name":"Semana Europea de la Gesti\u00f3n Avanzada","article_modified_time":"2025-10-16T06:27:39+00:00","og_image":[{"width":720,"height":450,"url":"https:\/\/www.euskalit.net\/semana\/wp-content\/uploads\/2025\/07\/Organizadores-ekonomistak.webp","type":"image\/webp"}],"twitter_card":"summary_large_image","twitter_misc":{"Tiempo de lectura":"2 minutos"},"schema":{"@context":"https:\/\/schema.org","@graph":[{"@type":"WebPage","@id":"https:\/\/www.euskalit.net\/semana\/acto\/riesgos-y-oportunidades-de-la-digitalizacion-casos-de-buenas-practicas\/","url":"https:\/\/www.euskalit.net\/semana\/acto\/riesgos-y-oportunidades-de-la-digitalizacion-casos-de-buenas-practicas\/","name":"Riesgos y oportunidades de la digitalizaci\u00f3n: casos de buenas pr\u00e1cticas - Semana Europea de la Gesti\u00f3n Avanzada","isPartOf":{"@id":"https:\/\/www.euskalit.net\/semana\/#website"},"primaryImageOfPage":{"@id":"https:\/\/www.euskalit.net\/semana\/acto\/riesgos-y-oportunidades-de-la-digitalizacion-casos-de-buenas-practicas\/#primaryimage"},"image":{"@id":"https:\/\/www.euskalit.net\/semana\/acto\/riesgos-y-oportunidades-de-la-digitalizacion-casos-de-buenas-practicas\/#primaryimage"},"thumbnailUrl":"https:\/\/www.euskalit.net\/semana\/wp-content\/uploads\/2025\/07\/Organizadores-ekonomistak.webp","datePublished":"2025-10-15T10:10:13+00:00","dateModified":"2025-10-16T06:27:39+00:00","breadcrumb":{"@id":"https:\/\/www.euskalit.net\/semana\/acto\/riesgos-y-oportunidades-de-la-digitalizacion-casos-de-buenas-practicas\/#breadcrumb"},"inLanguage":"es","potentialAction":[{"@type":"ReadAction","target":["https:\/\/www.euskalit.net\/semana\/acto\/riesgos-y-oportunidades-de-la-digitalizacion-casos-de-buenas-practicas\/"]}]},{"@type":"ImageObject","inLanguage":"es","@id":"https:\/\/www.euskalit.net\/semana\/acto\/riesgos-y-oportunidades-de-la-digitalizacion-casos-de-buenas-practicas\/#primaryimage","url":"https:\/\/www.euskalit.net\/semana\/wp-content\/uploads\/2025\/07\/Organizadores-ekonomistak.webp","contentUrl":"https:\/\/www.euskalit.net\/semana\/wp-content\/uploads\/2025\/07\/Organizadores-ekonomistak.webp","width":720,"height":450},{"@type":"BreadcrumbList","@id":"https:\/\/www.euskalit.net\/semana\/acto\/riesgos-y-oportunidades-de-la-digitalizacion-casos-de-buenas-practicas\/#breadcrumb","itemListElement":[{"@type":"ListItem","position":1,"name":"Portada","item":"https:\/\/www.euskalit.net\/semana\/"},{"@type":"ListItem","position":2,"name":"Riesgos y oportunidades de la digitalizaci\u00f3n: casos de buenas pr\u00e1cticas"}]},{"@type":"WebSite","@id":"https:\/\/www.euskalit.net\/semana\/#website","url":"https:\/\/www.euskalit.net\/semana\/","name":"Semana Europea de la Gesti\u00f3n Avanzada","description":"Semana Europea de la Gesti\u00f3n Avanzada","publisher":{"@id":"https:\/\/www.euskalit.net\/semana\/#organization"},"potentialAction":[{"@type":"SearchAction","target":{"@type":"EntryPoint","urlTemplate":"https:\/\/www.euskalit.net\/semana\/?s={search_term_string}"},"query-input":{"@type":"PropertyValueSpecification","valueRequired":true,"valueName":"search_term_string"}}],"inLanguage":"es"},{"@type":"Organization","@id":"https:\/\/www.euskalit.net\/semana\/#organization","name":"Semana Europea de la Gesti\u00f3n Avanzada","url":"https:\/\/www.euskalit.net\/semana\/","logo":{"@type":"ImageObject","inLanguage":"es","@id":"https:\/\/www.euskalit.net\/semana\/#\/schema\/logo\/image\/","url":"https:\/\/www.euskalit.net\/semanawp-content\/uploads\/2025\/05\/logotipo-euskalit@3x.png","contentUrl":"https:\/\/www.euskalit.net\/semanawp-content\/uploads\/2025\/05\/logotipo-euskalit@3x.png","width":849,"height":201,"caption":"Semana Europea de la Gesti\u00f3n Avanzada"},"image":{"@id":"https:\/\/www.euskalit.net\/semana\/#\/schema\/logo\/image\/"}}]}},"_links":{"self":[{"href":"https:\/\/www.euskalit.net\/semana\/wp-json\/wp\/v2\/acto\/6448","targetHints":{"allow":["GET"]}}],"collection":[{"href":"https:\/\/www.euskalit.net\/semana\/wp-json\/wp\/v2\/acto"}],"about":[{"href":"https:\/\/www.euskalit.net\/semana\/wp-json\/wp\/v2\/types\/acto"}],"version-history":[{"count":4,"href":"https:\/\/www.euskalit.net\/semana\/wp-json\/wp\/v2\/acto\/6448\/revisions"}],"predecessor-version":[{"id":7430,"href":"https:\/\/www.euskalit.net\/semana\/wp-json\/wp\/v2\/acto\/6448\/revisions\/7430"}],"wp:featuredmedia":[{"embeddable":true,"href":"https:\/\/www.euskalit.net\/semana\/wp-json\/wp\/v2\/media\/6372"}],"wp:attachment":[{"href":"https:\/\/www.euskalit.net\/semana\/wp-json\/wp\/v2\/media?parent=6448"}],"wp:term":[{"taxonomy":"entidad-organizadora","embeddable":true,"href":"https:\/\/www.euskalit.net\/semana\/wp-json\/wp\/v2\/entidad-organizadora?post=6448"},{"taxonomy":"palabra-clave","embeddable":true,"href":"https:\/\/www.euskalit.net\/semana\/wp-json\/wp\/v2\/palabra-clave?post=6448"},{"taxonomy":"sector","embeddable":true,"href":"https:\/\/www.euskalit.net\/semana\/wp-json\/wp\/v2\/sector?post=6448"}],"curies":[{"name":"wp","href":"https:\/\/api.w.org\/{rel}","templated":true}]}}