{"id":6446,"date":"2025-10-28T12:11:41","date_gmt":"2025-10-28T11:11:41","guid":{"rendered":"https:\/\/www.euskalit.net\/semana\/?post_type=acto&#038;p=6446"},"modified":"2025-10-28T16:32:30","modified_gmt":"2025-10-28T15:32:30","slug":"buenas-practicas-de-empresas-en-la-conciliacion-laboral-y-familiar","status":"publish","type":"acto","link":"https:\/\/www.euskalit.net\/semana\/acto\/buenas-practicas-de-empresas-en-la-conciliacion-laboral-y-familiar\/","title":{"rendered":"Buenas pr\u00e1cticas de empresas en la conciliaci\u00f3n laboral y familiar"},"content":{"rendered":"<h3><span style=\"color: #2e7d67;\">Elemento de la Gesti\u00f3n Avanzada<\/span><\/h3>\n<p>Estrategia (grupos de inter\u00e9s, procesos, modelo de negocio, modelo organizativo, Cuadro de mando integral, despliegue de objetivos&#8230;)<\/p>\n<h3><span style=\"color: #2e7d67;\">Programa<\/span><\/h3>\n<p>9:30-9:45-Gorka Ora\u00e1, Director de Infancia, Adolescencia y Familias: Presentaci\u00f3n de la jornada y de actividades y retos actuales de la Direcci\u00f3n.<\/p>\n<p>9:45-10:15- Presentaci\u00f3n de conclusiones de estudio desarrollado por la Universidad de Deusto: Estado de situaci\u00f3n de empresas vascas y percepci\u00f3n de las personas trabajadoras sobre medidas de conciliaci\u00f3n.<\/p>\n<p>10:15-10:45- Presentaci\u00f3n de Irati Aizpurua (Alkezar abokatuak) de normativa y actualidad de inter\u00e9s, herramientas y soluciones.<\/p>\n<p>10:45- 11:00 Preguntas del p\u00fablico.<\/p>\n<p>11:00- 11:30 Descanso-caf\u00e9.<\/p>\n<p>11:30- 11:45- Fernando Sierra, Director de EUSKALIT: Presentaci\u00f3n del sistema de reconocimientos a la gesti\u00f3n de la conciliaci\u00f3n 2026, su vinculaci\u00f3n con la Gesti\u00f3n Avanzada y conclusiones del Pilotaje 2025.<\/p>\n<p>11:45-13:15- Buenas pr\u00e1cticas en gesti\u00f3n de la conciliaci\u00f3n. Presentaci\u00f3n de experiencias y mesa redonda con empresas de varios sectores de actividad. Preguntas del p\u00fablico.<\/p>\n<p>13:15-13:30- Entrega de Diplomas a entidades del Pilotaje 2025 y cierre de la jornada por parte del Viceconsejero de Juventud y Reto Demogr\u00e1fico Xabier Legarreta Gabilondo<\/p>\n","protected":false},"featured_media":6371,"menu_order":0,"template":"","format":"standard","meta":{"_acf_changed":false,"footnotes":""},"entidad-organizadora":[],"palabra-clave":[],"sector":[],"class_list":["post-6446","acto","type-acto","status-publish","format-standard","has-post-thumbnail","hentry"],"acf":[],"yoast_head":"<!-- This site is optimized with the Yoast SEO plugin v26.0 - https:\/\/yoast.com\/wordpress\/plugins\/seo\/ -->\n<title>Buenas pr\u00e1cticas de empresas en la conciliaci\u00f3n laboral y familiar - Semana Europea de la Gesti\u00f3n Avanzada<\/title>\n<meta name=\"robots\" content=\"index, follow, max-snippet:-1, max-image-preview:large, max-video-preview:-1\" \/>\n<link rel=\"canonical\" href=\"https:\/\/www.euskalit.net\/semana\/acto\/buenas-practicas-de-empresas-en-la-conciliacion-laboral-y-familiar\/\" \/>\n<meta property=\"og:locale\" content=\"es_ES\" \/>\n<meta property=\"og:type\" content=\"article\" \/>\n<meta property=\"og:title\" content=\"Buenas pr\u00e1cticas de empresas en la conciliaci\u00f3n laboral y familiar - Semana Europea de la Gesti\u00f3n Avanzada\" \/>\n<meta property=\"og:description\" content=\"Elemento de la Gesti\u00f3n Avanzada Estrategia (grupos de inter\u00e9s, procesos, modelo de negocio, modelo organizativo, Cuadro de mando integral, despliegue de objetivos&#8230;) Programa 9:30-9:45-Gorka Ora\u00e1, Director de Infancia, Adolescencia y Familias: Presentaci\u00f3n de la jornada y de actividades y retos actuales de la Direcci\u00f3n. 9:45-10:15- Presentaci\u00f3n de conclusiones de estudio desarrollado por la Universidad de\" \/>\n<meta property=\"og:url\" content=\"https:\/\/www.euskalit.net\/semana\/acto\/buenas-practicas-de-empresas-en-la-conciliacion-laboral-y-familiar\/\" \/>\n<meta property=\"og:site_name\" content=\"Semana Europea de la Gesti\u00f3n Avanzada\" \/>\n<meta property=\"article:modified_time\" content=\"2025-10-28T15:32:30+00:00\" \/>\n<meta property=\"og:image\" content=\"https:\/\/www.euskalit.net\/semana\/wp-content\/uploads\/2025\/07\/Organizadores-EJGV-Direccion-Infancia-Adolescencia-Familias.webp\" \/>\n\t<meta property=\"og:image:width\" content=\"720\" \/>\n\t<meta property=\"og:image:height\" content=\"450\" \/>\n\t<meta property=\"og:image:type\" content=\"image\/webp\" \/>\n<meta name=\"twitter:card\" content=\"summary_large_image\" \/>\n<meta name=\"twitter:label1\" content=\"Tiempo de lectura\" \/>\n\t<meta name=\"twitter:data1\" content=\"2 minutos\" \/>\n<script type=\"application\/ld+json\" class=\"yoast-schema-graph\">{\"@context\":\"https:\/\/schema.org\",\"@graph\":[{\"@type\":\"WebPage\",\"@id\":\"https:\/\/www.euskalit.net\/semana\/acto\/buenas-practicas-de-empresas-en-la-conciliacion-laboral-y-familiar\/\",\"url\":\"https:\/\/www.euskalit.net\/semana\/acto\/buenas-practicas-de-empresas-en-la-conciliacion-laboral-y-familiar\/\",\"name\":\"Buenas pr\u00e1cticas de empresas en la conciliaci\u00f3n laboral y familiar - Semana Europea de la Gesti\u00f3n Avanzada\",\"isPartOf\":{\"@id\":\"https:\/\/www.euskalit.net\/semana\/#website\"},\"primaryImageOfPage\":{\"@id\":\"https:\/\/www.euskalit.net\/semana\/acto\/buenas-practicas-de-empresas-en-la-conciliacion-laboral-y-familiar\/#primaryimage\"},\"image\":{\"@id\":\"https:\/\/www.euskalit.net\/semana\/acto\/buenas-practicas-de-empresas-en-la-conciliacion-laboral-y-familiar\/#primaryimage\"},\"thumbnailUrl\":\"https:\/\/www.euskalit.net\/semana\/wp-content\/uploads\/2025\/07\/Organizadores-EJGV-Direccion-Infancia-Adolescencia-Familias.webp\",\"datePublished\":\"2025-10-28T11:11:41+00:00\",\"dateModified\":\"2025-10-28T15:32:30+00:00\",\"breadcrumb\":{\"@id\":\"https:\/\/www.euskalit.net\/semana\/acto\/buenas-practicas-de-empresas-en-la-conciliacion-laboral-y-familiar\/#breadcrumb\"},\"inLanguage\":\"es\",\"potentialAction\":[{\"@type\":\"ReadAction\",\"target\":[\"https:\/\/www.euskalit.net\/semana\/acto\/buenas-practicas-de-empresas-en-la-conciliacion-laboral-y-familiar\/\"]}]},{\"@type\":\"ImageObject\",\"inLanguage\":\"es\",\"@id\":\"https:\/\/www.euskalit.net\/semana\/acto\/buenas-practicas-de-empresas-en-la-conciliacion-laboral-y-familiar\/#primaryimage\",\"url\":\"https:\/\/www.euskalit.net\/semana\/wp-content\/uploads\/2025\/07\/Organizadores-EJGV-Direccion-Infancia-Adolescencia-Familias.webp\",\"contentUrl\":\"https:\/\/www.euskalit.net\/semana\/wp-content\/uploads\/2025\/07\/Organizadores-EJGV-Direccion-Infancia-Adolescencia-Familias.webp\",\"width\":720,\"height\":450},{\"@type\":\"BreadcrumbList\",\"@id\":\"https:\/\/www.euskalit.net\/semana\/acto\/buenas-practicas-de-empresas-en-la-conciliacion-laboral-y-familiar\/#breadcrumb\",\"itemListElement\":[{\"@type\":\"ListItem\",\"position\":1,\"name\":\"Portada\",\"item\":\"https:\/\/www.euskalit.net\/semana\/\"},{\"@type\":\"ListItem\",\"position\":2,\"name\":\"Buenas pr\u00e1cticas de empresas en la conciliaci\u00f3n laboral y familiar\"}]},{\"@type\":\"WebSite\",\"@id\":\"https:\/\/www.euskalit.net\/semana\/#website\",\"url\":\"https:\/\/www.euskalit.net\/semana\/\",\"name\":\"Semana Europea de la Gesti\u00f3n Avanzada\",\"description\":\"Semana Europea de la Gesti\u00f3n Avanzada\",\"publisher\":{\"@id\":\"https:\/\/www.euskalit.net\/semana\/#organization\"},\"potentialAction\":[{\"@type\":\"SearchAction\",\"target\":{\"@type\":\"EntryPoint\",\"urlTemplate\":\"https:\/\/www.euskalit.net\/semana\/?s={search_term_string}\"},\"query-input\":{\"@type\":\"PropertyValueSpecification\",\"valueRequired\":true,\"valueName\":\"search_term_string\"}}],\"inLanguage\":\"es\"},{\"@type\":\"Organization\",\"@id\":\"https:\/\/www.euskalit.net\/semana\/#organization\",\"name\":\"Semana Europea de la Gesti\u00f3n Avanzada\",\"url\":\"https:\/\/www.euskalit.net\/semana\/\",\"logo\":{\"@type\":\"ImageObject\",\"inLanguage\":\"es\",\"@id\":\"https:\/\/www.euskalit.net\/semana\/#\/schema\/logo\/image\/\",\"url\":\"https:\/\/www.euskalit.net\/semanawp-content\/uploads\/2025\/05\/logotipo-euskalit@3x.png\",\"contentUrl\":\"https:\/\/www.euskalit.net\/semanawp-content\/uploads\/2025\/05\/logotipo-euskalit@3x.png\",\"width\":849,\"height\":201,\"caption\":\"Semana Europea de la Gesti\u00f3n Avanzada\"},\"image\":{\"@id\":\"https:\/\/www.euskalit.net\/semana\/#\/schema\/logo\/image\/\"}}]}<\/script>\n<!-- \/ Yoast SEO plugin. -->","yoast_head_json":{"title":"Buenas pr\u00e1cticas de empresas en la conciliaci\u00f3n laboral y familiar - Semana Europea de la Gesti\u00f3n Avanzada","robots":{"index":"index","follow":"follow","max-snippet":"max-snippet:-1","max-image-preview":"max-image-preview:large","max-video-preview":"max-video-preview:-1"},"canonical":"https:\/\/www.euskalit.net\/semana\/acto\/buenas-practicas-de-empresas-en-la-conciliacion-laboral-y-familiar\/","og_locale":"es_ES","og_type":"article","og_title":"Buenas pr\u00e1cticas de empresas en la conciliaci\u00f3n laboral y familiar - Semana Europea de la Gesti\u00f3n Avanzada","og_description":"Elemento de la Gesti\u00f3n Avanzada Estrategia (grupos de inter\u00e9s, procesos, modelo de negocio, modelo organizativo, Cuadro de mando integral, despliegue de objetivos&#8230;) Programa 9:30-9:45-Gorka Ora\u00e1, Director de Infancia, Adolescencia y Familias: Presentaci\u00f3n de la jornada y de actividades y retos actuales de la Direcci\u00f3n. 9:45-10:15- Presentaci\u00f3n de conclusiones de estudio desarrollado por la Universidad de","og_url":"https:\/\/www.euskalit.net\/semana\/acto\/buenas-practicas-de-empresas-en-la-conciliacion-laboral-y-familiar\/","og_site_name":"Semana Europea de la Gesti\u00f3n Avanzada","article_modified_time":"2025-10-28T15:32:30+00:00","og_image":[{"width":720,"height":450,"url":"https:\/\/www.euskalit.net\/semana\/wp-content\/uploads\/2025\/07\/Organizadores-EJGV-Direccion-Infancia-Adolescencia-Familias.webp","type":"image\/webp"}],"twitter_card":"summary_large_image","twitter_misc":{"Tiempo de lectura":"2 minutos"},"schema":{"@context":"https:\/\/schema.org","@graph":[{"@type":"WebPage","@id":"https:\/\/www.euskalit.net\/semana\/acto\/buenas-practicas-de-empresas-en-la-conciliacion-laboral-y-familiar\/","url":"https:\/\/www.euskalit.net\/semana\/acto\/buenas-practicas-de-empresas-en-la-conciliacion-laboral-y-familiar\/","name":"Buenas pr\u00e1cticas de empresas en la conciliaci\u00f3n laboral y familiar - Semana Europea de la Gesti\u00f3n Avanzada","isPartOf":{"@id":"https:\/\/www.euskalit.net\/semana\/#website"},"primaryImageOfPage":{"@id":"https:\/\/www.euskalit.net\/semana\/acto\/buenas-practicas-de-empresas-en-la-conciliacion-laboral-y-familiar\/#primaryimage"},"image":{"@id":"https:\/\/www.euskalit.net\/semana\/acto\/buenas-practicas-de-empresas-en-la-conciliacion-laboral-y-familiar\/#primaryimage"},"thumbnailUrl":"https:\/\/www.euskalit.net\/semana\/wp-content\/uploads\/2025\/07\/Organizadores-EJGV-Direccion-Infancia-Adolescencia-Familias.webp","datePublished":"2025-10-28T11:11:41+00:00","dateModified":"2025-10-28T15:32:30+00:00","breadcrumb":{"@id":"https:\/\/www.euskalit.net\/semana\/acto\/buenas-practicas-de-empresas-en-la-conciliacion-laboral-y-familiar\/#breadcrumb"},"inLanguage":"es","potentialAction":[{"@type":"ReadAction","target":["https:\/\/www.euskalit.net\/semana\/acto\/buenas-practicas-de-empresas-en-la-conciliacion-laboral-y-familiar\/"]}]},{"@type":"ImageObject","inLanguage":"es","@id":"https:\/\/www.euskalit.net\/semana\/acto\/buenas-practicas-de-empresas-en-la-conciliacion-laboral-y-familiar\/#primaryimage","url":"https:\/\/www.euskalit.net\/semana\/wp-content\/uploads\/2025\/07\/Organizadores-EJGV-Direccion-Infancia-Adolescencia-Familias.webp","contentUrl":"https:\/\/www.euskalit.net\/semana\/wp-content\/uploads\/2025\/07\/Organizadores-EJGV-Direccion-Infancia-Adolescencia-Familias.webp","width":720,"height":450},{"@type":"BreadcrumbList","@id":"https:\/\/www.euskalit.net\/semana\/acto\/buenas-practicas-de-empresas-en-la-conciliacion-laboral-y-familiar\/#breadcrumb","itemListElement":[{"@type":"ListItem","position":1,"name":"Portada","item":"https:\/\/www.euskalit.net\/semana\/"},{"@type":"ListItem","position":2,"name":"Buenas pr\u00e1cticas de empresas en la conciliaci\u00f3n laboral y familiar"}]},{"@type":"WebSite","@id":"https:\/\/www.euskalit.net\/semana\/#website","url":"https:\/\/www.euskalit.net\/semana\/","name":"Semana Europea de la Gesti\u00f3n Avanzada","description":"Semana Europea de la Gesti\u00f3n Avanzada","publisher":{"@id":"https:\/\/www.euskalit.net\/semana\/#organization"},"potentialAction":[{"@type":"SearchAction","target":{"@type":"EntryPoint","urlTemplate":"https:\/\/www.euskalit.net\/semana\/?s={search_term_string}"},"query-input":{"@type":"PropertyValueSpecification","valueRequired":true,"valueName":"search_term_string"}}],"inLanguage":"es"},{"@type":"Organization","@id":"https:\/\/www.euskalit.net\/semana\/#organization","name":"Semana Europea de la Gesti\u00f3n Avanzada","url":"https:\/\/www.euskalit.net\/semana\/","logo":{"@type":"ImageObject","inLanguage":"es","@id":"https:\/\/www.euskalit.net\/semana\/#\/schema\/logo\/image\/","url":"https:\/\/www.euskalit.net\/semanawp-content\/uploads\/2025\/05\/logotipo-euskalit@3x.png","contentUrl":"https:\/\/www.euskalit.net\/semanawp-content\/uploads\/2025\/05\/logotipo-euskalit@3x.png","width":849,"height":201,"caption":"Semana Europea de la Gesti\u00f3n Avanzada"},"image":{"@id":"https:\/\/www.euskalit.net\/semana\/#\/schema\/logo\/image\/"}}]}},"_links":{"self":[{"href":"https:\/\/www.euskalit.net\/semana\/wp-json\/wp\/v2\/acto\/6446","targetHints":{"allow":["GET"]}}],"collection":[{"href":"https:\/\/www.euskalit.net\/semana\/wp-json\/wp\/v2\/acto"}],"about":[{"href":"https:\/\/www.euskalit.net\/semana\/wp-json\/wp\/v2\/types\/acto"}],"version-history":[{"count":14,"href":"https:\/\/www.euskalit.net\/semana\/wp-json\/wp\/v2\/acto\/6446\/revisions"}],"predecessor-version":[{"id":7602,"href":"https:\/\/www.euskalit.net\/semana\/wp-json\/wp\/v2\/acto\/6446\/revisions\/7602"}],"wp:featuredmedia":[{"embeddable":true,"href":"https:\/\/www.euskalit.net\/semana\/wp-json\/wp\/v2\/media\/6371"}],"wp:attachment":[{"href":"https:\/\/www.euskalit.net\/semana\/wp-json\/wp\/v2\/media?parent=6446"}],"wp:term":[{"taxonomy":"entidad-organizadora","embeddable":true,"href":"https:\/\/www.euskalit.net\/semana\/wp-json\/wp\/v2\/entidad-organizadora?post=6446"},{"taxonomy":"palabra-clave","embeddable":true,"href":"https:\/\/www.euskalit.net\/semana\/wp-json\/wp\/v2\/palabra-clave?post=6446"},{"taxonomy":"sector","embeddable":true,"href":"https:\/\/www.euskalit.net\/semana\/wp-json\/wp\/v2\/sector?post=6446"}],"curies":[{"name":"wp","href":"https:\/\/api.w.org\/{rel}","templated":true}]}}