{"id":6441,"date":"2025-10-14T12:45:48","date_gmt":"2025-10-14T10:45:48","guid":{"rendered":"https:\/\/www.euskalit.net\/semana\/?post_type=acto&#038;p=6441"},"modified":"2025-10-15T08:19:56","modified_gmt":"2025-10-15T06:19:56","slug":"transformar-la-cultura-desde-dentro","status":"publish","type":"acto","link":"https:\/\/www.euskalit.net\/semana\/acto\/transformar-la-cultura-desde-dentro\/","title":{"rendered":"Transformar la cultura desde dentro"},"content":{"rendered":"<h3><span style=\"color: #2e7d67;\">Elemento de la Gesti\u00f3n Avanzada<\/span><\/h3>\n<p>Personas (RRHH, seguridad, prevenci\u00f3n, competencias, compromiso, participaci\u00f3n, liderazgo&#8230;)<\/p>\n<h3><span style=\"color: #2e7d67;\">Contenido<\/span><\/h3>\n<p>El evento presenta la experiencia de EDE Fundazioa en el acompa\u00f1amiento de procesos de transformaci\u00f3n cultural en organizaciones. A trav\u00e9s de la conexi\u00f3n entre los prop\u00f3sitos individuales, de equipo y organizacional, se promueve una cultura viva basada en la autogesti\u00f3n, la transparencia y la \u00e9tica del cuidado. Se compartir\u00e1n claves metodol\u00f3gicas y focos de intervenci\u00f3n que permiten activar culturas organizacionales coherentes, sostenibles y centradas en las personas.<\/p>\n<h3><span style=\"color: #2e7d67;\">Programa<\/span><\/h3>\n<ol>\n<li><em>Bienvenida e introducci\u00f3n (12:00 \u2013 12:10)<\/em><\/li>\n<\/ol>\n<ul>\n<li style=\"list-style-type: none;\">\n<ul>\n<li>Breve saludo institucional.<\/li>\n<\/ul>\n<\/li>\n<\/ul>\n<ul>\n<li style=\"list-style-type: none;\">\n<ul>\n<li>Contextualizaci\u00f3n del evento dentro de la Semana Europea de la Gesti\u00f3n Avanzada<\/li>\n<\/ul>\n<\/li>\n<\/ul>\n<p><em>\u00a0 \u00a0 \u00a0 2. Presentaci\u00f3n marco: Cultura organizacional y transformaci\u00f3n (12:10 \u2013 12:30)<\/em><\/p>\n<ul>\n<li style=\"list-style-type: none;\">\n<ul>\n<li>\u00bfQu\u00e9 entendemos por cultura organizacional en EDE?<\/li>\n<\/ul>\n<\/li>\n<\/ul>\n<ul>\n<li style=\"list-style-type: none;\">\n<ul>\n<li>La cultura como proceso vivo: el \u201cpoco a poco\u201d.<\/li>\n<\/ul>\n<\/li>\n<\/ul>\n<ul>\n<li style=\"list-style-type: none;\">\n<ul>\n<li>Claves del cambio cultural: prop\u00f3sito compartido, autogesti\u00f3n, transparencia y \u00e9tica del cuidado.<\/li>\n<\/ul>\n<\/li>\n<\/ul>\n<ul>\n<li style=\"list-style-type: none;\">\n<ul>\n<li>El papel del equipo directivo: conciencia, coherencia y liderazgo desde la autoridad formal y carism\u00e1tica<\/li>\n<\/ul>\n<\/li>\n<\/ul>\n<p><em>\u00a0 \u00a0 \u00a03. Focos de intervenci\u00f3n en la transformaci\u00f3n cultural a partir de las experiencias vividas (12:30 \u2013 13:30)<\/em><\/p>\n<p>Presentaci\u00f3n de asuntos clave que han requerido atenci\u00f3n espec\u00edfica en el proceso de transformaci\u00f3n cultural. Cada foco ser\u00e1 presentado por personas implicadas directamente, desde una mirada vivencial y reflexiva:<\/p>\n<ul>\n<li style=\"list-style-type: none;\">\n<ul>\n<li>Foco 1: Creaci\u00f3n de espacios de autogesti\u00f3n y su impacto en la toma de decisiones.<\/li>\n<\/ul>\n<\/li>\n<\/ul>\n<ul>\n<li style=\"list-style-type: none;\">\n<ul>\n<li>Foco 2: Procesos de reflexi\u00f3n colectiva sobre el prop\u00f3sito y su alineaci\u00f3n con la pr\u00e1ctica diaria.<\/li>\n<\/ul>\n<\/li>\n<\/ul>\n<ul>\n<li style=\"list-style-type: none;\">\n<ul>\n<li>Foco 3: Transparencia y confianza: c\u00f3mo se ha trabajado desde los roles de liderazgo.<\/li>\n<\/ul>\n<\/li>\n<\/ul>\n<ul>\n<li style=\"list-style-type: none;\">\n<ul>\n<li>Foco 4: \u00c9tica del cuidado: equilibrio entre el bienestar de las personas y la sostenibilidad del proyecto.<\/li>\n<\/ul>\n<\/li>\n<\/ul>\n<p><em>\u00a0 \u00a0 \u00a04. Conversaci\u00f3n abierta con las personas asistentes (13:30 \u2013 13:55)<\/em><\/p>\n<ul>\n<li style=\"list-style-type: none;\">\n<ul>\n<li>Espacio para preguntas, comentarios y di\u00e1logo con el p\u00fablico.<\/li>\n<\/ul>\n<\/li>\n<\/ul>\n<ul>\n<li style=\"list-style-type: none;\">\n<ul>\n<li>Posibilidad de recoger impresiones o aprendizajes compartidos.<\/li>\n<\/ul>\n<\/li>\n<\/ul>\n<p><em>\u00a0 \u00a0 \u00a0 5.\u00a0 Cierre (13:55 \u2013 14:00)<\/em><\/p>\n<ul>\n<li style=\"list-style-type: none;\">\n<ul>\n<li>Agradecimientos.<\/li>\n<\/ul>\n<\/li>\n<\/ul>\n<p>&nbsp;<\/p>\n<ul>\n<li>Invitaci\u00f3n a seguir compartiendo aprendizajes y experiencias.<\/li>\n<\/ul>\n","protected":false},"featured_media":6377,"menu_order":0,"template":"","format":"standard","meta":{"_acf_changed":false,"footnotes":""},"entidad-organizadora":[],"palabra-clave":[],"sector":[],"class_list":["post-6441","acto","type-acto","status-publish","format-standard","has-post-thumbnail","hentry"],"acf":[],"yoast_head":"<!-- This site is optimized with the Yoast SEO plugin v26.0 - https:\/\/yoast.com\/wordpress\/plugins\/seo\/ -->\n<title>Transformar la cultura desde dentro - Semana Europea de la Gesti\u00f3n Avanzada<\/title>\n<meta name=\"robots\" content=\"index, follow, max-snippet:-1, max-image-preview:large, max-video-preview:-1\" \/>\n<link rel=\"canonical\" href=\"https:\/\/www.euskalit.net\/semana\/acto\/transformar-la-cultura-desde-dentro\/\" \/>\n<meta property=\"og:locale\" content=\"es_ES\" \/>\n<meta property=\"og:type\" content=\"article\" \/>\n<meta property=\"og:title\" content=\"Transformar la cultura desde dentro - Semana Europea de la Gesti\u00f3n Avanzada\" \/>\n<meta property=\"og:description\" content=\"Elemento de la Gesti\u00f3n Avanzada Personas (RRHH, seguridad, prevenci\u00f3n, competencias, compromiso, participaci\u00f3n, liderazgo&#8230;) Contenido El evento presenta la experiencia de EDE Fundazioa en el acompa\u00f1amiento de procesos de transformaci\u00f3n cultural en organizaciones. A trav\u00e9s de la conexi\u00f3n entre los prop\u00f3sitos individuales, de equipo y organizacional, se promueve una cultura viva basada en la autogesti\u00f3n, la\" \/>\n<meta property=\"og:url\" content=\"https:\/\/www.euskalit.net\/semana\/acto\/transformar-la-cultura-desde-dentro\/\" \/>\n<meta property=\"og:site_name\" content=\"Semana Europea de la Gesti\u00f3n Avanzada\" \/>\n<meta property=\"article:modified_time\" content=\"2025-10-15T06:19:56+00:00\" \/>\n<meta property=\"og:image\" content=\"https:\/\/www.euskalit.net\/semana\/wp-content\/uploads\/2025\/07\/Organizadores-Fundacio-EDE-Fundazioa.webp\" \/>\n\t<meta property=\"og:image:width\" content=\"720\" \/>\n\t<meta property=\"og:image:height\" content=\"450\" \/>\n\t<meta property=\"og:image:type\" content=\"image\/webp\" \/>\n<meta name=\"twitter:card\" content=\"summary_large_image\" \/>\n<meta name=\"twitter:label1\" content=\"Tiempo de lectura\" \/>\n\t<meta name=\"twitter:data1\" content=\"2 minutos\" \/>\n<script type=\"application\/ld+json\" class=\"yoast-schema-graph\">{\"@context\":\"https:\/\/schema.org\",\"@graph\":[{\"@type\":\"WebPage\",\"@id\":\"https:\/\/www.euskalit.net\/semana\/acto\/transformar-la-cultura-desde-dentro\/\",\"url\":\"https:\/\/www.euskalit.net\/semana\/acto\/transformar-la-cultura-desde-dentro\/\",\"name\":\"Transformar la cultura desde dentro - Semana Europea de la Gesti\u00f3n Avanzada\",\"isPartOf\":{\"@id\":\"https:\/\/www.euskalit.net\/semana\/#website\"},\"primaryImageOfPage\":{\"@id\":\"https:\/\/www.euskalit.net\/semana\/acto\/transformar-la-cultura-desde-dentro\/#primaryimage\"},\"image\":{\"@id\":\"https:\/\/www.euskalit.net\/semana\/acto\/transformar-la-cultura-desde-dentro\/#primaryimage\"},\"thumbnailUrl\":\"https:\/\/www.euskalit.net\/semana\/wp-content\/uploads\/2025\/07\/Organizadores-Fundacio-EDE-Fundazioa.webp\",\"datePublished\":\"2025-10-14T10:45:48+00:00\",\"dateModified\":\"2025-10-15T06:19:56+00:00\",\"breadcrumb\":{\"@id\":\"https:\/\/www.euskalit.net\/semana\/acto\/transformar-la-cultura-desde-dentro\/#breadcrumb\"},\"inLanguage\":\"es\",\"potentialAction\":[{\"@type\":\"ReadAction\",\"target\":[\"https:\/\/www.euskalit.net\/semana\/acto\/transformar-la-cultura-desde-dentro\/\"]}]},{\"@type\":\"ImageObject\",\"inLanguage\":\"es\",\"@id\":\"https:\/\/www.euskalit.net\/semana\/acto\/transformar-la-cultura-desde-dentro\/#primaryimage\",\"url\":\"https:\/\/www.euskalit.net\/semana\/wp-content\/uploads\/2025\/07\/Organizadores-Fundacio-EDE-Fundazioa.webp\",\"contentUrl\":\"https:\/\/www.euskalit.net\/semana\/wp-content\/uploads\/2025\/07\/Organizadores-Fundacio-EDE-Fundazioa.webp\",\"width\":720,\"height\":450},{\"@type\":\"BreadcrumbList\",\"@id\":\"https:\/\/www.euskalit.net\/semana\/acto\/transformar-la-cultura-desde-dentro\/#breadcrumb\",\"itemListElement\":[{\"@type\":\"ListItem\",\"position\":1,\"name\":\"Portada\",\"item\":\"https:\/\/www.euskalit.net\/semana\/\"},{\"@type\":\"ListItem\",\"position\":2,\"name\":\"Transformar la cultura desde dentro\"}]},{\"@type\":\"WebSite\",\"@id\":\"https:\/\/www.euskalit.net\/semana\/#website\",\"url\":\"https:\/\/www.euskalit.net\/semana\/\",\"name\":\"Semana Europea de la Gesti\u00f3n Avanzada\",\"description\":\"Semana Europea de la Gesti\u00f3n Avanzada\",\"publisher\":{\"@id\":\"https:\/\/www.euskalit.net\/semana\/#organization\"},\"potentialAction\":[{\"@type\":\"SearchAction\",\"target\":{\"@type\":\"EntryPoint\",\"urlTemplate\":\"https:\/\/www.euskalit.net\/semana\/?s={search_term_string}\"},\"query-input\":{\"@type\":\"PropertyValueSpecification\",\"valueRequired\":true,\"valueName\":\"search_term_string\"}}],\"inLanguage\":\"es\"},{\"@type\":\"Organization\",\"@id\":\"https:\/\/www.euskalit.net\/semana\/#organization\",\"name\":\"Semana Europea de la Gesti\u00f3n Avanzada\",\"url\":\"https:\/\/www.euskalit.net\/semana\/\",\"logo\":{\"@type\":\"ImageObject\",\"inLanguage\":\"es\",\"@id\":\"https:\/\/www.euskalit.net\/semana\/#\/schema\/logo\/image\/\",\"url\":\"https:\/\/www.euskalit.net\/semanawp-content\/uploads\/2025\/05\/logotipo-euskalit@3x.png\",\"contentUrl\":\"https:\/\/www.euskalit.net\/semanawp-content\/uploads\/2025\/05\/logotipo-euskalit@3x.png\",\"width\":849,\"height\":201,\"caption\":\"Semana Europea de la Gesti\u00f3n Avanzada\"},\"image\":{\"@id\":\"https:\/\/www.euskalit.net\/semana\/#\/schema\/logo\/image\/\"}}]}<\/script>\n<!-- \/ Yoast SEO plugin. -->","yoast_head_json":{"title":"Transformar la cultura desde dentro - Semana Europea de la Gesti\u00f3n Avanzada","robots":{"index":"index","follow":"follow","max-snippet":"max-snippet:-1","max-image-preview":"max-image-preview:large","max-video-preview":"max-video-preview:-1"},"canonical":"https:\/\/www.euskalit.net\/semana\/acto\/transformar-la-cultura-desde-dentro\/","og_locale":"es_ES","og_type":"article","og_title":"Transformar la cultura desde dentro - Semana Europea de la Gesti\u00f3n Avanzada","og_description":"Elemento de la Gesti\u00f3n Avanzada Personas (RRHH, seguridad, prevenci\u00f3n, competencias, compromiso, participaci\u00f3n, liderazgo&#8230;) Contenido El evento presenta la experiencia de EDE Fundazioa en el acompa\u00f1amiento de procesos de transformaci\u00f3n cultural en organizaciones. A trav\u00e9s de la conexi\u00f3n entre los prop\u00f3sitos individuales, de equipo y organizacional, se promueve una cultura viva basada en la autogesti\u00f3n, la","og_url":"https:\/\/www.euskalit.net\/semana\/acto\/transformar-la-cultura-desde-dentro\/","og_site_name":"Semana Europea de la Gesti\u00f3n Avanzada","article_modified_time":"2025-10-15T06:19:56+00:00","og_image":[{"width":720,"height":450,"url":"https:\/\/www.euskalit.net\/semana\/wp-content\/uploads\/2025\/07\/Organizadores-Fundacio-EDE-Fundazioa.webp","type":"image\/webp"}],"twitter_card":"summary_large_image","twitter_misc":{"Tiempo de lectura":"2 minutos"},"schema":{"@context":"https:\/\/schema.org","@graph":[{"@type":"WebPage","@id":"https:\/\/www.euskalit.net\/semana\/acto\/transformar-la-cultura-desde-dentro\/","url":"https:\/\/www.euskalit.net\/semana\/acto\/transformar-la-cultura-desde-dentro\/","name":"Transformar la cultura desde dentro - Semana Europea de la Gesti\u00f3n Avanzada","isPartOf":{"@id":"https:\/\/www.euskalit.net\/semana\/#website"},"primaryImageOfPage":{"@id":"https:\/\/www.euskalit.net\/semana\/acto\/transformar-la-cultura-desde-dentro\/#primaryimage"},"image":{"@id":"https:\/\/www.euskalit.net\/semana\/acto\/transformar-la-cultura-desde-dentro\/#primaryimage"},"thumbnailUrl":"https:\/\/www.euskalit.net\/semana\/wp-content\/uploads\/2025\/07\/Organizadores-Fundacio-EDE-Fundazioa.webp","datePublished":"2025-10-14T10:45:48+00:00","dateModified":"2025-10-15T06:19:56+00:00","breadcrumb":{"@id":"https:\/\/www.euskalit.net\/semana\/acto\/transformar-la-cultura-desde-dentro\/#breadcrumb"},"inLanguage":"es","potentialAction":[{"@type":"ReadAction","target":["https:\/\/www.euskalit.net\/semana\/acto\/transformar-la-cultura-desde-dentro\/"]}]},{"@type":"ImageObject","inLanguage":"es","@id":"https:\/\/www.euskalit.net\/semana\/acto\/transformar-la-cultura-desde-dentro\/#primaryimage","url":"https:\/\/www.euskalit.net\/semana\/wp-content\/uploads\/2025\/07\/Organizadores-Fundacio-EDE-Fundazioa.webp","contentUrl":"https:\/\/www.euskalit.net\/semana\/wp-content\/uploads\/2025\/07\/Organizadores-Fundacio-EDE-Fundazioa.webp","width":720,"height":450},{"@type":"BreadcrumbList","@id":"https:\/\/www.euskalit.net\/semana\/acto\/transformar-la-cultura-desde-dentro\/#breadcrumb","itemListElement":[{"@type":"ListItem","position":1,"name":"Portada","item":"https:\/\/www.euskalit.net\/semana\/"},{"@type":"ListItem","position":2,"name":"Transformar la cultura desde dentro"}]},{"@type":"WebSite","@id":"https:\/\/www.euskalit.net\/semana\/#website","url":"https:\/\/www.euskalit.net\/semana\/","name":"Semana Europea de la Gesti\u00f3n Avanzada","description":"Semana Europea de la Gesti\u00f3n Avanzada","publisher":{"@id":"https:\/\/www.euskalit.net\/semana\/#organization"},"potentialAction":[{"@type":"SearchAction","target":{"@type":"EntryPoint","urlTemplate":"https:\/\/www.euskalit.net\/semana\/?s={search_term_string}"},"query-input":{"@type":"PropertyValueSpecification","valueRequired":true,"valueName":"search_term_string"}}],"inLanguage":"es"},{"@type":"Organization","@id":"https:\/\/www.euskalit.net\/semana\/#organization","name":"Semana Europea de la Gesti\u00f3n Avanzada","url":"https:\/\/www.euskalit.net\/semana\/","logo":{"@type":"ImageObject","inLanguage":"es","@id":"https:\/\/www.euskalit.net\/semana\/#\/schema\/logo\/image\/","url":"https:\/\/www.euskalit.net\/semanawp-content\/uploads\/2025\/05\/logotipo-euskalit@3x.png","contentUrl":"https:\/\/www.euskalit.net\/semanawp-content\/uploads\/2025\/05\/logotipo-euskalit@3x.png","width":849,"height":201,"caption":"Semana Europea de la Gesti\u00f3n Avanzada"},"image":{"@id":"https:\/\/www.euskalit.net\/semana\/#\/schema\/logo\/image\/"}}]}},"_links":{"self":[{"href":"https:\/\/www.euskalit.net\/semana\/wp-json\/wp\/v2\/acto\/6441","targetHints":{"allow":["GET"]}}],"collection":[{"href":"https:\/\/www.euskalit.net\/semana\/wp-json\/wp\/v2\/acto"}],"about":[{"href":"https:\/\/www.euskalit.net\/semana\/wp-json\/wp\/v2\/types\/acto"}],"version-history":[{"count":6,"href":"https:\/\/www.euskalit.net\/semana\/wp-json\/wp\/v2\/acto\/6441\/revisions"}],"predecessor-version":[{"id":7368,"href":"https:\/\/www.euskalit.net\/semana\/wp-json\/wp\/v2\/acto\/6441\/revisions\/7368"}],"wp:featuredmedia":[{"embeddable":true,"href":"https:\/\/www.euskalit.net\/semana\/wp-json\/wp\/v2\/media\/6377"}],"wp:attachment":[{"href":"https:\/\/www.euskalit.net\/semana\/wp-json\/wp\/v2\/media?parent=6441"}],"wp:term":[{"taxonomy":"entidad-organizadora","embeddable":true,"href":"https:\/\/www.euskalit.net\/semana\/wp-json\/wp\/v2\/entidad-organizadora?post=6441"},{"taxonomy":"palabra-clave","embeddable":true,"href":"https:\/\/www.euskalit.net\/semana\/wp-json\/wp\/v2\/palabra-clave?post=6441"},{"taxonomy":"sector","embeddable":true,"href":"https:\/\/www.euskalit.net\/semana\/wp-json\/wp\/v2\/sector?post=6441"}],"curies":[{"name":"wp","href":"https:\/\/api.w.org\/{rel}","templated":true}]}}