{"id":6431,"date":"2025-10-11T12:22:37","date_gmt":"2025-10-11T10:22:37","guid":{"rendered":"https:\/\/www.euskalit.net\/semana\/?post_type=acto&#038;p=6431"},"modified":"2025-10-13T19:46:49","modified_gmt":"2025-10-13T17:46:49","slug":"la-persona-en-el-centro-de-la-empresa-talento-relevo-y-diversidad-reconocimientos-2025-a-las-buenas-practicas-empresariales","status":"publish","type":"acto","link":"https:\/\/www.euskalit.net\/semana\/acto\/la-persona-en-el-centro-de-la-empresa-talento-relevo-y-diversidad-reconocimientos-2025-a-las-buenas-practicas-empresariales\/","title":{"rendered":"La persona en el centro de la empresa: Talento, relevo y diversidad. Reconocimientos 2025 a las buenas pr\u00e1cticas empresariales"},"content":{"rendered":"<h3><span style=\"color: #2e7d67;\">Elemento de la Gesti\u00f3n Avanzada<\/span><\/h3>\n<p>Personas (RRHH, seguridad, prevenci\u00f3n, competencias, compromiso, participaci\u00f3n, liderazgo&#8230;)<\/p>\n<h3><span style=\"color: #2e7d67;\">Contenido<\/span><\/h3>\n<p>Acto de reconocimiento a las entidades m\u00e1s destacadas en la gesti\u00f3n avanzada del relevo, el talento y la diversidad e integraci\u00f3n.<br \/>\nMesa redonda, presentaci\u00f3n de buenas pr\u00e1cticas y servicios de apoyo a las empresas en los \u00e1mbitos mencionados.<\/p>\n<h3><span style=\"color: #2e7d67;\">Programa<\/span><\/h3>\n<div class=\"elementToProof\"><b>12:00-12:15<\/b> Apertura. Mikel\u00a0Torres. Vicepresidente Segundo del Gobierno y Consejero de Econom\u00eda, Trabajo y\u00a0Empleo.<\/div>\n<div class=\"elementToProof\"><\/div>\n<div class=\"elementToProof\"><b>12:15-12:45\u00a0 <\/b>Presentaci\u00f3n programas y servicios de Lanbide. Gesti\u00f3n del relevo, el talento y la diversidad.<\/div>\n<div class=\"elementToProof\"><\/div>\n<div class=\"elementToProof\"><b>12:45-13:00 <\/b>Entrega de reconocimientos a empresas destacadas.<\/div>\n<div class=\"elementToProof\"><\/div>\n<div class=\"elementToProof\"><b>13:00-13:30 <\/b>Mesa redonda con expertos y empresas sobre relevo, talento y diversidad.<\/div>\n<div class=\"elementToProof\"><\/div>\n<div class=\"elementToProof\"><b>13:30-13:45<\/b> Cierre institucional.<\/div>\n","protected":false},"featured_media":6432,"menu_order":0,"template":"","format":"standard","meta":{"_acf_changed":false,"footnotes":""},"entidad-organizadora":[],"palabra-clave":[],"sector":[],"class_list":["post-6431","acto","type-acto","status-publish","format-standard","has-post-thumbnail","hentry"],"acf":[],"yoast_head":"<!-- This site is optimized with the Yoast SEO plugin v26.0 - https:\/\/yoast.com\/wordpress\/plugins\/seo\/ -->\n<title>La persona en el centro de la empresa: Talento, relevo y diversidad. Reconocimientos 2025 a las buenas pr\u00e1cticas empresariales - Semana Europea de la Gesti\u00f3n Avanzada<\/title>\n<meta name=\"robots\" content=\"index, follow, max-snippet:-1, max-image-preview:large, max-video-preview:-1\" \/>\n<link rel=\"canonical\" href=\"https:\/\/www.euskalit.net\/semana\/acto\/la-persona-en-el-centro-de-la-empresa-talento-relevo-y-diversidad-reconocimientos-2025-a-las-buenas-practicas-empresariales\/\" \/>\n<meta property=\"og:locale\" content=\"es_ES\" \/>\n<meta property=\"og:type\" content=\"article\" \/>\n<meta property=\"og:title\" content=\"La persona en el centro de la empresa: Talento, relevo y diversidad. Reconocimientos 2025 a las buenas pr\u00e1cticas empresariales - Semana Europea de la Gesti\u00f3n Avanzada\" \/>\n<meta property=\"og:description\" content=\"Elemento de la Gesti\u00f3n Avanzada Personas (RRHH, seguridad, prevenci\u00f3n, competencias, compromiso, participaci\u00f3n, liderazgo&#8230;) Contenido Acto de reconocimiento a las entidades m\u00e1s destacadas en la gesti\u00f3n avanzada del relevo, el talento y la diversidad e integraci\u00f3n. Mesa redonda, presentaci\u00f3n de buenas pr\u00e1cticas y servicios de apoyo a las empresas en los \u00e1mbitos mencionados. Programa 12:00-12:15 Apertura.\" \/>\n<meta property=\"og:url\" content=\"https:\/\/www.euskalit.net\/semana\/acto\/la-persona-en-el-centro-de-la-empresa-talento-relevo-y-diversidad-reconocimientos-2025-a-las-buenas-practicas-empresariales\/\" \/>\n<meta property=\"og:site_name\" content=\"Semana Europea de la Gesti\u00f3n Avanzada\" \/>\n<meta property=\"article:modified_time\" content=\"2025-10-13T17:46:49+00:00\" \/>\n<meta property=\"og:image\" content=\"https:\/\/www.euskalit.net\/semana\/wp-content\/uploads\/2025\/08\/Lanb.png\" \/>\n\t<meta property=\"og:image:width\" content=\"450\" \/>\n\t<meta property=\"og:image:height\" content=\"188\" \/>\n\t<meta property=\"og:image:type\" content=\"image\/png\" \/>\n<meta name=\"twitter:card\" content=\"summary_large_image\" \/>\n<meta name=\"twitter:label1\" content=\"Tiempo de lectura\" \/>\n\t<meta name=\"twitter:data1\" content=\"1 minuto\" \/>\n<script type=\"application\/ld+json\" class=\"yoast-schema-graph\">{\"@context\":\"https:\/\/schema.org\",\"@graph\":[{\"@type\":\"WebPage\",\"@id\":\"https:\/\/www.euskalit.net\/semana\/acto\/la-persona-en-el-centro-de-la-empresa-talento-relevo-y-diversidad-reconocimientos-2025-a-las-buenas-practicas-empresariales\/\",\"url\":\"https:\/\/www.euskalit.net\/semana\/acto\/la-persona-en-el-centro-de-la-empresa-talento-relevo-y-diversidad-reconocimientos-2025-a-las-buenas-practicas-empresariales\/\",\"name\":\"La persona en el centro de la empresa: Talento, relevo y diversidad. Reconocimientos 2025 a las buenas pr\u00e1cticas empresariales - Semana Europea de la Gesti\u00f3n Avanzada\",\"isPartOf\":{\"@id\":\"https:\/\/www.euskalit.net\/semana\/#website\"},\"primaryImageOfPage\":{\"@id\":\"https:\/\/www.euskalit.net\/semana\/acto\/la-persona-en-el-centro-de-la-empresa-talento-relevo-y-diversidad-reconocimientos-2025-a-las-buenas-practicas-empresariales\/#primaryimage\"},\"image\":{\"@id\":\"https:\/\/www.euskalit.net\/semana\/acto\/la-persona-en-el-centro-de-la-empresa-talento-relevo-y-diversidad-reconocimientos-2025-a-las-buenas-practicas-empresariales\/#primaryimage\"},\"thumbnailUrl\":\"https:\/\/www.euskalit.net\/semana\/wp-content\/uploads\/2025\/08\/Lanb.png\",\"datePublished\":\"2025-10-11T10:22:37+00:00\",\"dateModified\":\"2025-10-13T17:46:49+00:00\",\"breadcrumb\":{\"@id\":\"https:\/\/www.euskalit.net\/semana\/acto\/la-persona-en-el-centro-de-la-empresa-talento-relevo-y-diversidad-reconocimientos-2025-a-las-buenas-practicas-empresariales\/#breadcrumb\"},\"inLanguage\":\"es\",\"potentialAction\":[{\"@type\":\"ReadAction\",\"target\":[\"https:\/\/www.euskalit.net\/semana\/acto\/la-persona-en-el-centro-de-la-empresa-talento-relevo-y-diversidad-reconocimientos-2025-a-las-buenas-practicas-empresariales\/\"]}]},{\"@type\":\"ImageObject\",\"inLanguage\":\"es\",\"@id\":\"https:\/\/www.euskalit.net\/semana\/acto\/la-persona-en-el-centro-de-la-empresa-talento-relevo-y-diversidad-reconocimientos-2025-a-las-buenas-practicas-empresariales\/#primaryimage\",\"url\":\"https:\/\/www.euskalit.net\/semana\/wp-content\/uploads\/2025\/08\/Lanb.png\",\"contentUrl\":\"https:\/\/www.euskalit.net\/semana\/wp-content\/uploads\/2025\/08\/Lanb.png\",\"width\":450,\"height\":188},{\"@type\":\"BreadcrumbList\",\"@id\":\"https:\/\/www.euskalit.net\/semana\/acto\/la-persona-en-el-centro-de-la-empresa-talento-relevo-y-diversidad-reconocimientos-2025-a-las-buenas-practicas-empresariales\/#breadcrumb\",\"itemListElement\":[{\"@type\":\"ListItem\",\"position\":1,\"name\":\"Portada\",\"item\":\"https:\/\/www.euskalit.net\/semana\/\"},{\"@type\":\"ListItem\",\"position\":2,\"name\":\"La persona en el centro de la empresa: Talento, relevo y diversidad. Reconocimientos 2025 a las buenas pr\u00e1cticas empresariales\"}]},{\"@type\":\"WebSite\",\"@id\":\"https:\/\/www.euskalit.net\/semana\/#website\",\"url\":\"https:\/\/www.euskalit.net\/semana\/\",\"name\":\"Semana Europea de la Gesti\u00f3n Avanzada\",\"description\":\"Semana Europea de la Gesti\u00f3n Avanzada\",\"publisher\":{\"@id\":\"https:\/\/www.euskalit.net\/semana\/#organization\"},\"potentialAction\":[{\"@type\":\"SearchAction\",\"target\":{\"@type\":\"EntryPoint\",\"urlTemplate\":\"https:\/\/www.euskalit.net\/semana\/?s={search_term_string}\"},\"query-input\":{\"@type\":\"PropertyValueSpecification\",\"valueRequired\":true,\"valueName\":\"search_term_string\"}}],\"inLanguage\":\"es\"},{\"@type\":\"Organization\",\"@id\":\"https:\/\/www.euskalit.net\/semana\/#organization\",\"name\":\"Semana Europea de la Gesti\u00f3n Avanzada\",\"url\":\"https:\/\/www.euskalit.net\/semana\/\",\"logo\":{\"@type\":\"ImageObject\",\"inLanguage\":\"es\",\"@id\":\"https:\/\/www.euskalit.net\/semana\/#\/schema\/logo\/image\/\",\"url\":\"https:\/\/www.euskalit.net\/semanawp-content\/uploads\/2025\/05\/logotipo-euskalit@3x.png\",\"contentUrl\":\"https:\/\/www.euskalit.net\/semanawp-content\/uploads\/2025\/05\/logotipo-euskalit@3x.png\",\"width\":849,\"height\":201,\"caption\":\"Semana Europea de la Gesti\u00f3n Avanzada\"},\"image\":{\"@id\":\"https:\/\/www.euskalit.net\/semana\/#\/schema\/logo\/image\/\"}}]}<\/script>\n<!-- \/ Yoast SEO plugin. -->","yoast_head_json":{"title":"La persona en el centro de la empresa: Talento, relevo y diversidad. Reconocimientos 2025 a las buenas pr\u00e1cticas empresariales - Semana Europea de la Gesti\u00f3n Avanzada","robots":{"index":"index","follow":"follow","max-snippet":"max-snippet:-1","max-image-preview":"max-image-preview:large","max-video-preview":"max-video-preview:-1"},"canonical":"https:\/\/www.euskalit.net\/semana\/acto\/la-persona-en-el-centro-de-la-empresa-talento-relevo-y-diversidad-reconocimientos-2025-a-las-buenas-practicas-empresariales\/","og_locale":"es_ES","og_type":"article","og_title":"La persona en el centro de la empresa: Talento, relevo y diversidad. Reconocimientos 2025 a las buenas pr\u00e1cticas empresariales - Semana Europea de la Gesti\u00f3n Avanzada","og_description":"Elemento de la Gesti\u00f3n Avanzada Personas (RRHH, seguridad, prevenci\u00f3n, competencias, compromiso, participaci\u00f3n, liderazgo&#8230;) Contenido Acto de reconocimiento a las entidades m\u00e1s destacadas en la gesti\u00f3n avanzada del relevo, el talento y la diversidad e integraci\u00f3n. Mesa redonda, presentaci\u00f3n de buenas pr\u00e1cticas y servicios de apoyo a las empresas en los \u00e1mbitos mencionados. Programa 12:00-12:15 Apertura.","og_url":"https:\/\/www.euskalit.net\/semana\/acto\/la-persona-en-el-centro-de-la-empresa-talento-relevo-y-diversidad-reconocimientos-2025-a-las-buenas-practicas-empresariales\/","og_site_name":"Semana Europea de la Gesti\u00f3n Avanzada","article_modified_time":"2025-10-13T17:46:49+00:00","og_image":[{"width":450,"height":188,"url":"https:\/\/www.euskalit.net\/semana\/wp-content\/uploads\/2025\/08\/Lanb.png","type":"image\/png"}],"twitter_card":"summary_large_image","twitter_misc":{"Tiempo de lectura":"1 minuto"},"schema":{"@context":"https:\/\/schema.org","@graph":[{"@type":"WebPage","@id":"https:\/\/www.euskalit.net\/semana\/acto\/la-persona-en-el-centro-de-la-empresa-talento-relevo-y-diversidad-reconocimientos-2025-a-las-buenas-practicas-empresariales\/","url":"https:\/\/www.euskalit.net\/semana\/acto\/la-persona-en-el-centro-de-la-empresa-talento-relevo-y-diversidad-reconocimientos-2025-a-las-buenas-practicas-empresariales\/","name":"La persona en el centro de la empresa: Talento, relevo y diversidad. Reconocimientos 2025 a las buenas pr\u00e1cticas empresariales - Semana Europea de la Gesti\u00f3n Avanzada","isPartOf":{"@id":"https:\/\/www.euskalit.net\/semana\/#website"},"primaryImageOfPage":{"@id":"https:\/\/www.euskalit.net\/semana\/acto\/la-persona-en-el-centro-de-la-empresa-talento-relevo-y-diversidad-reconocimientos-2025-a-las-buenas-practicas-empresariales\/#primaryimage"},"image":{"@id":"https:\/\/www.euskalit.net\/semana\/acto\/la-persona-en-el-centro-de-la-empresa-talento-relevo-y-diversidad-reconocimientos-2025-a-las-buenas-practicas-empresariales\/#primaryimage"},"thumbnailUrl":"https:\/\/www.euskalit.net\/semana\/wp-content\/uploads\/2025\/08\/Lanb.png","datePublished":"2025-10-11T10:22:37+00:00","dateModified":"2025-10-13T17:46:49+00:00","breadcrumb":{"@id":"https:\/\/www.euskalit.net\/semana\/acto\/la-persona-en-el-centro-de-la-empresa-talento-relevo-y-diversidad-reconocimientos-2025-a-las-buenas-practicas-empresariales\/#breadcrumb"},"inLanguage":"es","potentialAction":[{"@type":"ReadAction","target":["https:\/\/www.euskalit.net\/semana\/acto\/la-persona-en-el-centro-de-la-empresa-talento-relevo-y-diversidad-reconocimientos-2025-a-las-buenas-practicas-empresariales\/"]}]},{"@type":"ImageObject","inLanguage":"es","@id":"https:\/\/www.euskalit.net\/semana\/acto\/la-persona-en-el-centro-de-la-empresa-talento-relevo-y-diversidad-reconocimientos-2025-a-las-buenas-practicas-empresariales\/#primaryimage","url":"https:\/\/www.euskalit.net\/semana\/wp-content\/uploads\/2025\/08\/Lanb.png","contentUrl":"https:\/\/www.euskalit.net\/semana\/wp-content\/uploads\/2025\/08\/Lanb.png","width":450,"height":188},{"@type":"BreadcrumbList","@id":"https:\/\/www.euskalit.net\/semana\/acto\/la-persona-en-el-centro-de-la-empresa-talento-relevo-y-diversidad-reconocimientos-2025-a-las-buenas-practicas-empresariales\/#breadcrumb","itemListElement":[{"@type":"ListItem","position":1,"name":"Portada","item":"https:\/\/www.euskalit.net\/semana\/"},{"@type":"ListItem","position":2,"name":"La persona en el centro de la empresa: Talento, relevo y diversidad. Reconocimientos 2025 a las buenas pr\u00e1cticas empresariales"}]},{"@type":"WebSite","@id":"https:\/\/www.euskalit.net\/semana\/#website","url":"https:\/\/www.euskalit.net\/semana\/","name":"Semana Europea de la Gesti\u00f3n Avanzada","description":"Semana Europea de la Gesti\u00f3n Avanzada","publisher":{"@id":"https:\/\/www.euskalit.net\/semana\/#organization"},"potentialAction":[{"@type":"SearchAction","target":{"@type":"EntryPoint","urlTemplate":"https:\/\/www.euskalit.net\/semana\/?s={search_term_string}"},"query-input":{"@type":"PropertyValueSpecification","valueRequired":true,"valueName":"search_term_string"}}],"inLanguage":"es"},{"@type":"Organization","@id":"https:\/\/www.euskalit.net\/semana\/#organization","name":"Semana Europea de la Gesti\u00f3n Avanzada","url":"https:\/\/www.euskalit.net\/semana\/","logo":{"@type":"ImageObject","inLanguage":"es","@id":"https:\/\/www.euskalit.net\/semana\/#\/schema\/logo\/image\/","url":"https:\/\/www.euskalit.net\/semanawp-content\/uploads\/2025\/05\/logotipo-euskalit@3x.png","contentUrl":"https:\/\/www.euskalit.net\/semanawp-content\/uploads\/2025\/05\/logotipo-euskalit@3x.png","width":849,"height":201,"caption":"Semana Europea de la Gesti\u00f3n Avanzada"},"image":{"@id":"https:\/\/www.euskalit.net\/semana\/#\/schema\/logo\/image\/"}}]}},"_links":{"self":[{"href":"https:\/\/www.euskalit.net\/semana\/wp-json\/wp\/v2\/acto\/6431","targetHints":{"allow":["GET"]}}],"collection":[{"href":"https:\/\/www.euskalit.net\/semana\/wp-json\/wp\/v2\/acto"}],"about":[{"href":"https:\/\/www.euskalit.net\/semana\/wp-json\/wp\/v2\/types\/acto"}],"version-history":[{"count":16,"href":"https:\/\/www.euskalit.net\/semana\/wp-json\/wp\/v2\/acto\/6431\/revisions"}],"predecessor-version":[{"id":7377,"href":"https:\/\/www.euskalit.net\/semana\/wp-json\/wp\/v2\/acto\/6431\/revisions\/7377"}],"wp:featuredmedia":[{"embeddable":true,"href":"https:\/\/www.euskalit.net\/semana\/wp-json\/wp\/v2\/media\/6432"}],"wp:attachment":[{"href":"https:\/\/www.euskalit.net\/semana\/wp-json\/wp\/v2\/media?parent=6431"}],"wp:term":[{"taxonomy":"entidad-organizadora","embeddable":true,"href":"https:\/\/www.euskalit.net\/semana\/wp-json\/wp\/v2\/entidad-organizadora?post=6431"},{"taxonomy":"palabra-clave","embeddable":true,"href":"https:\/\/www.euskalit.net\/semana\/wp-json\/wp\/v2\/palabra-clave?post=6431"},{"taxonomy":"sector","embeddable":true,"href":"https:\/\/www.euskalit.net\/semana\/wp-json\/wp\/v2\/sector?post=6431"}],"curies":[{"name":"wp","href":"https:\/\/api.w.org\/{rel}","templated":true}]}}