{"id":6412,"date":"2025-10-11T11:16:09","date_gmt":"2025-10-11T09:16:09","guid":{"rendered":"https:\/\/www.euskalit.net\/semana\/?post_type=acto&#038;p=6412"},"modified":"2025-10-13T10:25:03","modified_gmt":"2025-10-13T08:25:03","slug":"municipios-asociaciones-y-empresas-3-visiones-y-un-mismo-objetivo","status":"publish","type":"acto","link":"https:\/\/www.euskalit.net\/semana\/acto\/municipios-asociaciones-y-empresas-3-visiones-y-un-mismo-objetivo\/","title":{"rendered":"Municipios, Asociaciones y Empresas: 3 visiones y un mismo objetivo, cuidar del planeta"},"content":{"rendered":"<h3><span style=\"color: #2e7d67;\">Elemento de la Gesti\u00f3n Avanzada<\/span><\/h3>\n<p>Sociedad (compromiso social, sostenibilidad medioambiental, certificaciones&#8230;)<\/p>\n<h3><span style=\"color: #2e7d67;\">Contenido<\/span><\/h3>\n<p>Un espacio de encuentro entre municipios, asociaciones y empresas del sector limpieza en el que compartir los retos reales de la sostenibilidad en cada uno de los \u00e1mbitos y avanzar hacia soluciones conjuntas.<\/p>\n<h3><span style=\"color: #2e7d67;\">Programa<\/span><\/h3>\n<div class=\"x_elementToProof\" data-olk-copy-source=\"MessageBody\">11:00 &#8211; Bienvenida<\/div>\n<div class=\"x_elementToProof\">11:05 \u2013 Presentaci\u00f3n del acto dentro del marco de la SEGA 2025 y de los ponentes invitados<\/div>\n<div class=\"x_elementToProof\">11:15 &#8211; Dar\u00e1n comienzo las ponencias\u00a0centradas en los retos ambientales a los que se enfrentan cada uno de los invitados y las buenas pr\u00e1cticas llevadas a cabo para superarlos.\u00a0<i>Organizaciones participantes:\u00a0<\/i><\/div>\n<ol start=\"1\">\n<li><i>Comunidad BCORP<\/i><\/li>\n<li><i>IHOBE \u2013 Oficina t\u00e9cnica Udalsarea2030<\/i><\/li>\n<li><i>Ayuntamiento de Vitoria-Gasteiz<\/i><\/li>\n<li><i>Ayuntamiento de Granollers<\/i><\/li>\n<li><i>ZAINTZEN (Filial de Clece en Pa\u00eds Vasco)<\/i><\/li>\n<li><i>A&amp;B Laboratorios de Biotecnolog\u00eda S.A.<\/i><\/li>\n<\/ol>\n<div class=\"x_elementToProof\">12:30 \u2013 Finaliza el acto virtual.<br \/>\nArranca la visita\u00a0a los laboratorios biol\u00f3gico y f\u00edsico qu\u00edmico con los\u00a0asistentes presenciales.<\/div>\n<div class=\"x_elementToProof\">13:00 \u2013 Espacio de Networking y Lunch.<\/div>\n<div class=\"x_elementToProof\">13:30 \u2013 Despedida<\/div>\n","protected":false},"featured_media":6360,"menu_order":0,"template":"","format":"standard","meta":{"_acf_changed":false,"footnotes":""},"entidad-organizadora":[],"palabra-clave":[],"sector":[],"class_list":["post-6412","acto","type-acto","status-publish","format-standard","has-post-thumbnail","hentry"],"acf":[],"yoast_head":"<!-- This site is optimized with the Yoast SEO plugin v26.0 - https:\/\/yoast.com\/wordpress\/plugins\/seo\/ -->\n<title>Municipios, Asociaciones y Empresas: 3 visiones y un mismo objetivo, cuidar del planeta - Semana Europea de la Gesti\u00f3n Avanzada<\/title>\n<meta name=\"robots\" content=\"index, follow, max-snippet:-1, max-image-preview:large, max-video-preview:-1\" \/>\n<link rel=\"canonical\" href=\"https:\/\/www.euskalit.net\/semana\/acto\/municipios-asociaciones-y-empresas-3-visiones-y-un-mismo-objetivo\/\" \/>\n<meta property=\"og:locale\" content=\"es_ES\" \/>\n<meta property=\"og:type\" content=\"article\" \/>\n<meta property=\"og:title\" content=\"Municipios, Asociaciones y Empresas: 3 visiones y un mismo objetivo, cuidar del planeta - Semana Europea de la Gesti\u00f3n Avanzada\" \/>\n<meta property=\"og:description\" content=\"Elemento de la Gesti\u00f3n Avanzada Sociedad (compromiso social, sostenibilidad medioambiental, certificaciones&#8230;) Contenido Un espacio de encuentro entre municipios, asociaciones y empresas del sector limpieza en el que compartir los retos reales de la sostenibilidad en cada uno de los \u00e1mbitos y avanzar hacia soluciones conjuntas. Programa 11:00 &#8211; Bienvenida 11:05 \u2013 Presentaci\u00f3n del acto dentro\" \/>\n<meta property=\"og:url\" content=\"https:\/\/www.euskalit.net\/semana\/acto\/municipios-asociaciones-y-empresas-3-visiones-y-un-mismo-objetivo\/\" \/>\n<meta property=\"og:site_name\" content=\"Semana Europea de la Gesti\u00f3n Avanzada\" \/>\n<meta property=\"article:modified_time\" content=\"2025-10-13T08:25:03+00:00\" \/>\n<meta property=\"og:image\" content=\"https:\/\/www.euskalit.net\/semana\/wp-content\/uploads\/2025\/07\/Organizadores-AB-Laboratorios.webp\" \/>\n\t<meta property=\"og:image:width\" content=\"720\" \/>\n\t<meta property=\"og:image:height\" content=\"450\" \/>\n\t<meta property=\"og:image:type\" content=\"image\/webp\" \/>\n<meta name=\"twitter:card\" content=\"summary_large_image\" \/>\n<meta name=\"twitter:label1\" content=\"Tiempo de lectura\" \/>\n\t<meta name=\"twitter:data1\" content=\"1 minuto\" \/>\n<script type=\"application\/ld+json\" class=\"yoast-schema-graph\">{\"@context\":\"https:\/\/schema.org\",\"@graph\":[{\"@type\":\"WebPage\",\"@id\":\"https:\/\/www.euskalit.net\/semana\/acto\/municipios-asociaciones-y-empresas-3-visiones-y-un-mismo-objetivo\/\",\"url\":\"https:\/\/www.euskalit.net\/semana\/acto\/municipios-asociaciones-y-empresas-3-visiones-y-un-mismo-objetivo\/\",\"name\":\"Municipios, Asociaciones y Empresas: 3 visiones y un mismo objetivo, cuidar del planeta - Semana Europea de la Gesti\u00f3n Avanzada\",\"isPartOf\":{\"@id\":\"https:\/\/www.euskalit.net\/semana\/#website\"},\"primaryImageOfPage\":{\"@id\":\"https:\/\/www.euskalit.net\/semana\/acto\/municipios-asociaciones-y-empresas-3-visiones-y-un-mismo-objetivo\/#primaryimage\"},\"image\":{\"@id\":\"https:\/\/www.euskalit.net\/semana\/acto\/municipios-asociaciones-y-empresas-3-visiones-y-un-mismo-objetivo\/#primaryimage\"},\"thumbnailUrl\":\"https:\/\/www.euskalit.net\/semana\/wp-content\/uploads\/2025\/07\/Organizadores-AB-Laboratorios.webp\",\"datePublished\":\"2025-10-11T09:16:09+00:00\",\"dateModified\":\"2025-10-13T08:25:03+00:00\",\"breadcrumb\":{\"@id\":\"https:\/\/www.euskalit.net\/semana\/acto\/municipios-asociaciones-y-empresas-3-visiones-y-un-mismo-objetivo\/#breadcrumb\"},\"inLanguage\":\"es\",\"potentialAction\":[{\"@type\":\"ReadAction\",\"target\":[\"https:\/\/www.euskalit.net\/semana\/acto\/municipios-asociaciones-y-empresas-3-visiones-y-un-mismo-objetivo\/\"]}]},{\"@type\":\"ImageObject\",\"inLanguage\":\"es\",\"@id\":\"https:\/\/www.euskalit.net\/semana\/acto\/municipios-asociaciones-y-empresas-3-visiones-y-un-mismo-objetivo\/#primaryimage\",\"url\":\"https:\/\/www.euskalit.net\/semana\/wp-content\/uploads\/2025\/07\/Organizadores-AB-Laboratorios.webp\",\"contentUrl\":\"https:\/\/www.euskalit.net\/semana\/wp-content\/uploads\/2025\/07\/Organizadores-AB-Laboratorios.webp\",\"width\":720,\"height\":450},{\"@type\":\"BreadcrumbList\",\"@id\":\"https:\/\/www.euskalit.net\/semana\/acto\/municipios-asociaciones-y-empresas-3-visiones-y-un-mismo-objetivo\/#breadcrumb\",\"itemListElement\":[{\"@type\":\"ListItem\",\"position\":1,\"name\":\"Portada\",\"item\":\"https:\/\/www.euskalit.net\/semana\/\"},{\"@type\":\"ListItem\",\"position\":2,\"name\":\"Municipios, Asociaciones y Empresas: 3 visiones y un mismo objetivo, cuidar del planeta\"}]},{\"@type\":\"WebSite\",\"@id\":\"https:\/\/www.euskalit.net\/semana\/#website\",\"url\":\"https:\/\/www.euskalit.net\/semana\/\",\"name\":\"Semana Europea de la Gesti\u00f3n Avanzada\",\"description\":\"Semana Europea de la Gesti\u00f3n Avanzada\",\"publisher\":{\"@id\":\"https:\/\/www.euskalit.net\/semana\/#organization\"},\"potentialAction\":[{\"@type\":\"SearchAction\",\"target\":{\"@type\":\"EntryPoint\",\"urlTemplate\":\"https:\/\/www.euskalit.net\/semana\/?s={search_term_string}\"},\"query-input\":{\"@type\":\"PropertyValueSpecification\",\"valueRequired\":true,\"valueName\":\"search_term_string\"}}],\"inLanguage\":\"es\"},{\"@type\":\"Organization\",\"@id\":\"https:\/\/www.euskalit.net\/semana\/#organization\",\"name\":\"Semana Europea de la Gesti\u00f3n Avanzada\",\"url\":\"https:\/\/www.euskalit.net\/semana\/\",\"logo\":{\"@type\":\"ImageObject\",\"inLanguage\":\"es\",\"@id\":\"https:\/\/www.euskalit.net\/semana\/#\/schema\/logo\/image\/\",\"url\":\"https:\/\/www.euskalit.net\/semanawp-content\/uploads\/2025\/05\/logotipo-euskalit@3x.png\",\"contentUrl\":\"https:\/\/www.euskalit.net\/semanawp-content\/uploads\/2025\/05\/logotipo-euskalit@3x.png\",\"width\":849,\"height\":201,\"caption\":\"Semana Europea de la Gesti\u00f3n Avanzada\"},\"image\":{\"@id\":\"https:\/\/www.euskalit.net\/semana\/#\/schema\/logo\/image\/\"}}]}<\/script>\n<!-- \/ Yoast SEO plugin. -->","yoast_head_json":{"title":"Municipios, Asociaciones y Empresas: 3 visiones y un mismo objetivo, cuidar del planeta - Semana Europea de la Gesti\u00f3n Avanzada","robots":{"index":"index","follow":"follow","max-snippet":"max-snippet:-1","max-image-preview":"max-image-preview:large","max-video-preview":"max-video-preview:-1"},"canonical":"https:\/\/www.euskalit.net\/semana\/acto\/municipios-asociaciones-y-empresas-3-visiones-y-un-mismo-objetivo\/","og_locale":"es_ES","og_type":"article","og_title":"Municipios, Asociaciones y Empresas: 3 visiones y un mismo objetivo, cuidar del planeta - Semana Europea de la Gesti\u00f3n Avanzada","og_description":"Elemento de la Gesti\u00f3n Avanzada Sociedad (compromiso social, sostenibilidad medioambiental, certificaciones&#8230;) Contenido Un espacio de encuentro entre municipios, asociaciones y empresas del sector limpieza en el que compartir los retos reales de la sostenibilidad en cada uno de los \u00e1mbitos y avanzar hacia soluciones conjuntas. Programa 11:00 &#8211; Bienvenida 11:05 \u2013 Presentaci\u00f3n del acto dentro","og_url":"https:\/\/www.euskalit.net\/semana\/acto\/municipios-asociaciones-y-empresas-3-visiones-y-un-mismo-objetivo\/","og_site_name":"Semana Europea de la Gesti\u00f3n Avanzada","article_modified_time":"2025-10-13T08:25:03+00:00","og_image":[{"width":720,"height":450,"url":"https:\/\/www.euskalit.net\/semana\/wp-content\/uploads\/2025\/07\/Organizadores-AB-Laboratorios.webp","type":"image\/webp"}],"twitter_card":"summary_large_image","twitter_misc":{"Tiempo de lectura":"1 minuto"},"schema":{"@context":"https:\/\/schema.org","@graph":[{"@type":"WebPage","@id":"https:\/\/www.euskalit.net\/semana\/acto\/municipios-asociaciones-y-empresas-3-visiones-y-un-mismo-objetivo\/","url":"https:\/\/www.euskalit.net\/semana\/acto\/municipios-asociaciones-y-empresas-3-visiones-y-un-mismo-objetivo\/","name":"Municipios, Asociaciones y Empresas: 3 visiones y un mismo objetivo, cuidar del planeta - Semana Europea de la Gesti\u00f3n Avanzada","isPartOf":{"@id":"https:\/\/www.euskalit.net\/semana\/#website"},"primaryImageOfPage":{"@id":"https:\/\/www.euskalit.net\/semana\/acto\/municipios-asociaciones-y-empresas-3-visiones-y-un-mismo-objetivo\/#primaryimage"},"image":{"@id":"https:\/\/www.euskalit.net\/semana\/acto\/municipios-asociaciones-y-empresas-3-visiones-y-un-mismo-objetivo\/#primaryimage"},"thumbnailUrl":"https:\/\/www.euskalit.net\/semana\/wp-content\/uploads\/2025\/07\/Organizadores-AB-Laboratorios.webp","datePublished":"2025-10-11T09:16:09+00:00","dateModified":"2025-10-13T08:25:03+00:00","breadcrumb":{"@id":"https:\/\/www.euskalit.net\/semana\/acto\/municipios-asociaciones-y-empresas-3-visiones-y-un-mismo-objetivo\/#breadcrumb"},"inLanguage":"es","potentialAction":[{"@type":"ReadAction","target":["https:\/\/www.euskalit.net\/semana\/acto\/municipios-asociaciones-y-empresas-3-visiones-y-un-mismo-objetivo\/"]}]},{"@type":"ImageObject","inLanguage":"es","@id":"https:\/\/www.euskalit.net\/semana\/acto\/municipios-asociaciones-y-empresas-3-visiones-y-un-mismo-objetivo\/#primaryimage","url":"https:\/\/www.euskalit.net\/semana\/wp-content\/uploads\/2025\/07\/Organizadores-AB-Laboratorios.webp","contentUrl":"https:\/\/www.euskalit.net\/semana\/wp-content\/uploads\/2025\/07\/Organizadores-AB-Laboratorios.webp","width":720,"height":450},{"@type":"BreadcrumbList","@id":"https:\/\/www.euskalit.net\/semana\/acto\/municipios-asociaciones-y-empresas-3-visiones-y-un-mismo-objetivo\/#breadcrumb","itemListElement":[{"@type":"ListItem","position":1,"name":"Portada","item":"https:\/\/www.euskalit.net\/semana\/"},{"@type":"ListItem","position":2,"name":"Municipios, Asociaciones y Empresas: 3 visiones y un mismo objetivo, cuidar del planeta"}]},{"@type":"WebSite","@id":"https:\/\/www.euskalit.net\/semana\/#website","url":"https:\/\/www.euskalit.net\/semana\/","name":"Semana Europea de la Gesti\u00f3n Avanzada","description":"Semana Europea de la Gesti\u00f3n Avanzada","publisher":{"@id":"https:\/\/www.euskalit.net\/semana\/#organization"},"potentialAction":[{"@type":"SearchAction","target":{"@type":"EntryPoint","urlTemplate":"https:\/\/www.euskalit.net\/semana\/?s={search_term_string}"},"query-input":{"@type":"PropertyValueSpecification","valueRequired":true,"valueName":"search_term_string"}}],"inLanguage":"es"},{"@type":"Organization","@id":"https:\/\/www.euskalit.net\/semana\/#organization","name":"Semana Europea de la Gesti\u00f3n Avanzada","url":"https:\/\/www.euskalit.net\/semana\/","logo":{"@type":"ImageObject","inLanguage":"es","@id":"https:\/\/www.euskalit.net\/semana\/#\/schema\/logo\/image\/","url":"https:\/\/www.euskalit.net\/semanawp-content\/uploads\/2025\/05\/logotipo-euskalit@3x.png","contentUrl":"https:\/\/www.euskalit.net\/semanawp-content\/uploads\/2025\/05\/logotipo-euskalit@3x.png","width":849,"height":201,"caption":"Semana Europea de la Gesti\u00f3n Avanzada"},"image":{"@id":"https:\/\/www.euskalit.net\/semana\/#\/schema\/logo\/image\/"}}]}},"_links":{"self":[{"href":"https:\/\/www.euskalit.net\/semana\/wp-json\/wp\/v2\/acto\/6412","targetHints":{"allow":["GET"]}}],"collection":[{"href":"https:\/\/www.euskalit.net\/semana\/wp-json\/wp\/v2\/acto"}],"about":[{"href":"https:\/\/www.euskalit.net\/semana\/wp-json\/wp\/v2\/types\/acto"}],"version-history":[{"count":8,"href":"https:\/\/www.euskalit.net\/semana\/wp-json\/wp\/v2\/acto\/6412\/revisions"}],"predecessor-version":[{"id":7176,"href":"https:\/\/www.euskalit.net\/semana\/wp-json\/wp\/v2\/acto\/6412\/revisions\/7176"}],"wp:featuredmedia":[{"embeddable":true,"href":"https:\/\/www.euskalit.net\/semana\/wp-json\/wp\/v2\/media\/6360"}],"wp:attachment":[{"href":"https:\/\/www.euskalit.net\/semana\/wp-json\/wp\/v2\/media?parent=6412"}],"wp:term":[{"taxonomy":"entidad-organizadora","embeddable":true,"href":"https:\/\/www.euskalit.net\/semana\/wp-json\/wp\/v2\/entidad-organizadora?post=6412"},{"taxonomy":"palabra-clave","embeddable":true,"href":"https:\/\/www.euskalit.net\/semana\/wp-json\/wp\/v2\/palabra-clave?post=6412"},{"taxonomy":"sector","embeddable":true,"href":"https:\/\/www.euskalit.net\/semana\/wp-json\/wp\/v2\/sector?post=6412"}],"curies":[{"name":"wp","href":"https:\/\/api.w.org\/{rel}","templated":true}]}}