{"id":6409,"date":"2025-10-11T11:17:21","date_gmt":"2025-10-11T09:17:21","guid":{"rendered":"https:\/\/www.euskalit.net\/semana\/?post_type=acto&#038;p=6409"},"modified":"2025-10-13T10:25:14","modified_gmt":"2025-10-13T08:25:14","slug":"cultura-de-corresponsabilidad-para-lograr-la-autofinanciacion","status":"publish","type":"acto","link":"https:\/\/www.euskalit.net\/semana\/acto\/cultura-de-corresponsabilidad-para-lograr-la-autofinanciacion\/","title":{"rendered":"Cultura de Corresponsabilidad para lograr la Autofinanciaci\u00f3n"},"content":{"rendered":"<h3><span style=\"color: #2e7d67;\">Elemento de la Gesti\u00f3n Avanzada<\/span><\/h3>\n<p>Sociedad (compromiso social, sostenibilidad medioambiental, certificaciones&#8230;)<\/p>\n<h3><span style=\"color: #2e7d67;\">Contenido<\/span><\/h3>\n<p>Se compartir\u00e1 c\u00f3mo adaptar el modelo de gesti\u00f3n hacia entornos inclusivos y diversos, conectando la cultura interna para generar un mayor impacto social y ambiental desde el foco de la \u00e9tica, el prop\u00f3sito de la fe y la transparencia.<\/p>\n<h3><span style=\"color: #2e7d67;\">Programa<\/span><\/h3>\n<p>11:30\u00a0\u00a0 Bienvenida<br \/>\nJos\u00e9 Miguel Erdozain (Gerente y Ec\u00f3nomo Diocesano)<\/p>\n<p>11:50\u00a0\u00a0 El reto de la Iglesia: la Sinodalidad<br \/>\nKerman L\u00f3pez (Vicario General)<\/p>\n<p>12:10\u00a0\u00a0 Patrimonio y Cultura de Corresponsabilidad<br \/>\nGaspar Mart\u00ednez (Responsable Cultura &#8211; Asuntos y Bienes culturales)<\/p>\n<p>12:30\u00a0\u00a0 Un modelo de Gesti\u00f3n propio con el objetivo de la Autofinanciaci\u00f3n<br \/>\nJos\u00e9 Joaqu\u00edn Moral (Voluntario Econ\u00f3mico)<\/p>\n<p>13:00\u00a0\u00a0 Conclusiones y Coloquio<br \/>\nModerado por Jos\u00e9 Joaqu\u00edn Moral<\/p>\n<p>13:30\u00a0\u00a0 Fin de la Jornada<\/p>\n<p>13:45\u00a0\u00a0 Copa de vino, cortes\u00eda de IBERDROLA<\/p>\n","protected":false},"featured_media":6366,"menu_order":0,"template":"","format":"standard","meta":{"_acf_changed":false,"footnotes":""},"entidad-organizadora":[],"palabra-clave":[],"sector":[],"class_list":["post-6409","acto","type-acto","status-publish","format-standard","has-post-thumbnail","hentry"],"acf":[],"yoast_head":"<!-- This site is optimized with the Yoast SEO plugin v26.0 - https:\/\/yoast.com\/wordpress\/plugins\/seo\/ -->\n<title>Cultura de Corresponsabilidad para lograr la Autofinanciaci\u00f3n - Semana Europea de la Gesti\u00f3n Avanzada<\/title>\n<meta name=\"robots\" content=\"index, follow, max-snippet:-1, max-image-preview:large, max-video-preview:-1\" \/>\n<link rel=\"canonical\" href=\"https:\/\/www.euskalit.net\/semana\/acto\/cultura-de-corresponsabilidad-para-lograr-la-autofinanciacion\/\" \/>\n<meta property=\"og:locale\" content=\"es_ES\" \/>\n<meta property=\"og:type\" content=\"article\" \/>\n<meta property=\"og:title\" content=\"Cultura de Corresponsabilidad para lograr la Autofinanciaci\u00f3n - Semana Europea de la Gesti\u00f3n Avanzada\" \/>\n<meta property=\"og:description\" content=\"Elemento de la Gesti\u00f3n Avanzada Sociedad (compromiso social, sostenibilidad medioambiental, certificaciones&#8230;) Contenido Se compartir\u00e1 c\u00f3mo adaptar el modelo de gesti\u00f3n hacia entornos inclusivos y diversos, conectando la cultura interna para generar un mayor impacto social y ambiental desde el foco de la \u00e9tica, el prop\u00f3sito de la fe y la transparencia. Programa 11:30\u00a0\u00a0 Bienvenida Jos\u00e9\" \/>\n<meta property=\"og:url\" content=\"https:\/\/www.euskalit.net\/semana\/acto\/cultura-de-corresponsabilidad-para-lograr-la-autofinanciacion\/\" \/>\n<meta property=\"og:site_name\" content=\"Semana Europea de la Gesti\u00f3n Avanzada\" \/>\n<meta property=\"article:modified_time\" content=\"2025-10-13T08:25:14+00:00\" \/>\n<meta property=\"og:image\" content=\"https:\/\/www.euskalit.net\/semana\/wp-content\/uploads\/2025\/07\/Organizadores-Bilboko-Elizbarrutia-Diocesis-Bilbao.webp\" \/>\n\t<meta property=\"og:image:width\" content=\"720\" \/>\n\t<meta property=\"og:image:height\" content=\"450\" \/>\n\t<meta property=\"og:image:type\" content=\"image\/webp\" \/>\n<meta name=\"twitter:card\" content=\"summary_large_image\" \/>\n<meta name=\"twitter:label1\" content=\"Tiempo de lectura\" \/>\n\t<meta name=\"twitter:data1\" content=\"1 minuto\" \/>\n<script type=\"application\/ld+json\" class=\"yoast-schema-graph\">{\"@context\":\"https:\/\/schema.org\",\"@graph\":[{\"@type\":\"WebPage\",\"@id\":\"https:\/\/www.euskalit.net\/semana\/acto\/cultura-de-corresponsabilidad-para-lograr-la-autofinanciacion\/\",\"url\":\"https:\/\/www.euskalit.net\/semana\/acto\/cultura-de-corresponsabilidad-para-lograr-la-autofinanciacion\/\",\"name\":\"Cultura de Corresponsabilidad para lograr la Autofinanciaci\u00f3n - Semana Europea de la Gesti\u00f3n Avanzada\",\"isPartOf\":{\"@id\":\"https:\/\/www.euskalit.net\/semana\/#website\"},\"primaryImageOfPage\":{\"@id\":\"https:\/\/www.euskalit.net\/semana\/acto\/cultura-de-corresponsabilidad-para-lograr-la-autofinanciacion\/#primaryimage\"},\"image\":{\"@id\":\"https:\/\/www.euskalit.net\/semana\/acto\/cultura-de-corresponsabilidad-para-lograr-la-autofinanciacion\/#primaryimage\"},\"thumbnailUrl\":\"https:\/\/www.euskalit.net\/semana\/wp-content\/uploads\/2025\/07\/Organizadores-Bilboko-Elizbarrutia-Diocesis-Bilbao.webp\",\"datePublished\":\"2025-10-11T09:17:21+00:00\",\"dateModified\":\"2025-10-13T08:25:14+00:00\",\"breadcrumb\":{\"@id\":\"https:\/\/www.euskalit.net\/semana\/acto\/cultura-de-corresponsabilidad-para-lograr-la-autofinanciacion\/#breadcrumb\"},\"inLanguage\":\"es\",\"potentialAction\":[{\"@type\":\"ReadAction\",\"target\":[\"https:\/\/www.euskalit.net\/semana\/acto\/cultura-de-corresponsabilidad-para-lograr-la-autofinanciacion\/\"]}]},{\"@type\":\"ImageObject\",\"inLanguage\":\"es\",\"@id\":\"https:\/\/www.euskalit.net\/semana\/acto\/cultura-de-corresponsabilidad-para-lograr-la-autofinanciacion\/#primaryimage\",\"url\":\"https:\/\/www.euskalit.net\/semana\/wp-content\/uploads\/2025\/07\/Organizadores-Bilboko-Elizbarrutia-Diocesis-Bilbao.webp\",\"contentUrl\":\"https:\/\/www.euskalit.net\/semana\/wp-content\/uploads\/2025\/07\/Organizadores-Bilboko-Elizbarrutia-Diocesis-Bilbao.webp\",\"width\":720,\"height\":450},{\"@type\":\"BreadcrumbList\",\"@id\":\"https:\/\/www.euskalit.net\/semana\/acto\/cultura-de-corresponsabilidad-para-lograr-la-autofinanciacion\/#breadcrumb\",\"itemListElement\":[{\"@type\":\"ListItem\",\"position\":1,\"name\":\"Portada\",\"item\":\"https:\/\/www.euskalit.net\/semana\/\"},{\"@type\":\"ListItem\",\"position\":2,\"name\":\"Cultura de Corresponsabilidad para lograr la Autofinanciaci\u00f3n\"}]},{\"@type\":\"WebSite\",\"@id\":\"https:\/\/www.euskalit.net\/semana\/#website\",\"url\":\"https:\/\/www.euskalit.net\/semana\/\",\"name\":\"Semana Europea de la Gesti\u00f3n Avanzada\",\"description\":\"Semana Europea de la Gesti\u00f3n Avanzada\",\"publisher\":{\"@id\":\"https:\/\/www.euskalit.net\/semana\/#organization\"},\"potentialAction\":[{\"@type\":\"SearchAction\",\"target\":{\"@type\":\"EntryPoint\",\"urlTemplate\":\"https:\/\/www.euskalit.net\/semana\/?s={search_term_string}\"},\"query-input\":{\"@type\":\"PropertyValueSpecification\",\"valueRequired\":true,\"valueName\":\"search_term_string\"}}],\"inLanguage\":\"es\"},{\"@type\":\"Organization\",\"@id\":\"https:\/\/www.euskalit.net\/semana\/#organization\",\"name\":\"Semana Europea de la Gesti\u00f3n Avanzada\",\"url\":\"https:\/\/www.euskalit.net\/semana\/\",\"logo\":{\"@type\":\"ImageObject\",\"inLanguage\":\"es\",\"@id\":\"https:\/\/www.euskalit.net\/semana\/#\/schema\/logo\/image\/\",\"url\":\"https:\/\/www.euskalit.net\/semanawp-content\/uploads\/2025\/05\/logotipo-euskalit@3x.png\",\"contentUrl\":\"https:\/\/www.euskalit.net\/semanawp-content\/uploads\/2025\/05\/logotipo-euskalit@3x.png\",\"width\":849,\"height\":201,\"caption\":\"Semana Europea de la Gesti\u00f3n Avanzada\"},\"image\":{\"@id\":\"https:\/\/www.euskalit.net\/semana\/#\/schema\/logo\/image\/\"}}]}<\/script>\n<!-- \/ Yoast SEO plugin. -->","yoast_head_json":{"title":"Cultura de Corresponsabilidad para lograr la Autofinanciaci\u00f3n - Semana Europea de la Gesti\u00f3n Avanzada","robots":{"index":"index","follow":"follow","max-snippet":"max-snippet:-1","max-image-preview":"max-image-preview:large","max-video-preview":"max-video-preview:-1"},"canonical":"https:\/\/www.euskalit.net\/semana\/acto\/cultura-de-corresponsabilidad-para-lograr-la-autofinanciacion\/","og_locale":"es_ES","og_type":"article","og_title":"Cultura de Corresponsabilidad para lograr la Autofinanciaci\u00f3n - Semana Europea de la Gesti\u00f3n Avanzada","og_description":"Elemento de la Gesti\u00f3n Avanzada Sociedad (compromiso social, sostenibilidad medioambiental, certificaciones&#8230;) Contenido Se compartir\u00e1 c\u00f3mo adaptar el modelo de gesti\u00f3n hacia entornos inclusivos y diversos, conectando la cultura interna para generar un mayor impacto social y ambiental desde el foco de la \u00e9tica, el prop\u00f3sito de la fe y la transparencia. Programa 11:30\u00a0\u00a0 Bienvenida Jos\u00e9","og_url":"https:\/\/www.euskalit.net\/semana\/acto\/cultura-de-corresponsabilidad-para-lograr-la-autofinanciacion\/","og_site_name":"Semana Europea de la Gesti\u00f3n Avanzada","article_modified_time":"2025-10-13T08:25:14+00:00","og_image":[{"width":720,"height":450,"url":"https:\/\/www.euskalit.net\/semana\/wp-content\/uploads\/2025\/07\/Organizadores-Bilboko-Elizbarrutia-Diocesis-Bilbao.webp","type":"image\/webp"}],"twitter_card":"summary_large_image","twitter_misc":{"Tiempo de lectura":"1 minuto"},"schema":{"@context":"https:\/\/schema.org","@graph":[{"@type":"WebPage","@id":"https:\/\/www.euskalit.net\/semana\/acto\/cultura-de-corresponsabilidad-para-lograr-la-autofinanciacion\/","url":"https:\/\/www.euskalit.net\/semana\/acto\/cultura-de-corresponsabilidad-para-lograr-la-autofinanciacion\/","name":"Cultura de Corresponsabilidad para lograr la Autofinanciaci\u00f3n - Semana Europea de la Gesti\u00f3n Avanzada","isPartOf":{"@id":"https:\/\/www.euskalit.net\/semana\/#website"},"primaryImageOfPage":{"@id":"https:\/\/www.euskalit.net\/semana\/acto\/cultura-de-corresponsabilidad-para-lograr-la-autofinanciacion\/#primaryimage"},"image":{"@id":"https:\/\/www.euskalit.net\/semana\/acto\/cultura-de-corresponsabilidad-para-lograr-la-autofinanciacion\/#primaryimage"},"thumbnailUrl":"https:\/\/www.euskalit.net\/semana\/wp-content\/uploads\/2025\/07\/Organizadores-Bilboko-Elizbarrutia-Diocesis-Bilbao.webp","datePublished":"2025-10-11T09:17:21+00:00","dateModified":"2025-10-13T08:25:14+00:00","breadcrumb":{"@id":"https:\/\/www.euskalit.net\/semana\/acto\/cultura-de-corresponsabilidad-para-lograr-la-autofinanciacion\/#breadcrumb"},"inLanguage":"es","potentialAction":[{"@type":"ReadAction","target":["https:\/\/www.euskalit.net\/semana\/acto\/cultura-de-corresponsabilidad-para-lograr-la-autofinanciacion\/"]}]},{"@type":"ImageObject","inLanguage":"es","@id":"https:\/\/www.euskalit.net\/semana\/acto\/cultura-de-corresponsabilidad-para-lograr-la-autofinanciacion\/#primaryimage","url":"https:\/\/www.euskalit.net\/semana\/wp-content\/uploads\/2025\/07\/Organizadores-Bilboko-Elizbarrutia-Diocesis-Bilbao.webp","contentUrl":"https:\/\/www.euskalit.net\/semana\/wp-content\/uploads\/2025\/07\/Organizadores-Bilboko-Elizbarrutia-Diocesis-Bilbao.webp","width":720,"height":450},{"@type":"BreadcrumbList","@id":"https:\/\/www.euskalit.net\/semana\/acto\/cultura-de-corresponsabilidad-para-lograr-la-autofinanciacion\/#breadcrumb","itemListElement":[{"@type":"ListItem","position":1,"name":"Portada","item":"https:\/\/www.euskalit.net\/semana\/"},{"@type":"ListItem","position":2,"name":"Cultura de Corresponsabilidad para lograr la Autofinanciaci\u00f3n"}]},{"@type":"WebSite","@id":"https:\/\/www.euskalit.net\/semana\/#website","url":"https:\/\/www.euskalit.net\/semana\/","name":"Semana Europea de la Gesti\u00f3n Avanzada","description":"Semana Europea de la Gesti\u00f3n Avanzada","publisher":{"@id":"https:\/\/www.euskalit.net\/semana\/#organization"},"potentialAction":[{"@type":"SearchAction","target":{"@type":"EntryPoint","urlTemplate":"https:\/\/www.euskalit.net\/semana\/?s={search_term_string}"},"query-input":{"@type":"PropertyValueSpecification","valueRequired":true,"valueName":"search_term_string"}}],"inLanguage":"es"},{"@type":"Organization","@id":"https:\/\/www.euskalit.net\/semana\/#organization","name":"Semana Europea de la Gesti\u00f3n Avanzada","url":"https:\/\/www.euskalit.net\/semana\/","logo":{"@type":"ImageObject","inLanguage":"es","@id":"https:\/\/www.euskalit.net\/semana\/#\/schema\/logo\/image\/","url":"https:\/\/www.euskalit.net\/semanawp-content\/uploads\/2025\/05\/logotipo-euskalit@3x.png","contentUrl":"https:\/\/www.euskalit.net\/semanawp-content\/uploads\/2025\/05\/logotipo-euskalit@3x.png","width":849,"height":201,"caption":"Semana Europea de la Gesti\u00f3n Avanzada"},"image":{"@id":"https:\/\/www.euskalit.net\/semana\/#\/schema\/logo\/image\/"}}]}},"_links":{"self":[{"href":"https:\/\/www.euskalit.net\/semana\/wp-json\/wp\/v2\/acto\/6409","targetHints":{"allow":["GET"]}}],"collection":[{"href":"https:\/\/www.euskalit.net\/semana\/wp-json\/wp\/v2\/acto"}],"about":[{"href":"https:\/\/www.euskalit.net\/semana\/wp-json\/wp\/v2\/types\/acto"}],"version-history":[{"count":12,"href":"https:\/\/www.euskalit.net\/semana\/wp-json\/wp\/v2\/acto\/6409\/revisions"}],"predecessor-version":[{"id":7498,"href":"https:\/\/www.euskalit.net\/semana\/wp-json\/wp\/v2\/acto\/6409\/revisions\/7498"}],"wp:featuredmedia":[{"embeddable":true,"href":"https:\/\/www.euskalit.net\/semana\/wp-json\/wp\/v2\/media\/6366"}],"wp:attachment":[{"href":"https:\/\/www.euskalit.net\/semana\/wp-json\/wp\/v2\/media?parent=6409"}],"wp:term":[{"taxonomy":"entidad-organizadora","embeddable":true,"href":"https:\/\/www.euskalit.net\/semana\/wp-json\/wp\/v2\/entidad-organizadora?post=6409"},{"taxonomy":"palabra-clave","embeddable":true,"href":"https:\/\/www.euskalit.net\/semana\/wp-json\/wp\/v2\/palabra-clave?post=6409"},{"taxonomy":"sector","embeddable":true,"href":"https:\/\/www.euskalit.net\/semana\/wp-json\/wp\/v2\/sector?post=6409"}],"curies":[{"name":"wp","href":"https:\/\/api.w.org\/{rel}","templated":true}]}}