{"id":6405,"date":"2025-10-11T11:51:46","date_gmt":"2025-10-11T09:51:46","guid":{"rendered":"https:\/\/www.euskalit.net\/semana\/?post_type=acto&#038;p=6405"},"modified":"2025-10-13T10:25:20","modified_gmt":"2025-10-13T08:25:20","slug":"premios-a-las-buenas-practicas-en-economia-circular-industrializacion-sostenible-energias-limpias-y-ecodiseno","status":"publish","type":"acto","link":"https:\/\/www.euskalit.net\/semana\/acto\/premios-a-las-buenas-practicas-en-economia-circular-industrializacion-sostenible-energias-limpias-y-ecodiseno\/","title":{"rendered":"Premios a las buenas pr\u00e1cticas en econom\u00eda circular, industrializaci\u00f3n sostenible, energ\u00edas limpias y ecodise\u00f1o"},"content":{"rendered":"<h3><span style=\"color: #2e7d67;\">Elemento de la Gesti\u00f3n Avanzada<\/span><\/h3>\n<p>Sociedad (compromiso social, sostenibilidad medioambiental, certificaciones&#8230;)<\/p>\n<h3><span style=\"color: #2e7d67;\">Contenido<\/span><\/h3>\n<p>Jornada de presentaci\u00f3n de los proyectos finalistas del concurso buenas pr\u00e1cticas 2025 en industrializaci\u00f3n sostenible, energ\u00edas limpias y ecodise\u00f1o y entrega de premios a las tres organizaciones finalistas.<\/p>\n<h3><span style=\"color: #2e7d67;\">Programa<\/span><\/h3>\n<p>12:00 &#8211; 12:10\u00a0\u00a0\u00a0\u00a0 Bienvenida\u00a0 \u00a0 (Diputaci\u00f3n Foral de \u00c1lava)<\/p>\n<p>12:10 &#8211; 12:15\u00a0 \u00a0 \u00a0Por y para una prosperidad respetuosa con el planeta. (Grupo motor ODS9 de la Alianza Alavesa por el Desarrollo Sostenible)<\/p>\n<p>12:15 \u2013 12:25\u00a0 \u00a0 \u00a0Exposici\u00f3n de la buena pr\u00e1ctica de organizaci\u00f3n seleccionada I<\/p>\n<p>12:25 \u2013 12:35\u00a0 \u00a0 \u00a0Exposici\u00f3n de la buena pr\u00e1ctica de organizaci\u00f3n seleccionada II<\/p>\n<p>12:35 \u2013 12:45\u00a0 \u00a0 \u00a0Exposici\u00f3n de la buena pr\u00e1ctica de organizaci\u00f3n seleccionada III<\/p>\n<p>12:45 \u2013 13:00\u00a0 \u00a0 <span data-olk-copy-source=\"MessageBody\">Econom\u00eda circular y competitividad en el nuevo plan de industria 2030 de Euskadi<\/span> \u00a0 (IHOBE)<\/p>\n<p>13:00 \u2013 13:15\u00a0 \u00a0 \u00a0Proclamaci\u00f3n de premios y entrega de diplomas acreditativos\u00a0 (Director de \u00e1reas estrat\u00e9gicas de la Diputaci\u00f3n Foral de \u00c1lava)<\/p>\n<p>13:15 \u2013 13:30\u00a0 \u00a0 \u00a0 Caf\u00e9 networking<\/p>\n","protected":false},"featured_media":6362,"menu_order":0,"template":"","format":"standard","meta":{"_acf_changed":false,"footnotes":""},"entidad-organizadora":[],"palabra-clave":[],"sector":[],"class_list":["post-6405","acto","type-acto","status-publish","format-standard","has-post-thumbnail","hentry"],"acf":[],"yoast_head":"<!-- This site is optimized with the Yoast SEO plugin v26.0 - https:\/\/yoast.com\/wordpress\/plugins\/seo\/ -->\n<title>Premios a las buenas pr\u00e1cticas en econom\u00eda circular, industrializaci\u00f3n sostenible, energ\u00edas limpias y ecodise\u00f1o - Semana Europea de la Gesti\u00f3n Avanzada<\/title>\n<meta name=\"robots\" content=\"index, follow, max-snippet:-1, max-image-preview:large, max-video-preview:-1\" \/>\n<link rel=\"canonical\" href=\"https:\/\/www.euskalit.net\/semana\/acto\/premios-a-las-buenas-practicas-en-economia-circular-industrializacion-sostenible-energias-limpias-y-ecodiseno\/\" \/>\n<meta property=\"og:locale\" content=\"es_ES\" \/>\n<meta property=\"og:type\" content=\"article\" \/>\n<meta property=\"og:title\" content=\"Premios a las buenas pr\u00e1cticas en econom\u00eda circular, industrializaci\u00f3n sostenible, energ\u00edas limpias y ecodise\u00f1o - Semana Europea de la Gesti\u00f3n Avanzada\" \/>\n<meta property=\"og:description\" content=\"Elemento de la Gesti\u00f3n Avanzada Sociedad (compromiso social, sostenibilidad medioambiental, certificaciones&#8230;) Contenido Jornada de presentaci\u00f3n de los proyectos finalistas del concurso buenas pr\u00e1cticas 2025 en industrializaci\u00f3n sostenible, energ\u00edas limpias y ecodise\u00f1o y entrega de premios a las tres organizaciones finalistas. Programa 12:00 &#8211; 12:10\u00a0\u00a0\u00a0\u00a0 Bienvenida\u00a0 \u00a0 (Diputaci\u00f3n Foral de \u00c1lava) 12:10 &#8211; 12:15\u00a0 \u00a0 \u00a0Por\" \/>\n<meta property=\"og:url\" content=\"https:\/\/www.euskalit.net\/semana\/acto\/premios-a-las-buenas-practicas-en-economia-circular-industrializacion-sostenible-energias-limpias-y-ecodiseno\/\" \/>\n<meta property=\"og:site_name\" content=\"Semana Europea de la Gesti\u00f3n Avanzada\" \/>\n<meta property=\"article:modified_time\" content=\"2025-10-13T08:25:20+00:00\" \/>\n<meta property=\"og:image\" content=\"https:\/\/www.euskalit.net\/semana\/wp-content\/uploads\/2025\/07\/Organizadores-Alianza-Alavesa-Desarrollo-Sostenible.webp\" \/>\n\t<meta property=\"og:image:width\" content=\"720\" \/>\n\t<meta property=\"og:image:height\" content=\"450\" \/>\n\t<meta property=\"og:image:type\" content=\"image\/webp\" \/>\n<meta name=\"twitter:card\" content=\"summary_large_image\" \/>\n<meta name=\"twitter:label1\" content=\"Tiempo de lectura\" \/>\n\t<meta name=\"twitter:data1\" content=\"1 minuto\" \/>\n<script type=\"application\/ld+json\" class=\"yoast-schema-graph\">{\"@context\":\"https:\/\/schema.org\",\"@graph\":[{\"@type\":\"WebPage\",\"@id\":\"https:\/\/www.euskalit.net\/semana\/acto\/premios-a-las-buenas-practicas-en-economia-circular-industrializacion-sostenible-energias-limpias-y-ecodiseno\/\",\"url\":\"https:\/\/www.euskalit.net\/semana\/acto\/premios-a-las-buenas-practicas-en-economia-circular-industrializacion-sostenible-energias-limpias-y-ecodiseno\/\",\"name\":\"Premios a las buenas pr\u00e1cticas en econom\u00eda circular, industrializaci\u00f3n sostenible, energ\u00edas limpias y ecodise\u00f1o - Semana Europea de la Gesti\u00f3n Avanzada\",\"isPartOf\":{\"@id\":\"https:\/\/www.euskalit.net\/semana\/#website\"},\"primaryImageOfPage\":{\"@id\":\"https:\/\/www.euskalit.net\/semana\/acto\/premios-a-las-buenas-practicas-en-economia-circular-industrializacion-sostenible-energias-limpias-y-ecodiseno\/#primaryimage\"},\"image\":{\"@id\":\"https:\/\/www.euskalit.net\/semana\/acto\/premios-a-las-buenas-practicas-en-economia-circular-industrializacion-sostenible-energias-limpias-y-ecodiseno\/#primaryimage\"},\"thumbnailUrl\":\"https:\/\/www.euskalit.net\/semana\/wp-content\/uploads\/2025\/07\/Organizadores-Alianza-Alavesa-Desarrollo-Sostenible.webp\",\"datePublished\":\"2025-10-11T09:51:46+00:00\",\"dateModified\":\"2025-10-13T08:25:20+00:00\",\"breadcrumb\":{\"@id\":\"https:\/\/www.euskalit.net\/semana\/acto\/premios-a-las-buenas-practicas-en-economia-circular-industrializacion-sostenible-energias-limpias-y-ecodiseno\/#breadcrumb\"},\"inLanguage\":\"es\",\"potentialAction\":[{\"@type\":\"ReadAction\",\"target\":[\"https:\/\/www.euskalit.net\/semana\/acto\/premios-a-las-buenas-practicas-en-economia-circular-industrializacion-sostenible-energias-limpias-y-ecodiseno\/\"]}]},{\"@type\":\"ImageObject\",\"inLanguage\":\"es\",\"@id\":\"https:\/\/www.euskalit.net\/semana\/acto\/premios-a-las-buenas-practicas-en-economia-circular-industrializacion-sostenible-energias-limpias-y-ecodiseno\/#primaryimage\",\"url\":\"https:\/\/www.euskalit.net\/semana\/wp-content\/uploads\/2025\/07\/Organizadores-Alianza-Alavesa-Desarrollo-Sostenible.webp\",\"contentUrl\":\"https:\/\/www.euskalit.net\/semana\/wp-content\/uploads\/2025\/07\/Organizadores-Alianza-Alavesa-Desarrollo-Sostenible.webp\",\"width\":720,\"height\":450},{\"@type\":\"BreadcrumbList\",\"@id\":\"https:\/\/www.euskalit.net\/semana\/acto\/premios-a-las-buenas-practicas-en-economia-circular-industrializacion-sostenible-energias-limpias-y-ecodiseno\/#breadcrumb\",\"itemListElement\":[{\"@type\":\"ListItem\",\"position\":1,\"name\":\"Portada\",\"item\":\"https:\/\/www.euskalit.net\/semana\/\"},{\"@type\":\"ListItem\",\"position\":2,\"name\":\"Premios a las buenas pr\u00e1cticas en econom\u00eda circular, industrializaci\u00f3n sostenible, energ\u00edas limpias y ecodise\u00f1o\"}]},{\"@type\":\"WebSite\",\"@id\":\"https:\/\/www.euskalit.net\/semana\/#website\",\"url\":\"https:\/\/www.euskalit.net\/semana\/\",\"name\":\"Semana Europea de la Gesti\u00f3n Avanzada\",\"description\":\"Semana Europea de la Gesti\u00f3n Avanzada\",\"publisher\":{\"@id\":\"https:\/\/www.euskalit.net\/semana\/#organization\"},\"potentialAction\":[{\"@type\":\"SearchAction\",\"target\":{\"@type\":\"EntryPoint\",\"urlTemplate\":\"https:\/\/www.euskalit.net\/semana\/?s={search_term_string}\"},\"query-input\":{\"@type\":\"PropertyValueSpecification\",\"valueRequired\":true,\"valueName\":\"search_term_string\"}}],\"inLanguage\":\"es\"},{\"@type\":\"Organization\",\"@id\":\"https:\/\/www.euskalit.net\/semana\/#organization\",\"name\":\"Semana Europea de la Gesti\u00f3n Avanzada\",\"url\":\"https:\/\/www.euskalit.net\/semana\/\",\"logo\":{\"@type\":\"ImageObject\",\"inLanguage\":\"es\",\"@id\":\"https:\/\/www.euskalit.net\/semana\/#\/schema\/logo\/image\/\",\"url\":\"https:\/\/www.euskalit.net\/semanawp-content\/uploads\/2025\/05\/logotipo-euskalit@3x.png\",\"contentUrl\":\"https:\/\/www.euskalit.net\/semanawp-content\/uploads\/2025\/05\/logotipo-euskalit@3x.png\",\"width\":849,\"height\":201,\"caption\":\"Semana Europea de la Gesti\u00f3n Avanzada\"},\"image\":{\"@id\":\"https:\/\/www.euskalit.net\/semana\/#\/schema\/logo\/image\/\"}}]}<\/script>\n<!-- \/ Yoast SEO plugin. -->","yoast_head_json":{"title":"Premios a las buenas pr\u00e1cticas en econom\u00eda circular, industrializaci\u00f3n sostenible, energ\u00edas limpias y ecodise\u00f1o - Semana Europea de la Gesti\u00f3n Avanzada","robots":{"index":"index","follow":"follow","max-snippet":"max-snippet:-1","max-image-preview":"max-image-preview:large","max-video-preview":"max-video-preview:-1"},"canonical":"https:\/\/www.euskalit.net\/semana\/acto\/premios-a-las-buenas-practicas-en-economia-circular-industrializacion-sostenible-energias-limpias-y-ecodiseno\/","og_locale":"es_ES","og_type":"article","og_title":"Premios a las buenas pr\u00e1cticas en econom\u00eda circular, industrializaci\u00f3n sostenible, energ\u00edas limpias y ecodise\u00f1o - Semana Europea de la Gesti\u00f3n Avanzada","og_description":"Elemento de la Gesti\u00f3n Avanzada Sociedad (compromiso social, sostenibilidad medioambiental, certificaciones&#8230;) Contenido Jornada de presentaci\u00f3n de los proyectos finalistas del concurso buenas pr\u00e1cticas 2025 en industrializaci\u00f3n sostenible, energ\u00edas limpias y ecodise\u00f1o y entrega de premios a las tres organizaciones finalistas. Programa 12:00 &#8211; 12:10\u00a0\u00a0\u00a0\u00a0 Bienvenida\u00a0 \u00a0 (Diputaci\u00f3n Foral de \u00c1lava) 12:10 &#8211; 12:15\u00a0 \u00a0 \u00a0Por","og_url":"https:\/\/www.euskalit.net\/semana\/acto\/premios-a-las-buenas-practicas-en-economia-circular-industrializacion-sostenible-energias-limpias-y-ecodiseno\/","og_site_name":"Semana Europea de la Gesti\u00f3n Avanzada","article_modified_time":"2025-10-13T08:25:20+00:00","og_image":[{"width":720,"height":450,"url":"https:\/\/www.euskalit.net\/semana\/wp-content\/uploads\/2025\/07\/Organizadores-Alianza-Alavesa-Desarrollo-Sostenible.webp","type":"image\/webp"}],"twitter_card":"summary_large_image","twitter_misc":{"Tiempo de lectura":"1 minuto"},"schema":{"@context":"https:\/\/schema.org","@graph":[{"@type":"WebPage","@id":"https:\/\/www.euskalit.net\/semana\/acto\/premios-a-las-buenas-practicas-en-economia-circular-industrializacion-sostenible-energias-limpias-y-ecodiseno\/","url":"https:\/\/www.euskalit.net\/semana\/acto\/premios-a-las-buenas-practicas-en-economia-circular-industrializacion-sostenible-energias-limpias-y-ecodiseno\/","name":"Premios a las buenas pr\u00e1cticas en econom\u00eda circular, industrializaci\u00f3n sostenible, energ\u00edas limpias y ecodise\u00f1o - Semana Europea de la Gesti\u00f3n Avanzada","isPartOf":{"@id":"https:\/\/www.euskalit.net\/semana\/#website"},"primaryImageOfPage":{"@id":"https:\/\/www.euskalit.net\/semana\/acto\/premios-a-las-buenas-practicas-en-economia-circular-industrializacion-sostenible-energias-limpias-y-ecodiseno\/#primaryimage"},"image":{"@id":"https:\/\/www.euskalit.net\/semana\/acto\/premios-a-las-buenas-practicas-en-economia-circular-industrializacion-sostenible-energias-limpias-y-ecodiseno\/#primaryimage"},"thumbnailUrl":"https:\/\/www.euskalit.net\/semana\/wp-content\/uploads\/2025\/07\/Organizadores-Alianza-Alavesa-Desarrollo-Sostenible.webp","datePublished":"2025-10-11T09:51:46+00:00","dateModified":"2025-10-13T08:25:20+00:00","breadcrumb":{"@id":"https:\/\/www.euskalit.net\/semana\/acto\/premios-a-las-buenas-practicas-en-economia-circular-industrializacion-sostenible-energias-limpias-y-ecodiseno\/#breadcrumb"},"inLanguage":"es","potentialAction":[{"@type":"ReadAction","target":["https:\/\/www.euskalit.net\/semana\/acto\/premios-a-las-buenas-practicas-en-economia-circular-industrializacion-sostenible-energias-limpias-y-ecodiseno\/"]}]},{"@type":"ImageObject","inLanguage":"es","@id":"https:\/\/www.euskalit.net\/semana\/acto\/premios-a-las-buenas-practicas-en-economia-circular-industrializacion-sostenible-energias-limpias-y-ecodiseno\/#primaryimage","url":"https:\/\/www.euskalit.net\/semana\/wp-content\/uploads\/2025\/07\/Organizadores-Alianza-Alavesa-Desarrollo-Sostenible.webp","contentUrl":"https:\/\/www.euskalit.net\/semana\/wp-content\/uploads\/2025\/07\/Organizadores-Alianza-Alavesa-Desarrollo-Sostenible.webp","width":720,"height":450},{"@type":"BreadcrumbList","@id":"https:\/\/www.euskalit.net\/semana\/acto\/premios-a-las-buenas-practicas-en-economia-circular-industrializacion-sostenible-energias-limpias-y-ecodiseno\/#breadcrumb","itemListElement":[{"@type":"ListItem","position":1,"name":"Portada","item":"https:\/\/www.euskalit.net\/semana\/"},{"@type":"ListItem","position":2,"name":"Premios a las buenas pr\u00e1cticas en econom\u00eda circular, industrializaci\u00f3n sostenible, energ\u00edas limpias y ecodise\u00f1o"}]},{"@type":"WebSite","@id":"https:\/\/www.euskalit.net\/semana\/#website","url":"https:\/\/www.euskalit.net\/semana\/","name":"Semana Europea de la Gesti\u00f3n Avanzada","description":"Semana Europea de la Gesti\u00f3n Avanzada","publisher":{"@id":"https:\/\/www.euskalit.net\/semana\/#organization"},"potentialAction":[{"@type":"SearchAction","target":{"@type":"EntryPoint","urlTemplate":"https:\/\/www.euskalit.net\/semana\/?s={search_term_string}"},"query-input":{"@type":"PropertyValueSpecification","valueRequired":true,"valueName":"search_term_string"}}],"inLanguage":"es"},{"@type":"Organization","@id":"https:\/\/www.euskalit.net\/semana\/#organization","name":"Semana Europea de la Gesti\u00f3n Avanzada","url":"https:\/\/www.euskalit.net\/semana\/","logo":{"@type":"ImageObject","inLanguage":"es","@id":"https:\/\/www.euskalit.net\/semana\/#\/schema\/logo\/image\/","url":"https:\/\/www.euskalit.net\/semanawp-content\/uploads\/2025\/05\/logotipo-euskalit@3x.png","contentUrl":"https:\/\/www.euskalit.net\/semanawp-content\/uploads\/2025\/05\/logotipo-euskalit@3x.png","width":849,"height":201,"caption":"Semana Europea de la Gesti\u00f3n Avanzada"},"image":{"@id":"https:\/\/www.euskalit.net\/semana\/#\/schema\/logo\/image\/"}}]}},"_links":{"self":[{"href":"https:\/\/www.euskalit.net\/semana\/wp-json\/wp\/v2\/acto\/6405","targetHints":{"allow":["GET"]}}],"collection":[{"href":"https:\/\/www.euskalit.net\/semana\/wp-json\/wp\/v2\/acto"}],"about":[{"href":"https:\/\/www.euskalit.net\/semana\/wp-json\/wp\/v2\/types\/acto"}],"version-history":[{"count":12,"href":"https:\/\/www.euskalit.net\/semana\/wp-json\/wp\/v2\/acto\/6405\/revisions"}],"predecessor-version":[{"id":7552,"href":"https:\/\/www.euskalit.net\/semana\/wp-json\/wp\/v2\/acto\/6405\/revisions\/7552"}],"wp:featuredmedia":[{"embeddable":true,"href":"https:\/\/www.euskalit.net\/semana\/wp-json\/wp\/v2\/media\/6362"}],"wp:attachment":[{"href":"https:\/\/www.euskalit.net\/semana\/wp-json\/wp\/v2\/media?parent=6405"}],"wp:term":[{"taxonomy":"entidad-organizadora","embeddable":true,"href":"https:\/\/www.euskalit.net\/semana\/wp-json\/wp\/v2\/entidad-organizadora?post=6405"},{"taxonomy":"palabra-clave","embeddable":true,"href":"https:\/\/www.euskalit.net\/semana\/wp-json\/wp\/v2\/palabra-clave?post=6405"},{"taxonomy":"sector","embeddable":true,"href":"https:\/\/www.euskalit.net\/semana\/wp-json\/wp\/v2\/sector?post=6405"}],"curies":[{"name":"wp","href":"https:\/\/api.w.org\/{rel}","templated":true}]}}