{"id":6021,"date":"2025-10-11T11:15:45","date_gmt":"2025-10-11T09:15:45","guid":{"rendered":"https:\/\/www.euskalit.net\/semana\/?post_type=acto&#038;p=6021"},"modified":"2025-10-13T10:24:57","modified_gmt":"2025-10-13T08:24:57","slug":"psicologia-urbana-el-impacto-de-nuestras-ciudades-en-nuestro-bienestar-emocional","status":"publish","type":"acto","link":"https:\/\/www.euskalit.net\/semana\/acto\/psicologia-urbana-el-impacto-de-nuestras-ciudades-en-nuestro-bienestar-emocional\/","title":{"rendered":"Psicolog\u00eda urbana: el impacto de nuestras ciudades en nuestro bienestar emocional"},"content":{"rendered":"<h3><span style=\"color: #2e7d67;\">Elemento de la Gesti\u00f3n Avanzada<\/span><\/h3>\n<p>Personas (RRHH, seguridad, prevenci\u00f3n, competencias, compromiso, participaci\u00f3n, liderazgo&#8230;)<\/p>\n<h3><span style=\"color: #2e7d67;\">Contenido<\/span><\/h3>\n<p>El impacto de los espacios urbanos vinculados con el bienestar emocional de la ciudadan\u00eda es el objeto del proyecto Psicolog\u00eda urbana, en el que Bilbao Metropoli 30 viene trabajando desde 2020. Cuenta, adem\u00e1s de con la colaboraci\u00f3n de la Fundaci\u00f3n EDE; con la involucraci\u00f3n de EHU\/UPV, la Universidad de Deusto, Mondragon Unibertsitatea, UNED Bizkaia y el Colegio de Psicolog\u00eda de Bizkaia.<\/p>\n<h3><span style=\"color: #2e7d67;\">Programa<\/span><\/h3>\n<p>Se contar\u00e1 con la participaci\u00f3n de:<\/p>\n<ul>\n<li>Asier Abaunza, concejal de Planificaci\u00f3n Urbana, Proyectos Estrat\u00e9gicos y Espacio P\u00fablico, del Ayuntamiento de Bilbao<\/li>\n<li>Alberto Barrios, vicedecano del Colegio Oficial de Psicolog\u00eda de Bizkaia<\/li>\n<li>Jaime Garc\u00eda, director de EDE Fundazioa<\/li>\n<li>Idoia Postigo, directora de Bilbao Metropoli 30<\/li>\n<\/ul>\n<p>Al finalizar\u00a0se ofrecer\u00e1 un networking caf\u00e9.<\/p>\n","protected":false},"featured_media":6407,"menu_order":0,"template":"","format":"standard","meta":{"_acf_changed":false,"footnotes":""},"entidad-organizadora":[],"palabra-clave":[],"sector":[],"class_list":["post-6021","acto","type-acto","status-publish","format-standard","has-post-thumbnail","hentry"],"acf":[],"yoast_head":"<!-- This site is optimized with the Yoast SEO plugin v26.0 - https:\/\/yoast.com\/wordpress\/plugins\/seo\/ -->\n<title>Psicolog\u00eda urbana: el impacto de nuestras ciudades en nuestro bienestar emocional - Semana Europea de la Gesti\u00f3n Avanzada<\/title>\n<meta name=\"robots\" content=\"index, follow, max-snippet:-1, max-image-preview:large, max-video-preview:-1\" \/>\n<link rel=\"canonical\" href=\"https:\/\/www.euskalit.net\/semana\/acto\/psicologia-urbana-el-impacto-de-nuestras-ciudades-en-nuestro-bienestar-emocional\/\" \/>\n<meta property=\"og:locale\" content=\"es_ES\" \/>\n<meta property=\"og:type\" content=\"article\" \/>\n<meta property=\"og:title\" content=\"Psicolog\u00eda urbana: el impacto de nuestras ciudades en nuestro bienestar emocional - Semana Europea de la Gesti\u00f3n Avanzada\" \/>\n<meta property=\"og:description\" content=\"Elemento de la Gesti\u00f3n Avanzada Personas (RRHH, seguridad, prevenci\u00f3n, competencias, compromiso, participaci\u00f3n, liderazgo&#8230;) Contenido El impacto de los espacios urbanos vinculados con el bienestar emocional de la ciudadan\u00eda es el objeto del proyecto Psicolog\u00eda urbana, en el que Bilbao Metropoli 30 viene trabajando desde 2020. Cuenta, adem\u00e1s de con la colaboraci\u00f3n de la Fundaci\u00f3n EDE;\" \/>\n<meta property=\"og:url\" content=\"https:\/\/www.euskalit.net\/semana\/acto\/psicologia-urbana-el-impacto-de-nuestras-ciudades-en-nuestro-bienestar-emocional\/\" \/>\n<meta property=\"og:site_name\" content=\"Semana Europea de la Gesti\u00f3n Avanzada\" \/>\n<meta property=\"article:modified_time\" content=\"2025-10-13T08:24:57+00:00\" \/>\n<meta property=\"og:image\" content=\"https:\/\/www.euskalit.net\/semana\/wp-content\/uploads\/2025\/06\/Sin-titulo-1.png\" \/>\n\t<meta property=\"og:image:width\" content=\"393\" \/>\n\t<meta property=\"og:image:height\" content=\"188\" \/>\n\t<meta property=\"og:image:type\" content=\"image\/png\" \/>\n<meta name=\"twitter:card\" content=\"summary_large_image\" \/>\n<meta name=\"twitter:label1\" content=\"Tiempo de lectura\" \/>\n\t<meta name=\"twitter:data1\" content=\"1 minuto\" \/>\n<script type=\"application\/ld+json\" class=\"yoast-schema-graph\">{\"@context\":\"https:\/\/schema.org\",\"@graph\":[{\"@type\":\"WebPage\",\"@id\":\"https:\/\/www.euskalit.net\/semana\/acto\/psicologia-urbana-el-impacto-de-nuestras-ciudades-en-nuestro-bienestar-emocional\/\",\"url\":\"https:\/\/www.euskalit.net\/semana\/acto\/psicologia-urbana-el-impacto-de-nuestras-ciudades-en-nuestro-bienestar-emocional\/\",\"name\":\"Psicolog\u00eda urbana: el impacto de nuestras ciudades en nuestro bienestar emocional - Semana Europea de la Gesti\u00f3n Avanzada\",\"isPartOf\":{\"@id\":\"https:\/\/www.euskalit.net\/semana\/#website\"},\"primaryImageOfPage\":{\"@id\":\"https:\/\/www.euskalit.net\/semana\/acto\/psicologia-urbana-el-impacto-de-nuestras-ciudades-en-nuestro-bienestar-emocional\/#primaryimage\"},\"image\":{\"@id\":\"https:\/\/www.euskalit.net\/semana\/acto\/psicologia-urbana-el-impacto-de-nuestras-ciudades-en-nuestro-bienestar-emocional\/#primaryimage\"},\"thumbnailUrl\":\"https:\/\/www.euskalit.net\/semana\/wp-content\/uploads\/2025\/06\/Sin-titulo-1.png\",\"datePublished\":\"2025-10-11T09:15:45+00:00\",\"dateModified\":\"2025-10-13T08:24:57+00:00\",\"breadcrumb\":{\"@id\":\"https:\/\/www.euskalit.net\/semana\/acto\/psicologia-urbana-el-impacto-de-nuestras-ciudades-en-nuestro-bienestar-emocional\/#breadcrumb\"},\"inLanguage\":\"es\",\"potentialAction\":[{\"@type\":\"ReadAction\",\"target\":[\"https:\/\/www.euskalit.net\/semana\/acto\/psicologia-urbana-el-impacto-de-nuestras-ciudades-en-nuestro-bienestar-emocional\/\"]}]},{\"@type\":\"ImageObject\",\"inLanguage\":\"es\",\"@id\":\"https:\/\/www.euskalit.net\/semana\/acto\/psicologia-urbana-el-impacto-de-nuestras-ciudades-en-nuestro-bienestar-emocional\/#primaryimage\",\"url\":\"https:\/\/www.euskalit.net\/semana\/wp-content\/uploads\/2025\/06\/Sin-titulo-1.png\",\"contentUrl\":\"https:\/\/www.euskalit.net\/semana\/wp-content\/uploads\/2025\/06\/Sin-titulo-1.png\",\"width\":393,\"height\":188},{\"@type\":\"BreadcrumbList\",\"@id\":\"https:\/\/www.euskalit.net\/semana\/acto\/psicologia-urbana-el-impacto-de-nuestras-ciudades-en-nuestro-bienestar-emocional\/#breadcrumb\",\"itemListElement\":[{\"@type\":\"ListItem\",\"position\":1,\"name\":\"Portada\",\"item\":\"https:\/\/www.euskalit.net\/semana\/\"},{\"@type\":\"ListItem\",\"position\":2,\"name\":\"Psicolog\u00eda urbana: el impacto de nuestras ciudades en nuestro bienestar emocional\"}]},{\"@type\":\"WebSite\",\"@id\":\"https:\/\/www.euskalit.net\/semana\/#website\",\"url\":\"https:\/\/www.euskalit.net\/semana\/\",\"name\":\"Semana Europea de la Gesti\u00f3n Avanzada\",\"description\":\"Semana Europea de la Gesti\u00f3n Avanzada\",\"publisher\":{\"@id\":\"https:\/\/www.euskalit.net\/semana\/#organization\"},\"potentialAction\":[{\"@type\":\"SearchAction\",\"target\":{\"@type\":\"EntryPoint\",\"urlTemplate\":\"https:\/\/www.euskalit.net\/semana\/?s={search_term_string}\"},\"query-input\":{\"@type\":\"PropertyValueSpecification\",\"valueRequired\":true,\"valueName\":\"search_term_string\"}}],\"inLanguage\":\"es\"},{\"@type\":\"Organization\",\"@id\":\"https:\/\/www.euskalit.net\/semana\/#organization\",\"name\":\"Semana Europea de la Gesti\u00f3n Avanzada\",\"url\":\"https:\/\/www.euskalit.net\/semana\/\",\"logo\":{\"@type\":\"ImageObject\",\"inLanguage\":\"es\",\"@id\":\"https:\/\/www.euskalit.net\/semana\/#\/schema\/logo\/image\/\",\"url\":\"https:\/\/www.euskalit.net\/semanawp-content\/uploads\/2025\/05\/logotipo-euskalit@3x.png\",\"contentUrl\":\"https:\/\/www.euskalit.net\/semanawp-content\/uploads\/2025\/05\/logotipo-euskalit@3x.png\",\"width\":849,\"height\":201,\"caption\":\"Semana Europea de la Gesti\u00f3n Avanzada\"},\"image\":{\"@id\":\"https:\/\/www.euskalit.net\/semana\/#\/schema\/logo\/image\/\"}}]}<\/script>\n<!-- \/ Yoast SEO plugin. -->","yoast_head_json":{"title":"Psicolog\u00eda urbana: el impacto de nuestras ciudades en nuestro bienestar emocional - Semana Europea de la Gesti\u00f3n Avanzada","robots":{"index":"index","follow":"follow","max-snippet":"max-snippet:-1","max-image-preview":"max-image-preview:large","max-video-preview":"max-video-preview:-1"},"canonical":"https:\/\/www.euskalit.net\/semana\/acto\/psicologia-urbana-el-impacto-de-nuestras-ciudades-en-nuestro-bienestar-emocional\/","og_locale":"es_ES","og_type":"article","og_title":"Psicolog\u00eda urbana: el impacto de nuestras ciudades en nuestro bienestar emocional - Semana Europea de la Gesti\u00f3n Avanzada","og_description":"Elemento de la Gesti\u00f3n Avanzada Personas (RRHH, seguridad, prevenci\u00f3n, competencias, compromiso, participaci\u00f3n, liderazgo&#8230;) Contenido El impacto de los espacios urbanos vinculados con el bienestar emocional de la ciudadan\u00eda es el objeto del proyecto Psicolog\u00eda urbana, en el que Bilbao Metropoli 30 viene trabajando desde 2020. Cuenta, adem\u00e1s de con la colaboraci\u00f3n de la Fundaci\u00f3n EDE;","og_url":"https:\/\/www.euskalit.net\/semana\/acto\/psicologia-urbana-el-impacto-de-nuestras-ciudades-en-nuestro-bienestar-emocional\/","og_site_name":"Semana Europea de la Gesti\u00f3n Avanzada","article_modified_time":"2025-10-13T08:24:57+00:00","og_image":[{"width":393,"height":188,"url":"https:\/\/www.euskalit.net\/semana\/wp-content\/uploads\/2025\/06\/Sin-titulo-1.png","type":"image\/png"}],"twitter_card":"summary_large_image","twitter_misc":{"Tiempo de lectura":"1 minuto"},"schema":{"@context":"https:\/\/schema.org","@graph":[{"@type":"WebPage","@id":"https:\/\/www.euskalit.net\/semana\/acto\/psicologia-urbana-el-impacto-de-nuestras-ciudades-en-nuestro-bienestar-emocional\/","url":"https:\/\/www.euskalit.net\/semana\/acto\/psicologia-urbana-el-impacto-de-nuestras-ciudades-en-nuestro-bienestar-emocional\/","name":"Psicolog\u00eda urbana: el impacto de nuestras ciudades en nuestro bienestar emocional - Semana Europea de la Gesti\u00f3n Avanzada","isPartOf":{"@id":"https:\/\/www.euskalit.net\/semana\/#website"},"primaryImageOfPage":{"@id":"https:\/\/www.euskalit.net\/semana\/acto\/psicologia-urbana-el-impacto-de-nuestras-ciudades-en-nuestro-bienestar-emocional\/#primaryimage"},"image":{"@id":"https:\/\/www.euskalit.net\/semana\/acto\/psicologia-urbana-el-impacto-de-nuestras-ciudades-en-nuestro-bienestar-emocional\/#primaryimage"},"thumbnailUrl":"https:\/\/www.euskalit.net\/semana\/wp-content\/uploads\/2025\/06\/Sin-titulo-1.png","datePublished":"2025-10-11T09:15:45+00:00","dateModified":"2025-10-13T08:24:57+00:00","breadcrumb":{"@id":"https:\/\/www.euskalit.net\/semana\/acto\/psicologia-urbana-el-impacto-de-nuestras-ciudades-en-nuestro-bienestar-emocional\/#breadcrumb"},"inLanguage":"es","potentialAction":[{"@type":"ReadAction","target":["https:\/\/www.euskalit.net\/semana\/acto\/psicologia-urbana-el-impacto-de-nuestras-ciudades-en-nuestro-bienestar-emocional\/"]}]},{"@type":"ImageObject","inLanguage":"es","@id":"https:\/\/www.euskalit.net\/semana\/acto\/psicologia-urbana-el-impacto-de-nuestras-ciudades-en-nuestro-bienestar-emocional\/#primaryimage","url":"https:\/\/www.euskalit.net\/semana\/wp-content\/uploads\/2025\/06\/Sin-titulo-1.png","contentUrl":"https:\/\/www.euskalit.net\/semana\/wp-content\/uploads\/2025\/06\/Sin-titulo-1.png","width":393,"height":188},{"@type":"BreadcrumbList","@id":"https:\/\/www.euskalit.net\/semana\/acto\/psicologia-urbana-el-impacto-de-nuestras-ciudades-en-nuestro-bienestar-emocional\/#breadcrumb","itemListElement":[{"@type":"ListItem","position":1,"name":"Portada","item":"https:\/\/www.euskalit.net\/semana\/"},{"@type":"ListItem","position":2,"name":"Psicolog\u00eda urbana: el impacto de nuestras ciudades en nuestro bienestar emocional"}]},{"@type":"WebSite","@id":"https:\/\/www.euskalit.net\/semana\/#website","url":"https:\/\/www.euskalit.net\/semana\/","name":"Semana Europea de la Gesti\u00f3n Avanzada","description":"Semana Europea de la Gesti\u00f3n Avanzada","publisher":{"@id":"https:\/\/www.euskalit.net\/semana\/#organization"},"potentialAction":[{"@type":"SearchAction","target":{"@type":"EntryPoint","urlTemplate":"https:\/\/www.euskalit.net\/semana\/?s={search_term_string}"},"query-input":{"@type":"PropertyValueSpecification","valueRequired":true,"valueName":"search_term_string"}}],"inLanguage":"es"},{"@type":"Organization","@id":"https:\/\/www.euskalit.net\/semana\/#organization","name":"Semana Europea de la Gesti\u00f3n Avanzada","url":"https:\/\/www.euskalit.net\/semana\/","logo":{"@type":"ImageObject","inLanguage":"es","@id":"https:\/\/www.euskalit.net\/semana\/#\/schema\/logo\/image\/","url":"https:\/\/www.euskalit.net\/semanawp-content\/uploads\/2025\/05\/logotipo-euskalit@3x.png","contentUrl":"https:\/\/www.euskalit.net\/semanawp-content\/uploads\/2025\/05\/logotipo-euskalit@3x.png","width":849,"height":201,"caption":"Semana Europea de la Gesti\u00f3n Avanzada"},"image":{"@id":"https:\/\/www.euskalit.net\/semana\/#\/schema\/logo\/image\/"}}]}},"_links":{"self":[{"href":"https:\/\/www.euskalit.net\/semana\/wp-json\/wp\/v2\/acto\/6021","targetHints":{"allow":["GET"]}}],"collection":[{"href":"https:\/\/www.euskalit.net\/semana\/wp-json\/wp\/v2\/acto"}],"about":[{"href":"https:\/\/www.euskalit.net\/semana\/wp-json\/wp\/v2\/types\/acto"}],"version-history":[{"count":18,"href":"https:\/\/www.euskalit.net\/semana\/wp-json\/wp\/v2\/acto\/6021\/revisions"}],"predecessor-version":[{"id":7207,"href":"https:\/\/www.euskalit.net\/semana\/wp-json\/wp\/v2\/acto\/6021\/revisions\/7207"}],"wp:featuredmedia":[{"embeddable":true,"href":"https:\/\/www.euskalit.net\/semana\/wp-json\/wp\/v2\/media\/6407"}],"wp:attachment":[{"href":"https:\/\/www.euskalit.net\/semana\/wp-json\/wp\/v2\/media?parent=6021"}],"wp:term":[{"taxonomy":"entidad-organizadora","embeddable":true,"href":"https:\/\/www.euskalit.net\/semana\/wp-json\/wp\/v2\/entidad-organizadora?post=6021"},{"taxonomy":"palabra-clave","embeddable":true,"href":"https:\/\/www.euskalit.net\/semana\/wp-json\/wp\/v2\/palabra-clave?post=6021"},{"taxonomy":"sector","embeddable":true,"href":"https:\/\/www.euskalit.net\/semana\/wp-json\/wp\/v2\/sector?post=6021"}],"curies":[{"name":"wp","href":"https:\/\/api.w.org\/{rel}","templated":true}]}}